{"id":4088,"date":"2022-09-30T17:56:44","date_gmt":"2022-09-30T15:56:44","guid":{"rendered":"https:\/\/turismososteniblekongresua.eus\/personas-expertas\/"},"modified":"2025-10-13T13:56:42","modified_gmt":"2025-10-13T11:56:42","slug":"personas-expertas","status":"publish","type":"page","link":"https:\/\/turismososteniblekongresua.eus\/eu\/personas-expertas\/","title":{"rendered":"Adituak"},"content":{"rendered":"<p><div class=\"fusion-fullwidth fullwidth-box fusion-builder-row-1 fusion-flex-container has-pattern-background has-mask-background nonhundred-percent-fullwidth non-hundred-percent-height-scrolling\" style=\"--awb-border-radius-top-left:0px;--awb-border-radius-top-right:0px;--awb-border-radius-bottom-right:0px;--awb-border-radius-bottom-left:0px;--awb-flex-wrap:wrap;\" ><div class=\"fusion-builder-row fusion-row fusion-flex-align-items-stretch fusion-flex-justify-content-center fusion-flex-content-wrap\" style=\"max-width:1372.8px;margin-left: calc(-4% \/ 2 );margin-right: calc(-4% \/ 2 );\"><div class=\"fusion-layout-column fusion_builder_column fusion-builder-column-0 fusion_builder_column_1_1 1_1 fusion-flex-column\" style=\"--awb-bg-size:cover;--awb-width-large:100%;--awb-margin-top-large:0px;--awb-spacing-right-large:9.6%;--awb-margin-bottom-large:0px;--awb-spacing-left-large:9.6%;--awb-width-medium:83.333333333333%;--awb-order-medium:0;--awb-spacing-right-medium:4.608%;--awb-spacing-left-medium:4.608%;--awb-width-small:100%;--awb-order-small:0;--awb-spacing-right-small:1.92%;--awb-spacing-left-small:1.92%;\"><div class=\"fusion-column-wrapper fusion-column-has-shadow fusion-flex-justify-content-flex-start fusion-content-layout-column\"><div class=\"fusion-text fusion-text-1 fusion-text-no-margin\" style=\"--awb-content-alignment:center;--awb-font-size:19px;--awb-text-transform:none;--awb-text-color:var(--awb-color5);--awb-margin-bottom:0px;\"><p>Jasangarritasun Sozial Turistikoari buruzko Kongresuaren partaide dira<\/p>\n<\/div><div class=\"fusion-separator\" style=\"align-self: center;margin-left: auto;margin-right: auto;width:100%;max-width:282px;\"><div class=\"fusion-separator-border sep-single sep-dotted\" style=\"--awb-height:20px;--awb-amount:20px;--awb-sep-color:var(--awb-color4);border-color:var(--awb-color4);border-top-width:1px;\"><\/div><\/div><div class=\"fusion-title title fusion-title-1 fusion-sep-none fusion-title-center fusion-title-text fusion-title-size-two\" style=\"--awb-margin-top:20px;\"><h2 class=\"fusion-title-heading title-heading-center fusion-responsive-typography-calculated\" style=\"margin:0;text-transform:none;--fontSize:44;line-height:1.4;\">Aurkezleak:<\/h2><\/div><\/div><\/div><div class=\"fusion-layout-column fusion_builder_column fusion-builder-column-1 fusion_builder_column_1_4 1_4 fusion-flex-column\" style=\"--awb-padding-top:10px;--awb-padding-right:10px;--awb-padding-bottom:80px;--awb-padding-left:10px;--awb-overflow:hidden;--awb-bg-size:cover;--awb-box-shadow:2px 2px 40px 0px hsla(var(--awb-color8-h),var(--awb-color8-s),var(--awb-color8-l),calc(var(--awb-color8-a) - 90%));;--awb-border-radius:10px 10px 10px 10px;--awb-width-large:25%;--awb-margin-top-large:40px;--awb-spacing-right-large:10px;--awb-margin-bottom-large:0px;--awb-spacing-left-large:10px;--awb-width-medium:50%;--awb-order-medium:0;--awb-spacing-right-medium:10px;--awb-spacing-left-medium:10px;--awb-width-small:100%;--awb-order-small:0;--awb-spacing-right-small:1.92%;--awb-margin-bottom-small:60px;--awb-spacing-left-small:1.92%;\"><div class=\"fusion-column-wrapper fusion-column-has-shadow fusion-flex-justify-content-space-between fusion-content-layout-column\"><div class=\"fusion-builder-row fusion-builder-row-inner fusion-row fusion-flex-align-items-stretch fusion-flex-justify-content-center fusion-flex-content-wrap\" style=\"width:104% !important;max-width:104% !important;margin-left: calc(-4% \/ 2 );margin-right: calc(-4% \/ 2 );\"><div class=\"fusion-layout-column fusion_builder_column_inner fusion-builder-nested-column-0 fusion_builder_column_inner_1_1 1_1 fusion-flex-column\" style=\"--awb-container-position:absolute;--awb-bg-size:cover;--awb-width-large:100%;--awb-margin-top-large:0px;--awb-spacing-right-large:1.92%;--awb-margin-bottom-large:0px;--awb-spacing-left-large:1.92%;--awb-width-medium:100%;--awb-order-medium:0;--awb-spacing-right-medium:1.92%;--awb-spacing-left-medium:1.92%;--awb-width-small:100%;--awb-order-small:0;--awb-spacing-right-small:1.92%;--awb-spacing-left-small:1.92%;\"><div class=\"fusion-column-wrapper fusion-column-has-shadow fusion-flex-justify-content-flex-start fusion-content-layout-column\"><div class=\"fusion-image-element \" style=\"--awb-aspect-ratio:1 \/ 1;--awb-object-position:3% 54%;--awb-caption-title-font-family:var(--h2_typography-font-family);--awb-caption-title-font-weight:var(--h2_typography-font-weight);--awb-caption-title-font-style:var(--h2_typography-font-style);--awb-caption-title-size:var(--h2_typography-font-size);--awb-caption-title-transform:var(--h2_typography-text-transform);--awb-caption-title-line-height:var(--h2_typography-line-height);--awb-caption-title-letter-spacing:var(--h2_typography-letter-spacing);\"><span class=\" fusion-imageframe imageframe-none imageframe-1 hover-type-zoomin has-aspect-ratio\" style=\"border-radius:8px;\"><img decoding=\"async\" width=\"449\" height=\"300\" title=\"Aunitz\" src=\"https:\/\/turismososteniblekongresua.eus\/wp-content\/uploads\/2025\/09\/Aunitz.jpg\" data-orig-src=\"https:\/\/turismososteniblekongresua.eus\/wp-content\/uploads\/2025\/09\/Aunitz.jpg\" class=\"lazyload img-responsive wp-image-3997 img-with-aspect-ratio\" data-parent-fit=\"cover\" data-parent-container=\".fusion-image-element\" alt srcset=\"data:image\/svg+xml,%3Csvg%20xmlns%3D%27http%3A%2F%2Fwww.w3.org%2F2000%2Fsvg%27%20width%3D%27449%27%20height%3D%27300%27%20viewBox%3D%270%200%20449%20300%27%3E%3Crect%20width%3D%27449%27%20height%3D%27300%27%20fill-opacity%3D%220%22%2F%3E%3C%2Fsvg%3E\" data-srcset=\"https:\/\/turismososteniblekongresua.eus\/wp-content\/uploads\/2025\/09\/Aunitz-200x134.jpg 200w, https:\/\/turismososteniblekongresua.eus\/wp-content\/uploads\/2025\/09\/Aunitz-400x267.jpg 400w, https:\/\/turismososteniblekongresua.eus\/wp-content\/uploads\/2025\/09\/Aunitz.jpg 449w\" data-sizes=\"auto\" data-orig-sizes=\"(max-width: 850px) 100vw, 449px\" \/><\/span><\/div><div class=\"fusion-title title fusion-title-2 fusion-sep-none fusion-title-center fusion-title-text fusion-title-size-five\" style=\"--awb-margin-top:15px;--awb-margin-bottom:5px;\"><h5 class=\"fusion-title-heading title-heading-center fusion-responsive-typography-calculated\" style=\"margin:0;--fontSize:22;--minFontSize:22;line-height:1.3;\">Aunitz Alberdi<\/h5><\/div><div class=\"fusion-text fusion-text-2\" style=\"--awb-content-alignment:center;--awb-text-color:var(--awb-color4);\"><p>Kazetari eta aurkezlea<\/p>\n<\/div><div style=\"text-align:center;\"><a class=\"fusion-button button-flat fusion-button-default-size button-custom fusion-button-default button-1 fusion-button-default-span fusion-button-default-type\" style=\"--button_accent_color:var(--awb-color1);--button_accent_hover_color:var(--awb-color1);--button_border_hover_color:var(--awb-color1);--button_gradient_top_color:var(--awb-color5);--button_gradient_bottom_color:var(--awb-color5);--button_gradient_top_color_hover:hsla(var(--awb-color6-h),calc(var(--awb-color6-s) - 5%),calc(var(--awb-color6-l) - 10%),var(--awb-color6-a));--button_gradient_bottom_color_hover:hsla(var(--awb-color6-h),calc(var(--awb-color6-s) - 5%),calc(var(--awb-color6-l) - 10%),var(--awb-color6-a));--button_padding-top:10px;--button_padding-right:20px;--button_padding-bottom:10px;--button_padding-left:20px;--button_margin-top:20px;\" target=\"_self\" title=\"Ver CV\" aria-label=\"Ver CV\" href=\"#\" data-toggle=\"modal\" data-target=\".fusion-modal.cv-aunitz-alberdi\"><span class=\"fusion-button-text awb-button__text awb-button__text--default\">+ info<\/span><\/a><\/div><div class=\"fusion-modal modal fade modal-1 cv-aunitz-alberdi\" tabindex=\"-1\" role=\"dialog\" aria-labelledby=\"modal-heading-1\" aria-hidden=\"true\" style=\"--awb-border-color:var(--awb-color3);--awb-background:var(--awb-color1);\"><div class=\"modal-dialog modal-lg\" role=\"document\"><div class=\"modal-content fusion-modal-content\"><div class=\"modal-header\"><button class=\"close\" type=\"button\" data-dismiss=\"modal\" aria-hidden=\"true\" aria-label=\"Close\">&times;<\/button><h3 class=\"modal-title\" id=\"modal-heading-1\" data-dismiss=\"modal\" aria-hidden=\"true\">Aunitz Alberdi<\/h3><\/div><div class=\"modal-body fusion-clearfix\">\n<p>Aunitz Alberdi kazetari eta aurkezle donostiarra da, telebistan ibilbide luzea duena.<\/p>\n<p>Gaur egun, TVE1eko \u201cAqu\u00ed la Tierra\u201d saioko erreportari-lanetan dabil, eta, aurretik, \u201cComo Sapiens\u201d programaren taldeko kide izan zen telebista-kate berean.<\/p>\n<p>Ia bi hamarkadako esperientzia du; bere ibilbidearen zati handi bat ETBn egin du, baina Atresmedian ere lan egin du, \u201cEspejo P\u00fablico\u201d programan eta albistegietan erreportari-lanetan aritu baita. Bainet ekoiztetxeko eta tokiko telebistetako hainbat programatako aurkezle eta zuzendari ere izan da.<\/p>\n<p>Edozertara erraz moldatzen denez, ikus-entzunezko lana egiteaz gain, galak, ekitaldiak eta jardunaldiak aurkezten ditu, eta bi arloetan gertutasunez eta profesionaltasunez aritzen da<\/p>\n<\/div><\/div><\/div><\/div><\/div><\/div><div class=\"fusion-layout-column fusion_builder_column_inner fusion-builder-nested-column-1 fusion_builder_column_inner_1_1 1_1 fusion-flex-column\" style=\"--awb-padding-bottom:10px;--awb-overflow:hidden;--awb-bg-color:var(--awb-color5);--awb-bg-color-hover:var(--awb-color5);--awb-bg-size:cover;--awb-border-radius:8px 8px 8px 8px;--awb-filter:opacity(0%);--awb-filter-transition:filter 0.3s ease;--awb-filter-hover:opacity(100%);--awb-filter-parent-hover:opacity(100%);--awb-width-large:100%;--awb-margin-top-large:0px;--awb-spacing-right-large:1.92%;--awb-margin-bottom-large:20px;--awb-spacing-left-large:1.92%;--awb-width-medium:100%;--awb-order-medium:0;--awb-spacing-right-medium:1.92%;--awb-spacing-left-medium:1.92%;--awb-width-small:100%;--awb-order-small:0;--awb-spacing-right-small:1.92%;--awb-spacing-left-small:1.92%;\"><div class=\"fusion-column-wrapper fusion-column-has-shadow fusion-flex-justify-content-flex-start fusion-content-layout-column\"><div class=\"fusion-image-element \" style=\"--awb-aspect-ratio:1 \/ 1;--awb-object-position:2% 51%;--awb-caption-title-font-family:var(--h2_typography-font-family);--awb-caption-title-font-weight:var(--h2_typography-font-weight);--awb-caption-title-font-style:var(--h2_typography-font-style);--awb-caption-title-size:var(--h2_typography-font-size);--awb-caption-title-transform:var(--h2_typography-text-transform);--awb-caption-title-line-height:var(--h2_typography-line-height);--awb-caption-title-letter-spacing:var(--h2_typography-letter-spacing);\"><span class=\" fusion-imageframe imageframe-none imageframe-2 hover-type-zoomin has-aspect-ratio\" style=\"border-radius:8px;\"><img decoding=\"async\" width=\"449\" height=\"300\" title=\"Aunitz\" src=\"https:\/\/turismososteniblekongresua.eus\/wp-content\/uploads\/2025\/09\/Aunitz.jpg\" data-orig-src=\"https:\/\/turismososteniblekongresua.eus\/wp-content\/uploads\/2025\/09\/Aunitz.jpg\" class=\"lazyload img-responsive wp-image-3997 img-with-aspect-ratio\" data-parent-fit=\"cover\" data-parent-container=\".fusion-image-element\" alt srcset=\"data:image\/svg+xml,%3Csvg%20xmlns%3D%27http%3A%2F%2Fwww.w3.org%2F2000%2Fsvg%27%20width%3D%27449%27%20height%3D%27300%27%20viewBox%3D%270%200%20449%20300%27%3E%3Crect%20width%3D%27449%27%20height%3D%27300%27%20fill-opacity%3D%220%22%2F%3E%3C%2Fsvg%3E\" data-srcset=\"https:\/\/turismososteniblekongresua.eus\/wp-content\/uploads\/2025\/09\/Aunitz-200x134.jpg 200w, https:\/\/turismososteniblekongresua.eus\/wp-content\/uploads\/2025\/09\/Aunitz-400x267.jpg 400w, https:\/\/turismososteniblekongresua.eus\/wp-content\/uploads\/2025\/09\/Aunitz.jpg 449w\" data-sizes=\"auto\" data-orig-sizes=\"(max-width: 850px) 100vw, 449px\" \/><\/span><\/div><div class=\"fusion-title title fusion-title-3 fusion-sep-none fusion-title-center fusion-title-text fusion-title-size-five\" style=\"--awb-text-color:var(--awb-color1);--awb-margin-bottom:0px;--awb-margin-bottom-small:0px;\"><h5 class=\"fusion-title-heading title-heading-center fusion-responsive-typography-calculated\" style=\"margin:0;--fontSize:22;--minFontSize:22;line-height:1.3;\">Aunitz Alberdi<\/h5><\/div><div class=\"fusion-social-links fusion-social-links-1\" style=\"--awb-margin-top:5px;--awb-margin-right:0px;--awb-margin-bottom:10px;--awb-margin-left:0px;--awb-alignment:center;--awb-box-border-top:0px;--awb-box-border-right:0px;--awb-box-border-bottom:0px;--awb-box-border-left:0px;--awb-icon-colors-hover:var(--awb-color5);--awb-box-colors-hover:var(--awb-color1);--awb-box-border-color:var(--awb-color3);--awb-box-border-color-hover:var(--awb-color4);\"><div class=\"fusion-social-networks boxed-icons color-type-custom\"><div class=\"fusion-social-networks-wrapper\"><a class=\"fusion-social-network-icon fusion-tooltip fusion-instagram awb-icon-instagram\" style=\"color:var(--awb-color1);font-size:17px;width:17px;background-color:hsla(var(--awb-color5-h),var(--awb-color5-s),calc(var(--awb-color5-l) + 10%),var(--awb-color5-a));border-color:hsla(var(--awb-color5-h),var(--awb-color5-s),calc(var(--awb-color5-l) + 10%),var(--awb-color5-a));border-radius:4px;\" data-placement=\"top\" data-title=\"Instagram\" data-toggle=\"tooltip\" title=\"Instagram\" aria-label=\"instagram\" target=\"_blank\" rel=\"noopener noreferrer\" href=\"https:\/\/www.instagram.com\/aunitz\/?hl=es\"><\/a><\/div><\/div><\/div><\/div><\/div><\/div><\/div><\/div><div class=\"fusion-layout-column fusion_builder_column fusion-builder-column-2 fusion_builder_column_1_4 1_4 fusion-flex-column\" style=\"--awb-padding-top:10px;--awb-padding-right:10px;--awb-padding-bottom:80px;--awb-padding-left:10px;--awb-overflow:hidden;--awb-bg-size:cover;--awb-box-shadow:2px 2px 40px 0px hsla(var(--awb-color8-h),var(--awb-color8-s),var(--awb-color8-l),calc(var(--awb-color8-a) - 90%));;--awb-border-radius:10px 10px 10px 10px;--awb-width-large:25%;--awb-margin-top-large:40px;--awb-spacing-right-large:10px;--awb-margin-bottom-large:0px;--awb-spacing-left-large:10px;--awb-width-medium:50%;--awb-order-medium:0;--awb-spacing-right-medium:10px;--awb-spacing-left-medium:10px;--awb-width-small:100%;--awb-order-small:0;--awb-spacing-right-small:1.92%;--awb-margin-bottom-small:60px;--awb-spacing-left-small:1.92%;\"><div class=\"fusion-column-wrapper fusion-column-has-shadow fusion-flex-justify-content-flex-start fusion-content-layout-column\"><div class=\"fusion-builder-row fusion-builder-row-inner fusion-row fusion-flex-align-items-stretch fusion-flex-justify-content-center fusion-flex-content-wrap\" style=\"width:104% !important;max-width:104% !important;margin-left: calc(-4% \/ 2 );margin-right: calc(-4% \/ 2 );\"><div class=\"fusion-layout-column fusion_builder_column_inner fusion-builder-nested-column-2 fusion_builder_column_inner_1_1 1_1 fusion-flex-column\" style=\"--awb-container-position:absolute;--awb-bg-size:cover;--awb-width-large:100%;--awb-margin-top-large:0px;--awb-spacing-right-large:1.92%;--awb-margin-bottom-large:0px;--awb-spacing-left-large:1.92%;--awb-width-medium:100%;--awb-order-medium:0;--awb-spacing-right-medium:1.92%;--awb-spacing-left-medium:1.92%;--awb-width-small:100%;--awb-order-small:0;--awb-spacing-right-small:1.92%;--awb-spacing-left-small:1.92%;\"><div class=\"fusion-column-wrapper fusion-column-has-shadow fusion-flex-justify-content-flex-start fusion-content-layout-column\"><div class=\"fusion-image-element \" style=\"--awb-aspect-ratio:1 \/ 1;--awb-object-position:60% 33%;--awb-caption-title-font-family:var(--h2_typography-font-family);--awb-caption-title-font-weight:var(--h2_typography-font-weight);--awb-caption-title-font-style:var(--h2_typography-font-style);--awb-caption-title-size:var(--h2_typography-font-size);--awb-caption-title-transform:var(--h2_typography-text-transform);--awb-caption-title-line-height:var(--h2_typography-line-height);--awb-caption-title-letter-spacing:var(--h2_typography-letter-spacing);\"><span class=\" fusion-imageframe imageframe-none imageframe-3 hover-type-zoomin has-aspect-ratio\" style=\"border-radius:8px;\"><img decoding=\"async\" width=\"458\" height=\"584\" title=\"Alvar Gordejuela\" src=\"https:\/\/turismososteniblekongresua.eus\/wp-content\/uploads\/2025\/09\/Alvar-Gordejuela.jpg\" data-orig-src=\"https:\/\/turismososteniblekongresua.eus\/wp-content\/uploads\/2025\/09\/Alvar-Gordejuela.jpg\" class=\"lazyload img-responsive wp-image-3994 img-with-aspect-ratio\" data-parent-fit=\"cover\" data-parent-container=\".fusion-image-element\" alt srcset=\"data:image\/svg+xml,%3Csvg%20xmlns%3D%27http%3A%2F%2Fwww.w3.org%2F2000%2Fsvg%27%20width%3D%27458%27%20height%3D%27584%27%20viewBox%3D%270%200%20458%20584%27%3E%3Crect%20width%3D%27458%27%20height%3D%27584%27%20fill-opacity%3D%220%22%2F%3E%3C%2Fsvg%3E\" data-srcset=\"https:\/\/turismososteniblekongresua.eus\/wp-content\/uploads\/2025\/09\/Alvar-Gordejuela-200x255.jpg 200w, https:\/\/turismososteniblekongresua.eus\/wp-content\/uploads\/2025\/09\/Alvar-Gordejuela-400x510.jpg 400w, https:\/\/turismososteniblekongresua.eus\/wp-content\/uploads\/2025\/09\/Alvar-Gordejuela.jpg 458w\" data-sizes=\"auto\" data-orig-sizes=\"(max-width: 850px) 100vw, 458px\" \/><\/span><\/div><div class=\"fusion-title title fusion-title-4 fusion-sep-none fusion-title-center fusion-title-text fusion-title-size-five\" style=\"--awb-margin-top:15px;--awb-margin-bottom:5px;\"><h5 class=\"fusion-title-heading title-heading-center fusion-responsive-typography-calculated\" style=\"margin:0;--fontSize:22;--minFontSize:22;line-height:1.3;\">Alvar Gordejuela<\/h5><\/div><div class=\"fusion-text fusion-text-3\" style=\"--awb-content-alignment:center;--awb-text-color:var(--awb-color4);\"><p>Aktore eta zuzendari<\/p>\n<\/div><div style=\"text-align:center;\"><a class=\"fusion-button button-flat fusion-button-default-size button-custom fusion-button-default button-2 fusion-button-default-span fusion-button-default-type\" style=\"--button_accent_color:var(--awb-color1);--button_accent_hover_color:var(--awb-color1);--button_border_hover_color:var(--awb-color1);--button_gradient_top_color:var(--awb-color5);--button_gradient_bottom_color:var(--awb-color5);--button_gradient_top_color_hover:hsla(var(--awb-color6-h),calc(var(--awb-color6-s) - 5%),calc(var(--awb-color6-l) - 10%),var(--awb-color6-a));--button_gradient_bottom_color_hover:hsla(var(--awb-color6-h),calc(var(--awb-color6-s) - 5%),calc(var(--awb-color6-l) - 10%),var(--awb-color6-a));--button_padding-top:10px;--button_padding-right:20px;--button_padding-bottom:10px;--button_padding-left:20px;--button_margin-top:20px;\" target=\"_self\" title=\"Ver CV\" aria-label=\"Ver CV\" href=\"#\" data-toggle=\"modal\" data-target=\".fusion-modal.cv-alvar-gordejuela\"><span class=\"fusion-button-text awb-button__text awb-button__text--default\">+ info<\/span><\/a><\/div><div class=\"fusion-modal modal fade modal-2 cv-alvar-gordejuela\" tabindex=\"-1\" role=\"dialog\" aria-labelledby=\"modal-heading-2\" aria-hidden=\"true\" style=\"--awb-border-color:var(--awb-color3);--awb-background:var(--awb-color1);\"><div class=\"modal-dialog modal-lg\" role=\"document\"><div class=\"modal-content fusion-modal-content\"><div class=\"modal-header\"><button class=\"close\" type=\"button\" data-dismiss=\"modal\" aria-hidden=\"true\" aria-label=\"Close\">&times;<\/button><h3 class=\"modal-title\" id=\"modal-heading-2\" data-dismiss=\"modal\" aria-hidden=\"true\">Alvar Gordejuela<\/h3><\/div><div class=\"modal-body fusion-clearfix\">Bilboko aktore eta zuzendari hau pantailako zenbait lanengatik da ezaguna, hala nola \u201cAsesinos inocentes\u201d filmagatik edo Severiano Ballesterosi buruzko \u201cSeve: The Movie\u201d film biografikoagatik.<\/p>\n<p>Telebistan, hainbat telesailetan agertu da, \u201cCu\u00e9ntame c\u00f3mo pas\u00f3\u201d, \u201cEl secreto de Puente Viejo\u201d, \u201cAcacias 38\u201d, \u201cLa L\u00ednea invisible\u201d, \u201cPatria\u201d edo \u201cEl Pueblo\u201d lanetan, esaterako.<\/p>\n<p>Gaur egun, Amazon Primen berriki estreinatutako \u201cRomi\u201d telesaileko protagonistetako bat da.<\/p>\n<p>Kameren atzean ere aritu da, \u201cLa Buena Hija\u201d eta \u201cTxarriboda, La Matanza\u201d filmak zuzendu baititu.<\/div><\/div><\/div><\/div><\/div><\/div><div class=\"fusion-layout-column fusion_builder_column_inner fusion-builder-nested-column-3 fusion_builder_column_inner_1_1 1_1 fusion-flex-column\" style=\"--awb-padding-bottom:10px;--awb-overflow:hidden;--awb-bg-color:var(--awb-color5);--awb-bg-color-hover:var(--awb-color5);--awb-bg-size:cover;--awb-border-radius:8px 8px 8px 8px;--awb-filter:opacity(0%);--awb-filter-transition:filter 0.3s ease;--awb-filter-hover:opacity(100%);--awb-filter-parent-hover:opacity(100%);--awb-width-large:100%;--awb-margin-top-large:0px;--awb-spacing-right-large:1.92%;--awb-margin-bottom-large:0px;--awb-spacing-left-large:1.92%;--awb-width-medium:100%;--awb-order-medium:0;--awb-spacing-right-medium:1.92%;--awb-spacing-left-medium:1.92%;--awb-width-small:100%;--awb-order-small:0;--awb-spacing-right-small:1.92%;--awb-spacing-left-small:1.92%;\"><div class=\"fusion-column-wrapper fusion-column-has-shadow fusion-flex-justify-content-flex-start fusion-content-layout-column\"><div class=\"fusion-image-element \" style=\"--awb-aspect-ratio:1 \/ 1;--awb-object-position:49% 26%;--awb-caption-title-font-family:var(--h2_typography-font-family);--awb-caption-title-font-weight:var(--h2_typography-font-weight);--awb-caption-title-font-style:var(--h2_typography-font-style);--awb-caption-title-size:var(--h2_typography-font-size);--awb-caption-title-transform:var(--h2_typography-text-transform);--awb-caption-title-line-height:var(--h2_typography-line-height);--awb-caption-title-letter-spacing:var(--h2_typography-letter-spacing);\"><span class=\" fusion-imageframe imageframe-none imageframe-4 hover-type-zoomin has-aspect-ratio\" style=\"border-radius:8px;\"><img decoding=\"async\" width=\"458\" height=\"584\" title=\"Alvar Gordejuela\" src=\"https:\/\/turismososteniblekongresua.eus\/wp-content\/uploads\/2025\/09\/Alvar-Gordejuela.jpg\" data-orig-src=\"https:\/\/turismososteniblekongresua.eus\/wp-content\/uploads\/2025\/09\/Alvar-Gordejuela.jpg\" class=\"lazyload img-responsive wp-image-3994 img-with-aspect-ratio\" data-parent-fit=\"cover\" data-parent-container=\".fusion-image-element\" alt srcset=\"data:image\/svg+xml,%3Csvg%20xmlns%3D%27http%3A%2F%2Fwww.w3.org%2F2000%2Fsvg%27%20width%3D%27458%27%20height%3D%27584%27%20viewBox%3D%270%200%20458%20584%27%3E%3Crect%20width%3D%27458%27%20height%3D%27584%27%20fill-opacity%3D%220%22%2F%3E%3C%2Fsvg%3E\" data-srcset=\"https:\/\/turismososteniblekongresua.eus\/wp-content\/uploads\/2025\/09\/Alvar-Gordejuela-200x255.jpg 200w, https:\/\/turismososteniblekongresua.eus\/wp-content\/uploads\/2025\/09\/Alvar-Gordejuela-400x510.jpg 400w, https:\/\/turismososteniblekongresua.eus\/wp-content\/uploads\/2025\/09\/Alvar-Gordejuela.jpg 458w\" data-sizes=\"auto\" data-orig-sizes=\"(max-width: 850px) 100vw, 458px\" \/><\/span><\/div><div class=\"fusion-title title fusion-title-5 fusion-sep-none fusion-title-center fusion-title-text fusion-title-size-five\" style=\"--awb-text-color:var(--awb-color1);--awb-margin-bottom:0px;--awb-margin-bottom-small:0px;\"><h5 class=\"fusion-title-heading title-heading-center fusion-responsive-typography-calculated\" style=\"margin:0;--fontSize:22;--minFontSize:22;line-height:1.3;\">Alvar Gordejuela<\/h5><\/div><div class=\"fusion-social-links fusion-social-links-2\" style=\"--awb-margin-top:5px;--awb-margin-right:0px;--awb-margin-bottom:10px;--awb-margin-left:0px;--awb-alignment:center;--awb-box-border-top:0px;--awb-box-border-right:0px;--awb-box-border-bottom:0px;--awb-box-border-left:0px;--awb-icon-colors-hover:var(--awb-color5);--awb-box-colors-hover:var(--awb-color1);--awb-box-border-color:var(--awb-color3);--awb-box-border-color-hover:var(--awb-color4);\"><div class=\"fusion-social-networks boxed-icons color-type-custom\"><div class=\"fusion-social-networks-wrapper\"><a class=\"fusion-social-network-icon fusion-tooltip fusion-rss awb-icon-rss\" style=\"color:var(--awb-color1);font-size:17px;width:17px;background-color:hsla(var(--awb-color5-h),var(--awb-color5-s),calc(var(--awb-color5-l) + 10%),var(--awb-color5-a));border-color:hsla(var(--awb-color5-h),var(--awb-color5-s),calc(var(--awb-color5-l) + 10%),var(--awb-color5-a));border-radius:4px;\" data-placement=\"top\" data-title=\"Rss\" data-toggle=\"tooltip\" title=\"Rss\" aria-label=\"rss\" target=\"_blank\" rel=\"noopener noreferrer\" href=\"https:\/\/www.imdb.com\/es-es\/name\/nm4339116\/\"><\/a><\/div><\/div><\/div><\/div><\/div><\/div><\/div><\/div><div class=\"fusion-layout-column fusion_builder_column fusion-builder-column-3 fusion_builder_column_1_4 1_4 fusion-flex-column\" style=\"--awb-padding-top:10px;--awb-padding-right:10px;--awb-padding-bottom:80px;--awb-padding-left:10px;--awb-overflow:hidden;--awb-bg-size:cover;--awb-box-shadow:2px 2px 40px 0px hsla(var(--awb-color8-h),var(--awb-color8-s),var(--awb-color8-l),calc(var(--awb-color8-a) - 90%));;--awb-border-radius:10px 10px 10px 10px;--awb-width-large:25%;--awb-margin-top-large:40px;--awb-spacing-right-large:10px;--awb-margin-bottom-large:0px;--awb-spacing-left-large:10px;--awb-width-medium:50%;--awb-order-medium:0;--awb-spacing-right-medium:10px;--awb-spacing-left-medium:10px;--awb-width-small:100%;--awb-order-small:0;--awb-spacing-right-small:1.92%;--awb-margin-bottom-small:60px;--awb-spacing-left-small:1.92%;\"><div class=\"fusion-column-wrapper fusion-column-has-shadow fusion-flex-justify-content-flex-start fusion-content-layout-column\"><div class=\"fusion-builder-row fusion-builder-row-inner fusion-row fusion-flex-align-items-stretch fusion-flex-justify-content-center fusion-flex-content-wrap\" style=\"width:104% !important;max-width:104% !important;margin-left: calc(-4% \/ 2 );margin-right: calc(-4% \/ 2 );\"><div class=\"fusion-layout-column fusion_builder_column_inner fusion-builder-nested-column-4 fusion_builder_column_inner_1_1 1_1 fusion-flex-column\" style=\"--awb-container-position:absolute;--awb-bg-size:cover;--awb-width-large:100%;--awb-margin-top-large:0px;--awb-spacing-right-large:1.92%;--awb-margin-bottom-large:0px;--awb-spacing-left-large:1.92%;--awb-width-medium:100%;--awb-order-medium:0;--awb-spacing-right-medium:1.92%;--awb-spacing-left-medium:1.92%;--awb-width-small:100%;--awb-order-small:0;--awb-spacing-right-small:1.92%;--awb-spacing-left-small:1.92%;\"><div class=\"fusion-column-wrapper fusion-column-has-shadow fusion-flex-justify-content-flex-start fusion-content-layout-column\"><div class=\"fusion-image-element \" style=\"--awb-aspect-ratio:1 \/ 1;--awb-caption-title-font-family:var(--h2_typography-font-family);--awb-caption-title-font-weight:var(--h2_typography-font-weight);--awb-caption-title-font-style:var(--h2_typography-font-style);--awb-caption-title-size:var(--h2_typography-font-size);--awb-caption-title-transform:var(--h2_typography-text-transform);--awb-caption-title-line-height:var(--h2_typography-line-height);--awb-caption-title-letter-spacing:var(--h2_typography-letter-spacing);\"><span class=\" fusion-imageframe imageframe-none imageframe-5 hover-type-zoomin has-aspect-ratio\" style=\"border-radius:8px;\"><img decoding=\"async\" width=\"2560\" height=\"1920\" title=\"David And\u00faja_presentador\" src=\"https:\/\/turismososteniblekongresua.eus\/wp-content\/uploads\/2025\/09\/David-Anduja_presentador-scaled.jpg\" data-orig-src=\"https:\/\/turismososteniblekongresua.eus\/wp-content\/uploads\/2025\/09\/David-Anduja_presentador-scaled.jpg\" class=\"lazyload img-responsive wp-image-3864 img-with-aspect-ratio\" data-parent-fit=\"cover\" data-parent-container=\".fusion-image-element\" alt srcset=\"data:image\/svg+xml,%3Csvg%20xmlns%3D%27http%3A%2F%2Fwww.w3.org%2F2000%2Fsvg%27%20width%3D%272560%27%20height%3D%271920%27%20viewBox%3D%270%200%202560%201920%27%3E%3Crect%20width%3D%272560%27%20height%3D%271920%27%20fill-opacity%3D%220%22%2F%3E%3C%2Fsvg%3E\" data-srcset=\"https:\/\/turismososteniblekongresua.eus\/wp-content\/uploads\/2025\/09\/David-Anduja_presentador-200x150.jpg 200w, https:\/\/turismososteniblekongresua.eus\/wp-content\/uploads\/2025\/09\/David-Anduja_presentador-400x300.jpg 400w, https:\/\/turismososteniblekongresua.eus\/wp-content\/uploads\/2025\/09\/David-Anduja_presentador-600x450.jpg 600w, https:\/\/turismososteniblekongresua.eus\/wp-content\/uploads\/2025\/09\/David-Anduja_presentador-800x600.jpg 800w, https:\/\/turismososteniblekongresua.eus\/wp-content\/uploads\/2025\/09\/David-Anduja_presentador-1200x900.jpg 1200w, https:\/\/turismososteniblekongresua.eus\/wp-content\/uploads\/2025\/09\/David-Anduja_presentador-scaled.jpg 2560w\" data-sizes=\"auto\" data-orig-sizes=\"(max-width: 850px) 100vw, 2560px\" \/><\/span><\/div><div class=\"fusion-title title fusion-title-6 fusion-sep-none fusion-title-center fusion-title-text fusion-title-size-five\" style=\"--awb-margin-top:15px;--awb-margin-bottom:5px;\"><h5 class=\"fusion-title-heading title-heading-center fusion-responsive-typography-calculated\" style=\"margin:0;--fontSize:22;--minFontSize:22;line-height:1.3;\">David And\u00fajar<\/h5><\/div><div class=\"fusion-text fusion-text-4\" style=\"--awb-content-alignment:center;--awb-line-height:1.35em;--awb-text-color:var(--awb-color4);\"><p>Kazetaria eta eduki digital sortzailea<\/p>\n<\/div><div style=\"text-align:center;\"><a class=\"fusion-button button-flat fusion-button-default-size button-custom fusion-button-default button-3 fusion-button-default-span fusion-button-default-type\" style=\"--button_accent_color:var(--awb-color1);--button_accent_hover_color:var(--awb-color1);--button_border_hover_color:var(--awb-color1);--button_gradient_top_color:var(--awb-color5);--button_gradient_bottom_color:var(--awb-color5);--button_gradient_top_color_hover:hsla(var(--awb-color6-h),calc(var(--awb-color6-s) - 5%),calc(var(--awb-color6-l) - 10%),var(--awb-color6-a));--button_gradient_bottom_color_hover:hsla(var(--awb-color6-h),calc(var(--awb-color6-s) - 5%),calc(var(--awb-color6-l) - 10%),var(--awb-color6-a));--button_padding-top:10px;--button_padding-right:20px;--button_padding-bottom:10px;--button_padding-left:20px;--button_margin-top:20px;\" target=\"_self\" title=\"Ver CV\" aria-label=\"Ver CV\" href=\"#\" data-toggle=\"modal\" data-target=\".fusion-modal.cv-david-andujar\"><span class=\"fusion-button-text awb-button__text awb-button__text--default\">+ info<\/span><\/a><\/div><div class=\"fusion-modal modal fade modal-3 cv-david-andujar\" tabindex=\"-1\" role=\"dialog\" aria-labelledby=\"modal-heading-3\" aria-hidden=\"true\" style=\"--awb-border-color:var(--awb-color3);--awb-background:var(--awb-color1);\"><div class=\"modal-dialog modal-lg\" role=\"document\"><div class=\"modal-content fusion-modal-content\"><div class=\"modal-header\"><button class=\"close\" type=\"button\" data-dismiss=\"modal\" aria-hidden=\"true\" aria-label=\"Close\">&times;<\/button><h3 class=\"modal-title\" id=\"modal-heading-3\" data-dismiss=\"modal\" aria-hidden=\"true\">David And\u00fajar<\/h3><\/div><div class=\"modal-body fusion-clearfix\">\n<p>Kazetaria eta eduki digital sortzailea. 26 urterekin, aurkezle eta kolaboratzaile gisa aritu da formatu ugaritan, RTVE, Movistar, HuffPost, Cadena Ser edo CodigoNuevo bezalako hedabideetan, eta komunitate handi bat sortu du bere sare sozialen bidez.<\/p>\n<\/div><\/div><\/div><\/div><\/div><\/div><div class=\"fusion-layout-column fusion_builder_column_inner fusion-builder-nested-column-5 fusion_builder_column_inner_1_1 1_1 fusion-flex-column\" style=\"--awb-padding-bottom:10px;--awb-padding-bottom-small:30px;--awb-overflow:hidden;--awb-bg-color:var(--awb-color5);--awb-bg-color-hover:var(--awb-color5);--awb-bg-size:cover;--awb-border-radius:8px 8px 8px 8px;--awb-filter:opacity(0%);--awb-filter-transition:filter 0.3s ease;--awb-filter-hover:opacity(100%);--awb-filter-parent-hover:opacity(100%);--awb-width-large:100%;--awb-margin-top-large:0px;--awb-spacing-right-large:1.92%;--awb-margin-bottom-large:0px;--awb-spacing-left-large:1.92%;--awb-width-medium:100%;--awb-order-medium:0;--awb-spacing-right-medium:1.92%;--awb-spacing-left-medium:1.92%;--awb-width-small:100%;--awb-order-small:0;--awb-spacing-right-small:1.92%;--awb-spacing-left-small:1.92%;\"><div class=\"fusion-column-wrapper fusion-column-has-shadow fusion-flex-justify-content-flex-start fusion-content-layout-column\"><div class=\"fusion-image-element \" style=\"--awb-aspect-ratio:1 \/ 1;--awb-caption-title-font-family:var(--h2_typography-font-family);--awb-caption-title-font-weight:var(--h2_typography-font-weight);--awb-caption-title-font-style:var(--h2_typography-font-style);--awb-caption-title-size:var(--h2_typography-font-size);--awb-caption-title-transform:var(--h2_typography-text-transform);--awb-caption-title-line-height:var(--h2_typography-line-height);--awb-caption-title-letter-spacing:var(--h2_typography-letter-spacing);\"><span class=\" fusion-imageframe imageframe-none imageframe-6 hover-type-zoomin has-aspect-ratio\" style=\"border-radius:8px;\"><img decoding=\"async\" width=\"2560\" height=\"1920\" title=\"David And\u00faja_presentador\" src=\"https:\/\/turismososteniblekongresua.eus\/wp-content\/uploads\/2025\/09\/David-Anduja_presentador-scaled.jpg\" data-orig-src=\"https:\/\/turismososteniblekongresua.eus\/wp-content\/uploads\/2025\/09\/David-Anduja_presentador-scaled.jpg\" class=\"lazyload img-responsive wp-image-3864 img-with-aspect-ratio\" data-parent-fit=\"cover\" data-parent-container=\".fusion-image-element\" alt srcset=\"data:image\/svg+xml,%3Csvg%20xmlns%3D%27http%3A%2F%2Fwww.w3.org%2F2000%2Fsvg%27%20width%3D%272560%27%20height%3D%271920%27%20viewBox%3D%270%200%202560%201920%27%3E%3Crect%20width%3D%272560%27%20height%3D%271920%27%20fill-opacity%3D%220%22%2F%3E%3C%2Fsvg%3E\" data-srcset=\"https:\/\/turismososteniblekongresua.eus\/wp-content\/uploads\/2025\/09\/David-Anduja_presentador-200x150.jpg 200w, https:\/\/turismososteniblekongresua.eus\/wp-content\/uploads\/2025\/09\/David-Anduja_presentador-400x300.jpg 400w, https:\/\/turismososteniblekongresua.eus\/wp-content\/uploads\/2025\/09\/David-Anduja_presentador-600x450.jpg 600w, https:\/\/turismososteniblekongresua.eus\/wp-content\/uploads\/2025\/09\/David-Anduja_presentador-800x600.jpg 800w, https:\/\/turismososteniblekongresua.eus\/wp-content\/uploads\/2025\/09\/David-Anduja_presentador-1200x900.jpg 1200w, https:\/\/turismososteniblekongresua.eus\/wp-content\/uploads\/2025\/09\/David-Anduja_presentador-scaled.jpg 2560w\" data-sizes=\"auto\" data-orig-sizes=\"(max-width: 850px) 100vw, 2560px\" \/><\/span><\/div><div class=\"fusion-title title fusion-title-7 fusion-sep-none fusion-title-center fusion-title-text fusion-title-size-five\" style=\"--awb-text-color:var(--awb-color1);--awb-margin-bottom:0px;--awb-margin-bottom-small:0px;\"><h5 class=\"fusion-title-heading title-heading-center fusion-responsive-typography-calculated\" style=\"margin:0;--fontSize:22;--minFontSize:22;line-height:1.3;\">David And\u00fajar<\/h5><\/div><div class=\"fusion-social-links fusion-social-links-3\" style=\"--awb-margin-top:5px;--awb-margin-right:0px;--awb-margin-bottom:10px;--awb-margin-left:0px;--awb-alignment:center;--awb-box-border-top:0px;--awb-box-border-right:0px;--awb-box-border-bottom:0px;--awb-box-border-left:0px;--awb-icon-colors-hover:var(--awb-color5);--awb-box-colors-hover:var(--awb-color1);--awb-box-border-color:var(--awb-color3);--awb-box-border-color-hover:var(--awb-color4);\"><div class=\"fusion-social-networks boxed-icons color-type-custom\"><div class=\"fusion-social-networks-wrapper\"><a class=\"fusion-social-network-icon fusion-tooltip fusion-instagram awb-icon-instagram\" style=\"color:var(--awb-color1);font-size:17px;width:17px;background-color:hsla(var(--awb-color5-h),var(--awb-color5-s),calc(var(--awb-color5-l) + 10%),var(--awb-color5-a));border-color:hsla(var(--awb-color5-h),var(--awb-color5-s),calc(var(--awb-color5-l) + 10%),var(--awb-color5-a));border-radius:4px;\" data-placement=\"top\" data-title=\"Instagram\" data-toggle=\"tooltip\" title=\"Instagram\" aria-label=\"instagram\" target=\"_blank\" rel=\"noopener noreferrer\" href=\"https:\/\/www.instagram.com\/davidandu_\"><\/a><a class=\"fusion-social-network-icon fusion-tooltip fusion-tiktok awb-icon-tiktok\" style=\"color:var(--awb-color1);font-size:17px;width:17px;background-color:hsla(var(--awb-color5-h),var(--awb-color5-s),calc(var(--awb-color5-l) + 10%),var(--awb-color5-a));border-color:hsla(var(--awb-color5-h),var(--awb-color5-s),calc(var(--awb-color5-l) + 10%),var(--awb-color5-a));border-radius:4px;\" data-placement=\"top\" data-title=\"Tiktok\" data-toggle=\"tooltip\" title=\"Tiktok\" aria-label=\"tiktok\" target=\"_blank\" rel=\"noopener noreferrer\" href=\"https:\/\/www.tiktok.com\/@davidandu?_t=ZN-8z0KrwODLB0&amp;_r=1\"><\/a><\/div><\/div><\/div><\/div><\/div><\/div><\/div><\/div><div class=\"fusion-layout-column fusion_builder_column fusion-builder-column-4 fusion_builder_column_1_4 1_4 fusion-flex-column\" style=\"--awb-padding-top:10px;--awb-padding-right:10px;--awb-padding-bottom:80px;--awb-padding-left:10px;--awb-overflow:hidden;--awb-bg-size:cover;--awb-box-shadow:2px 2px 40px 0px hsla(var(--awb-color8-h),var(--awb-color8-s),var(--awb-color8-l),calc(var(--awb-color8-a) - 90%));;--awb-border-radius:10px 10px 10px 10px;--awb-width-large:25%;--awb-margin-top-large:40px;--awb-spacing-right-large:10px;--awb-margin-bottom-large:0px;--awb-spacing-left-large:10px;--awb-width-medium:50%;--awb-order-medium:0;--awb-spacing-right-medium:10px;--awb-spacing-left-medium:10px;--awb-width-small:100%;--awb-order-small:0;--awb-spacing-right-small:1.92%;--awb-margin-bottom-small:60px;--awb-spacing-left-small:1.92%;\"><div class=\"fusion-column-wrapper fusion-column-has-shadow fusion-flex-justify-content-flex-start fusion-content-layout-column\"><div class=\"fusion-builder-row fusion-builder-row-inner fusion-row fusion-flex-align-items-stretch fusion-flex-justify-content-center fusion-flex-content-wrap\" style=\"width:104% !important;max-width:104% !important;margin-left: calc(-4% \/ 2 );margin-right: calc(-4% \/ 2 );\"><div class=\"fusion-layout-column fusion_builder_column_inner fusion-builder-nested-column-6 fusion_builder_column_inner_1_1 1_1 fusion-flex-column\" style=\"--awb-container-position:absolute;--awb-bg-size:cover;--awb-width-large:100%;--awb-margin-top-large:0px;--awb-spacing-right-large:1.92%;--awb-margin-bottom-large:0px;--awb-spacing-left-large:1.92%;--awb-width-medium:100%;--awb-order-medium:0;--awb-spacing-right-medium:1.92%;--awb-spacing-left-medium:1.92%;--awb-width-small:100%;--awb-order-small:0;--awb-spacing-right-small:1.92%;--awb-spacing-left-small:1.92%;\"><div class=\"fusion-column-wrapper fusion-column-has-shadow fusion-flex-justify-content-flex-start fusion-content-layout-column\"><div class=\"fusion-image-element \" style=\"--awb-aspect-ratio:1 \/ 1;--awb-object-position:57% 21%;--awb-caption-title-font-family:var(--h2_typography-font-family);--awb-caption-title-font-weight:var(--h2_typography-font-weight);--awb-caption-title-font-style:var(--h2_typography-font-style);--awb-caption-title-size:var(--h2_typography-font-size);--awb-caption-title-transform:var(--h2_typography-text-transform);--awb-caption-title-line-height:var(--h2_typography-line-height);--awb-caption-title-letter-spacing:var(--h2_typography-letter-spacing);\"><span class=\" fusion-imageframe imageframe-none imageframe-7 hover-type-zoomin has-aspect-ratio\" style=\"border-radius:8px;\"><img decoding=\"async\" width=\"1707\" height=\"2560\" title=\"KAI NAKAI\" src=\"https:\/\/turismososteniblekongresua.eus\/wp-content\/uploads\/2025\/09\/KAI-NAKAI-scaled.jpg\" data-orig-src=\"https:\/\/turismososteniblekongresua.eus\/wp-content\/uploads\/2025\/09\/KAI-NAKAI-scaled.jpg\" class=\"lazyload img-responsive wp-image-3775 img-with-aspect-ratio\" data-parent-fit=\"cover\" data-parent-container=\".fusion-image-element\" alt srcset=\"data:image\/svg+xml,%3Csvg%20xmlns%3D%27http%3A%2F%2Fwww.w3.org%2F2000%2Fsvg%27%20width%3D%271707%27%20height%3D%272560%27%20viewBox%3D%270%200%201707%202560%27%3E%3Crect%20width%3D%271707%27%20height%3D%272560%27%20fill-opacity%3D%220%22%2F%3E%3C%2Fsvg%3E\" data-srcset=\"https:\/\/turismososteniblekongresua.eus\/wp-content\/uploads\/2025\/09\/KAI-NAKAI-200x300.jpg 200w, https:\/\/turismososteniblekongresua.eus\/wp-content\/uploads\/2025\/09\/KAI-NAKAI-400x600.jpg 400w, https:\/\/turismososteniblekongresua.eus\/wp-content\/uploads\/2025\/09\/KAI-NAKAI-600x900.jpg 600w, https:\/\/turismososteniblekongresua.eus\/wp-content\/uploads\/2025\/09\/KAI-NAKAI-800x1200.jpg 800w, https:\/\/turismososteniblekongresua.eus\/wp-content\/uploads\/2025\/09\/KAI-NAKAI-1200x1800.jpg 1200w, https:\/\/turismososteniblekongresua.eus\/wp-content\/uploads\/2025\/09\/KAI-NAKAI-scaled.jpg 1707w\" data-sizes=\"auto\" data-orig-sizes=\"(max-width: 850px) 100vw, 1707px\" \/><\/span><\/div><div class=\"fusion-title title fusion-title-8 fusion-sep-none fusion-title-center fusion-title-text fusion-title-size-five\" style=\"--awb-margin-top:15px;--awb-margin-bottom:5px;\"><h5 class=\"fusion-title-heading title-heading-center fusion-responsive-typography-calculated\" style=\"margin:0;--fontSize:22;--minFontSize:22;line-height:1.3;\">Kai Nakai<\/h5><\/div><div class=\"fusion-text fusion-text-5\" style=\"--awb-content-alignment:center;--awb-text-color:var(--awb-color4);\"><p>Artista eta musika-irakaslea<\/p>\n<\/div><div style=\"text-align:center;\"><a class=\"fusion-button button-flat fusion-button-default-size button-custom fusion-button-default button-4 fusion-button-default-span fusion-button-default-type\" style=\"--button_accent_color:var(--awb-color1);--button_accent_hover_color:var(--awb-color1);--button_border_hover_color:var(--awb-color1);--button_gradient_top_color:var(--awb-color5);--button_gradient_bottom_color:var(--awb-color5);--button_gradient_top_color_hover:hsla(var(--awb-color6-h),calc(var(--awb-color6-s) - 5%),calc(var(--awb-color6-l) - 10%),var(--awb-color6-a));--button_gradient_bottom_color_hover:hsla(var(--awb-color6-h),calc(var(--awb-color6-s) - 5%),calc(var(--awb-color6-l) - 10%),var(--awb-color6-a));--button_padding-top:10px;--button_padding-right:20px;--button_padding-bottom:10px;--button_padding-left:20px;--button_margin-top:20px;\" target=\"_self\" title=\"Ver CV\" aria-label=\"Ver CV\" href=\"#\" data-toggle=\"modal\" data-target=\".fusion-modal.cv-kai-nakai\"><span class=\"fusion-button-text awb-button__text awb-button__text--default\">+ info<\/span><\/a><\/div><div class=\"fusion-modal modal fade modal-4 cv-kai-nakai\" tabindex=\"-1\" role=\"dialog\" aria-labelledby=\"modal-heading-4\" aria-hidden=\"true\" style=\"--awb-border-color:var(--awb-color3);--awb-background:var(--awb-color1);\"><div class=\"modal-dialog modal-lg\" role=\"document\"><div class=\"modal-content fusion-modal-content\"><div class=\"modal-header\"><button class=\"close\" type=\"button\" data-dismiss=\"modal\" aria-hidden=\"true\" aria-label=\"Close\">&times;<\/button><h3 class=\"modal-title\" id=\"modal-heading-4\" data-dismiss=\"modal\" aria-hidden=\"true\">Kai Nakai<\/h3><\/div><div class=\"modal-body fusion-clearfix\">Iratxe Aguilera edo Kai Nakai (izen artistikoa) musika-irakaslea eta artista da, eta musika-hizkuntzan, abesbatzan, gitarran, grabazioan eta nahasketetan trebatuta egoteaz gain, Lehen Hezkuntzan graduatua da, musika-espezialitatean.<\/p>\n<p>2020. urteaz geroztik, Kai Nakai proiektu musikalarekin dabil buru-belarri; hiru disko argitaratu ditu (Baimenik Gabe, Maitia eta Gaupasa), baita 11 single independente ere, eta artista ugarirekin egin ditu kolaborazioak: Mikel Urdangarin, ETS, Jazzwoman, Sara Roy, Dupla eta STR, besteak beste.<\/p>\n<p>Durangoko Sormen Beka (2020) eta Euskara &amp; Euskadi Territory saria (2023) jaso ditu, Euskal Herri osoan 60 kontzertu baino gehiago egin ditu, eta jaialdi garrantzitsuetan ere aritu izan da, hala nola Holika eta ZEID festibaletan.<\/p>\n<p>Konpromiso sozialari dagokionez, Bizipoza proiektuan parte hartzen du Naizen elkartearekin batera, musikaren bitartez haurren eta familien ongizatea sustatuta.<\/div><\/div><\/div><\/div><\/div><\/div><div class=\"fusion-layout-column fusion_builder_column_inner fusion-builder-nested-column-7 fusion_builder_column_inner_1_1 1_1 fusion-flex-column\" style=\"--awb-padding-bottom:10px;--awb-overflow:hidden;--awb-bg-color:var(--awb-color5);--awb-bg-color-hover:var(--awb-color5);--awb-bg-size:cover;--awb-border-radius:8px 8px 8px 8px;--awb-filter:opacity(0%);--awb-filter-transition:filter 0.3s ease;--awb-filter-hover:opacity(100%);--awb-filter-parent-hover:opacity(100%);--awb-width-large:100%;--awb-margin-top-large:0px;--awb-spacing-right-large:1.92%;--awb-margin-bottom-large:0px;--awb-spacing-left-large:1.92%;--awb-width-medium:100%;--awb-order-medium:0;--awb-spacing-right-medium:1.92%;--awb-spacing-left-medium:1.92%;--awb-width-small:100%;--awb-order-small:0;--awb-spacing-right-small:1.92%;--awb-spacing-left-small:1.92%;\"><div class=\"fusion-column-wrapper fusion-column-has-shadow fusion-flex-justify-content-flex-start fusion-content-layout-column\"><div class=\"fusion-image-element \" style=\"--awb-aspect-ratio:1 \/ 1;--awb-object-position:55% 27%;--awb-caption-title-font-family:var(--h2_typography-font-family);--awb-caption-title-font-weight:var(--h2_typography-font-weight);--awb-caption-title-font-style:var(--h2_typography-font-style);--awb-caption-title-size:var(--h2_typography-font-size);--awb-caption-title-transform:var(--h2_typography-text-transform);--awb-caption-title-line-height:var(--h2_typography-line-height);--awb-caption-title-letter-spacing:var(--h2_typography-letter-spacing);\"><span class=\" fusion-imageframe imageframe-none imageframe-8 hover-type-zoomin has-aspect-ratio\" style=\"border-radius:8px;\"><img decoding=\"async\" width=\"1707\" height=\"2560\" title=\"KAI NAKAI\" src=\"https:\/\/turismososteniblekongresua.eus\/wp-content\/uploads\/2025\/09\/KAI-NAKAI-scaled.jpg\" data-orig-src=\"https:\/\/turismososteniblekongresua.eus\/wp-content\/uploads\/2025\/09\/KAI-NAKAI-scaled.jpg\" class=\"lazyload img-responsive wp-image-3775 img-with-aspect-ratio\" data-parent-fit=\"cover\" data-parent-container=\".fusion-image-element\" alt srcset=\"data:image\/svg+xml,%3Csvg%20xmlns%3D%27http%3A%2F%2Fwww.w3.org%2F2000%2Fsvg%27%20width%3D%271707%27%20height%3D%272560%27%20viewBox%3D%270%200%201707%202560%27%3E%3Crect%20width%3D%271707%27%20height%3D%272560%27%20fill-opacity%3D%220%22%2F%3E%3C%2Fsvg%3E\" data-srcset=\"https:\/\/turismososteniblekongresua.eus\/wp-content\/uploads\/2025\/09\/KAI-NAKAI-200x300.jpg 200w, https:\/\/turismososteniblekongresua.eus\/wp-content\/uploads\/2025\/09\/KAI-NAKAI-400x600.jpg 400w, https:\/\/turismososteniblekongresua.eus\/wp-content\/uploads\/2025\/09\/KAI-NAKAI-600x900.jpg 600w, https:\/\/turismososteniblekongresua.eus\/wp-content\/uploads\/2025\/09\/KAI-NAKAI-800x1200.jpg 800w, https:\/\/turismososteniblekongresua.eus\/wp-content\/uploads\/2025\/09\/KAI-NAKAI-1200x1800.jpg 1200w, https:\/\/turismososteniblekongresua.eus\/wp-content\/uploads\/2025\/09\/KAI-NAKAI-scaled.jpg 1707w\" data-sizes=\"auto\" data-orig-sizes=\"(max-width: 850px) 100vw, 1707px\" \/><\/span><\/div><div class=\"fusion-title title fusion-title-9 fusion-sep-none fusion-title-center fusion-title-text fusion-title-size-five\" style=\"--awb-text-color:var(--awb-color1);--awb-margin-bottom:0px;--awb-margin-bottom-small:0px;\"><h5 class=\"fusion-title-heading title-heading-center fusion-responsive-typography-calculated\" style=\"margin:0;--fontSize:22;--minFontSize:22;line-height:1.3;\">Kai Nakai<\/h5><\/div><div class=\"fusion-social-links fusion-social-links-4\" style=\"--awb-margin-top:5px;--awb-margin-right:0px;--awb-margin-bottom:10px;--awb-margin-left:0px;--awb-alignment:center;--awb-box-border-top:0px;--awb-box-border-right:0px;--awb-box-border-bottom:0px;--awb-box-border-left:0px;--awb-icon-colors-hover:var(--awb-color5);--awb-box-colors-hover:var(--awb-color1);--awb-box-border-color:var(--awb-color3);--awb-box-border-color-hover:var(--awb-color4);\"><div class=\"fusion-social-networks boxed-icons color-type-custom\"><div class=\"fusion-social-networks-wrapper\"><a class=\"fusion-social-network-icon fusion-tooltip fusion-twitter awb-icon-twitter\" style=\"color:var(--awb-color1);font-size:17px;width:17px;background-color:hsla(var(--awb-color5-h),var(--awb-color5-s),calc(var(--awb-color5-l) + 10%),var(--awb-color5-a));border-color:hsla(var(--awb-color5-h),var(--awb-color5-s),calc(var(--awb-color5-l) + 10%),var(--awb-color5-a));border-radius:4px;\" data-placement=\"top\" data-title=\"X\" data-toggle=\"tooltip\" title=\"X\" aria-label=\"twitter\" target=\"_blank\" rel=\"noopener noreferrer\" href=\"https:\/\/twitter.com\/kainakaimusic\"><\/a><a class=\"fusion-social-network-icon fusion-tooltip fusion-instagram awb-icon-instagram\" style=\"color:var(--awb-color1);font-size:17px;width:17px;background-color:hsla(var(--awb-color5-h),var(--awb-color5-s),calc(var(--awb-color5-l) + 10%),var(--awb-color5-a));border-color:hsla(var(--awb-color5-h),var(--awb-color5-s),calc(var(--awb-color5-l) + 10%),var(--awb-color5-a));border-radius:4px;\" data-placement=\"top\" data-title=\"Instagram\" data-toggle=\"tooltip\" title=\"Instagram\" aria-label=\"instagram\" target=\"_blank\" rel=\"noopener noreferrer\" href=\"https:\/\/www.instagram.com\/kai.nakai\/\"><\/a><a class=\"fusion-social-network-icon fusion-tooltip fusion-tiktok awb-icon-tiktok\" style=\"color:var(--awb-color1);font-size:17px;width:17px;background-color:hsla(var(--awb-color5-h),var(--awb-color5-s),calc(var(--awb-color5-l) + 10%),var(--awb-color5-a));border-color:hsla(var(--awb-color5-h),var(--awb-color5-s),calc(var(--awb-color5-l) + 10%),var(--awb-color5-a));border-radius:4px;\" data-placement=\"top\" data-title=\"Tiktok\" data-toggle=\"tooltip\" title=\"Tiktok\" aria-label=\"tiktok\" target=\"_blank\" rel=\"noopener noreferrer\" href=\"https:\/\/www.tiktok.com\/@kai.nakai\"><\/a><a class=\"fusion-social-network-icon fusion-tooltip fusion-youtube awb-icon-youtube\" style=\"color:var(--awb-color1);font-size:17px;width:17px;background-color:hsla(var(--awb-color5-h),var(--awb-color5-s),calc(var(--awb-color5-l) + 10%),var(--awb-color5-a));border-color:hsla(var(--awb-color5-h),var(--awb-color5-s),calc(var(--awb-color5-l) + 10%),var(--awb-color5-a));border-radius:4px;\" data-placement=\"top\" data-title=\"YouTube\" data-toggle=\"tooltip\" title=\"YouTube\" aria-label=\"youtube\" target=\"_blank\" rel=\"noopener noreferrer\" href=\"https:\/\/www.youtube.com\/channel\/UCifiY98dES38oC4C6d4bQgg\"><\/a><\/div><\/div><\/div><\/div><\/div><\/div><\/div><\/div><\/div><\/div><div class=\"fusion-fullwidth fullwidth-box fusion-builder-row-2 fusion-flex-container has-pattern-background has-mask-background nonhundred-percent-fullwidth non-hundred-percent-height-scrolling\" style=\"--awb-border-radius-top-left:0px;--awb-border-radius-top-right:0px;--awb-border-radius-bottom-right:0px;--awb-border-radius-bottom-left:0px;--awb-margin-top:120px;--awb-margin-top-small:30px;--awb-flex-wrap:wrap;\" ><div class=\"fusion-builder-row fusion-row fusion-flex-align-items-stretch fusion-flex-justify-content-center fusion-flex-content-wrap\" style=\"max-width:1372.8px;margin-left: calc(-4% \/ 2 );margin-right: calc(-4% \/ 2 );\"><div class=\"fusion-layout-column fusion_builder_column fusion-builder-column-5 fusion_builder_column_1_1 1_1 fusion-flex-column\" style=\"--awb-bg-size:cover;--awb-width-large:100%;--awb-margin-top-large:0px;--awb-spacing-right-large:9.6%;--awb-margin-bottom-large:0px;--awb-spacing-left-large:9.6%;--awb-width-medium:83.333333333333%;--awb-order-medium:0;--awb-spacing-right-medium:4.608%;--awb-spacing-left-medium:4.608%;--awb-width-small:100%;--awb-order-small:0;--awb-spacing-right-small:1.92%;--awb-spacing-left-small:1.92%;\"><div class=\"fusion-column-wrapper fusion-column-has-shadow fusion-flex-justify-content-flex-start fusion-content-layout-column\"><div class=\"fusion-title title fusion-title-10 fusion-sep-none fusion-title-center fusion-title-text fusion-title-size-two\" style=\"--awb-margin-top:20px;\"><h2 class=\"fusion-title-heading title-heading-center fusion-responsive-typography-calculated\" style=\"margin:0;text-transform:none;--fontSize:44;line-height:1.4;\">Hizlariak:<\/h2><\/div><\/div><\/div><div class=\"fusion-layout-column fusion_builder_column fusion-builder-column-6 fusion_builder_column_1_4 1_4 fusion-flex-column\" style=\"--awb-padding-top:10px;--awb-padding-right:10px;--awb-padding-bottom:80px;--awb-padding-left:10px;--awb-overflow:hidden;--awb-bg-size:cover;--awb-box-shadow:2px 2px 40px 0px hsla(var(--awb-color8-h),var(--awb-color8-s),var(--awb-color8-l),calc(var(--awb-color8-a) - 90%));;--awb-border-radius:10px 10px 10px 10px;--awb-width-large:25%;--awb-margin-top-large:40px;--awb-spacing-right-large:10px;--awb-margin-bottom-large:0px;--awb-spacing-left-large:10px;--awb-width-medium:50%;--awb-order-medium:0;--awb-spacing-right-medium:10px;--awb-spacing-left-medium:10px;--awb-width-small:100%;--awb-order-small:0;--awb-spacing-right-small:1.92%;--awb-margin-bottom-small:60px;--awb-spacing-left-small:1.92%;\"><div class=\"fusion-column-wrapper fusion-column-has-shadow fusion-flex-justify-content-flex-start fusion-content-layout-column\"><div class=\"fusion-builder-row fusion-builder-row-inner fusion-row fusion-flex-align-items-stretch fusion-flex-justify-content-center fusion-flex-content-wrap\" style=\"width:104% !important;max-width:104% !important;margin-left: calc(-4% \/ 2 );margin-right: calc(-4% \/ 2 );\"><div class=\"fusion-layout-column fusion_builder_column_inner fusion-builder-nested-column-8 fusion_builder_column_inner_1_1 1_1 fusion-flex-column\" style=\"--awb-container-position:absolute;--awb-bg-size:cover;--awb-width-large:100%;--awb-margin-top-large:0px;--awb-spacing-right-large:1.92%;--awb-margin-bottom-large:0px;--awb-spacing-left-large:1.92%;--awb-width-medium:100%;--awb-order-medium:0;--awb-spacing-right-medium:1.92%;--awb-spacing-left-medium:1.92%;--awb-width-small:100%;--awb-order-small:0;--awb-spacing-right-small:1.92%;--awb-spacing-left-small:1.92%;\"><div class=\"fusion-column-wrapper fusion-column-has-shadow fusion-flex-justify-content-flex-start fusion-content-layout-column\"><div class=\"fusion-image-element \" style=\"--awb-aspect-ratio:1 \/ 1;--awb-caption-title-font-family:var(--h2_typography-font-family);--awb-caption-title-font-weight:var(--h2_typography-font-weight);--awb-caption-title-font-style:var(--h2_typography-font-style);--awb-caption-title-size:var(--h2_typography-font-size);--awb-caption-title-transform:var(--h2_typography-text-transform);--awb-caption-title-line-height:var(--h2_typography-line-height);--awb-caption-title-letter-spacing:var(--h2_typography-letter-spacing);\"><span class=\" fusion-imageframe imageframe-none imageframe-9 hover-type-zoomin has-aspect-ratio\" style=\"border-radius:8px;\"><img decoding=\"async\" width=\"1200\" height=\"1600\" title=\"Abel Hern\u00e1ndez_WeRoad\" src=\"https:\/\/turismososteniblekongresua.eus\/wp-content\/uploads\/2025\/09\/Abel-Hernandez_WeRoad.jpeg\" data-orig-src=\"https:\/\/turismososteniblekongresua.eus\/wp-content\/uploads\/2025\/09\/Abel-Hernandez_WeRoad.jpeg\" class=\"lazyload img-responsive wp-image-3862 img-with-aspect-ratio\" data-parent-fit=\"cover\" data-parent-container=\".fusion-image-element\" alt srcset=\"data:image\/svg+xml,%3Csvg%20xmlns%3D%27http%3A%2F%2Fwww.w3.org%2F2000%2Fsvg%27%20width%3D%271200%27%20height%3D%271600%27%20viewBox%3D%270%200%201200%201600%27%3E%3Crect%20width%3D%271200%27%20height%3D%271600%27%20fill-opacity%3D%220%22%2F%3E%3C%2Fsvg%3E\" data-srcset=\"https:\/\/turismososteniblekongresua.eus\/wp-content\/uploads\/2025\/09\/Abel-Hernandez_WeRoad-200x267.jpeg 200w, https:\/\/turismososteniblekongresua.eus\/wp-content\/uploads\/2025\/09\/Abel-Hernandez_WeRoad-400x533.jpeg 400w, https:\/\/turismososteniblekongresua.eus\/wp-content\/uploads\/2025\/09\/Abel-Hernandez_WeRoad-600x800.jpeg 600w, https:\/\/turismososteniblekongresua.eus\/wp-content\/uploads\/2025\/09\/Abel-Hernandez_WeRoad-800x1067.jpeg 800w, https:\/\/turismososteniblekongresua.eus\/wp-content\/uploads\/2025\/09\/Abel-Hernandez_WeRoad.jpeg 1200w\" data-sizes=\"auto\" data-orig-sizes=\"(max-width: 850px) 100vw, 1200px\" \/><\/span><\/div><div class=\"fusion-title title fusion-title-11 fusion-sep-none fusion-title-center fusion-title-text fusion-title-size-five\" style=\"--awb-margin-top:15px;--awb-margin-bottom:5px;\"><h5 class=\"fusion-title-heading title-heading-center fusion-responsive-typography-calculated\" style=\"margin:0;--fontSize:22;--minFontSize:22;line-height:1.3;\">Abel Hern\u00e1ndez<\/h5><\/div><div class=\"fusion-text fusion-text-6\" style=\"--awb-content-alignment:center;--awb-line-height:1.35em;--awb-text-color:var(--awb-color4);\"><p>WeRoad enpresaren Sales &amp; Customer Operations Managerra Espainian<\/p>\n<\/div><div style=\"text-align:center;\"><a class=\"fusion-button button-flat fusion-button-default-size button-custom fusion-button-default button-5 fusion-button-default-span fusion-button-default-type\" style=\"--button_accent_color:var(--awb-color1);--button_accent_hover_color:var(--awb-color1);--button_border_hover_color:var(--awb-color1);--button_gradient_top_color:var(--awb-color5);--button_gradient_bottom_color:var(--awb-color5);--button_gradient_top_color_hover:hsla(var(--awb-color6-h),calc(var(--awb-color6-s) - 5%),calc(var(--awb-color6-l) - 10%),var(--awb-color6-a));--button_gradient_bottom_color_hover:hsla(var(--awb-color6-h),calc(var(--awb-color6-s) - 5%),calc(var(--awb-color6-l) - 10%),var(--awb-color6-a));--button_padding-top:10px;--button_padding-right:20px;--button_padding-bottom:10px;--button_padding-left:20px;--button_margin-top:20px;\" target=\"_self\" title=\"Ver CV\" aria-label=\"Ver CV\" href=\"#\" data-toggle=\"modal\" data-target=\".fusion-modal.cv-abel-hernandez\"><span class=\"fusion-button-text awb-button__text awb-button__text--default\">+ info<\/span><\/a><\/div><div class=\"fusion-modal modal fade modal-5 cv-abel-hernandez\" tabindex=\"-1\" role=\"dialog\" aria-labelledby=\"modal-heading-5\" aria-hidden=\"true\" style=\"--awb-border-color:var(--awb-color3);--awb-background:var(--awb-color1);\"><div class=\"modal-dialog modal-lg\" role=\"document\"><div class=\"modal-content fusion-modal-content\"><div class=\"modal-header\"><button class=\"close\" type=\"button\" data-dismiss=\"modal\" aria-hidden=\"true\" aria-label=\"Close\">&times;<\/button><h3 class=\"modal-title\" id=\"modal-heading-5\" data-dismiss=\"modal\" aria-hidden=\"true\">Abel Hern\u00e1ndez<\/h3><\/div><div class=\"modal-body fusion-clearfix\">\n<p>Gaur egun, WeRoad enpresaren Sales &amp; Customer Operations Managerra da Espainian. Enpresa horrek talde-bidaiak antolatzen ditu elkar ezagutzen ez duten eta 25 urtetik 49 urtera bitarte dituzten pertsonentzat.<\/p>\n<p>Viajes El Corte Ingl\u00e9s enpresaren hainbat arlotan arduradun-lanetan 20 urtetik gora aritu ondoren eta esperientzia horrek ematen duen trebetasuna izanda, 2023an italiar jatorriko konpainian sartu zenean, erronka berri bat hartu zuen bere gain: WeRoad-en presentzia indartzea Espainiako merkatuan, bidaiari-komunitate sendo bat sortuz eta bidaiaren etapa bakoitzean bezeroaren esperientzia optimizatuz.<\/p>\n<\/div><\/div><\/div><\/div><\/div><\/div><div class=\"fusion-layout-column fusion_builder_column_inner fusion-builder-nested-column-9 fusion_builder_column_inner_1_1 1_1 fusion-flex-column\" style=\"--awb-padding-bottom:35px;--awb-overflow:hidden;--awb-bg-color:var(--awb-color5);--awb-bg-color-hover:var(--awb-color5);--awb-bg-size:cover;--awb-border-radius:8px 8px 8px 8px;--awb-filter:opacity(0%);--awb-filter-transition:filter 0.3s ease;--awb-filter-hover:opacity(100%);--awb-filter-parent-hover:opacity(100%);--awb-width-large:100%;--awb-margin-top-large:0px;--awb-spacing-right-large:1.92%;--awb-margin-bottom-large:0px;--awb-spacing-left-large:1.92%;--awb-width-medium:100%;--awb-order-medium:0;--awb-spacing-right-medium:1.92%;--awb-spacing-left-medium:1.92%;--awb-width-small:100%;--awb-order-small:0;--awb-spacing-right-small:1.92%;--awb-spacing-left-small:1.92%;\"><div class=\"fusion-column-wrapper fusion-column-has-shadow fusion-flex-justify-content-flex-start fusion-content-layout-column\"><div class=\"fusion-image-element \" style=\"--awb-aspect-ratio:1 \/ 1;--awb-caption-title-font-family:var(--h2_typography-font-family);--awb-caption-title-font-weight:var(--h2_typography-font-weight);--awb-caption-title-font-style:var(--h2_typography-font-style);--awb-caption-title-size:var(--h2_typography-font-size);--awb-caption-title-transform:var(--h2_typography-text-transform);--awb-caption-title-line-height:var(--h2_typography-line-height);--awb-caption-title-letter-spacing:var(--h2_typography-letter-spacing);\"><span class=\" fusion-imageframe imageframe-none imageframe-10 hover-type-zoomin has-aspect-ratio\" style=\"border-radius:8px;\"><img decoding=\"async\" width=\"1200\" height=\"1600\" title=\"Abel Hern\u00e1ndez_WeRoad\" src=\"https:\/\/turismososteniblekongresua.eus\/wp-content\/uploads\/2025\/09\/Abel-Hernandez_WeRoad.jpeg\" data-orig-src=\"https:\/\/turismososteniblekongresua.eus\/wp-content\/uploads\/2025\/09\/Abel-Hernandez_WeRoad.jpeg\" class=\"lazyload img-responsive wp-image-3862 img-with-aspect-ratio\" data-parent-fit=\"cover\" data-parent-container=\".fusion-image-element\" alt srcset=\"data:image\/svg+xml,%3Csvg%20xmlns%3D%27http%3A%2F%2Fwww.w3.org%2F2000%2Fsvg%27%20width%3D%271200%27%20height%3D%271600%27%20viewBox%3D%270%200%201200%201600%27%3E%3Crect%20width%3D%271200%27%20height%3D%271600%27%20fill-opacity%3D%220%22%2F%3E%3C%2Fsvg%3E\" data-srcset=\"https:\/\/turismososteniblekongresua.eus\/wp-content\/uploads\/2025\/09\/Abel-Hernandez_WeRoad-200x267.jpeg 200w, https:\/\/turismososteniblekongresua.eus\/wp-content\/uploads\/2025\/09\/Abel-Hernandez_WeRoad-400x533.jpeg 400w, https:\/\/turismososteniblekongresua.eus\/wp-content\/uploads\/2025\/09\/Abel-Hernandez_WeRoad-600x800.jpeg 600w, https:\/\/turismososteniblekongresua.eus\/wp-content\/uploads\/2025\/09\/Abel-Hernandez_WeRoad-800x1067.jpeg 800w, https:\/\/turismososteniblekongresua.eus\/wp-content\/uploads\/2025\/09\/Abel-Hernandez_WeRoad.jpeg 1200w\" data-sizes=\"auto\" data-orig-sizes=\"(max-width: 850px) 100vw, 1200px\" \/><\/span><\/div><div class=\"fusion-title title fusion-title-12 fusion-sep-none fusion-title-center fusion-title-text fusion-title-size-five\" style=\"--awb-text-color:var(--awb-color1);--awb-margin-bottom:0px;--awb-margin-bottom-small:0px;\"><h5 class=\"fusion-title-heading title-heading-center fusion-responsive-typography-calculated\" style=\"margin:0;--fontSize:22;--minFontSize:22;line-height:1.3;\">Abel Hern\u00e1ndez<\/h5><\/div><div class=\"fusion-social-links fusion-social-links-5\" style=\"--awb-margin-top:5px;--awb-margin-right:0px;--awb-margin-bottom:10px;--awb-margin-left:0px;--awb-margin-bottom-small:0px;--awb-alignment:center;--awb-box-border-top:0px;--awb-box-border-right:0px;--awb-box-border-bottom:0px;--awb-box-border-left:0px;--awb-icon-colors-hover:var(--awb-color5);--awb-box-colors-hover:var(--awb-color1);--awb-box-border-color:var(--awb-color3);--awb-box-border-color-hover:var(--awb-color4);\"><div class=\"fusion-social-networks boxed-icons color-type-custom\"><div class=\"fusion-social-networks-wrapper\"><a class=\"fusion-social-network-icon fusion-tooltip fusion-linkedin awb-icon-linkedin\" style=\"color:var(--awb-color1);font-size:17px;width:17px;background-color:hsla(var(--awb-color5-h),var(--awb-color5-s),calc(var(--awb-color5-l) + 10%),var(--awb-color5-a));border-color:hsla(var(--awb-color5-h),var(--awb-color5-s),calc(var(--awb-color5-l) + 10%),var(--awb-color5-a));border-radius:4px;\" data-placement=\"top\" data-title=\"LinkedIn\" data-toggle=\"tooltip\" title=\"LinkedIn\" aria-label=\"linkedin\" target=\"_blank\" rel=\"noopener noreferrer\" href=\"https:\/\/www.linkedin.com\/in\/abel-hern%C3%A1ndez-mart%C3%ADn-5687995\/\"><\/a><\/div><\/div><\/div><\/div><\/div><\/div><\/div><\/div><div class=\"fusion-layout-column fusion_builder_column fusion-builder-column-7 fusion_builder_column_1_4 1_4 fusion-flex-column\" style=\"--awb-padding-top:10px;--awb-padding-right:10px;--awb-padding-bottom:80px;--awb-padding-left:10px;--awb-overflow:hidden;--awb-bg-size:cover;--awb-box-shadow:2px 2px 40px 0px hsla(var(--awb-color8-h),var(--awb-color8-s),var(--awb-color8-l),calc(var(--awb-color8-a) - 90%));;--awb-border-radius:10px 10px 10px 10px;--awb-width-large:25%;--awb-margin-top-large:40px;--awb-spacing-right-large:10px;--awb-margin-bottom-large:0px;--awb-spacing-left-large:10px;--awb-width-medium:50%;--awb-order-medium:0;--awb-spacing-right-medium:10px;--awb-spacing-left-medium:10px;--awb-width-small:100%;--awb-order-small:0;--awb-spacing-right-small:1.92%;--awb-margin-bottom-small:60px;--awb-spacing-left-small:1.92%;\"><div class=\"fusion-column-wrapper fusion-column-has-shadow fusion-flex-justify-content-flex-start fusion-content-layout-column\"><div class=\"fusion-builder-row fusion-builder-row-inner fusion-row fusion-flex-align-items-stretch fusion-flex-justify-content-center fusion-flex-content-wrap\" style=\"width:104% !important;max-width:104% !important;margin-left: calc(-4% \/ 2 );margin-right: calc(-4% \/ 2 );\"><div class=\"fusion-layout-column fusion_builder_column_inner fusion-builder-nested-column-10 fusion_builder_column_inner_1_1 1_1 fusion-flex-column\" style=\"--awb-container-position:absolute;--awb-bg-size:cover;--awb-width-large:100%;--awb-margin-top-large:0px;--awb-spacing-right-large:1.92%;--awb-margin-bottom-large:0px;--awb-spacing-left-large:1.92%;--awb-width-medium:100%;--awb-order-medium:0;--awb-spacing-right-medium:1.92%;--awb-spacing-left-medium:1.92%;--awb-width-small:100%;--awb-order-small:0;--awb-spacing-right-small:1.92%;--awb-spacing-left-small:1.92%;\"><div class=\"fusion-column-wrapper fusion-column-has-shadow fusion-flex-justify-content-flex-start fusion-content-layout-column\"><div class=\"fusion-image-element \" style=\"--awb-aspect-ratio:1 \/ 1;--awb-object-position:47% 37%;--awb-caption-title-font-family:var(--h2_typography-font-family);--awb-caption-title-font-weight:var(--h2_typography-font-weight);--awb-caption-title-font-style:var(--h2_typography-font-style);--awb-caption-title-size:var(--h2_typography-font-size);--awb-caption-title-transform:var(--h2_typography-text-transform);--awb-caption-title-line-height:var(--h2_typography-line-height);--awb-caption-title-letter-spacing:var(--h2_typography-letter-spacing);\"><span class=\" fusion-imageframe imageframe-none imageframe-11 hover-type-zoomin has-aspect-ratio\" style=\"border-radius:8px;\"><img decoding=\"async\" width=\"640\" height=\"960\" title=\"Adrian Ballester\" src=\"https:\/\/turismososteniblekongresua.eus\/wp-content\/uploads\/2025\/09\/Adrian-Ballester.jpeg\" data-orig-src=\"https:\/\/turismososteniblekongresua.eus\/wp-content\/uploads\/2025\/09\/Adrian-Ballester.jpeg\" class=\"lazyload img-responsive wp-image-3889 img-with-aspect-ratio\" data-parent-fit=\"cover\" data-parent-container=\".fusion-image-element\" alt srcset=\"data:image\/svg+xml,%3Csvg%20xmlns%3D%27http%3A%2F%2Fwww.w3.org%2F2000%2Fsvg%27%20width%3D%27640%27%20height%3D%27960%27%20viewBox%3D%270%200%20640%20960%27%3E%3Crect%20width%3D%27640%27%20height%3D%27960%27%20fill-opacity%3D%220%22%2F%3E%3C%2Fsvg%3E\" data-srcset=\"https:\/\/turismososteniblekongresua.eus\/wp-content\/uploads\/2025\/09\/Adrian-Ballester-200x300.jpeg 200w, https:\/\/turismososteniblekongresua.eus\/wp-content\/uploads\/2025\/09\/Adrian-Ballester-400x600.jpeg 400w, https:\/\/turismososteniblekongresua.eus\/wp-content\/uploads\/2025\/09\/Adrian-Ballester-600x900.jpeg 600w, https:\/\/turismososteniblekongresua.eus\/wp-content\/uploads\/2025\/09\/Adrian-Ballester.jpeg 640w\" data-sizes=\"auto\" data-orig-sizes=\"(max-width: 850px) 100vw, 640px\" \/><\/span><\/div><div class=\"fusion-title title fusion-title-13 fusion-sep-none fusion-title-center fusion-title-text fusion-title-size-five\" style=\"--awb-margin-top:15px;--awb-margin-bottom:5px;\"><h5 class=\"fusion-title-heading title-heading-center fusion-responsive-typography-calculated\" style=\"margin:0;text-transform:none;--fontSize:22;--minFontSize:22;line-height:1.3;\">Adri\u00e1n Ballester<\/h5><\/div><div class=\"fusion-text fusion-text-7\" style=\"--awb-content-alignment:center;--awb-line-height:1.35em;--awb-text-color:var(--awb-color4);\"><p>Markaren eta marketinaren arloaren zuzendaria da Mazinnen<\/p>\n<\/div><div style=\"text-align:center;\"><a class=\"fusion-button button-flat fusion-button-default-size button-custom fusion-button-default button-6 fusion-button-default-span fusion-button-default-type\" style=\"--button_accent_color:var(--awb-color1);--button_accent_hover_color:var(--awb-color1);--button_border_hover_color:var(--awb-color1);--button_gradient_top_color:var(--awb-color5);--button_gradient_bottom_color:var(--awb-color5);--button_gradient_top_color_hover:hsla(var(--awb-color6-h),calc(var(--awb-color6-s) - 5%),calc(var(--awb-color6-l) - 10%),var(--awb-color6-a));--button_gradient_bottom_color_hover:hsla(var(--awb-color6-h),calc(var(--awb-color6-s) - 5%),calc(var(--awb-color6-l) - 10%),var(--awb-color6-a));--button_padding-top:10px;--button_padding-right:20px;--button_padding-bottom:10px;--button_padding-left:20px;--button_margin-top:20px;\" target=\"_self\" title=\"Ver CV\" aria-label=\"Ver CV\" href=\"#\" data-toggle=\"modal\" data-target=\".fusion-modal.cv-adrian-ballester\"><span class=\"fusion-button-text awb-button__text awb-button__text--default\">+ info<\/span><\/a><\/div><div class=\"fusion-modal modal fade modal-6 cv-adrian-ballester\" tabindex=\"-1\" role=\"dialog\" aria-labelledby=\"modal-heading-6\" aria-hidden=\"true\" style=\"--awb-border-color:var(--awb-color3);--awb-background:var(--awb-color1);\"><div class=\"modal-dialog modal-lg\" role=\"document\"><div class=\"modal-content fusion-modal-content\"><div class=\"modal-header\"><button class=\"close\" type=\"button\" data-dismiss=\"modal\" aria-hidden=\"true\" aria-label=\"Close\">&times;<\/button><h3 class=\"modal-title\" id=\"modal-heading-6\" data-dismiss=\"modal\" aria-hidden=\"true\">Adri\u00e1n Ballester<\/h3><\/div><div class=\"modal-body fusion-clearfix\">\n<p>Lidergo Ekintzailea eta Berrikuntza (LEINN) ikasi zuen Mondragon Unibertsitatean. Lau urtez, belaunaldi berriek erakundeekin zituzten harremanei buruzko ikerketak egiten aritu zen munduan zehar (Finlandia, AEB, Txina eta India). Z belaunaldiaren kulturan eta marken eta komunitateen estrategian espezializatuta dago, gazteen ikuspegia aintzat hartuta.<\/p>\n<p>Gaur egun, markaren eta marketinaren arloaren zuzendaria da Mazinnen, hau da, belaunaldi berrietan espezializatuta dagoen lehen aholkularitza-enpresan, eta enpresa horretako bazkide da. Erakunde horiekin lan egiten du aholkulari gisa, eta belaunaldien arteko hausturari eta kanal berriei buruzko prestakuntzak ematen ditu IAB Spain, Branding Day (Cadena SER) plataformetan eta Madrilgo Unibertsitate Konplutentsean, Deustuko Unibertsitatean eta beste hainbatetan.<\/p>\n<\/div><\/div><\/div><\/div><\/div><\/div><div class=\"fusion-layout-column fusion_builder_column_inner fusion-builder-nested-column-11 fusion_builder_column_inner_1_1 1_1 fusion-flex-column\" style=\"--awb-padding-bottom:35px;--awb-overflow:hidden;--awb-bg-color:var(--awb-color5);--awb-bg-color-hover:var(--awb-color5);--awb-bg-size:cover;--awb-border-radius:8px 8px 8px 8px;--awb-filter:opacity(0%);--awb-filter-transition:filter 0.3s ease;--awb-filter-hover:opacity(100%);--awb-filter-parent-hover:opacity(100%);--awb-width-large:100%;--awb-margin-top-large:0px;--awb-spacing-right-large:1.92%;--awb-margin-bottom-large:0px;--awb-spacing-left-large:1.92%;--awb-width-medium:100%;--awb-order-medium:0;--awb-spacing-right-medium:1.92%;--awb-spacing-left-medium:1.92%;--awb-width-small:100%;--awb-order-small:0;--awb-spacing-right-small:1.92%;--awb-spacing-left-small:1.92%;\"><div class=\"fusion-column-wrapper fusion-column-has-shadow fusion-flex-justify-content-flex-start fusion-content-layout-column\"><div class=\"fusion-image-element \" style=\"--awb-aspect-ratio:1 \/ 1;--awb-object-position:52% 36%;--awb-caption-title-font-family:var(--h2_typography-font-family);--awb-caption-title-font-weight:var(--h2_typography-font-weight);--awb-caption-title-font-style:var(--h2_typography-font-style);--awb-caption-title-size:var(--h2_typography-font-size);--awb-caption-title-transform:var(--h2_typography-text-transform);--awb-caption-title-line-height:var(--h2_typography-line-height);--awb-caption-title-letter-spacing:var(--h2_typography-letter-spacing);\"><span class=\" fusion-imageframe imageframe-none imageframe-12 hover-type-zoomin has-aspect-ratio\" style=\"border-radius:8px;\"><img decoding=\"async\" width=\"640\" height=\"960\" title=\"Adrian Ballester\" src=\"https:\/\/turismososteniblekongresua.eus\/wp-content\/uploads\/2025\/09\/Adrian-Ballester.jpeg\" data-orig-src=\"https:\/\/turismososteniblekongresua.eus\/wp-content\/uploads\/2025\/09\/Adrian-Ballester.jpeg\" class=\"lazyload img-responsive wp-image-3889 img-with-aspect-ratio\" data-parent-fit=\"cover\" data-parent-container=\".fusion-image-element\" alt srcset=\"data:image\/svg+xml,%3Csvg%20xmlns%3D%27http%3A%2F%2Fwww.w3.org%2F2000%2Fsvg%27%20width%3D%27640%27%20height%3D%27960%27%20viewBox%3D%270%200%20640%20960%27%3E%3Crect%20width%3D%27640%27%20height%3D%27960%27%20fill-opacity%3D%220%22%2F%3E%3C%2Fsvg%3E\" data-srcset=\"https:\/\/turismososteniblekongresua.eus\/wp-content\/uploads\/2025\/09\/Adrian-Ballester-200x300.jpeg 200w, https:\/\/turismososteniblekongresua.eus\/wp-content\/uploads\/2025\/09\/Adrian-Ballester-400x600.jpeg 400w, https:\/\/turismososteniblekongresua.eus\/wp-content\/uploads\/2025\/09\/Adrian-Ballester-600x900.jpeg 600w, https:\/\/turismososteniblekongresua.eus\/wp-content\/uploads\/2025\/09\/Adrian-Ballester.jpeg 640w\" data-sizes=\"auto\" data-orig-sizes=\"(max-width: 850px) 100vw, 640px\" \/><\/span><\/div><div class=\"fusion-title title fusion-title-14 fusion-sep-none fusion-title-center fusion-title-text fusion-title-size-five\" style=\"--awb-text-color:var(--awb-color1);--awb-margin-bottom:0px;--awb-margin-bottom-small:0px;\"><h5 class=\"fusion-title-heading title-heading-center fusion-responsive-typography-calculated\" style=\"margin:0;--fontSize:22;--minFontSize:22;line-height:1.3;\">Adri\u00e1n Ballester<\/h5><\/div><div class=\"fusion-social-links fusion-social-links-6\" style=\"--awb-margin-top:5px;--awb-margin-right:0px;--awb-margin-bottom:10px;--awb-margin-left:0px;--awb-margin-bottom-small:0px;--awb-alignment:center;--awb-box-border-top:0px;--awb-box-border-right:0px;--awb-box-border-bottom:0px;--awb-box-border-left:0px;--awb-icon-colors-hover:var(--awb-color5);--awb-box-colors-hover:var(--awb-color1);--awb-box-border-color:var(--awb-color3);--awb-box-border-color-hover:var(--awb-color4);\"><div class=\"fusion-social-networks boxed-icons color-type-custom\"><div class=\"fusion-social-networks-wrapper\"><a class=\"fusion-social-network-icon fusion-tooltip fusion-linkedin awb-icon-linkedin\" style=\"color:var(--awb-color1);font-size:17px;width:17px;background-color:hsla(var(--awb-color5-h),var(--awb-color5-s),calc(var(--awb-color5-l) + 10%),var(--awb-color5-a));border-color:hsla(var(--awb-color5-h),var(--awb-color5-s),calc(var(--awb-color5-l) + 10%),var(--awb-color5-a));border-radius:4px;\" data-placement=\"top\" data-title=\"LinkedIn\" data-toggle=\"tooltip\" title=\"LinkedIn\" aria-label=\"linkedin\" target=\"_blank\" rel=\"noopener noreferrer\" href=\"https:\/\/www.linkedin.com\/in\/adrianballestervilla\/\"><\/a><\/div><\/div><\/div><\/div><\/div><\/div><\/div><\/div><div class=\"fusion-layout-column fusion_builder_column fusion-builder-column-8 fusion_builder_column_1_4 1_4 fusion-flex-column\" style=\"--awb-padding-top:10px;--awb-padding-right:10px;--awb-padding-bottom:80px;--awb-padding-left:10px;--awb-overflow:hidden;--awb-bg-size:cover;--awb-box-shadow:2px 2px 40px 0px hsla(var(--awb-color8-h),var(--awb-color8-s),var(--awb-color8-l),calc(var(--awb-color8-a) - 90%));;--awb-border-radius:10px 10px 10px 10px;--awb-width-large:25%;--awb-margin-top-large:40px;--awb-spacing-right-large:10px;--awb-margin-bottom-large:0px;--awb-spacing-left-large:10px;--awb-width-medium:50%;--awb-order-medium:0;--awb-spacing-right-medium:10px;--awb-spacing-left-medium:10px;--awb-width-small:100%;--awb-order-small:0;--awb-spacing-right-small:1.92%;--awb-margin-bottom-small:60px;--awb-spacing-left-small:1.92%;\"><div class=\"fusion-column-wrapper fusion-column-has-shadow fusion-flex-justify-content-flex-start fusion-content-layout-column\"><div class=\"fusion-builder-row fusion-builder-row-inner fusion-row fusion-flex-align-items-stretch fusion-flex-justify-content-center fusion-flex-content-wrap\" style=\"width:104% !important;max-width:104% !important;margin-left: calc(-4% \/ 2 );margin-right: calc(-4% \/ 2 );\"><div class=\"fusion-layout-column fusion_builder_column_inner fusion-builder-nested-column-12 fusion_builder_column_inner_1_1 1_1 fusion-flex-column\" style=\"--awb-container-position:absolute;--awb-bg-size:cover;--awb-width-large:100%;--awb-margin-top-large:0px;--awb-spacing-right-large:1.92%;--awb-margin-bottom-large:0px;--awb-spacing-left-large:1.92%;--awb-width-medium:100%;--awb-order-medium:0;--awb-spacing-right-medium:1.92%;--awb-spacing-left-medium:1.92%;--awb-width-small:100%;--awb-order-small:0;--awb-spacing-right-small:1.92%;--awb-spacing-left-small:1.92%;\"><div class=\"fusion-column-wrapper fusion-column-has-shadow fusion-flex-justify-content-flex-start fusion-content-layout-column\"><div class=\"fusion-image-element \" style=\"--awb-aspect-ratio:1 \/ 1;--awb-object-position:47% 37%;--awb-caption-title-font-family:var(--h2_typography-font-family);--awb-caption-title-font-weight:var(--h2_typography-font-weight);--awb-caption-title-font-style:var(--h2_typography-font-style);--awb-caption-title-size:var(--h2_typography-font-size);--awb-caption-title-transform:var(--h2_typography-text-transform);--awb-caption-title-line-height:var(--h2_typography-line-height);--awb-caption-title-letter-spacing:var(--h2_typography-letter-spacing);\"><span class=\" fusion-imageframe imageframe-none imageframe-13 hover-type-zoomin has-aspect-ratio\" style=\"border-radius:8px;\"><img decoding=\"async\" width=\"399\" height=\"400\" title=\"ane-ruiz-pozueta\" src=\"https:\/\/turismososteniblekongresua.eus\/wp-content\/uploads\/2025\/09\/ane-ruiz-pozueta.jpeg\" data-orig-src=\"https:\/\/turismososteniblekongresua.eus\/wp-content\/uploads\/2025\/09\/ane-ruiz-pozueta.jpeg\" class=\"lazyload img-responsive wp-image-4236 img-with-aspect-ratio\" data-parent-fit=\"cover\" data-parent-container=\".fusion-image-element\" alt srcset=\"data:image\/svg+xml,%3Csvg%20xmlns%3D%27http%3A%2F%2Fwww.w3.org%2F2000%2Fsvg%27%20width%3D%27399%27%20height%3D%27400%27%20viewBox%3D%270%200%20399%20400%27%3E%3Crect%20width%3D%27399%27%20height%3D%27400%27%20fill-opacity%3D%220%22%2F%3E%3C%2Fsvg%3E\" data-srcset=\"https:\/\/turismososteniblekongresua.eus\/wp-content\/uploads\/2025\/09\/ane-ruiz-pozueta-200x201.jpeg 200w, https:\/\/turismososteniblekongresua.eus\/wp-content\/uploads\/2025\/09\/ane-ruiz-pozueta.jpeg 399w\" data-sizes=\"auto\" data-orig-sizes=\"(max-width: 850px) 100vw, 399px\" \/><\/span><\/div><div class=\"fusion-title title fusion-title-15 fusion-sep-none fusion-title-center fusion-title-text fusion-title-size-five\" style=\"--awb-margin-top:15px;--awb-margin-bottom:5px;\"><h5 class=\"fusion-title-heading title-heading-center fusion-responsive-typography-calculated\" style=\"margin:0;text-transform:none;--fontSize:22;--minFontSize:22;line-height:1.3;\">Ane Ruiz Pozueta<\/h5><\/div><div class=\"fusion-text fusion-text-8\" style=\"--awb-content-alignment:center;--awb-line-height:1.35em;--awb-text-color:var(--awb-color4);\"><p>Gipuzkoako Ostalaritza Elkarteko Zuzendari Exekutiboa<\/p>\n<\/div><div style=\"text-align:center;\"><a class=\"fusion-button button-flat fusion-button-default-size button-custom fusion-button-default button-7 fusion-button-default-span fusion-button-default-type\" style=\"--button_accent_color:var(--awb-color1);--button_accent_hover_color:var(--awb-color1);--button_border_hover_color:var(--awb-color1);--button_gradient_top_color:var(--awb-color5);--button_gradient_bottom_color:var(--awb-color5);--button_gradient_top_color_hover:hsla(var(--awb-color6-h),calc(var(--awb-color6-s) - 5%),calc(var(--awb-color6-l) - 10%),var(--awb-color6-a));--button_gradient_bottom_color_hover:hsla(var(--awb-color6-h),calc(var(--awb-color6-s) - 5%),calc(var(--awb-color6-l) - 10%),var(--awb-color6-a));--button_padding-top:10px;--button_padding-right:20px;--button_padding-bottom:10px;--button_padding-left:20px;--button_margin-top:20px;\" target=\"_self\" title=\"Ver CV\" aria-label=\"Ver CV\" href=\"#\" data-toggle=\"modal\" data-target=\".fusion-modal.cv-ane-ruiz-pozueta\"><span class=\"fusion-button-text awb-button__text awb-button__text--default\">+ info<\/span><\/a><\/div><div class=\"fusion-modal modal fade modal-7 cv-ane-ruiz-pozueta\" tabindex=\"-1\" role=\"dialog\" aria-labelledby=\"modal-heading-7\" aria-hidden=\"true\" style=\"--awb-border-color:var(--awb-color3);--awb-background:var(--awb-color1);\"><div class=\"modal-dialog modal-lg\" role=\"document\"><div class=\"modal-content fusion-modal-content\"><div class=\"modal-header\"><button class=\"close\" type=\"button\" data-dismiss=\"modal\" aria-hidden=\"true\" aria-label=\"Close\">&times;<\/button><h3 class=\"modal-title\" id=\"modal-heading-7\" data-dismiss=\"modal\" aria-hidden=\"true\">Ane Ruiz Pozueta<\/h3><\/div><div class=\"modal-body fusion-clearfix\">\n<p>2025eko uztailaren 1etik Gipuzkoako Ostalaritza Elkarteko Zuzendari Exekutiboa da, lurraldeko ostalaritza sektorea biltzen, ordezkatzen eta defendatzen duen elkartea, eta, gainera, jasangarritasunari, berrikuntzari eta lehiakortasunari lotutako proiektu estrategikoak bultzatzen dituena.<\/p>\n<p>Aurretik, zortziurtez izan zen proiektu estrategikoen arduraduna elkarte berean; esperientzia horrek gaur egun aukera ematen dio sakon ezagutzen dituen ekimenak gidatzeko eta sendotzeko, Gipuzkoako ostalaritza sektorea ekonomia- eta gizarte-motor gisaindartuz.<\/p>\n<p>Madrilgo Unibertsitate Autonomoan lizentziatutako abokatua, eta ESADEko Nazioarteko Negozio Zuzenbideko Masterraegina, abokatu-bulegoetan bost urte eman ondoren, etapa berri bati ekin zion enpresa- eta elkarte-arloko jardunean.<\/p>\n<\/div><\/div><\/div><\/div><\/div><\/div><div class=\"fusion-layout-column fusion_builder_column_inner fusion-builder-nested-column-13 fusion_builder_column_inner_1_1 1_1 fusion-flex-column\" style=\"--awb-padding-bottom:35px;--awb-overflow:hidden;--awb-bg-color:var(--awb-color5);--awb-bg-color-hover:var(--awb-color5);--awb-bg-size:cover;--awb-border-radius:8px 8px 8px 8px;--awb-filter:opacity(0%);--awb-filter-transition:filter 0.3s ease;--awb-filter-hover:opacity(100%);--awb-filter-parent-hover:opacity(100%);--awb-width-large:100%;--awb-margin-top-large:0px;--awb-spacing-right-large:1.92%;--awb-margin-bottom-large:0px;--awb-spacing-left-large:1.92%;--awb-width-medium:100%;--awb-order-medium:0;--awb-spacing-right-medium:1.92%;--awb-spacing-left-medium:1.92%;--awb-width-small:100%;--awb-order-small:0;--awb-spacing-right-small:1.92%;--awb-spacing-left-small:1.92%;\"><div class=\"fusion-column-wrapper fusion-column-has-shadow fusion-flex-justify-content-flex-start fusion-content-layout-column\"><div class=\"fusion-image-element \" style=\"--awb-aspect-ratio:1 \/ 1;--awb-object-position:52% 36%;--awb-caption-title-font-family:var(--h2_typography-font-family);--awb-caption-title-font-weight:var(--h2_typography-font-weight);--awb-caption-title-font-style:var(--h2_typography-font-style);--awb-caption-title-size:var(--h2_typography-font-size);--awb-caption-title-transform:var(--h2_typography-text-transform);--awb-caption-title-line-height:var(--h2_typography-line-height);--awb-caption-title-letter-spacing:var(--h2_typography-letter-spacing);\"><span class=\" fusion-imageframe imageframe-none imageframe-14 hover-type-zoomin has-aspect-ratio\" style=\"border-radius:8px;\"><img decoding=\"async\" width=\"399\" height=\"400\" title=\"ane-ruiz-pozueta\" src=\"https:\/\/turismososteniblekongresua.eus\/wp-content\/uploads\/2025\/09\/ane-ruiz-pozueta.jpeg\" data-orig-src=\"https:\/\/turismososteniblekongresua.eus\/wp-content\/uploads\/2025\/09\/ane-ruiz-pozueta.jpeg\" class=\"lazyload img-responsive wp-image-4236 img-with-aspect-ratio\" data-parent-fit=\"cover\" data-parent-container=\".fusion-image-element\" alt srcset=\"data:image\/svg+xml,%3Csvg%20xmlns%3D%27http%3A%2F%2Fwww.w3.org%2F2000%2Fsvg%27%20width%3D%27399%27%20height%3D%27400%27%20viewBox%3D%270%200%20399%20400%27%3E%3Crect%20width%3D%27399%27%20height%3D%27400%27%20fill-opacity%3D%220%22%2F%3E%3C%2Fsvg%3E\" data-srcset=\"https:\/\/turismososteniblekongresua.eus\/wp-content\/uploads\/2025\/09\/ane-ruiz-pozueta-200x201.jpeg 200w, https:\/\/turismososteniblekongresua.eus\/wp-content\/uploads\/2025\/09\/ane-ruiz-pozueta.jpeg 399w\" data-sizes=\"auto\" data-orig-sizes=\"(max-width: 850px) 100vw, 399px\" \/><\/span><\/div><div class=\"fusion-title title fusion-title-16 fusion-sep-none fusion-title-center fusion-title-text fusion-title-size-five\" style=\"--awb-text-color:var(--awb-color1);--awb-margin-bottom:0px;--awb-margin-bottom-small:0px;\"><h5 class=\"fusion-title-heading title-heading-center fusion-responsive-typography-calculated\" style=\"margin:0;--fontSize:22;--minFontSize:22;line-height:1.3;\">Ane Ruiz Pozueta<\/h5><\/div><div class=\"fusion-social-links fusion-social-links-7\" style=\"--awb-margin-top:5px;--awb-margin-right:0px;--awb-margin-bottom:10px;--awb-margin-left:0px;--awb-margin-bottom-small:0px;--awb-alignment:center;--awb-box-border-top:0px;--awb-box-border-right:0px;--awb-box-border-bottom:0px;--awb-box-border-left:0px;--awb-icon-colors-hover:var(--awb-color5);--awb-box-colors-hover:var(--awb-color1);--awb-box-border-color:var(--awb-color3);--awb-box-border-color-hover:var(--awb-color4);\"><div class=\"fusion-social-networks boxed-icons color-type-custom\"><div class=\"fusion-social-networks-wrapper\"><a class=\"fusion-social-network-icon fusion-tooltip fusion-instagram awb-icon-instagram\" style=\"color:var(--awb-color1);font-size:17px;width:17px;background-color:hsla(var(--awb-color5-h),var(--awb-color5-s),calc(var(--awb-color5-l) + 10%),var(--awb-color5-a));border-color:hsla(var(--awb-color5-h),var(--awb-color5-s),calc(var(--awb-color5-l) + 10%),var(--awb-color5-a));border-radius:4px;\" data-placement=\"top\" data-title=\"Instagram\" data-toggle=\"tooltip\" title=\"Instagram\" aria-label=\"instagram\" target=\"_blank\" rel=\"noopener noreferrer\" href=\"https:\/\/www.instagram.com\/aruizpozueta\"><\/a><a class=\"fusion-social-network-icon fusion-tooltip fusion-linkedin awb-icon-linkedin\" style=\"color:var(--awb-color1);font-size:17px;width:17px;background-color:hsla(var(--awb-color5-h),var(--awb-color5-s),calc(var(--awb-color5-l) + 10%),var(--awb-color5-a));border-color:hsla(var(--awb-color5-h),var(--awb-color5-s),calc(var(--awb-color5-l) + 10%),var(--awb-color5-a));border-radius:4px;\" data-placement=\"top\" data-title=\"LinkedIn\" data-toggle=\"tooltip\" title=\"LinkedIn\" aria-label=\"linkedin\" target=\"_blank\" rel=\"noopener noreferrer\" href=\"https:\/\/www.linkedin.com\/in\/ane-ruiz-pozueta-9460422a\/?originalSubdomain=es\"><\/a><\/div><\/div><\/div><\/div><\/div><\/div><\/div><\/div><div class=\"fusion-layout-column fusion_builder_column fusion-builder-column-9 fusion_builder_column_1_4 1_4 fusion-flex-column\" style=\"--awb-padding-top:10px;--awb-padding-right:10px;--awb-padding-bottom:80px;--awb-padding-left:10px;--awb-overflow:hidden;--awb-bg-size:cover;--awb-box-shadow:2px 2px 40px 0px hsla(var(--awb-color8-h),var(--awb-color8-s),var(--awb-color8-l),calc(var(--awb-color8-a) - 90%));;--awb-border-radius:10px 10px 10px 10px;--awb-width-large:25%;--awb-margin-top-large:40px;--awb-spacing-right-large:10px;--awb-margin-bottom-large:0px;--awb-spacing-left-large:10px;--awb-width-medium:50%;--awb-order-medium:0;--awb-spacing-right-medium:10px;--awb-spacing-left-medium:10px;--awb-width-small:100%;--awb-order-small:0;--awb-spacing-right-small:1.92%;--awb-margin-bottom-small:60px;--awb-spacing-left-small:1.92%;\"><div class=\"fusion-column-wrapper fusion-column-has-shadow fusion-flex-justify-content-flex-start fusion-content-layout-column\"><div class=\"fusion-builder-row fusion-builder-row-inner fusion-row fusion-flex-align-items-stretch fusion-flex-justify-content-center fusion-flex-content-wrap\" style=\"width:104% !important;max-width:104% !important;margin-left: calc(-4% \/ 2 );margin-right: calc(-4% \/ 2 );\"><div class=\"fusion-layout-column fusion_builder_column_inner fusion-builder-nested-column-14 fusion_builder_column_inner_1_1 1_1 fusion-flex-column\" style=\"--awb-container-position:absolute;--awb-bg-size:cover;--awb-width-large:100%;--awb-margin-top-large:0px;--awb-spacing-right-large:1.92%;--awb-margin-bottom-large:0px;--awb-spacing-left-large:1.92%;--awb-width-medium:100%;--awb-order-medium:0;--awb-spacing-right-medium:1.92%;--awb-spacing-left-medium:1.92%;--awb-width-small:100%;--awb-order-small:0;--awb-spacing-right-small:1.92%;--awb-spacing-left-small:1.92%;\"><div class=\"fusion-column-wrapper fusion-column-has-shadow fusion-flex-justify-content-flex-start fusion-content-layout-column\"><div class=\"fusion-image-element \" style=\"--awb-aspect-ratio:1 \/ 1;--awb-object-position:47% 37%;--awb-caption-title-font-family:var(--h2_typography-font-family);--awb-caption-title-font-weight:var(--h2_typography-font-weight);--awb-caption-title-font-style:var(--h2_typography-font-style);--awb-caption-title-size:var(--h2_typography-font-size);--awb-caption-title-transform:var(--h2_typography-text-transform);--awb-caption-title-line-height:var(--h2_typography-line-height);--awb-caption-title-letter-spacing:var(--h2_typography-letter-spacing);\"><span class=\" fusion-imageframe imageframe-none imageframe-15 hover-type-zoomin has-aspect-ratio\" style=\"border-radius:8px;\"><img decoding=\"async\" width=\"278\" height=\"278\" title=\"Arantxa_Ni\u00f1o\" src=\"https:\/\/turismososteniblekongresua.eus\/wp-content\/uploads\/2025\/09\/Arantxa_Nino.jpg\" data-orig-src=\"https:\/\/turismososteniblekongresua.eus\/wp-content\/uploads\/2025\/09\/Arantxa_Nino.jpg\" class=\"lazyload img-responsive wp-image-4250 img-with-aspect-ratio\" data-parent-fit=\"cover\" data-parent-container=\".fusion-image-element\" alt srcset=\"data:image\/svg+xml,%3Csvg%20xmlns%3D%27http%3A%2F%2Fwww.w3.org%2F2000%2Fsvg%27%20width%3D%27278%27%20height%3D%27278%27%20viewBox%3D%270%200%20278%20278%27%3E%3Crect%20width%3D%27278%27%20height%3D%27278%27%20fill-opacity%3D%220%22%2F%3E%3C%2Fsvg%3E\" data-srcset=\"https:\/\/turismososteniblekongresua.eus\/wp-content\/uploads\/2025\/09\/Arantxa_Nino-200x200.jpg 200w, https:\/\/turismososteniblekongresua.eus\/wp-content\/uploads\/2025\/09\/Arantxa_Nino.jpg 278w\" data-sizes=\"auto\" data-orig-sizes=\"(max-width: 850px) 100vw, 278px\" \/><\/span><\/div><div class=\"fusion-title title fusion-title-17 fusion-sep-none fusion-title-center fusion-title-text fusion-title-size-five\" style=\"--awb-margin-top:15px;--awb-margin-bottom:5px;\"><h5 class=\"fusion-title-heading title-heading-center fusion-responsive-typography-calculated\" style=\"margin:0;text-transform:none;--fontSize:22;--minFontSize:22;line-height:1.3;\">Arantxa Ni\u00f1o<\/h5><\/div><div class=\"fusion-text fusion-text-9\" style=\"--awb-content-alignment:center;--awb-line-height:1.35em;--awb-text-color:var(--awb-color4);\"><p>Lanbide-Euskal Enplegu Zerbitzu Publikoaren Enplegu eta Prestakuntzako zuzendaria<\/p>\n<\/div><div style=\"text-align:center;\"><a class=\"fusion-button button-flat fusion-button-default-size button-custom fusion-button-default button-8 fusion-button-default-span fusion-button-default-type\" style=\"--button_accent_color:var(--awb-color1);--button_accent_hover_color:var(--awb-color1);--button_border_hover_color:var(--awb-color1);--button_gradient_top_color:var(--awb-color5);--button_gradient_bottom_color:var(--awb-color5);--button_gradient_top_color_hover:hsla(var(--awb-color6-h),calc(var(--awb-color6-s) - 5%),calc(var(--awb-color6-l) - 10%),var(--awb-color6-a));--button_gradient_bottom_color_hover:hsla(var(--awb-color6-h),calc(var(--awb-color6-s) - 5%),calc(var(--awb-color6-l) - 10%),var(--awb-color6-a));--button_padding-top:10px;--button_padding-right:20px;--button_padding-bottom:10px;--button_padding-left:20px;--button_margin-top:20px;\" target=\"_self\" title=\"Ver CV\" aria-label=\"Ver CV\" href=\"#\" data-toggle=\"modal\" data-target=\".fusion-modal.cv-arantxa-nino\"><span class=\"fusion-button-text awb-button__text awb-button__text--default\">+ info<\/span><\/a><\/div><div class=\"fusion-modal modal fade modal-8 cv-arantxa-nino\" tabindex=\"-1\" role=\"dialog\" aria-labelledby=\"modal-heading-8\" aria-hidden=\"true\" style=\"--awb-border-color:var(--awb-color3);--awb-background:var(--awb-color1);\"><div class=\"modal-dialog modal-lg\" role=\"document\"><div class=\"modal-content fusion-modal-content\"><div class=\"modal-header\"><button class=\"close\" type=\"button\" data-dismiss=\"modal\" aria-hidden=\"true\" aria-label=\"Close\">&times;<\/button><h3 class=\"modal-title\" id=\"modal-heading-8\" data-dismiss=\"modal\" aria-hidden=\"true\">Arantxa Ni\u00f1o<\/h3><\/div><div class=\"modal-body fusion-clearfix\">Euskal Herriko Unibertsitatean Gizarte Laneko diplomatura lortu zuen. Gerora Lan Orientazioko Graduondokoa egin du Zaragozako Unibertsitatean, bai eta giza baliabideen kudeaketako prestakuntza osagarria ere Madrilgo Unibertsitate Autonomoan.<\/p>\n<p>Aurretik, UGT Euskadiko Enplegu eta Prestakuntzako idazkaria izan da 2019tik 2025era, eta 1994tik, UGT Euskadiko Prestakuntza eta Enplegu teknikaria.<\/p>\n<p>Gai instituzionaletan parte hartu du, UGT Euskadiren ordezkari gisa, honakoetan: Hobetuzen Patronatuan (Langileen Prestakuntzarako Euskal Fundazioa); Lanbideren Administrazio Kontseiluan (Euskal Enplegu Zerbitzu Publikoa); Lanbide Heziketako Euskal Kontseiluan, Euskadiko Ekonomia eta Gizarte Arazoetarako Batzordean; SEPEren Batzorde Iraunkorrean eta Elkarrizketa Sozialerako Mahaian Euskadin eta Estatuan.<\/div><\/div><\/div><\/div><\/div><\/div><div class=\"fusion-layout-column fusion_builder_column_inner fusion-builder-nested-column-15 fusion_builder_column_inner_1_1 1_1 fusion-flex-column\" style=\"--awb-padding-bottom:80px;--awb-overflow:hidden;--awb-bg-color:var(--awb-color5);--awb-bg-color-hover:var(--awb-color5);--awb-bg-size:cover;--awb-border-radius:8px 8px 8px 8px;--awb-filter:opacity(0%);--awb-filter-transition:filter 0.3s ease;--awb-filter-hover:opacity(100%);--awb-filter-parent-hover:opacity(100%);--awb-width-large:100%;--awb-margin-top-large:0px;--awb-spacing-right-large:1.92%;--awb-margin-bottom-large:0px;--awb-spacing-left-large:1.92%;--awb-width-medium:100%;--awb-order-medium:0;--awb-spacing-right-medium:1.92%;--awb-spacing-left-medium:1.92%;--awb-width-small:100%;--awb-order-small:0;--awb-spacing-right-small:1.92%;--awb-spacing-left-small:1.92%;\" data-scroll-devices=\"small-visibility,medium-visibility,large-visibility\"><div class=\"fusion-column-wrapper fusion-column-has-shadow fusion-flex-justify-content-flex-start fusion-content-layout-column\"><div class=\"fusion-image-element \" style=\"--awb-aspect-ratio:1 \/ 1;--awb-object-position:52% 36%;--awb-caption-title-font-family:var(--h2_typography-font-family);--awb-caption-title-font-weight:var(--h2_typography-font-weight);--awb-caption-title-font-style:var(--h2_typography-font-style);--awb-caption-title-size:var(--h2_typography-font-size);--awb-caption-title-transform:var(--h2_typography-text-transform);--awb-caption-title-line-height:var(--h2_typography-line-height);--awb-caption-title-letter-spacing:var(--h2_typography-letter-spacing);\"><span class=\" fusion-imageframe imageframe-none imageframe-16 hover-type-zoomin has-aspect-ratio\" style=\"border-radius:8px;\"><img decoding=\"async\" width=\"278\" height=\"278\" title=\"Arantxa_Ni\u00f1o\" src=\"https:\/\/turismososteniblekongresua.eus\/wp-content\/uploads\/2025\/09\/Arantxa_Nino.jpg\" data-orig-src=\"https:\/\/turismososteniblekongresua.eus\/wp-content\/uploads\/2025\/09\/Arantxa_Nino.jpg\" class=\"lazyload img-responsive wp-image-4250 img-with-aspect-ratio\" data-parent-fit=\"cover\" data-parent-container=\".fusion-image-element\" alt srcset=\"data:image\/svg+xml,%3Csvg%20xmlns%3D%27http%3A%2F%2Fwww.w3.org%2F2000%2Fsvg%27%20width%3D%27278%27%20height%3D%27278%27%20viewBox%3D%270%200%20278%20278%27%3E%3Crect%20width%3D%27278%27%20height%3D%27278%27%20fill-opacity%3D%220%22%2F%3E%3C%2Fsvg%3E\" data-srcset=\"https:\/\/turismososteniblekongresua.eus\/wp-content\/uploads\/2025\/09\/Arantxa_Nino-200x200.jpg 200w, https:\/\/turismososteniblekongresua.eus\/wp-content\/uploads\/2025\/09\/Arantxa_Nino.jpg 278w\" data-sizes=\"auto\" data-orig-sizes=\"(max-width: 850px) 100vw, 278px\" \/><\/span><\/div><div class=\"fusion-title title fusion-title-18 fusion-sep-none fusion-title-center fusion-title-text fusion-title-size-five\" style=\"--awb-text-color:var(--awb-color1);--awb-margin-bottom:0px;--awb-margin-bottom-small:0px;\"><h5 class=\"fusion-title-heading title-heading-center fusion-responsive-typography-calculated\" style=\"margin:0;--fontSize:22;--minFontSize:22;line-height:1.3;\">Arantxa Ni\u00f1o<\/h5><\/div><div class=\"fusion-social-links fusion-social-links-8\" style=\"--awb-margin-top:5px;--awb-margin-right:0px;--awb-margin-bottom:10px;--awb-margin-left:0px;--awb-margin-bottom-small:0px;--awb-alignment:center;--awb-box-border-top:0px;--awb-box-border-right:0px;--awb-box-border-bottom:0px;--awb-box-border-left:0px;--awb-icon-colors-hover:var(--awb-color5);--awb-box-colors-hover:var(--awb-color1);--awb-box-border-color:var(--awb-color3);--awb-box-border-color-hover:var(--awb-color4);\"><div class=\"fusion-social-networks boxed-icons color-type-custom\"><div class=\"fusion-social-networks-wrapper\"><\/div><\/div><\/div><\/div><\/div><\/div><\/div><\/div><div class=\"fusion-layout-column fusion_builder_column fusion-builder-column-10 fusion_builder_column_1_4 1_4 fusion-flex-column\" style=\"--awb-padding-top:10px;--awb-padding-right:10px;--awb-padding-bottom:80px;--awb-padding-left:10px;--awb-overflow:hidden;--awb-bg-size:cover;--awb-box-shadow:2px 2px 40px 0px hsla(var(--awb-color8-h),var(--awb-color8-s),var(--awb-color8-l),calc(var(--awb-color8-a) - 90%));;--awb-border-radius:10px 10px 10px 10px;--awb-width-large:25%;--awb-margin-top-large:40px;--awb-spacing-right-large:10px;--awb-margin-bottom-large:0px;--awb-spacing-left-large:10px;--awb-width-medium:50%;--awb-order-medium:0;--awb-spacing-right-medium:10px;--awb-spacing-left-medium:10px;--awb-width-small:100%;--awb-order-small:0;--awb-spacing-right-small:1.92%;--awb-margin-bottom-small:60px;--awb-spacing-left-small:1.92%;\"><div class=\"fusion-column-wrapper fusion-column-has-shadow fusion-flex-justify-content-flex-start fusion-content-layout-column\"><div class=\"fusion-builder-row fusion-builder-row-inner fusion-row fusion-flex-align-items-stretch fusion-flex-justify-content-center fusion-flex-content-wrap\" style=\"width:104% !important;max-width:104% !important;margin-left: calc(-4% \/ 2 );margin-right: calc(-4% \/ 2 );\"><div class=\"fusion-layout-column fusion_builder_column_inner fusion-builder-nested-column-16 fusion_builder_column_inner_1_1 1_1 fusion-flex-column\" style=\"--awb-container-position:absolute;--awb-bg-size:cover;--awb-width-large:100%;--awb-margin-top-large:0px;--awb-spacing-right-large:1.92%;--awb-margin-bottom-large:0px;--awb-spacing-left-large:1.92%;--awb-width-medium:100%;--awb-order-medium:0;--awb-spacing-right-medium:1.92%;--awb-spacing-left-medium:1.92%;--awb-width-small:100%;--awb-order-small:0;--awb-spacing-right-small:1.92%;--awb-spacing-left-small:1.92%;\"><div class=\"fusion-column-wrapper fusion-column-has-shadow fusion-flex-justify-content-flex-start fusion-content-layout-column\"><div class=\"fusion-image-element \" style=\"--awb-aspect-ratio:1 \/ 1;--awb-object-position:52% 43%;--awb-caption-title-font-family:var(--h2_typography-font-family);--awb-caption-title-font-weight:var(--h2_typography-font-weight);--awb-caption-title-font-style:var(--h2_typography-font-style);--awb-caption-title-size:var(--h2_typography-font-size);--awb-caption-title-transform:var(--h2_typography-text-transform);--awb-caption-title-line-height:var(--h2_typography-line-height);--awb-caption-title-letter-spacing:var(--h2_typography-letter-spacing);\"><span class=\" fusion-imageframe imageframe-none imageframe-17 hover-type-zoomin has-aspect-ratio\" style=\"border-radius:8px;\"><img decoding=\"async\" width=\"1080\" height=\"1080\" title=\"Asier Moro sin fondo\" src=\"https:\/\/turismososteniblekongresua.eus\/wp-content\/uploads\/2025\/09\/Asier-Moro-sin-fondo.png\" data-orig-src=\"https:\/\/turismososteniblekongresua.eus\/wp-content\/uploads\/2025\/09\/Asier-Moro-sin-fondo.png\" class=\"lazyload img-responsive wp-image-4244 img-with-aspect-ratio\" data-parent-fit=\"cover\" data-parent-container=\".fusion-image-element\" alt srcset=\"data:image\/svg+xml,%3Csvg%20xmlns%3D%27http%3A%2F%2Fwww.w3.org%2F2000%2Fsvg%27%20width%3D%271080%27%20height%3D%271080%27%20viewBox%3D%270%200%201080%201080%27%3E%3Crect%20width%3D%271080%27%20height%3D%271080%27%20fill-opacity%3D%220%22%2F%3E%3C%2Fsvg%3E\" data-srcset=\"https:\/\/turismososteniblekongresua.eus\/wp-content\/uploads\/2025\/09\/Asier-Moro-sin-fondo-200x200.png 200w, https:\/\/turismososteniblekongresua.eus\/wp-content\/uploads\/2025\/09\/Asier-Moro-sin-fondo-400x400.png 400w, https:\/\/turismososteniblekongresua.eus\/wp-content\/uploads\/2025\/09\/Asier-Moro-sin-fondo-600x600.png 600w, https:\/\/turismososteniblekongresua.eus\/wp-content\/uploads\/2025\/09\/Asier-Moro-sin-fondo-800x800.png 800w, https:\/\/turismososteniblekongresua.eus\/wp-content\/uploads\/2025\/09\/Asier-Moro-sin-fondo.png 1080w\" data-sizes=\"auto\" data-orig-sizes=\"(max-width: 850px) 100vw, 1080px\" \/><\/span><\/div><div class=\"fusion-title title fusion-title-19 fusion-sep-none fusion-title-center fusion-title-text fusion-title-size-five\" style=\"--awb-margin-top:15px;--awb-margin-bottom:5px;\"><h5 class=\"fusion-title-heading title-heading-center fusion-responsive-typography-calculated\" style=\"margin:0;text-transform:none;--fontSize:22;--minFontSize:22;line-height:1.3;\">Asier Moro<\/h5><\/div><div class=\"fusion-text fusion-text-10\" style=\"--awb-content-alignment:center;--awb-line-height:1.35em;--awb-text-color:var(--awb-color4);\"><p>Iparraldeko negozio-arduraduna IUrban-en<\/p>\n<\/div><div style=\"text-align:center;\"><a class=\"fusion-button button-flat fusion-button-default-size button-custom fusion-button-default button-9 fusion-button-default-span fusion-button-default-type\" style=\"--button_accent_color:var(--awb-color1);--button_accent_hover_color:var(--awb-color1);--button_border_hover_color:var(--awb-color1);--button_gradient_top_color:var(--awb-color5);--button_gradient_bottom_color:var(--awb-color5);--button_gradient_top_color_hover:hsla(var(--awb-color6-h),calc(var(--awb-color6-s) - 5%),calc(var(--awb-color6-l) - 10%),var(--awb-color6-a));--button_gradient_bottom_color_hover:hsla(var(--awb-color6-h),calc(var(--awb-color6-s) - 5%),calc(var(--awb-color6-l) - 10%),var(--awb-color6-a));--button_padding-top:10px;--button_padding-right:20px;--button_padding-bottom:10px;--button_padding-left:20px;--button_margin-top:20px;\" target=\"_self\" title=\"Ver CV\" aria-label=\"Ver CV\" href=\"#\" data-toggle=\"modal\" data-target=\".fusion-modal.cv-asier-moro\"><span class=\"fusion-button-text awb-button__text awb-button__text--default\">+ info<\/span><\/a><\/div><div class=\"fusion-modal modal fade modal-9 cv-asier-moro\" tabindex=\"-1\" role=\"dialog\" aria-labelledby=\"modal-heading-9\" aria-hidden=\"true\" style=\"--awb-border-color:var(--awb-color3);--awb-background:var(--awb-color1);\"><div class=\"modal-dialog modal-lg\" role=\"document\"><div class=\"modal-content fusion-modal-content\"><div class=\"modal-header\"><button class=\"close\" type=\"button\" data-dismiss=\"modal\" aria-hidden=\"true\" aria-label=\"Close\">&times;<\/button><h3 class=\"modal-title\" id=\"modal-heading-9\" data-dismiss=\"modal\" aria-hidden=\"true\">Asier Moro<\/h3><\/div><div class=\"modal-body fusion-clearfix\">\n<p>Iparraldeko negozio-arduraduna\u00a0<strong>IUrban-en<\/strong>, baita berrikuntza-taldeko kide ere.Berrikuntzaren eremuari lotuta egon da beti eta eraldaketa teknologikoko proiektuetan aritu da.<strong>Komokai Consulting<\/strong> berrikuntzan espezializatutako aholkularitzako bazkidea da, baita\u00a0<strong>Tech&amp;Labor<\/strong> sortzen ari diren soluzio teknologikoetan diharduen enpresako bazkidea ere.Urte hauetan guztietan, hainbat erakunderekin lankidetzan aritu da, berrikuntza, jasangarritasuna eta garapen soziala lotzen dituzten proiektuak sustatuz.<\/p>\n<\/div><\/div><\/div><\/div><\/div><\/div><div class=\"fusion-layout-column fusion_builder_column_inner fusion-builder-nested-column-17 fusion_builder_column_inner_1_1 1_1 fusion-flex-column\" style=\"--awb-padding-bottom:35px;--awb-padding-bottom-small:30px;--awb-overflow:hidden;--awb-bg-color:var(--awb-color5);--awb-bg-color-hover:var(--awb-color5);--awb-bg-size:cover;--awb-border-radius:8px 8px 8px 8px;--awb-filter:opacity(0%);--awb-filter-transition:filter 0.3s ease;--awb-filter-hover:opacity(100%);--awb-filter-parent-hover:opacity(100%);--awb-width-large:100%;--awb-margin-top-large:0px;--awb-spacing-right-large:1.92%;--awb-margin-bottom-large:0px;--awb-spacing-left-large:1.92%;--awb-width-medium:100%;--awb-order-medium:0;--awb-spacing-right-medium:1.92%;--awb-spacing-left-medium:1.92%;--awb-width-small:100%;--awb-order-small:0;--awb-spacing-right-small:1.92%;--awb-spacing-left-small:1.92%;\"><div class=\"fusion-column-wrapper fusion-column-has-shadow fusion-flex-justify-content-flex-start fusion-content-layout-column\"><div class=\"fusion-image-element \" style=\"--awb-aspect-ratio:1 \/ 1;--awb-object-position:52% 36%;--awb-caption-title-font-family:var(--h2_typography-font-family);--awb-caption-title-font-weight:var(--h2_typography-font-weight);--awb-caption-title-font-style:var(--h2_typography-font-style);--awb-caption-title-size:var(--h2_typography-font-size);--awb-caption-title-transform:var(--h2_typography-text-transform);--awb-caption-title-line-height:var(--h2_typography-line-height);--awb-caption-title-letter-spacing:var(--h2_typography-letter-spacing);\"><span class=\" fusion-imageframe imageframe-none imageframe-18 hover-type-zoomin has-aspect-ratio\" style=\"border-radius:8px;\"><img decoding=\"async\" width=\"1080\" height=\"1080\" title=\"Asier Moro sin fondo\" src=\"https:\/\/turismososteniblekongresua.eus\/wp-content\/uploads\/2025\/09\/Asier-Moro-sin-fondo.png\" data-orig-src=\"https:\/\/turismososteniblekongresua.eus\/wp-content\/uploads\/2025\/09\/Asier-Moro-sin-fondo.png\" class=\"lazyload img-responsive wp-image-4244 img-with-aspect-ratio\" data-parent-fit=\"cover\" data-parent-container=\".fusion-image-element\" alt srcset=\"data:image\/svg+xml,%3Csvg%20xmlns%3D%27http%3A%2F%2Fwww.w3.org%2F2000%2Fsvg%27%20width%3D%271080%27%20height%3D%271080%27%20viewBox%3D%270%200%201080%201080%27%3E%3Crect%20width%3D%271080%27%20height%3D%271080%27%20fill-opacity%3D%220%22%2F%3E%3C%2Fsvg%3E\" data-srcset=\"https:\/\/turismososteniblekongresua.eus\/wp-content\/uploads\/2025\/09\/Asier-Moro-sin-fondo-200x200.png 200w, https:\/\/turismososteniblekongresua.eus\/wp-content\/uploads\/2025\/09\/Asier-Moro-sin-fondo-400x400.png 400w, https:\/\/turismososteniblekongresua.eus\/wp-content\/uploads\/2025\/09\/Asier-Moro-sin-fondo-600x600.png 600w, https:\/\/turismososteniblekongresua.eus\/wp-content\/uploads\/2025\/09\/Asier-Moro-sin-fondo-800x800.png 800w, https:\/\/turismososteniblekongresua.eus\/wp-content\/uploads\/2025\/09\/Asier-Moro-sin-fondo.png 1080w\" data-sizes=\"auto\" data-orig-sizes=\"(max-width: 850px) 100vw, 1080px\" \/><\/span><\/div><div class=\"fusion-title title fusion-title-20 fusion-sep-none fusion-title-center fusion-title-text fusion-title-size-five\" style=\"--awb-text-color:var(--awb-color1);--awb-margin-bottom:0px;--awb-margin-bottom-small:0px;\"><h5 class=\"fusion-title-heading title-heading-center fusion-responsive-typography-calculated\" style=\"margin:0;--fontSize:22;--minFontSize:22;line-height:1.3;\">Asier Moro<\/h5><\/div><div class=\"fusion-social-links fusion-social-links-9\" style=\"--awb-margin-top:5px;--awb-margin-right:0px;--awb-margin-bottom:10px;--awb-margin-left:0px;--awb-margin-bottom-small:0px;--awb-alignment:center;--awb-box-border-top:0px;--awb-box-border-right:0px;--awb-box-border-bottom:0px;--awb-box-border-left:0px;--awb-icon-colors-hover:var(--awb-color5);--awb-box-colors-hover:var(--awb-color1);--awb-box-border-color:var(--awb-color3);--awb-box-border-color-hover:var(--awb-color4);\"><div class=\"fusion-social-networks boxed-icons color-type-custom\"><div class=\"fusion-social-networks-wrapper\"><a class=\"fusion-social-network-icon fusion-tooltip fusion-linkedin awb-icon-linkedin\" style=\"color:var(--awb-color1);font-size:17px;width:17px;background-color:hsla(var(--awb-color5-h),var(--awb-color5-s),calc(var(--awb-color5-l) + 10%),var(--awb-color5-a));border-color:hsla(var(--awb-color5-h),var(--awb-color5-s),calc(var(--awb-color5-l) + 10%),var(--awb-color5-a));border-radius:4px;\" data-placement=\"top\" data-title=\"LinkedIn\" data-toggle=\"tooltip\" title=\"LinkedIn\" aria-label=\"linkedin\" target=\"_blank\" rel=\"noopener noreferrer\" href=\"https:\/\/www.linkedin.com\/in\/asier-moro-navarro\/\"><\/a><\/div><\/div><\/div><\/div><\/div><\/div><\/div><\/div><div class=\"fusion-layout-column fusion_builder_column fusion-builder-column-11 fusion_builder_column_1_4 1_4 fusion-flex-column\" style=\"--awb-padding-top:10px;--awb-padding-right:10px;--awb-padding-bottom:80px;--awb-padding-left:10px;--awb-overflow:hidden;--awb-bg-size:cover;--awb-box-shadow:2px 2px 40px 0px hsla(var(--awb-color8-h),var(--awb-color8-s),var(--awb-color8-l),calc(var(--awb-color8-a) - 90%));;--awb-border-radius:10px 10px 10px 10px;--awb-width-large:25%;--awb-margin-top-large:40px;--awb-spacing-right-large:10px;--awb-margin-bottom-large:0px;--awb-spacing-left-large:10px;--awb-width-medium:50%;--awb-order-medium:0;--awb-spacing-right-medium:10px;--awb-spacing-left-medium:10px;--awb-width-small:100%;--awb-order-small:0;--awb-spacing-right-small:1.92%;--awb-margin-bottom-small:60px;--awb-spacing-left-small:1.92%;\"><div class=\"fusion-column-wrapper fusion-column-has-shadow fusion-flex-justify-content-flex-start fusion-content-layout-column\"><div class=\"fusion-builder-row fusion-builder-row-inner fusion-row fusion-flex-align-items-stretch fusion-flex-justify-content-center fusion-flex-content-wrap\" style=\"width:104% !important;max-width:104% !important;margin-left: calc(-4% \/ 2 );margin-right: calc(-4% \/ 2 );\"><div class=\"fusion-layout-column fusion_builder_column_inner fusion-builder-nested-column-18 fusion_builder_column_inner_1_1 1_1 fusion-flex-column\" style=\"--awb-container-position:absolute;--awb-bg-size:cover;--awb-width-large:100%;--awb-margin-top-large:0px;--awb-spacing-right-large:1.92%;--awb-margin-bottom-large:0px;--awb-spacing-left-large:1.92%;--awb-width-medium:100%;--awb-order-medium:0;--awb-spacing-right-medium:1.92%;--awb-spacing-left-medium:1.92%;--awb-width-small:100%;--awb-order-small:0;--awb-spacing-right-small:1.92%;--awb-spacing-left-small:1.92%;\"><div class=\"fusion-column-wrapper fusion-column-has-shadow fusion-flex-justify-content-flex-start fusion-content-layout-column\"><div class=\"fusion-image-element \" style=\"--awb-aspect-ratio:1 \/ 1;--awb-object-position:52% 43%;--awb-caption-title-font-family:var(--h2_typography-font-family);--awb-caption-title-font-weight:var(--h2_typography-font-weight);--awb-caption-title-font-style:var(--h2_typography-font-style);--awb-caption-title-size:var(--h2_typography-font-size);--awb-caption-title-transform:var(--h2_typography-text-transform);--awb-caption-title-line-height:var(--h2_typography-line-height);--awb-caption-title-letter-spacing:var(--h2_typography-letter-spacing);\"><span class=\" fusion-imageframe imageframe-none imageframe-19 hover-type-zoomin has-aspect-ratio\" style=\"border-radius:8px;\"><img decoding=\"async\" width=\"667\" height=\"1000\" title=\"BorjaCastelar\" src=\"https:\/\/turismososteniblekongresua.eus\/wp-content\/uploads\/2025\/09\/BorjaCastelar.jpg\" data-orig-src=\"https:\/\/turismososteniblekongresua.eus\/wp-content\/uploads\/2025\/09\/BorjaCastelar.jpg\" class=\"lazyload img-responsive wp-image-4008 img-with-aspect-ratio\" data-parent-fit=\"cover\" data-parent-container=\".fusion-image-element\" alt srcset=\"data:image\/svg+xml,%3Csvg%20xmlns%3D%27http%3A%2F%2Fwww.w3.org%2F2000%2Fsvg%27%20width%3D%27667%27%20height%3D%271000%27%20viewBox%3D%270%200%20667%201000%27%3E%3Crect%20width%3D%27667%27%20height%3D%271000%27%20fill-opacity%3D%220%22%2F%3E%3C%2Fsvg%3E\" data-srcset=\"https:\/\/turismososteniblekongresua.eus\/wp-content\/uploads\/2025\/09\/BorjaCastelar-200x300.jpg 200w, https:\/\/turismososteniblekongresua.eus\/wp-content\/uploads\/2025\/09\/BorjaCastelar-400x600.jpg 400w, https:\/\/turismososteniblekongresua.eus\/wp-content\/uploads\/2025\/09\/BorjaCastelar-600x900.jpg 600w, https:\/\/turismososteniblekongresua.eus\/wp-content\/uploads\/2025\/09\/BorjaCastelar.jpg 667w\" data-sizes=\"auto\" data-orig-sizes=\"(max-width: 850px) 100vw, 667px\" \/><\/span><\/div><div class=\"fusion-title title fusion-title-21 fusion-sep-none fusion-title-center fusion-title-text fusion-title-size-five\" style=\"--awb-margin-top:15px;--awb-margin-bottom:5px;\"><h5 class=\"fusion-title-heading title-heading-center fusion-responsive-typography-calculated\" style=\"margin:0;--fontSize:22;--minFontSize:22;line-height:1.3;\">Borja Castelar<\/h5><\/div><div class=\"fusion-text fusion-text-11\" style=\"--awb-content-alignment:center;--awb-line-height:1.35em;--awb-text-color:var(--awb-color4);\"><p>LinkedIn plataformaren zuzendari ohia, Talentu Soluzioen dibisioko buru izan zen Europan eta Latinoamerikan<\/p>\n<\/div><div style=\"text-align:center;\"><a class=\"fusion-button button-flat fusion-button-default-size button-custom fusion-button-default button-10 fusion-button-default-span fusion-button-default-type\" style=\"--button_accent_color:var(--awb-color1);--button_accent_hover_color:var(--awb-color1);--button_border_hover_color:var(--awb-color1);--button_gradient_top_color:var(--awb-color5);--button_gradient_bottom_color:var(--awb-color5);--button_gradient_top_color_hover:hsla(var(--awb-color6-h),calc(var(--awb-color6-s) - 5%),calc(var(--awb-color6-l) - 10%),var(--awb-color6-a));--button_gradient_bottom_color_hover:hsla(var(--awb-color6-h),calc(var(--awb-color6-s) - 5%),calc(var(--awb-color6-l) - 10%),var(--awb-color6-a));--button_padding-top:10px;--button_padding-right:20px;--button_padding-bottom:10px;--button_padding-left:20px;--button_margin-top:20px;\" target=\"_self\" title=\"Ver CV\" aria-label=\"Ver CV\" href=\"#\" data-toggle=\"modal\" data-target=\".fusion-modal.cv-borja-castelar\"><span class=\"fusion-button-text awb-button__text awb-button__text--default\">+ info<\/span><\/a><\/div><div class=\"fusion-modal modal fade modal-10 cv-borja-castelar\" tabindex=\"-1\" role=\"dialog\" aria-labelledby=\"modal-heading-10\" aria-hidden=\"true\" style=\"--awb-border-color:var(--awb-color3);--awb-background:var(--awb-color1);\"><div class=\"modal-dialog modal-lg\" role=\"document\"><div class=\"modal-content fusion-modal-content\"><div class=\"modal-header\"><button class=\"close\" type=\"button\" data-dismiss=\"modal\" aria-hidden=\"true\" aria-label=\"Close\">&times;<\/button><h3 class=\"modal-title\" id=\"modal-heading-10\" data-dismiss=\"modal\" aria-hidden=\"true\">Borja Castelar<\/h3><\/div><div class=\"modal-body fusion-clearfix\">\n<p>LinkedIn plataformaren zuzendari ohia, Talentu Soluzioen dibisioko buru izan zen Europan eta Latinoamerikan ia hamarkada batez, eta munduko saltzailerik onena izendatu zuten. LinkedIn Learning ikaskuntzako online plataforman irakasle ofiziala eta idazlea da, eta bertan sortzen eta ekoizten ditu salmentari eta lidergoari buruzko ikastaro garrantzitsuenak, 500.000 ikasle baino gehiago izanik. <em>Speaker<\/em> gisa, 500 konferentzia baino gehiagotan parte hartu du 25 herrialdetan. Gainera, nazioarteko 3 <em>bestseller<\/em> idatzi ditu: Potencia tu Persuasi\u00f3n, Tu Futuro Trabajo eta Power Skills.<\/p>\n<\/div><\/div><\/div><\/div><\/div><\/div><div class=\"fusion-layout-column fusion_builder_column_inner fusion-builder-nested-column-19 fusion_builder_column_inner_1_1 1_1 fusion-flex-column\" style=\"--awb-padding-bottom:55px;--awb-overflow:hidden;--awb-bg-color:var(--awb-color5);--awb-bg-color-hover:var(--awb-color5);--awb-bg-size:cover;--awb-border-radius:8px 8px 8px 8px;--awb-filter:opacity(0%);--awb-filter-transition:filter 0.3s ease;--awb-filter-hover:opacity(100%);--awb-filter-parent-hover:opacity(100%);--awb-width-large:100%;--awb-margin-top-large:0px;--awb-spacing-right-large:1.92%;--awb-margin-bottom-large:0px;--awb-spacing-left-large:1.92%;--awb-width-medium:100%;--awb-order-medium:0;--awb-spacing-right-medium:1.92%;--awb-spacing-left-medium:1.92%;--awb-width-small:100%;--awb-order-small:0;--awb-spacing-right-small:1.92%;--awb-spacing-left-small:1.92%;\"><div class=\"fusion-column-wrapper fusion-column-has-shadow fusion-flex-justify-content-flex-start fusion-content-layout-column\"><div class=\"fusion-image-element \" style=\"--awb-aspect-ratio:1 \/ 1;--awb-caption-title-font-family:var(--h2_typography-font-family);--awb-caption-title-font-weight:var(--h2_typography-font-weight);--awb-caption-title-font-style:var(--h2_typography-font-style);--awb-caption-title-size:var(--h2_typography-font-size);--awb-caption-title-transform:var(--h2_typography-text-transform);--awb-caption-title-line-height:var(--h2_typography-line-height);--awb-caption-title-letter-spacing:var(--h2_typography-letter-spacing);\"><span class=\" fusion-imageframe imageframe-none imageframe-20 hover-type-zoomin has-aspect-ratio\" style=\"border-radius:8px;\"><img decoding=\"async\" width=\"667\" height=\"1000\" title=\"BorjaCastelar\" src=\"https:\/\/turismososteniblekongresua.eus\/wp-content\/uploads\/2025\/09\/BorjaCastelar.jpg\" data-orig-src=\"https:\/\/turismososteniblekongresua.eus\/wp-content\/uploads\/2025\/09\/BorjaCastelar.jpg\" class=\"lazyload img-responsive wp-image-4008 img-with-aspect-ratio\" data-parent-fit=\"cover\" data-parent-container=\".fusion-image-element\" alt srcset=\"data:image\/svg+xml,%3Csvg%20xmlns%3D%27http%3A%2F%2Fwww.w3.org%2F2000%2Fsvg%27%20width%3D%27667%27%20height%3D%271000%27%20viewBox%3D%270%200%20667%201000%27%3E%3Crect%20width%3D%27667%27%20height%3D%271000%27%20fill-opacity%3D%220%22%2F%3E%3C%2Fsvg%3E\" data-srcset=\"https:\/\/turismososteniblekongresua.eus\/wp-content\/uploads\/2025\/09\/BorjaCastelar-200x300.jpg 200w, https:\/\/turismososteniblekongresua.eus\/wp-content\/uploads\/2025\/09\/BorjaCastelar-400x600.jpg 400w, https:\/\/turismososteniblekongresua.eus\/wp-content\/uploads\/2025\/09\/BorjaCastelar-600x900.jpg 600w, https:\/\/turismososteniblekongresua.eus\/wp-content\/uploads\/2025\/09\/BorjaCastelar.jpg 667w\" data-sizes=\"auto\" data-orig-sizes=\"(max-width: 850px) 100vw, 667px\" \/><\/span><\/div><div class=\"fusion-title title fusion-title-22 fusion-sep-none fusion-title-center fusion-title-text fusion-title-size-five\" style=\"--awb-text-color:var(--awb-color1);--awb-margin-bottom:0px;--awb-margin-bottom-small:0px;\"><h5 class=\"fusion-title-heading title-heading-center fusion-responsive-typography-calculated\" style=\"margin:0;--fontSize:22;--minFontSize:22;line-height:1.3;\">Borja Castelar<\/h5><\/div><div class=\"fusion-social-links fusion-social-links-10\" style=\"--awb-margin-top:5px;--awb-margin-right:0px;--awb-margin-bottom:10px;--awb-margin-left:0px;--awb-margin-bottom-small:0px;--awb-alignment:center;--awb-box-border-top:0px;--awb-box-border-right:0px;--awb-box-border-bottom:0px;--awb-box-border-left:0px;--awb-icon-colors-hover:var(--awb-color5);--awb-box-colors-hover:var(--awb-color1);--awb-box-border-color:var(--awb-color3);--awb-box-border-color-hover:var(--awb-color4);\"><div class=\"fusion-social-networks boxed-icons color-type-custom\"><div class=\"fusion-social-networks-wrapper\"><a class=\"fusion-social-network-icon fusion-tooltip fusion-instagram awb-icon-instagram\" style=\"color:var(--awb-color1);font-size:17px;width:17px;background-color:hsla(var(--awb-color5-h),var(--awb-color5-s),calc(var(--awb-color5-l) + 10%),var(--awb-color5-a));border-color:hsla(var(--awb-color5-h),var(--awb-color5-s),calc(var(--awb-color5-l) + 10%),var(--awb-color5-a));border-radius:4px;\" data-placement=\"top\" data-title=\"Instagram\" data-toggle=\"tooltip\" title=\"Instagram\" aria-label=\"instagram\" target=\"_blank\" rel=\"noopener noreferrer\" href=\"https:\/\/www.instagram.com\/borjacastelar\/?hl=es\"><\/a><a class=\"fusion-social-network-icon fusion-tooltip fusion-linkedin awb-icon-linkedin\" style=\"color:var(--awb-color1);font-size:17px;width:17px;background-color:hsla(var(--awb-color5-h),var(--awb-color5-s),calc(var(--awb-color5-l) + 10%),var(--awb-color5-a));border-color:hsla(var(--awb-color5-h),var(--awb-color5-s),calc(var(--awb-color5-l) + 10%),var(--awb-color5-a));border-radius:4px;\" data-placement=\"top\" data-title=\"LinkedIn\" data-toggle=\"tooltip\" title=\"LinkedIn\" aria-label=\"linkedin\" target=\"_blank\" rel=\"noopener noreferrer\" href=\"https:\/\/www.linkedin.com\/in\/borjacastelar\/\"><\/a><\/div><\/div><\/div><\/div><\/div><\/div><\/div><\/div><div class=\"fusion-layout-column fusion_builder_column fusion-builder-column-12 fusion_builder_column_1_4 1_4 fusion-flex-column\" style=\"--awb-padding-top:10px;--awb-padding-right:10px;--awb-padding-bottom:80px;--awb-padding-left:10px;--awb-overflow:hidden;--awb-bg-size:cover;--awb-box-shadow:2px 2px 40px 0px hsla(var(--awb-color8-h),var(--awb-color8-s),var(--awb-color8-l),calc(var(--awb-color8-a) - 90%));;--awb-border-radius:10px 10px 10px 10px;--awb-width-large:25%;--awb-margin-top-large:40px;--awb-spacing-right-large:10px;--awb-margin-bottom-large:0px;--awb-spacing-left-large:10px;--awb-width-medium:50%;--awb-order-medium:0;--awb-spacing-right-medium:10px;--awb-spacing-left-medium:10px;--awb-width-small:100%;--awb-order-small:0;--awb-spacing-right-small:1.92%;--awb-margin-bottom-small:60px;--awb-spacing-left-small:1.92%;\"><div class=\"fusion-column-wrapper fusion-column-has-shadow fusion-flex-justify-content-flex-start fusion-content-layout-column\"><div class=\"fusion-builder-row fusion-builder-row-inner fusion-row fusion-flex-align-items-stretch fusion-flex-justify-content-center fusion-flex-content-wrap\" style=\"width:104% !important;max-width:104% !important;margin-left: calc(-4% \/ 2 );margin-right: calc(-4% \/ 2 );\"><div class=\"fusion-layout-column fusion_builder_column_inner fusion-builder-nested-column-20 fusion_builder_column_inner_1_1 1_1 fusion-flex-column\" style=\"--awb-container-position:absolute;--awb-bg-size:cover;--awb-width-large:100%;--awb-margin-top-large:0px;--awb-spacing-right-large:1.92%;--awb-margin-bottom-large:0px;--awb-spacing-left-large:1.92%;--awb-width-medium:100%;--awb-order-medium:0;--awb-spacing-right-medium:1.92%;--awb-spacing-left-medium:1.92%;--awb-width-small:100%;--awb-order-small:0;--awb-spacing-right-small:1.92%;--awb-spacing-left-small:1.92%;\"><div class=\"fusion-column-wrapper fusion-column-has-shadow fusion-flex-justify-content-flex-start fusion-content-layout-column\"><div class=\"fusion-image-element \" style=\"--awb-aspect-ratio:1 \/ 1;--awb-object-position:100% 82%;--awb-caption-title-font-family:var(--h2_typography-font-family);--awb-caption-title-font-weight:var(--h2_typography-font-weight);--awb-caption-title-font-style:var(--h2_typography-font-style);--awb-caption-title-size:var(--h2_typography-font-size);--awb-caption-title-transform:var(--h2_typography-text-transform);--awb-caption-title-line-height:var(--h2_typography-line-height);--awb-caption-title-letter-spacing:var(--h2_typography-letter-spacing);\"><span class=\" fusion-imageframe imageframe-none imageframe-21 hover-type-zoomin has-aspect-ratio\" style=\"border-radius:8px;\"><img decoding=\"async\" width=\"640\" height=\"640\" title=\"Carlos de Alba\" src=\"https:\/\/turismososteniblekongresua.eus\/wp-content\/uploads\/2025\/09\/Carlos-de-Alba.jpeg\" data-orig-src=\"https:\/\/turismososteniblekongresua.eus\/wp-content\/uploads\/2025\/09\/Carlos-de-Alba.jpeg\" class=\"lazyload img-responsive wp-image-3883 img-with-aspect-ratio\" data-parent-fit=\"cover\" data-parent-container=\".fusion-image-element\" alt srcset=\"data:image\/svg+xml,%3Csvg%20xmlns%3D%27http%3A%2F%2Fwww.w3.org%2F2000%2Fsvg%27%20width%3D%27640%27%20height%3D%27640%27%20viewBox%3D%270%200%20640%20640%27%3E%3Crect%20width%3D%27640%27%20height%3D%27640%27%20fill-opacity%3D%220%22%2F%3E%3C%2Fsvg%3E\" data-srcset=\"https:\/\/turismososteniblekongresua.eus\/wp-content\/uploads\/2025\/09\/Carlos-de-Alba-200x200.jpeg 200w, https:\/\/turismososteniblekongresua.eus\/wp-content\/uploads\/2025\/09\/Carlos-de-Alba-400x400.jpeg 400w, https:\/\/turismososteniblekongresua.eus\/wp-content\/uploads\/2025\/09\/Carlos-de-Alba-600x600.jpeg 600w, https:\/\/turismososteniblekongresua.eus\/wp-content\/uploads\/2025\/09\/Carlos-de-Alba.jpeg 640w\" data-sizes=\"auto\" data-orig-sizes=\"(max-width: 850px) 100vw, 640px\" \/><\/span><\/div><div class=\"fusion-title title fusion-title-23 fusion-sep-none fusion-title-center fusion-title-text fusion-title-size-five\" style=\"--awb-margin-top:15px;--awb-margin-bottom:5px;\"><h5 class=\"fusion-title-heading title-heading-center fusion-responsive-typography-calculated\" style=\"margin:0;text-transform:none;--fontSize:22;--minFontSize:22;line-height:1.3;\">Carlos de Alba<\/h5><\/div><div class=\"fusion-text fusion-text-12\" style=\"--awb-content-alignment:center;--awb-line-height:1.3em;--awb-text-color:var(--awb-color4);\"><p>Viajes Capit\u00e1n Grant enpresaren sortzailea eta CEOa<\/p>\n<\/div><div style=\"text-align:center;\"><a class=\"fusion-button button-flat fusion-button-default-size button-custom fusion-button-default button-11 fusion-button-default-span fusion-button-default-type\" style=\"--button_accent_color:var(--awb-color1);--button_accent_hover_color:var(--awb-color1);--button_border_hover_color:var(--awb-color1);--button_gradient_top_color:var(--awb-color5);--button_gradient_bottom_color:var(--awb-color5);--button_gradient_top_color_hover:hsla(var(--awb-color6-h),calc(var(--awb-color6-s) - 5%),calc(var(--awb-color6-l) - 10%),var(--awb-color6-a));--button_gradient_bottom_color_hover:hsla(var(--awb-color6-h),calc(var(--awb-color6-s) - 5%),calc(var(--awb-color6-l) - 10%),var(--awb-color6-a));--button_padding-top:10px;--button_padding-right:20px;--button_padding-bottom:10px;--button_padding-left:20px;--button_margin-top:20px;\" target=\"_self\" title=\"Ver CV\" aria-label=\"Ver CV\" href=\"#\" data-toggle=\"modal\" data-target=\".fusion-modal.cv-carlos-dealba\"><span class=\"fusion-button-text awb-button__text awb-button__text--default\">+ info<\/span><\/a><\/div><div class=\"fusion-modal modal fade modal-11 cv-carlos-dealba\" tabindex=\"-1\" role=\"dialog\" aria-labelledby=\"modal-heading-11\" aria-hidden=\"true\" style=\"--awb-border-color:var(--awb-color3);--awb-background:var(--awb-color1);\"><div class=\"modal-dialog modal-lg\" role=\"document\"><div class=\"modal-content fusion-modal-content\"><div class=\"modal-header\"><button class=\"close\" type=\"button\" data-dismiss=\"modal\" aria-hidden=\"true\" aria-label=\"Close\">&times;<\/button><h3 class=\"modal-title\" id=\"modal-heading-11\" data-dismiss=\"modal\" aria-hidden=\"true\">Carlos de Alba<\/h3><\/div><div class=\"modal-body fusion-clearfix\">\n<p>19 urterekin egin zuen bere lehen Interraila, Europa ezagutzen hasi zen, bidaiez maitemindu zen eta beste hiru udatan egin zuen jarraian. Ondoren, bidaia exotikoagoak egin zituen: Transmongoliarra, TransAsya Express, Txernobyl, Afrika, Ekialde Hurbila eta Erdialdeko Amerika. Azken bidaia horretan, hainbat hilabete eman zituen, bidaia lasaia izan zen eta Tijuanatik abiatuta Panamara iritsi zen. Harrezkero, ehun zigilu inguru ditu pasaportean, eta egindako bidaia horiek guztiak baliagarriak izan zaizkio Ronda Iberia eta LP Traveller aldizkarietan idazteko. 2008tik hasita, Anaya Touring-en gidaliburu asko idatzi eta eguneratu ditu, besteak beste, Volver a Nueva York, Guiarama de Croazia, Guia Viva de Breta\u00f1a y Normandia, Noruega&#8230; Librer\u00eda De Viaje liburu-dendan, Cadena Ser Viajes-en eta Que No Te Lo Cuenten (QNTLC) irrati-programan lan egin du. Irrati-programa horretan, bidaien arloko dozenaka pertsona ospetsuk hartu zuten parte; esate baterako, Paco Nadalek, Xavier Moretek eta Santos Valencianok.<\/p>\n<p>Geroago, bidaiei eta turismoari buruzko AireLibre aldizkariko erredakzioa koordinatu zuen denbora batez, eta 7 urtez egon zen Ambar Viajes-en, abentura-bidaietan aitzindari izan zen Madrilgo bidaia-agentzian.<\/p>\n<p>2018an, bere proiekturik pertsonalena pentsatzen hasi zen: Viajes Capit\u00e1n Grant, haurrak dituzten familientzako bidaietan espezializatutako bidaia-agentzia; baina 2022ra arte ez zuen proiektua abian jarri. 3 urte eskasetan, Viajes Capit\u00e1n Grant erreferente garrantzitsuenetako bat bihurtu da Espainiako familia-bidaietan.<\/p>\n<p>Carlos Kazetaritzan eta Dokumentazioan lizentziaduna da Madrilgo Carlos III. Unibertsitatean.<\/p>\n<\/div><\/div><\/div><\/div><\/div><\/div><div class=\"fusion-layout-column fusion_builder_column_inner fusion-builder-nested-column-21 fusion_builder_column_inner_1_1 1_1 fusion-flex-column\" style=\"--awb-padding-bottom:35px;--awb-overflow:hidden;--awb-bg-color:var(--awb-color5);--awb-bg-color-hover:var(--awb-color5);--awb-bg-size:cover;--awb-border-radius:8px 8px 8px 8px;--awb-filter:opacity(0%);--awb-filter-transition:filter 0.3s ease;--awb-filter-hover:opacity(100%);--awb-filter-parent-hover:opacity(100%);--awb-width-large:100%;--awb-margin-top-large:0px;--awb-spacing-right-large:1.92%;--awb-margin-bottom-large:0px;--awb-spacing-left-large:1.92%;--awb-width-medium:100%;--awb-order-medium:0;--awb-spacing-right-medium:1.92%;--awb-spacing-left-medium:1.92%;--awb-width-small:100%;--awb-order-small:0;--awb-spacing-right-small:1.92%;--awb-spacing-left-small:1.92%;\"><div class=\"fusion-column-wrapper fusion-column-has-shadow fusion-flex-justify-content-flex-start fusion-content-layout-column\"><div class=\"fusion-image-element \" style=\"--awb-aspect-ratio:1 \/ 1;--awb-object-position:100% 62%;--awb-caption-title-font-family:var(--h2_typography-font-family);--awb-caption-title-font-weight:var(--h2_typography-font-weight);--awb-caption-title-font-style:var(--h2_typography-font-style);--awb-caption-title-size:var(--h2_typography-font-size);--awb-caption-title-transform:var(--h2_typography-text-transform);--awb-caption-title-line-height:var(--h2_typography-line-height);--awb-caption-title-letter-spacing:var(--h2_typography-letter-spacing);\"><span class=\" fusion-imageframe imageframe-none imageframe-22 hover-type-zoomin has-aspect-ratio\" style=\"border-radius:8px;\"><img decoding=\"async\" width=\"640\" height=\"640\" title=\"Carlos de Alba\" src=\"https:\/\/turismososteniblekongresua.eus\/wp-content\/uploads\/2025\/09\/Carlos-de-Alba.jpeg\" data-orig-src=\"https:\/\/turismososteniblekongresua.eus\/wp-content\/uploads\/2025\/09\/Carlos-de-Alba.jpeg\" class=\"lazyload img-responsive wp-image-3883 img-with-aspect-ratio\" data-parent-fit=\"cover\" data-parent-container=\".fusion-image-element\" alt srcset=\"data:image\/svg+xml,%3Csvg%20xmlns%3D%27http%3A%2F%2Fwww.w3.org%2F2000%2Fsvg%27%20width%3D%27640%27%20height%3D%27640%27%20viewBox%3D%270%200%20640%20640%27%3E%3Crect%20width%3D%27640%27%20height%3D%27640%27%20fill-opacity%3D%220%22%2F%3E%3C%2Fsvg%3E\" data-srcset=\"https:\/\/turismososteniblekongresua.eus\/wp-content\/uploads\/2025\/09\/Carlos-de-Alba-200x200.jpeg 200w, https:\/\/turismososteniblekongresua.eus\/wp-content\/uploads\/2025\/09\/Carlos-de-Alba-400x400.jpeg 400w, https:\/\/turismososteniblekongresua.eus\/wp-content\/uploads\/2025\/09\/Carlos-de-Alba-600x600.jpeg 600w, https:\/\/turismososteniblekongresua.eus\/wp-content\/uploads\/2025\/09\/Carlos-de-Alba.jpeg 640w\" data-sizes=\"auto\" data-orig-sizes=\"(max-width: 850px) 100vw, 640px\" \/><\/span><\/div><div class=\"fusion-title title fusion-title-24 fusion-sep-none fusion-title-center fusion-title-text fusion-title-size-five\" style=\"--awb-text-color:var(--awb-color1);--awb-margin-bottom:0px;--awb-margin-bottom-small:0px;\"><h5 class=\"fusion-title-heading title-heading-center fusion-responsive-typography-calculated\" style=\"margin:0;--fontSize:22;--minFontSize:22;line-height:1.3;\">Carlos de Alba<\/h5><\/div><div class=\"fusion-social-links fusion-social-links-11\" style=\"--awb-margin-top:5px;--awb-margin-right:0px;--awb-margin-bottom:10px;--awb-margin-left:0px;--awb-margin-bottom-small:0px;--awb-alignment:center;--awb-box-border-top:0px;--awb-box-border-right:0px;--awb-box-border-bottom:0px;--awb-box-border-left:0px;--awb-icon-colors-hover:var(--awb-color5);--awb-box-colors-hover:var(--awb-color1);--awb-box-border-color:var(--awb-color3);--awb-box-border-color-hover:var(--awb-color4);\"><div class=\"fusion-social-networks boxed-icons color-type-custom\"><div class=\"fusion-social-networks-wrapper\"><a class=\"fusion-social-network-icon fusion-tooltip fusion-instagram awb-icon-instagram\" style=\"color:var(--awb-color1);font-size:17px;width:17px;background-color:hsla(var(--awb-color5-h),var(--awb-color5-s),calc(var(--awb-color5-l) + 10%),var(--awb-color5-a));border-color:hsla(var(--awb-color5-h),var(--awb-color5-s),calc(var(--awb-color5-l) + 10%),var(--awb-color5-a));border-radius:4px;\" data-placement=\"top\" data-title=\"Instagram\" data-toggle=\"tooltip\" title=\"Instagram\" aria-label=\"instagram\" target=\"_blank\" rel=\"noopener noreferrer\" href=\"https:\/\/www.instagram.com\/carlosdealbah\/\"><\/a><a class=\"fusion-social-network-icon fusion-tooltip fusion-linkedin awb-icon-linkedin\" style=\"color:var(--awb-color1);font-size:17px;width:17px;background-color:hsla(var(--awb-color5-h),var(--awb-color5-s),calc(var(--awb-color5-l) + 10%),var(--awb-color5-a));border-color:hsla(var(--awb-color5-h),var(--awb-color5-s),calc(var(--awb-color5-l) + 10%),var(--awb-color5-a));border-radius:4px;\" data-placement=\"top\" data-title=\"LinkedIn\" data-toggle=\"tooltip\" title=\"LinkedIn\" aria-label=\"linkedin\" target=\"_blank\" rel=\"noopener noreferrer\" href=\"https:\/\/www.linkedin.com\/in\/carlos-de-alba-herranz-86839032\/?originalSubdomain=es\"><\/a><a class=\"fusion-social-network-icon fusion-tooltip fusion-rss awb-icon-rss\" style=\"color:var(--awb-color1);font-size:17px;width:17px;background-color:hsla(var(--awb-color5-h),var(--awb-color5-s),calc(var(--awb-color5-l) + 10%),var(--awb-color5-a));border-color:hsla(var(--awb-color5-h),var(--awb-color5-s),calc(var(--awb-color5-l) + 10%),var(--awb-color5-a));border-radius:4px;\" data-placement=\"top\" data-title=\"Rss\" data-toggle=\"tooltip\" title=\"Rss\" aria-label=\"rss\" target=\"_blank\" rel=\"noopener noreferrer\" href=\"https:\/\/www.viajescapitangrant.com\"><\/a><\/div><\/div><\/div><\/div><\/div><\/div><\/div><\/div><div class=\"fusion-layout-column fusion_builder_column fusion-builder-column-13 fusion_builder_column_1_4 1_4 fusion-flex-column\" style=\"--awb-padding-top:10px;--awb-padding-right:10px;--awb-padding-bottom:80px;--awb-padding-left:10px;--awb-overflow:hidden;--awb-bg-size:cover;--awb-box-shadow:2px 2px 40px 0px hsla(var(--awb-color8-h),var(--awb-color8-s),var(--awb-color8-l),calc(var(--awb-color8-a) - 90%));;--awb-border-radius:10px 10px 10px 10px;--awb-width-large:25%;--awb-margin-top-large:40px;--awb-spacing-right-large:10px;--awb-margin-bottom-large:0px;--awb-spacing-left-large:10px;--awb-width-medium:50%;--awb-order-medium:0;--awb-spacing-right-medium:10px;--awb-spacing-left-medium:10px;--awb-width-small:100%;--awb-order-small:0;--awb-spacing-right-small:1.92%;--awb-margin-bottom-small:60px;--awb-spacing-left-small:1.92%;\"><div class=\"fusion-column-wrapper fusion-column-has-shadow fusion-flex-justify-content-flex-start fusion-content-layout-column\"><div class=\"fusion-builder-row fusion-builder-row-inner fusion-row fusion-flex-align-items-stretch fusion-flex-justify-content-center fusion-flex-content-wrap\" style=\"width:104% !important;max-width:104% !important;margin-left: calc(-4% \/ 2 );margin-right: calc(-4% \/ 2 );\"><div class=\"fusion-layout-column fusion_builder_column_inner fusion-builder-nested-column-22 fusion_builder_column_inner_1_1 1_1 fusion-flex-column\" style=\"--awb-container-position:absolute;--awb-bg-size:cover;--awb-width-large:100%;--awb-margin-top-large:0px;--awb-spacing-right-large:1.92%;--awb-margin-bottom-large:0px;--awb-spacing-left-large:1.92%;--awb-width-medium:100%;--awb-order-medium:0;--awb-spacing-right-medium:1.92%;--awb-spacing-left-medium:1.92%;--awb-width-small:100%;--awb-order-small:0;--awb-spacing-right-small:1.92%;--awb-spacing-left-small:1.92%;\"><div class=\"fusion-column-wrapper fusion-column-has-shadow fusion-flex-justify-content-flex-start fusion-content-layout-column\"><div class=\"fusion-image-element \" style=\"--awb-aspect-ratio:1 \/ 1;--awb-caption-title-font-family:var(--h2_typography-font-family);--awb-caption-title-font-weight:var(--h2_typography-font-weight);--awb-caption-title-font-style:var(--h2_typography-font-style);--awb-caption-title-size:var(--h2_typography-font-size);--awb-caption-title-transform:var(--h2_typography-text-transform);--awb-caption-title-line-height:var(--h2_typography-line-height);--awb-caption-title-letter-spacing:var(--h2_typography-letter-spacing);\"><span class=\" fusion-imageframe imageframe-none imageframe-23 hover-type-zoomin has-aspect-ratio\" style=\"border-radius:8px;\"><img decoding=\"async\" width=\"500\" height=\"500\" title=\"Daniel-Solana-500px\" src=\"https:\/\/turismososteniblekongresua.eus\/wp-content\/uploads\/2025\/09\/Daniel-Solana-500px.jpg\" data-orig-src=\"https:\/\/turismososteniblekongresua.eus\/wp-content\/uploads\/2025\/09\/Daniel-Solana-500px.jpg\" class=\"lazyload img-responsive wp-image-3867 img-with-aspect-ratio\" data-parent-fit=\"cover\" data-parent-container=\".fusion-image-element\" alt srcset=\"data:image\/svg+xml,%3Csvg%20xmlns%3D%27http%3A%2F%2Fwww.w3.org%2F2000%2Fsvg%27%20width%3D%27500%27%20height%3D%27500%27%20viewBox%3D%270%200%20500%20500%27%3E%3Crect%20width%3D%27500%27%20height%3D%27500%27%20fill-opacity%3D%220%22%2F%3E%3C%2Fsvg%3E\" data-srcset=\"https:\/\/turismososteniblekongresua.eus\/wp-content\/uploads\/2025\/09\/Daniel-Solana-500px-200x200.jpg 200w, https:\/\/turismososteniblekongresua.eus\/wp-content\/uploads\/2025\/09\/Daniel-Solana-500px-400x400.jpg 400w, https:\/\/turismososteniblekongresua.eus\/wp-content\/uploads\/2025\/09\/Daniel-Solana-500px.jpg 500w\" data-sizes=\"auto\" data-orig-sizes=\"(max-width: 850px) 100vw, 500px\" \/><\/span><\/div><div class=\"fusion-title title fusion-title-25 fusion-sep-none fusion-title-center fusion-title-text fusion-title-size-five\" style=\"--awb-margin-top:15px;--awb-margin-bottom:5px;\"><h5 class=\"fusion-title-heading title-heading-center fusion-responsive-typography-calculated\" style=\"margin:0;--fontSize:22;--minFontSize:22;line-height:1.3;\">Daniel Solana<\/h5><\/div><div class=\"fusion-text fusion-text-13\" style=\"--awb-content-alignment:center;--awb-line-height:1.35em;--awb-text-color:var(--awb-color4);\"><p>Basquetour Turismoaren Euskal Agentziaren eta A\u00f1anako Gatz Haranaren (Araba) zuzendari nagusia<\/p>\n<\/div><div style=\"text-align:center;\"><a class=\"fusion-button button-flat fusion-button-default-size button-custom fusion-button-default button-12 fusion-button-default-span fusion-button-default-type\" style=\"--button_accent_color:var(--awb-color1);--button_accent_hover_color:var(--awb-color1);--button_border_hover_color:var(--awb-color1);--button_gradient_top_color:var(--awb-color5);--button_gradient_bottom_color:var(--awb-color5);--button_gradient_top_color_hover:hsla(var(--awb-color6-h),calc(var(--awb-color6-s) - 5%),calc(var(--awb-color6-l) - 10%),var(--awb-color6-a));--button_gradient_bottom_color_hover:hsla(var(--awb-color6-h),calc(var(--awb-color6-s) - 5%),calc(var(--awb-color6-l) - 10%),var(--awb-color6-a));--button_padding-top:10px;--button_padding-right:20px;--button_padding-bottom:10px;--button_padding-left:20px;--button_margin-top:20px;\" target=\"_self\" title=\"Ver CV\" aria-label=\"Ver CV\" href=\"#\" data-toggle=\"modal\" data-target=\".fusion-modal.cv-daniel-solana\"><span class=\"fusion-button-text awb-button__text awb-button__text--default\">+ info<\/span><\/a><\/div><div class=\"fusion-modal modal fade modal-12 cv-daniel-solana\" tabindex=\"-1\" role=\"dialog\" aria-labelledby=\"modal-heading-12\" aria-hidden=\"true\" style=\"--awb-border-color:var(--awb-color3);--awb-background:var(--awb-color1);\"><div class=\"modal-dialog modal-lg\" role=\"document\"><div class=\"modal-content fusion-modal-content\"><div class=\"modal-header\"><button class=\"close\" type=\"button\" data-dismiss=\"modal\" aria-hidden=\"true\" aria-label=\"Close\">&times;<\/button><h3 class=\"modal-title\" id=\"modal-heading-12\" data-dismiss=\"modal\" aria-hidden=\"true\">Daniel Solana<\/h3><\/div><div class=\"modal-body fusion-clearfix\">\n<p>Daniel Solana turismoaren, erakundearen eta enpresaren esparruan ibilbide luzea duen profesionala da. Gaur egun, Basquetour Turismoaren Euskal Agentziaren eta A\u00f1anako Gatz Haranaren (Araba) zuzendari nagusia da.<\/p>\n<p>Eusko Jaurlaritzako Ingurumen, Nekazaritza eta Arrantzako sailburuaren aholkulari izan zen 2009tik 2012ra bitarte.<\/p>\n<p>Zuzendaritza komertzialeko eta marketineko karguak bete ditu kontsumoaren, industriaren eta turismoaren sektoreetan, bai estatuan, bai nazioartean, eta aholkulari estrategikoaren lanetan aritu da.<\/p>\n<p>Historia eta Geografian lizentziaduna da Deustuko Unibertsitatean, Marketineko masterra egin du Eseunen, eta lidergoaren eta berrikuntzaren arloan Executive prestakuntza egin du ESADEn eta Deusto Business Schoolen. <span style=\"letter-spacing: -0.255px;\">Gainera, elikagai-enpresen goi-zuzendaritzaren alorreko PAG eta DEA programak egin ditu San Telmo Institutuan. <\/span><span style=\"letter-spacing: -0.255px;\">Ikuspegi estrategikoa eta esperientzia instituzionala izateaz gain, turismo-sektoreari buruzko ezagutza handia du.<\/span><\/p>\n<\/div><\/div><\/div><\/div><\/div><\/div><div class=\"fusion-layout-column fusion_builder_column_inner fusion-builder-nested-column-23 fusion_builder_column_inner_1_1 1_1 fusion-flex-column\" style=\"--awb-padding-bottom:55px;--awb-overflow:hidden;--awb-bg-color:var(--awb-color5);--awb-bg-color-hover:var(--awb-color5);--awb-bg-size:cover;--awb-border-radius:8px 8px 8px 8px;--awb-filter:opacity(0%);--awb-filter-transition:filter 0.3s ease;--awb-filter-hover:opacity(100%);--awb-filter-parent-hover:opacity(100%);--awb-width-large:100%;--awb-margin-top-large:0px;--awb-spacing-right-large:1.92%;--awb-margin-bottom-large:0px;--awb-spacing-left-large:1.92%;--awb-width-medium:100%;--awb-order-medium:0;--awb-spacing-right-medium:1.92%;--awb-spacing-left-medium:1.92%;--awb-width-small:100%;--awb-order-small:0;--awb-spacing-right-small:1.92%;--awb-spacing-left-small:1.92%;\"><div class=\"fusion-column-wrapper fusion-column-has-shadow fusion-flex-justify-content-flex-start fusion-content-layout-column\"><div class=\"fusion-image-element \" style=\"--awb-aspect-ratio:1 \/ 1;--awb-caption-title-font-family:var(--h2_typography-font-family);--awb-caption-title-font-weight:var(--h2_typography-font-weight);--awb-caption-title-font-style:var(--h2_typography-font-style);--awb-caption-title-size:var(--h2_typography-font-size);--awb-caption-title-transform:var(--h2_typography-text-transform);--awb-caption-title-line-height:var(--h2_typography-line-height);--awb-caption-title-letter-spacing:var(--h2_typography-letter-spacing);\"><span class=\" fusion-imageframe imageframe-none imageframe-24 hover-type-zoomin has-aspect-ratio\" style=\"border-radius:8px;\"><img decoding=\"async\" width=\"500\" height=\"500\" title=\"Daniel-Solana-500px\" src=\"https:\/\/turismososteniblekongresua.eus\/wp-content\/uploads\/2025\/09\/Daniel-Solana-500px.jpg\" data-orig-src=\"https:\/\/turismososteniblekongresua.eus\/wp-content\/uploads\/2025\/09\/Daniel-Solana-500px.jpg\" class=\"lazyload img-responsive wp-image-3867 img-with-aspect-ratio\" data-parent-fit=\"cover\" data-parent-container=\".fusion-image-element\" alt srcset=\"data:image\/svg+xml,%3Csvg%20xmlns%3D%27http%3A%2F%2Fwww.w3.org%2F2000%2Fsvg%27%20width%3D%27500%27%20height%3D%27500%27%20viewBox%3D%270%200%20500%20500%27%3E%3Crect%20width%3D%27500%27%20height%3D%27500%27%20fill-opacity%3D%220%22%2F%3E%3C%2Fsvg%3E\" data-srcset=\"https:\/\/turismososteniblekongresua.eus\/wp-content\/uploads\/2025\/09\/Daniel-Solana-500px-200x200.jpg 200w, https:\/\/turismososteniblekongresua.eus\/wp-content\/uploads\/2025\/09\/Daniel-Solana-500px-400x400.jpg 400w, https:\/\/turismososteniblekongresua.eus\/wp-content\/uploads\/2025\/09\/Daniel-Solana-500px.jpg 500w\" data-sizes=\"auto\" data-orig-sizes=\"(max-width: 850px) 100vw, 500px\" \/><\/span><\/div><div class=\"fusion-title title fusion-title-26 fusion-sep-none fusion-title-center fusion-title-text fusion-title-size-five\" style=\"--awb-text-color:var(--awb-color1);--awb-margin-bottom:0px;--awb-margin-bottom-small:0px;\"><h5 class=\"fusion-title-heading title-heading-center fusion-responsive-typography-calculated\" style=\"margin:0;--fontSize:22;--minFontSize:22;line-height:1.3;\">Daniel Solana<\/h5><\/div><div class=\"fusion-social-links fusion-social-links-12\" style=\"--awb-margin-top:5px;--awb-margin-right:0px;--awb-margin-bottom:10px;--awb-margin-left:0px;--awb-alignment:center;--awb-box-border-top:0px;--awb-box-border-right:0px;--awb-box-border-bottom:0px;--awb-box-border-left:0px;--awb-icon-colors-hover:var(--awb-color5);--awb-box-colors-hover:var(--awb-color1);--awb-box-border-color:var(--awb-color3);--awb-box-border-color-hover:var(--awb-color4);\"><div class=\"fusion-social-networks boxed-icons color-type-custom\"><div class=\"fusion-social-networks-wrapper\"><a class=\"fusion-social-network-icon fusion-tooltip fusion-linkedin awb-icon-linkedin\" style=\"color:var(--awb-color1);font-size:17px;width:17px;background-color:hsla(var(--awb-color5-h),var(--awb-color5-s),calc(var(--awb-color5-l) + 10%),var(--awb-color5-a));border-color:hsla(var(--awb-color5-h),var(--awb-color5-s),calc(var(--awb-color5-l) + 10%),var(--awb-color5-a));border-radius:4px;\" data-placement=\"top\" data-title=\"LinkedIn\" data-toggle=\"tooltip\" title=\"LinkedIn\" aria-label=\"linkedin\" target=\"_blank\" rel=\"noopener noreferrer\" href=\"https:\/\/www.linkedin.com\/in\/daniel-solana-00809028\/\"><\/a><\/div><\/div><\/div><\/div><\/div><\/div><\/div><\/div><div class=\"fusion-layout-column fusion_builder_column fusion-builder-column-14 fusion_builder_column_1_4 1_4 fusion-flex-column\" style=\"--awb-padding-top:10px;--awb-padding-right:10px;--awb-padding-bottom:80px;--awb-padding-left:10px;--awb-overflow:hidden;--awb-bg-size:cover;--awb-box-shadow:2px 2px 40px 0px hsla(var(--awb-color8-h),var(--awb-color8-s),var(--awb-color8-l),calc(var(--awb-color8-a) - 90%));;--awb-border-radius:10px 10px 10px 10px;--awb-width-large:25%;--awb-margin-top-large:40px;--awb-spacing-right-large:10px;--awb-margin-bottom-large:0px;--awb-spacing-left-large:10px;--awb-width-medium:50%;--awb-order-medium:0;--awb-spacing-right-medium:10px;--awb-spacing-left-medium:10px;--awb-width-small:100%;--awb-order-small:0;--awb-spacing-right-small:1.92%;--awb-margin-bottom-small:60px;--awb-spacing-left-small:1.92%;\"><div class=\"fusion-column-wrapper fusion-column-has-shadow fusion-flex-justify-content-flex-start fusion-content-layout-column\"><div class=\"fusion-builder-row fusion-builder-row-inner fusion-row fusion-flex-align-items-stretch fusion-flex-justify-content-center fusion-flex-content-wrap\" style=\"width:104% !important;max-width:104% !important;margin-left: calc(-4% \/ 2 );margin-right: calc(-4% \/ 2 );\"><div class=\"fusion-layout-column fusion_builder_column_inner fusion-builder-nested-column-24 fusion_builder_column_inner_1_1 1_1 fusion-flex-column\" style=\"--awb-container-position:absolute;--awb-bg-size:cover;--awb-width-large:100%;--awb-margin-top-large:0px;--awb-spacing-right-large:1.92%;--awb-margin-bottom-large:0px;--awb-spacing-left-large:1.92%;--awb-width-medium:100%;--awb-order-medium:0;--awb-spacing-right-medium:1.92%;--awb-spacing-left-medium:1.92%;--awb-width-small:100%;--awb-order-small:0;--awb-spacing-right-small:1.92%;--awb-spacing-left-small:1.92%;\"><div class=\"fusion-column-wrapper fusion-column-has-shadow fusion-flex-justify-content-flex-start fusion-content-layout-column\"><div class=\"fusion-image-element \" style=\"--awb-aspect-ratio:1 \/ 1;--awb-caption-title-font-family:var(--h2_typography-font-family);--awb-caption-title-font-weight:var(--h2_typography-font-weight);--awb-caption-title-font-style:var(--h2_typography-font-style);--awb-caption-title-size:var(--h2_typography-font-size);--awb-caption-title-transform:var(--h2_typography-text-transform);--awb-caption-title-line-height:var(--h2_typography-line-height);--awb-caption-title-letter-spacing:var(--h2_typography-letter-spacing);\"><span class=\" fusion-imageframe imageframe-none imageframe-25 hover-type-zoomin has-aspect-ratio\" style=\"border-radius:8px;\"><img decoding=\"async\" width=\"579\" height=\"600\" title=\"Gonzalo Moreno\" src=\"https:\/\/turismososteniblekongresua.eus\/wp-content\/uploads\/2025\/09\/Gonzalo-Moreno.jpg\" data-orig-src=\"https:\/\/turismososteniblekongresua.eus\/wp-content\/uploads\/2025\/09\/Gonzalo-Moreno.jpg\" class=\"lazyload img-responsive wp-image-4252 img-with-aspect-ratio\" data-parent-fit=\"cover\" data-parent-container=\".fusion-image-element\" alt srcset=\"data:image\/svg+xml,%3Csvg%20xmlns%3D%27http%3A%2F%2Fwww.w3.org%2F2000%2Fsvg%27%20width%3D%27579%27%20height%3D%27600%27%20viewBox%3D%270%200%20579%20600%27%3E%3Crect%20width%3D%27579%27%20height%3D%27600%27%20fill-opacity%3D%220%22%2F%3E%3C%2Fsvg%3E\" data-srcset=\"https:\/\/turismososteniblekongresua.eus\/wp-content\/uploads\/2025\/09\/Gonzalo-Moreno-200x207.jpg 200w, https:\/\/turismososteniblekongresua.eus\/wp-content\/uploads\/2025\/09\/Gonzalo-Moreno-400x415.jpg 400w, https:\/\/turismososteniblekongresua.eus\/wp-content\/uploads\/2025\/09\/Gonzalo-Moreno.jpg 579w\" data-sizes=\"auto\" data-orig-sizes=\"(max-width: 850px) 100vw, 579px\" \/><\/span><\/div><div class=\"fusion-title title fusion-title-27 fusion-sep-none fusion-title-center fusion-title-text fusion-title-size-five\" style=\"--awb-margin-top:15px;--awb-margin-bottom:5px;\"><h5 class=\"fusion-title-heading title-heading-center fusion-responsive-typography-calculated\" style=\"margin:0;--fontSize:22;--minFontSize:22;line-height:1.3;\">Gonzalo Moreno<\/h5><\/div><div class=\"fusion-text fusion-text-14\" style=\"--awb-content-alignment:center;--awb-line-height:1.35em;--awb-text-color:var(--awb-color4);\"><p>Minube enpresako Co-Founder<\/p>\n<\/div><div style=\"text-align:center;\"><a class=\"fusion-button button-flat fusion-button-default-size button-custom fusion-button-default button-13 fusion-button-default-span fusion-button-default-type\" style=\"--button_accent_color:var(--awb-color1);--button_accent_hover_color:var(--awb-color1);--button_border_hover_color:var(--awb-color1);--button_gradient_top_color:var(--awb-color5);--button_gradient_bottom_color:var(--awb-color5);--button_gradient_top_color_hover:hsla(var(--awb-color6-h),calc(var(--awb-color6-s) - 5%),calc(var(--awb-color6-l) - 10%),var(--awb-color6-a));--button_gradient_bottom_color_hover:hsla(var(--awb-color6-h),calc(var(--awb-color6-s) - 5%),calc(var(--awb-color6-l) - 10%),var(--awb-color6-a));--button_padding-top:10px;--button_padding-right:20px;--button_padding-bottom:10px;--button_padding-left:20px;--button_margin-top:20px;\" target=\"_self\" title=\"Ver CV\" aria-label=\"Ver CV\" href=\"#\" data-toggle=\"modal\" data-target=\".fusion-modal.cv-gonzalo-moreno\"><span class=\"fusion-button-text awb-button__text awb-button__text--default\">+ info<\/span><\/a><\/div><div class=\"fusion-modal modal fade modal-13 cv-gonzalo-moreno\" tabindex=\"-1\" role=\"dialog\" aria-labelledby=\"modal-heading-13\" aria-hidden=\"true\" style=\"--awb-border-color:var(--awb-color3);--awb-background:var(--awb-color1);\"><div class=\"modal-dialog modal-lg\" role=\"document\"><div class=\"modal-content fusion-modal-content\"><div class=\"modal-header\"><button class=\"close\" type=\"button\" data-dismiss=\"modal\" aria-hidden=\"true\" aria-label=\"Close\">&times;<\/button><h3 class=\"modal-title\" id=\"modal-heading-13\" data-dismiss=\"modal\" aria-hidden=\"true\">Gonzalo Moreno<\/h3><\/div><div class=\"modal-body fusion-clearfix\">\n<p><a href=\"http:\/\/minube.com\">minube.com<\/a> plataformaren CEOetako bat eta sortzaileetako bat. Plataforma hori bidaiak inspiratzeko eta planifikatzeko Espainian eta Latinoamerikan eragin handiena duenetako bat da.15 urte baino gehiago daramatza proiektu digitalak sustatzen eta teknologia, adimen artifiziala eta bidaiarien benetako esperientziak uztartzen dituzten produktu berritzaileen sorrera zuzendu du. Minubek 30 milioi bisita baino gehiago ditu urtean, eta 4,5 milioi bidaiari baino gehiago daude erregistratuta.<\/p>\n<\/div><\/div><\/div><\/div><\/div><\/div><div class=\"fusion-layout-column fusion_builder_column_inner fusion-builder-nested-column-25 fusion_builder_column_inner_1_1 1_1 fusion-flex-column\" style=\"--awb-padding-bottom:15px;--awb-overflow:hidden;--awb-bg-color:var(--awb-color5);--awb-bg-color-hover:var(--awb-color5);--awb-bg-size:cover;--awb-border-radius:8px 8px 8px 8px;--awb-filter:opacity(0%);--awb-filter-transition:filter 0.3s ease;--awb-filter-hover:opacity(100%);--awb-filter-parent-hover:opacity(100%);--awb-width-large:100%;--awb-margin-top-large:0px;--awb-spacing-right-large:1.92%;--awb-margin-bottom-large:0px;--awb-spacing-left-large:1.92%;--awb-width-medium:100%;--awb-order-medium:0;--awb-spacing-right-medium:1.92%;--awb-spacing-left-medium:1.92%;--awb-width-small:100%;--awb-order-small:0;--awb-spacing-right-small:1.92%;--awb-spacing-left-small:1.92%;\" data-scroll-devices=\"small-visibility,medium-visibility,large-visibility\"><div class=\"fusion-column-wrapper fusion-column-has-shadow fusion-flex-justify-content-flex-start fusion-content-layout-column\"><div class=\"fusion-image-element \" style=\"--awb-aspect-ratio:1 \/ 1;--awb-caption-title-font-family:var(--h2_typography-font-family);--awb-caption-title-font-weight:var(--h2_typography-font-weight);--awb-caption-title-font-style:var(--h2_typography-font-style);--awb-caption-title-size:var(--h2_typography-font-size);--awb-caption-title-transform:var(--h2_typography-text-transform);--awb-caption-title-line-height:var(--h2_typography-line-height);--awb-caption-title-letter-spacing:var(--h2_typography-letter-spacing);\"><span class=\" fusion-imageframe imageframe-none imageframe-26 hover-type-zoomin has-aspect-ratio\" style=\"border-radius:8px;\"><img decoding=\"async\" width=\"579\" height=\"600\" title=\"Gonzalo Moreno\" src=\"https:\/\/turismososteniblekongresua.eus\/wp-content\/uploads\/2025\/09\/Gonzalo-Moreno.jpg\" data-orig-src=\"https:\/\/turismososteniblekongresua.eus\/wp-content\/uploads\/2025\/09\/Gonzalo-Moreno.jpg\" class=\"lazyload img-responsive wp-image-4252 img-with-aspect-ratio\" data-parent-fit=\"cover\" data-parent-container=\".fusion-image-element\" alt srcset=\"data:image\/svg+xml,%3Csvg%20xmlns%3D%27http%3A%2F%2Fwww.w3.org%2F2000%2Fsvg%27%20width%3D%27579%27%20height%3D%27600%27%20viewBox%3D%270%200%20579%20600%27%3E%3Crect%20width%3D%27579%27%20height%3D%27600%27%20fill-opacity%3D%220%22%2F%3E%3C%2Fsvg%3E\" data-srcset=\"https:\/\/turismososteniblekongresua.eus\/wp-content\/uploads\/2025\/09\/Gonzalo-Moreno-200x207.jpg 200w, https:\/\/turismososteniblekongresua.eus\/wp-content\/uploads\/2025\/09\/Gonzalo-Moreno-400x415.jpg 400w, https:\/\/turismososteniblekongresua.eus\/wp-content\/uploads\/2025\/09\/Gonzalo-Moreno.jpg 579w\" data-sizes=\"auto\" data-orig-sizes=\"(max-width: 850px) 100vw, 579px\" \/><\/span><\/div><div class=\"fusion-title title fusion-title-28 fusion-sep-none fusion-title-center fusion-title-text fusion-title-size-five\" style=\"--awb-text-color:var(--awb-color1);--awb-margin-bottom:0px;--awb-margin-bottom-small:0px;\"><h5 class=\"fusion-title-heading title-heading-center fusion-responsive-typography-calculated\" style=\"margin:0;--fontSize:22;--minFontSize:22;line-height:1.3;\">Gonzalo Moreno<\/h5><\/div><div class=\"fusion-social-links fusion-social-links-13\" style=\"--awb-margin-top:5px;--awb-margin-right:0px;--awb-margin-bottom:10px;--awb-margin-left:0px;--awb-alignment:center;--awb-box-border-top:0px;--awb-box-border-right:0px;--awb-box-border-bottom:0px;--awb-box-border-left:0px;--awb-icon-colors-hover:var(--awb-color5);--awb-box-colors-hover:var(--awb-color1);--awb-box-border-color:var(--awb-color3);--awb-box-border-color-hover:var(--awb-color4);\"><div class=\"fusion-social-networks boxed-icons color-type-custom\"><div class=\"fusion-social-networks-wrapper\"><a class=\"fusion-social-network-icon fusion-tooltip fusion-linkedin awb-icon-linkedin\" style=\"color:var(--awb-color1);font-size:17px;width:17px;background-color:hsla(var(--awb-color5-h),var(--awb-color5-s),calc(var(--awb-color5-l) + 10%),var(--awb-color5-a));border-color:hsla(var(--awb-color5-h),var(--awb-color5-s),calc(var(--awb-color5-l) + 10%),var(--awb-color5-a));border-radius:4px;\" data-placement=\"top\" data-title=\"LinkedIn\" data-toggle=\"tooltip\" title=\"LinkedIn\" aria-label=\"linkedin\" target=\"_blank\" rel=\"noopener noreferrer\" href=\"https:\/\/www.linkedin.com\/in\/gonzalomorenodeleon\"><\/a><\/div><\/div><\/div><\/div><\/div><\/div><\/div><\/div><div class=\"fusion-layout-column fusion_builder_column fusion-builder-column-15 fusion_builder_column_1_4 1_4 fusion-flex-column\" style=\"--awb-padding-top:10px;--awb-padding-right:10px;--awb-padding-bottom:80px;--awb-padding-left:10px;--awb-overflow:hidden;--awb-bg-size:cover;--awb-box-shadow:2px 2px 40px 0px hsla(var(--awb-color8-h),var(--awb-color8-s),var(--awb-color8-l),calc(var(--awb-color8-a) - 90%));;--awb-border-radius:10px 10px 10px 10px;--awb-width-large:25%;--awb-margin-top-large:40px;--awb-spacing-right-large:10px;--awb-margin-bottom-large:0px;--awb-spacing-left-large:10px;--awb-width-medium:50%;--awb-order-medium:0;--awb-spacing-right-medium:10px;--awb-spacing-left-medium:10px;--awb-width-small:100%;--awb-order-small:0;--awb-spacing-right-small:1.92%;--awb-margin-bottom-small:60px;--awb-spacing-left-small:1.92%;\"><div class=\"fusion-column-wrapper fusion-column-has-shadow fusion-flex-justify-content-flex-start fusion-content-layout-column\"><div class=\"fusion-builder-row fusion-builder-row-inner fusion-row fusion-flex-align-items-stretch fusion-flex-justify-content-center fusion-flex-content-wrap\" style=\"width:104% !important;max-width:104% !important;margin-left: calc(-4% \/ 2 );margin-right: calc(-4% \/ 2 );\"><div class=\"fusion-layout-column fusion_builder_column_inner fusion-builder-nested-column-26 fusion_builder_column_inner_1_1 1_1 fusion-flex-column\" style=\"--awb-container-position:absolute;--awb-bg-size:cover;--awb-width-large:100%;--awb-margin-top-large:0px;--awb-spacing-right-large:1.92%;--awb-margin-bottom-large:0px;--awb-spacing-left-large:1.92%;--awb-width-medium:100%;--awb-order-medium:0;--awb-spacing-right-medium:1.92%;--awb-spacing-left-medium:1.92%;--awb-width-small:100%;--awb-order-small:0;--awb-spacing-right-small:1.92%;--awb-spacing-left-small:1.92%;\"><div class=\"fusion-column-wrapper fusion-column-has-shadow fusion-flex-justify-content-flex-start fusion-content-layout-column\"><div class=\"fusion-image-element \" style=\"--awb-aspect-ratio:1 \/ 1;--awb-object-position:45% 65%;--awb-caption-title-font-family:var(--h2_typography-font-family);--awb-caption-title-font-weight:var(--h2_typography-font-weight);--awb-caption-title-font-style:var(--h2_typography-font-style);--awb-caption-title-size:var(--h2_typography-font-size);--awb-caption-title-transform:var(--h2_typography-text-transform);--awb-caption-title-line-height:var(--h2_typography-line-height);--awb-caption-title-letter-spacing:var(--h2_typography-letter-spacing);\"><span class=\" fusion-imageframe imageframe-none imageframe-27 hover-type-zoomin has-aspect-ratio\" style=\"border-radius:8px;\"><img decoding=\"async\" width=\"1148\" height=\"1107\" title=\"Idoia Ezkurdia &#8211; 1\" src=\"https:\/\/turismososteniblekongresua.eus\/wp-content\/uploads\/2025\/09\/Idoia-Ezkurdia-1.jpg\" data-orig-src=\"https:\/\/turismososteniblekongresua.eus\/wp-content\/uploads\/2025\/09\/Idoia-Ezkurdia-1.jpg\" class=\"lazyload img-responsive wp-image-3887 img-with-aspect-ratio\" data-parent-fit=\"cover\" data-parent-container=\".fusion-image-element\" alt srcset=\"data:image\/svg+xml,%3Csvg%20xmlns%3D%27http%3A%2F%2Fwww.w3.org%2F2000%2Fsvg%27%20width%3D%271148%27%20height%3D%271107%27%20viewBox%3D%270%200%201148%201107%27%3E%3Crect%20width%3D%271148%27%20height%3D%271107%27%20fill-opacity%3D%220%22%2F%3E%3C%2Fsvg%3E\" data-srcset=\"https:\/\/turismososteniblekongresua.eus\/wp-content\/uploads\/2025\/09\/Idoia-Ezkurdia-1-200x193.jpg 200w, https:\/\/turismososteniblekongresua.eus\/wp-content\/uploads\/2025\/09\/Idoia-Ezkurdia-1-400x386.jpg 400w, https:\/\/turismososteniblekongresua.eus\/wp-content\/uploads\/2025\/09\/Idoia-Ezkurdia-1-600x579.jpg 600w, https:\/\/turismososteniblekongresua.eus\/wp-content\/uploads\/2025\/09\/Idoia-Ezkurdia-1-800x771.jpg 800w, https:\/\/turismososteniblekongresua.eus\/wp-content\/uploads\/2025\/09\/Idoia-Ezkurdia-1.jpg 1148w\" data-sizes=\"auto\" data-orig-sizes=\"(max-width: 850px) 100vw, 1148px\" \/><\/span><\/div><div class=\"fusion-title title fusion-title-29 fusion-sep-none fusion-title-center fusion-title-text fusion-title-size-five\" style=\"--awb-margin-top:15px;--awb-margin-bottom:5px;\"><h5 class=\"fusion-title-heading title-heading-center fusion-responsive-typography-calculated\" style=\"margin:0;text-transform:none;--fontSize:22;--minFontSize:22;line-height:1.3;\">Idoia Ezkurdia Iturrioz<\/h5><\/div><div class=\"fusion-text fusion-text-15\" style=\"--awb-content-alignment:center;--awb-line-height:1.35em;--awb-text-color:var(--awb-color4);\"><p>Nekatur \u2013 Euskadiko Landa Ostatuen Elkarteko gerentea<\/p>\n<\/div><div style=\"text-align:center;\"><a class=\"fusion-button button-flat fusion-button-default-size button-custom fusion-button-default button-14 fusion-button-default-span fusion-button-default-type\" style=\"--button_accent_color:var(--awb-color1);--button_accent_hover_color:var(--awb-color1);--button_border_hover_color:var(--awb-color1);--button_gradient_top_color:var(--awb-color5);--button_gradient_bottom_color:var(--awb-color5);--button_gradient_top_color_hover:hsla(var(--awb-color6-h),calc(var(--awb-color6-s) - 5%),calc(var(--awb-color6-l) - 10%),var(--awb-color6-a));--button_gradient_bottom_color_hover:hsla(var(--awb-color6-h),calc(var(--awb-color6-s) - 5%),calc(var(--awb-color6-l) - 10%),var(--awb-color6-a));--button_padding-top:10px;--button_padding-right:20px;--button_padding-bottom:10px;--button_padding-left:20px;\" target=\"_self\" title=\"Ver CV\" aria-label=\"Ver CV\" href=\"#\" data-toggle=\"modal\" data-target=\".fusion-modal.cv-idoia-ezkurdia\"><span class=\"fusion-button-text awb-button__text awb-button__text--default\">+ info<\/span><\/a><\/div><div class=\"fusion-modal modal fade modal-14 cv-idoia-ezkurdia\" tabindex=\"-1\" role=\"dialog\" aria-labelledby=\"modal-heading-14\" aria-hidden=\"true\" style=\"--awb-border-color:var(--awb-color3);--awb-background:var(--awb-color1);\"><div class=\"modal-dialog modal-lg\" role=\"document\"><div class=\"modal-content fusion-modal-content\"><div class=\"modal-header\"><button class=\"close\" type=\"button\" data-dismiss=\"modal\" aria-hidden=\"true\" aria-label=\"Close\">&times;<\/button><h3 class=\"modal-title\" id=\"modal-heading-14\" data-dismiss=\"modal\" aria-hidden=\"true\">Idoia Ezkurdia Iturrioz<\/h3><\/div><div class=\"modal-body fusion-clearfix\">\n<p>Nekatur \u2013 Euskadiko Landa Ostatuen Elkarteko gerentea da, eta Turismoan diploma eta Aisiaren Kudeaketan graduondokoa ikasi zituen Deustuko Unibertsitatean, Kudeaketa Turistikoaren espezialitatean. Bi hamarkada baino gehiago daramatza Euskadiko landa-turismoaren garapenari eta dinamizazioari lotuta, jasangarritasuna, berrikuntza eta sareko lana uztartzen dituzten proiektuen buru izanik. Nekatur elkarteko gerente den aldetik, nekazaritza-turismoko establezimendu, landetxe eta landa-turismoko apartamentuekin harreman zuzena izaten du lehiakorragoak izan daitezen, ikusgaitasun handiagoa izan dezaten eta sektoreko erronka berrietara egoki daitezen.<\/p>\n<p>Esperientzia handia du nazioko eta nazioarteko kongresuetan hitzaldiak ematen, eta trebakuntza osagarria ere jaso du askotariko arloetan, hala nola landa- eta natura-ingurunearen interpretazioan, marketin turistikoan eta landa-garapen jasangarrian, besteak beste. Sinetsita dagoenez elkartegintzak balio handia duela aldaketaren eragile izateko, landa-turismoa gizartea kohesionatzeko, ekonomia bultzatzeko eta lurraldea zaintzeko tresna dela defendatzen du, Euskadi jasangarriago eta inklusiboago bat sustatuta.<\/p>\n<\/div><\/div><\/div><\/div><\/div><\/div><div class=\"fusion-layout-column fusion_builder_column_inner fusion-builder-nested-column-27 fusion_builder_column_inner_1_1 1_1 fusion-flex-column\" style=\"--awb-padding-bottom:35px;--awb-overflow:hidden;--awb-bg-color:var(--awb-color5);--awb-bg-color-hover:var(--awb-color5);--awb-bg-size:cover;--awb-border-radius:8px 8px 8px 8px;--awb-filter:opacity(0%);--awb-filter-transition:filter 0.3s ease;--awb-filter-hover:opacity(100%);--awb-filter-parent-hover:opacity(100%);--awb-width-large:100%;--awb-margin-top-large:0px;--awb-spacing-right-large:1.92%;--awb-margin-bottom-large:0px;--awb-spacing-left-large:1.92%;--awb-width-medium:100%;--awb-order-medium:0;--awb-spacing-right-medium:1.92%;--awb-spacing-left-medium:1.92%;--awb-width-small:100%;--awb-order-small:0;--awb-spacing-right-small:1.92%;--awb-spacing-left-small:1.92%;\" data-scroll-devices=\"small-visibility,medium-visibility,large-visibility\"><div class=\"fusion-column-wrapper fusion-column-has-shadow fusion-flex-justify-content-flex-start fusion-content-layout-column\"><div class=\"fusion-image-element \" style=\"--awb-aspect-ratio:1 \/ 1;--awb-object-position:42% 65%;--awb-caption-title-font-family:var(--h2_typography-font-family);--awb-caption-title-font-weight:var(--h2_typography-font-weight);--awb-caption-title-font-style:var(--h2_typography-font-style);--awb-caption-title-size:var(--h2_typography-font-size);--awb-caption-title-transform:var(--h2_typography-text-transform);--awb-caption-title-line-height:var(--h2_typography-line-height);--awb-caption-title-letter-spacing:var(--h2_typography-letter-spacing);\"><span class=\" fusion-imageframe imageframe-none imageframe-28 hover-type-zoomin has-aspect-ratio\" style=\"border-radius:8px;\"><img decoding=\"async\" width=\"1148\" height=\"1107\" title=\"Idoia Ezkurdia &#8211; 1\" src=\"https:\/\/turismososteniblekongresua.eus\/wp-content\/uploads\/2025\/09\/Idoia-Ezkurdia-1.jpg\" data-orig-src=\"https:\/\/turismososteniblekongresua.eus\/wp-content\/uploads\/2025\/09\/Idoia-Ezkurdia-1.jpg\" class=\"lazyload img-responsive wp-image-3887 img-with-aspect-ratio\" data-parent-fit=\"cover\" data-parent-container=\".fusion-image-element\" alt srcset=\"data:image\/svg+xml,%3Csvg%20xmlns%3D%27http%3A%2F%2Fwww.w3.org%2F2000%2Fsvg%27%20width%3D%271148%27%20height%3D%271107%27%20viewBox%3D%270%200%201148%201107%27%3E%3Crect%20width%3D%271148%27%20height%3D%271107%27%20fill-opacity%3D%220%22%2F%3E%3C%2Fsvg%3E\" data-srcset=\"https:\/\/turismososteniblekongresua.eus\/wp-content\/uploads\/2025\/09\/Idoia-Ezkurdia-1-200x193.jpg 200w, https:\/\/turismososteniblekongresua.eus\/wp-content\/uploads\/2025\/09\/Idoia-Ezkurdia-1-400x386.jpg 400w, https:\/\/turismososteniblekongresua.eus\/wp-content\/uploads\/2025\/09\/Idoia-Ezkurdia-1-600x579.jpg 600w, https:\/\/turismososteniblekongresua.eus\/wp-content\/uploads\/2025\/09\/Idoia-Ezkurdia-1-800x771.jpg 800w, https:\/\/turismososteniblekongresua.eus\/wp-content\/uploads\/2025\/09\/Idoia-Ezkurdia-1.jpg 1148w\" data-sizes=\"auto\" data-orig-sizes=\"(max-width: 850px) 100vw, 1148px\" \/><\/span><\/div><div class=\"fusion-title title fusion-title-30 fusion-sep-none fusion-title-center fusion-title-text fusion-title-size-five\" style=\"--awb-text-color:var(--awb-color1);--awb-margin-bottom:0px;--awb-margin-bottom-small:0px;\"><h5 class=\"fusion-title-heading title-heading-center fusion-responsive-typography-calculated\" style=\"margin:0;--fontSize:22;--minFontSize:22;line-height:1.3;\">Idoia Ezkurdia Iturrioz<\/h5><\/div><div class=\"fusion-social-links fusion-social-links-14\" style=\"--awb-margin-top:5px;--awb-margin-right:0px;--awb-margin-bottom:10px;--awb-margin-left:0px;--awb-alignment:center;--awb-box-border-top:0px;--awb-box-border-right:0px;--awb-box-border-bottom:0px;--awb-box-border-left:0px;--awb-icon-colors-hover:var(--awb-color5);--awb-box-colors-hover:var(--awb-color1);--awb-box-border-color:var(--awb-color3);--awb-box-border-color-hover:var(--awb-color4);\"><div class=\"fusion-social-networks boxed-icons color-type-custom\"><div class=\"fusion-social-networks-wrapper\"><a class=\"fusion-social-network-icon fusion-tooltip fusion-facebook awb-icon-facebook\" style=\"color:var(--awb-color1);font-size:17px;width:17px;background-color:hsla(var(--awb-color5-h),var(--awb-color5-s),calc(var(--awb-color5-l) + 10%),var(--awb-color5-a));border-color:hsla(var(--awb-color5-h),var(--awb-color5-s),calc(var(--awb-color5-l) + 10%),var(--awb-color5-a));border-radius:4px;\" data-placement=\"top\" data-title=\"Facebook\" data-toggle=\"tooltip\" title=\"Facebook\" aria-label=\"facebook\" target=\"_blank\" rel=\"noopener noreferrer\" href=\"https:\/\/www.facebook.com\/nekatur\/?locale=es_ES\"><\/a><a class=\"fusion-social-network-icon fusion-tooltip fusion-twitter awb-icon-twitter\" style=\"color:var(--awb-color1);font-size:17px;width:17px;background-color:hsla(var(--awb-color5-h),var(--awb-color5-s),calc(var(--awb-color5-l) + 10%),var(--awb-color5-a));border-color:hsla(var(--awb-color5-h),var(--awb-color5-s),calc(var(--awb-color5-l) + 10%),var(--awb-color5-a));border-radius:4px;\" data-placement=\"top\" data-title=\"X\" data-toggle=\"tooltip\" title=\"X\" aria-label=\"twitter\" target=\"_blank\" rel=\"noopener noreferrer\" href=\"https:\/\/x.com\/nekatur\"><\/a><a class=\"fusion-social-network-icon fusion-tooltip fusion-instagram awb-icon-instagram\" style=\"color:var(--awb-color1);font-size:17px;width:17px;background-color:hsla(var(--awb-color5-h),var(--awb-color5-s),calc(var(--awb-color5-l) + 10%),var(--awb-color5-a));border-color:hsla(var(--awb-color5-h),var(--awb-color5-s),calc(var(--awb-color5-l) + 10%),var(--awb-color5-a));border-radius:4px;\" data-placement=\"top\" data-title=\"Instagram\" data-toggle=\"tooltip\" title=\"Instagram\" aria-label=\"instagram\" target=\"_blank\" rel=\"noopener noreferrer\" href=\"https:\/\/www.instagram.com\/nekatur_euskadi\/?hl=es\"><\/a><a class=\"fusion-social-network-icon fusion-tooltip fusion-youtube awb-icon-youtube\" style=\"color:var(--awb-color1);font-size:17px;width:17px;background-color:hsla(var(--awb-color5-h),var(--awb-color5-s),calc(var(--awb-color5-l) + 10%),var(--awb-color5-a));border-color:hsla(var(--awb-color5-h),var(--awb-color5-s),calc(var(--awb-color5-l) + 10%),var(--awb-color5-a));border-radius:4px;\" data-placement=\"top\" data-title=\"YouTube\" data-toggle=\"tooltip\" title=\"YouTube\" aria-label=\"youtube\" target=\"_blank\" rel=\"noopener noreferrer\" href=\"https:\/\/www.youtube.com\/nekatureuskadi\"><\/a><a class=\"fusion-social-network-icon fusion-tooltip fusion-linkedin awb-icon-linkedin\" style=\"color:var(--awb-color1);font-size:17px;width:17px;background-color:hsla(var(--awb-color5-h),var(--awb-color5-s),calc(var(--awb-color5-l) + 10%),var(--awb-color5-a));border-color:hsla(var(--awb-color5-h),var(--awb-color5-s),calc(var(--awb-color5-l) + 10%),var(--awb-color5-a));border-radius:4px;\" data-placement=\"top\" data-title=\"LinkedIn\" data-toggle=\"tooltip\" title=\"LinkedIn\" aria-label=\"linkedin\" target=\"_blank\" rel=\"noopener noreferrer\" href=\"https:\/\/www.linkedin.com\/in\/idoia-ezkurdia-iturriotz-38045220\/\"><\/a><\/div><\/div><\/div><\/div><\/div><\/div><\/div><\/div><div class=\"fusion-layout-column fusion_builder_column fusion-builder-column-16 fusion_builder_column_1_4 1_4 fusion-flex-column\" style=\"--awb-padding-top:10px;--awb-padding-right:10px;--awb-padding-bottom:80px;--awb-padding-left:10px;--awb-overflow:hidden;--awb-bg-size:cover;--awb-box-shadow:2px 2px 40px 0px hsla(var(--awb-color8-h),var(--awb-color8-s),var(--awb-color8-l),calc(var(--awb-color8-a) - 90%));;--awb-border-radius:10px 10px 10px 10px;--awb-width-large:25%;--awb-margin-top-large:40px;--awb-spacing-right-large:10px;--awb-margin-bottom-large:0px;--awb-spacing-left-large:10px;--awb-width-medium:50%;--awb-order-medium:0;--awb-spacing-right-medium:10px;--awb-spacing-left-medium:10px;--awb-width-small:100%;--awb-order-small:0;--awb-spacing-right-small:1.92%;--awb-margin-bottom-small:60px;--awb-spacing-left-small:1.92%;\"><div class=\"fusion-column-wrapper fusion-column-has-shadow fusion-flex-justify-content-flex-start fusion-content-layout-column\"><div class=\"fusion-builder-row fusion-builder-row-inner fusion-row fusion-flex-align-items-stretch fusion-flex-justify-content-center fusion-flex-content-wrap\" style=\"width:104% !important;max-width:104% !important;margin-left: calc(-4% \/ 2 );margin-right: calc(-4% \/ 2 );\"><div class=\"fusion-layout-column fusion_builder_column_inner fusion-builder-nested-column-28 fusion_builder_column_inner_1_1 1_1 fusion-flex-column\" style=\"--awb-container-position:absolute;--awb-bg-size:cover;--awb-width-large:100%;--awb-margin-top-large:0px;--awb-spacing-right-large:1.92%;--awb-margin-bottom-large:0px;--awb-spacing-left-large:1.92%;--awb-width-medium:100%;--awb-order-medium:0;--awb-spacing-right-medium:1.92%;--awb-spacing-left-medium:1.92%;--awb-width-small:100%;--awb-order-small:0;--awb-spacing-right-small:1.92%;--awb-spacing-left-small:1.92%;\"><div class=\"fusion-column-wrapper fusion-column-has-shadow fusion-flex-justify-content-flex-start fusion-content-layout-column\"><div class=\"fusion-image-element \" style=\"--awb-aspect-ratio:1 \/ 1;--awb-object-position:45% 65%;--awb-caption-title-font-family:var(--h2_typography-font-family);--awb-caption-title-font-weight:var(--h2_typography-font-weight);--awb-caption-title-font-style:var(--h2_typography-font-style);--awb-caption-title-size:var(--h2_typography-font-size);--awb-caption-title-transform:var(--h2_typography-text-transform);--awb-caption-title-line-height:var(--h2_typography-line-height);--awb-caption-title-letter-spacing:var(--h2_typography-letter-spacing);\"><span class=\" fusion-imageframe imageframe-none imageframe-29 hover-type-zoomin has-aspect-ratio\" style=\"border-radius:8px;\"><img decoding=\"async\" width=\"1024\" height=\"682\" title=\"PHOTO-2025-10-10-15-35-21\" src=\"https:\/\/turismososteniblekongresua.eus\/wp-content\/uploads\/2025\/10\/PHOTO-2025-10-10-15-35-21.jpg\" data-orig-src=\"https:\/\/turismososteniblekongresua.eus\/wp-content\/uploads\/2025\/10\/PHOTO-2025-10-10-15-35-21.jpg\" class=\"lazyload img-responsive wp-image-4489 img-with-aspect-ratio\" data-parent-fit=\"cover\" data-parent-container=\".fusion-image-element\" alt srcset=\"data:image\/svg+xml,%3Csvg%20xmlns%3D%27http%3A%2F%2Fwww.w3.org%2F2000%2Fsvg%27%20width%3D%271024%27%20height%3D%27682%27%20viewBox%3D%270%200%201024%20682%27%3E%3Crect%20width%3D%271024%27%20height%3D%27682%27%20fill-opacity%3D%220%22%2F%3E%3C%2Fsvg%3E\" data-srcset=\"https:\/\/turismososteniblekongresua.eus\/wp-content\/uploads\/2025\/10\/PHOTO-2025-10-10-15-35-21-200x133.jpg 200w, https:\/\/turismososteniblekongresua.eus\/wp-content\/uploads\/2025\/10\/PHOTO-2025-10-10-15-35-21-400x266.jpg 400w, https:\/\/turismososteniblekongresua.eus\/wp-content\/uploads\/2025\/10\/PHOTO-2025-10-10-15-35-21-600x400.jpg 600w, https:\/\/turismososteniblekongresua.eus\/wp-content\/uploads\/2025\/10\/PHOTO-2025-10-10-15-35-21-800x533.jpg 800w, https:\/\/turismososteniblekongresua.eus\/wp-content\/uploads\/2025\/10\/PHOTO-2025-10-10-15-35-21.jpg 1024w\" data-sizes=\"auto\" data-orig-sizes=\"(max-width: 850px) 100vw, 1024px\" \/><\/span><\/div><div class=\"fusion-title title fusion-title-31 fusion-sep-none fusion-title-center fusion-title-text fusion-title-size-five\" style=\"--awb-margin-top:15px;--awb-margin-bottom:5px;\"><h5 class=\"fusion-title-heading title-heading-center fusion-responsive-typography-calculated\" style=\"margin:0;text-transform:none;--fontSize:22;--minFontSize:22;line-height:1.3;\">Idurre Altuna<\/h5><\/div><div class=\"fusion-text fusion-text-16\" style=\"--awb-content-alignment:center;--awb-line-height:1.35em;--awb-text-color:var(--awb-color4);\"><p>Olarain Alojamenduen zuzendaria<\/p>\n<\/div><div style=\"text-align:center;\"><a class=\"fusion-button button-flat fusion-button-default-size button-custom fusion-button-default button-15 fusion-button-default-span fusion-button-default-type\" style=\"--button_accent_color:var(--awb-color1);--button_accent_hover_color:var(--awb-color1);--button_border_hover_color:var(--awb-color1);--button_gradient_top_color:var(--awb-color5);--button_gradient_bottom_color:var(--awb-color5);--button_gradient_top_color_hover:hsla(var(--awb-color6-h),calc(var(--awb-color6-s) - 5%),calc(var(--awb-color6-l) - 10%),var(--awb-color6-a));--button_gradient_bottom_color_hover:hsla(var(--awb-color6-h),calc(var(--awb-color6-s) - 5%),calc(var(--awb-color6-l) - 10%),var(--awb-color6-a));--button_padding-top:10px;--button_padding-right:20px;--button_padding-bottom:10px;--button_padding-left:20px;\" target=\"_self\" title=\"Ver CV\" aria-label=\"Ver CV\"><span class=\"fusion-button-text awb-button__text awb-button__text--default\">+ info<\/span><\/a><\/div><div class=\"fusion-modal modal fade modal-15\" tabindex=\"-1\" role=\"dialog\" aria-labelledby=\"modal-heading-15\" aria-hidden=\"true\" style=\"--awb-border-color:var(--awb-color3);--awb-background:var(--awb-color1);\"><div class=\"modal-dialog modal-lg\" role=\"document\"><div class=\"modal-content fusion-modal-content\"><div class=\"modal-header\"><button class=\"close\" type=\"button\" data-dismiss=\"modal\" aria-hidden=\"true\" aria-label=\"Close\">&times;<\/button><h3 class=\"modal-title\" id=\"modal-heading-15\" data-dismiss=\"modal\" aria-hidden=\"true\"><\/h3><\/div><div class=\"modal-body fusion-clearfix\"><\/div><\/div><\/div><\/div><\/div><\/div><div class=\"fusion-layout-column fusion_builder_column_inner fusion-builder-nested-column-29 fusion_builder_column_inner_1_1 1_1 fusion-flex-column\" style=\"--awb-padding-bottom:35px;--awb-overflow:hidden;--awb-bg-color:var(--awb-color5);--awb-bg-color-hover:var(--awb-color5);--awb-bg-size:cover;--awb-border-radius:8px 8px 8px 8px;--awb-filter:opacity(0%);--awb-filter-transition:filter 0.3s ease;--awb-filter-hover:opacity(100%);--awb-filter-parent-hover:opacity(100%);--awb-width-large:100%;--awb-margin-top-large:0px;--awb-spacing-right-large:1.92%;--awb-margin-bottom-large:0px;--awb-spacing-left-large:1.92%;--awb-width-medium:100%;--awb-order-medium:0;--awb-spacing-right-medium:1.92%;--awb-spacing-left-medium:1.92%;--awb-width-small:100%;--awb-order-small:0;--awb-spacing-right-small:1.92%;--awb-spacing-left-small:1.92%;\" data-scroll-devices=\"small-visibility,medium-visibility,large-visibility\"><div class=\"fusion-column-wrapper fusion-column-has-shadow fusion-flex-justify-content-flex-start fusion-content-layout-column\"><div class=\"fusion-image-element \" style=\"--awb-aspect-ratio:1 \/ 1;--awb-object-position:42% 65%;--awb-caption-title-font-family:var(--h2_typography-font-family);--awb-caption-title-font-weight:var(--h2_typography-font-weight);--awb-caption-title-font-style:var(--h2_typography-font-style);--awb-caption-title-size:var(--h2_typography-font-size);--awb-caption-title-transform:var(--h2_typography-text-transform);--awb-caption-title-line-height:var(--h2_typography-line-height);--awb-caption-title-letter-spacing:var(--h2_typography-letter-spacing);\"><span class=\" fusion-imageframe imageframe-none imageframe-30 hover-type-zoomin has-aspect-ratio\" style=\"border-radius:8px;\"><img decoding=\"async\" width=\"1024\" height=\"682\" title=\"PHOTO-2025-10-10-15-35-21\" src=\"https:\/\/turismososteniblekongresua.eus\/wp-content\/uploads\/2025\/10\/PHOTO-2025-10-10-15-35-21.jpg\" data-orig-src=\"https:\/\/turismososteniblekongresua.eus\/wp-content\/uploads\/2025\/10\/PHOTO-2025-10-10-15-35-21.jpg\" class=\"lazyload img-responsive wp-image-4489 img-with-aspect-ratio\" data-parent-fit=\"cover\" data-parent-container=\".fusion-image-element\" alt srcset=\"data:image\/svg+xml,%3Csvg%20xmlns%3D%27http%3A%2F%2Fwww.w3.org%2F2000%2Fsvg%27%20width%3D%271024%27%20height%3D%27682%27%20viewBox%3D%270%200%201024%20682%27%3E%3Crect%20width%3D%271024%27%20height%3D%27682%27%20fill-opacity%3D%220%22%2F%3E%3C%2Fsvg%3E\" data-srcset=\"https:\/\/turismososteniblekongresua.eus\/wp-content\/uploads\/2025\/10\/PHOTO-2025-10-10-15-35-21-200x133.jpg 200w, https:\/\/turismososteniblekongresua.eus\/wp-content\/uploads\/2025\/10\/PHOTO-2025-10-10-15-35-21-400x266.jpg 400w, https:\/\/turismososteniblekongresua.eus\/wp-content\/uploads\/2025\/10\/PHOTO-2025-10-10-15-35-21-600x400.jpg 600w, https:\/\/turismososteniblekongresua.eus\/wp-content\/uploads\/2025\/10\/PHOTO-2025-10-10-15-35-21-800x533.jpg 800w, https:\/\/turismososteniblekongresua.eus\/wp-content\/uploads\/2025\/10\/PHOTO-2025-10-10-15-35-21.jpg 1024w\" data-sizes=\"auto\" data-orig-sizes=\"(max-width: 850px) 100vw, 1024px\" \/><\/span><\/div><div class=\"fusion-title title fusion-title-32 fusion-sep-none fusion-title-center fusion-title-text fusion-title-size-five\" style=\"--awb-text-color:var(--awb-color1);--awb-margin-bottom:0px;--awb-margin-bottom-small:0px;\"><h5 class=\"fusion-title-heading title-heading-center fusion-responsive-typography-calculated\" style=\"margin:0;--fontSize:22;--minFontSize:22;line-height:1.3;\">Idoia Ezkurdia Iturrioz<\/h5><\/div><\/div><\/div><\/div><\/div><\/div><div class=\"fusion-layout-column fusion_builder_column fusion-builder-column-17 fusion_builder_column_1_4 1_4 fusion-flex-column\" style=\"--awb-padding-top:10px;--awb-padding-right:10px;--awb-padding-bottom:80px;--awb-padding-left:10px;--awb-overflow:hidden;--awb-bg-size:cover;--awb-box-shadow:2px 2px 40px 0px hsla(var(--awb-color8-h),var(--awb-color8-s),var(--awb-color8-l),calc(var(--awb-color8-a) - 90%));;--awb-border-radius:10px 10px 10px 10px;--awb-width-large:25%;--awb-margin-top-large:40px;--awb-spacing-right-large:10px;--awb-margin-bottom-large:0px;--awb-spacing-left-large:10px;--awb-width-medium:50%;--awb-order-medium:0;--awb-spacing-right-medium:10px;--awb-spacing-left-medium:10px;--awb-width-small:100%;--awb-order-small:0;--awb-spacing-right-small:1.92%;--awb-margin-bottom-small:60px;--awb-spacing-left-small:1.92%;\"><div class=\"fusion-column-wrapper fusion-column-has-shadow fusion-flex-justify-content-flex-start fusion-content-layout-column\"><div class=\"fusion-builder-row fusion-builder-row-inner fusion-row fusion-flex-align-items-stretch fusion-flex-justify-content-center fusion-flex-content-wrap\" style=\"width:104% !important;max-width:104% !important;margin-left: calc(-4% \/ 2 );margin-right: calc(-4% \/ 2 );\"><div class=\"fusion-layout-column fusion_builder_column_inner fusion-builder-nested-column-30 fusion_builder_column_inner_1_1 1_1 fusion-flex-column\" style=\"--awb-container-position:absolute;--awb-bg-size:cover;--awb-width-large:100%;--awb-margin-top-large:0px;--awb-spacing-right-large:1.92%;--awb-margin-bottom-large:0px;--awb-spacing-left-large:1.92%;--awb-width-medium:100%;--awb-order-medium:0;--awb-spacing-right-medium:1.92%;--awb-spacing-left-medium:1.92%;--awb-width-small:100%;--awb-order-small:0;--awb-spacing-right-small:1.92%;--awb-spacing-left-small:1.92%;\"><div class=\"fusion-column-wrapper fusion-column-has-shadow fusion-flex-justify-content-flex-start fusion-content-layout-column\"><div class=\"fusion-image-element \" style=\"--awb-aspect-ratio:1 \/ 1;--awb-object-position:55% 32%;--awb-caption-title-font-family:var(--h2_typography-font-family);--awb-caption-title-font-weight:var(--h2_typography-font-weight);--awb-caption-title-font-style:var(--h2_typography-font-style);--awb-caption-title-size:var(--h2_typography-font-size);--awb-caption-title-transform:var(--h2_typography-text-transform);--awb-caption-title-line-height:var(--h2_typography-line-height);--awb-caption-title-letter-spacing:var(--h2_typography-letter-spacing);\"><span class=\" fusion-imageframe imageframe-none imageframe-31 hover-type-zoomin has-aspect-ratio\" style=\"border-radius:8px;\"><img decoding=\"async\" width=\"1707\" height=\"2560\" title=\"Isabel La\u0301riz_Solo un instante Photography-011\" src=\"https:\/\/turismososteniblekongresua.eus\/wp-content\/uploads\/2025\/09\/Isabel-Lariz_Solo-un-instante-Photography-011-scaled.jpg\" data-orig-src=\"https:\/\/turismososteniblekongresua.eus\/wp-content\/uploads\/2025\/09\/Isabel-Lariz_Solo-un-instante-Photography-011-scaled.jpg\" class=\"lazyload img-responsive wp-image-3865 img-with-aspect-ratio\" data-parent-fit=\"cover\" data-parent-container=\".fusion-image-element\" alt srcset=\"data:image\/svg+xml,%3Csvg%20xmlns%3D%27http%3A%2F%2Fwww.w3.org%2F2000%2Fsvg%27%20width%3D%271707%27%20height%3D%272560%27%20viewBox%3D%270%200%201707%202560%27%3E%3Crect%20width%3D%271707%27%20height%3D%272560%27%20fill-opacity%3D%220%22%2F%3E%3C%2Fsvg%3E\" data-srcset=\"https:\/\/turismososteniblekongresua.eus\/wp-content\/uploads\/2025\/09\/Isabel-Lariz_Solo-un-instante-Photography-011-200x300.jpg 200w, https:\/\/turismososteniblekongresua.eus\/wp-content\/uploads\/2025\/09\/Isabel-Lariz_Solo-un-instante-Photography-011-400x600.jpg 400w, https:\/\/turismososteniblekongresua.eus\/wp-content\/uploads\/2025\/09\/Isabel-Lariz_Solo-un-instante-Photography-011-600x900.jpg 600w, https:\/\/turismososteniblekongresua.eus\/wp-content\/uploads\/2025\/09\/Isabel-Lariz_Solo-un-instante-Photography-011-800x1200.jpg 800w, https:\/\/turismososteniblekongresua.eus\/wp-content\/uploads\/2025\/09\/Isabel-Lariz_Solo-un-instante-Photography-011-1200x1800.jpg 1200w, https:\/\/turismososteniblekongresua.eus\/wp-content\/uploads\/2025\/09\/Isabel-Lariz_Solo-un-instante-Photography-011-scaled.jpg 1707w\" data-sizes=\"auto\" data-orig-sizes=\"(max-width: 850px) 100vw, 1707px\" \/><\/span><\/div><div class=\"fusion-title title fusion-title-33 fusion-sep-none fusion-title-center fusion-title-text fusion-title-size-five\" style=\"--awb-margin-top:15px;--awb-margin-bottom:5px;\"><h5 class=\"fusion-title-heading title-heading-center fusion-responsive-typography-calculated\" style=\"margin:0;--fontSize:22;--minFontSize:22;line-height:1.3;\">Isabel L\u00e1riz<\/h5><\/div><div class=\"fusion-text fusion-text-17\" style=\"--awb-content-alignment:center;--awb-line-height:1.35em;--awb-text-color:var(--awb-color4);\"><p>Lurmetrikako bazkidea | IE Business zuzendaria Euskadin<\/p>\n<\/div><div style=\"text-align:center;\"><a class=\"fusion-button button-flat fusion-button-default-size button-custom fusion-button-default button-16 fusion-button-default-span fusion-button-default-type\" style=\"--button_accent_color:var(--awb-color1);--button_accent_hover_color:var(--awb-color1);--button_border_hover_color:var(--awb-color1);--button_gradient_top_color:var(--awb-color5);--button_gradient_bottom_color:var(--awb-color5);--button_gradient_top_color_hover:hsla(var(--awb-color6-h),calc(var(--awb-color6-s) - 5%),calc(var(--awb-color6-l) - 10%),var(--awb-color6-a));--button_gradient_bottom_color_hover:hsla(var(--awb-color6-h),calc(var(--awb-color6-s) - 5%),calc(var(--awb-color6-l) - 10%),var(--awb-color6-a));--button_padding-top:10px;--button_padding-right:20px;--button_padding-bottom:10px;--button_padding-left:20px;--button_margin-top:20px;\" target=\"_self\" title=\"Ver CV\" aria-label=\"Ver CV\" href=\"#\" data-toggle=\"modal\" data-target=\".fusion-modal.cv-isabel-lariz\"><span class=\"fusion-button-text awb-button__text awb-button__text--default\">+ info<\/span><\/a><\/div><div class=\"fusion-modal modal fade modal-16 cv-isabel-lariz\" tabindex=\"-1\" role=\"dialog\" aria-labelledby=\"modal-heading-16\" aria-hidden=\"true\" style=\"--awb-border-color:var(--awb-color3);--awb-background:var(--awb-color1);\"><div class=\"modal-dialog modal-lg\" role=\"document\"><div class=\"modal-content fusion-modal-content\"><div class=\"modal-header\"><button class=\"close\" type=\"button\" data-dismiss=\"modal\" aria-hidden=\"true\" aria-label=\"Close\">&times;<\/button><h3 class=\"modal-title\" id=\"modal-heading-16\" data-dismiss=\"modal\" aria-hidden=\"true\">Isabel L\u00e1riz<\/h3><\/div><div class=\"modal-body fusion-clearfix\">\n<p>Lurmetrika euskal enpresako bazkidea da; enpresa hori analisi turistiko aurreratuko eta kudeaketa estrategikoko soluzio propioetan da espezialista, big data, adimen artifiziala eta eredu prediktiboak uztartuta. Erreferentziako helmuga turistikoek enpresa horren tresnak erabiltzen dituzte turismo jasangarriagoa eta lehiakorragoa sustatzeko, lurralde bakoitzaren benetako beharretara egokituta.<\/p>\n<p><span style=\"letter-spacing: -0.255px;\">Ia 30 urteko esperientzia du negozioaren garapenean, marketinean eta zuzendaritzan, eta IE Business School Executive Education-en Euskadiko zuzendari-lanarekin uztartzen du bere enpresa-jarduna, berrikuntza, jasangarritasuna eta lidergoa lotzen dituen diziplina anitzeko ikuspegi estrategikoa eskainita.<\/span><\/p>\n<\/div><\/div><\/div><\/div><\/div><\/div><div class=\"fusion-layout-column fusion_builder_column_inner fusion-builder-nested-column-31 fusion_builder_column_inner_1_1 1_1 fusion-flex-column\" style=\"--awb-padding-bottom:20px;--awb-overflow:hidden;--awb-bg-color:var(--awb-color5);--awb-bg-color-hover:var(--awb-color5);--awb-bg-size:cover;--awb-border-radius:8px 8px 8px 8px;--awb-filter:opacity(0%);--awb-filter-transition:filter 0.3s ease;--awb-filter-hover:opacity(100%);--awb-filter-parent-hover:opacity(100%);--awb-width-large:100%;--awb-margin-top-large:0px;--awb-spacing-right-large:1.92%;--awb-margin-bottom-large:0px;--awb-spacing-left-large:1.92%;--awb-width-medium:100%;--awb-order-medium:0;--awb-spacing-right-medium:1.92%;--awb-spacing-left-medium:1.92%;--awb-width-small:100%;--awb-order-small:0;--awb-spacing-right-small:1.92%;--awb-spacing-left-small:1.92%;\"><div class=\"fusion-column-wrapper fusion-column-has-shadow fusion-flex-justify-content-flex-start fusion-content-layout-column\"><div class=\"fusion-image-element \" style=\"--awb-aspect-ratio:1 \/ 1;--awb-object-position:52% 33%;--awb-caption-title-font-family:var(--h2_typography-font-family);--awb-caption-title-font-weight:var(--h2_typography-font-weight);--awb-caption-title-font-style:var(--h2_typography-font-style);--awb-caption-title-size:var(--h2_typography-font-size);--awb-caption-title-transform:var(--h2_typography-text-transform);--awb-caption-title-line-height:var(--h2_typography-line-height);--awb-caption-title-letter-spacing:var(--h2_typography-letter-spacing);\"><span class=\" fusion-imageframe imageframe-none imageframe-32 hover-type-zoomin has-aspect-ratio\" style=\"border-radius:8px;\"><img decoding=\"async\" width=\"1707\" height=\"2560\" title=\"Isabel La\u0301riz_Solo un instante Photography-011\" src=\"https:\/\/turismososteniblekongresua.eus\/wp-content\/uploads\/2025\/09\/Isabel-Lariz_Solo-un-instante-Photography-011-scaled.jpg\" data-orig-src=\"https:\/\/turismososteniblekongresua.eus\/wp-content\/uploads\/2025\/09\/Isabel-Lariz_Solo-un-instante-Photography-011-scaled.jpg\" class=\"lazyload img-responsive wp-image-3865 img-with-aspect-ratio\" data-parent-fit=\"cover\" data-parent-container=\".fusion-image-element\" alt srcset=\"data:image\/svg+xml,%3Csvg%20xmlns%3D%27http%3A%2F%2Fwww.w3.org%2F2000%2Fsvg%27%20width%3D%271707%27%20height%3D%272560%27%20viewBox%3D%270%200%201707%202560%27%3E%3Crect%20width%3D%271707%27%20height%3D%272560%27%20fill-opacity%3D%220%22%2F%3E%3C%2Fsvg%3E\" data-srcset=\"https:\/\/turismososteniblekongresua.eus\/wp-content\/uploads\/2025\/09\/Isabel-Lariz_Solo-un-instante-Photography-011-200x300.jpg 200w, https:\/\/turismososteniblekongresua.eus\/wp-content\/uploads\/2025\/09\/Isabel-Lariz_Solo-un-instante-Photography-011-400x600.jpg 400w, https:\/\/turismososteniblekongresua.eus\/wp-content\/uploads\/2025\/09\/Isabel-Lariz_Solo-un-instante-Photography-011-600x900.jpg 600w, https:\/\/turismososteniblekongresua.eus\/wp-content\/uploads\/2025\/09\/Isabel-Lariz_Solo-un-instante-Photography-011-800x1200.jpg 800w, https:\/\/turismososteniblekongresua.eus\/wp-content\/uploads\/2025\/09\/Isabel-Lariz_Solo-un-instante-Photography-011-1200x1800.jpg 1200w, https:\/\/turismososteniblekongresua.eus\/wp-content\/uploads\/2025\/09\/Isabel-Lariz_Solo-un-instante-Photography-011-scaled.jpg 1707w\" data-sizes=\"auto\" data-orig-sizes=\"(max-width: 850px) 100vw, 1707px\" \/><\/span><\/div><div class=\"fusion-title title fusion-title-34 fusion-sep-none fusion-title-center fusion-title-text fusion-title-size-five\" style=\"--awb-text-color:var(--awb-color1);--awb-margin-bottom:0px;--awb-margin-bottom-small:0px;\"><h5 class=\"fusion-title-heading title-heading-center fusion-responsive-typography-calculated\" style=\"margin:0;--fontSize:22;--minFontSize:22;line-height:1.3;\">Isabel L\u00e1riz<\/h5><\/div><div class=\"fusion-social-links fusion-social-links-15\" style=\"--awb-margin-top:5px;--awb-margin-right:0px;--awb-margin-bottom:10px;--awb-margin-left:0px;--awb-alignment:center;--awb-box-border-top:0px;--awb-box-border-right:0px;--awb-box-border-bottom:0px;--awb-box-border-left:0px;--awb-icon-colors-hover:var(--awb-color5);--awb-box-colors-hover:var(--awb-color1);--awb-box-border-color:var(--awb-color3);--awb-box-border-color-hover:var(--awb-color4);\"><div class=\"fusion-social-networks boxed-icons color-type-custom\"><div class=\"fusion-social-networks-wrapper\"><a class=\"fusion-social-network-icon fusion-tooltip fusion-linkedin awb-icon-linkedin\" style=\"color:var(--awb-color1);font-size:17px;width:17px;background-color:hsla(var(--awb-color5-h),var(--awb-color5-s),calc(var(--awb-color5-l) + 10%),var(--awb-color5-a));border-color:hsla(var(--awb-color5-h),var(--awb-color5-s),calc(var(--awb-color5-l) + 10%),var(--awb-color5-a));border-radius:4px;\" data-placement=\"top\" data-title=\"LinkedIn\" data-toggle=\"tooltip\" title=\"LinkedIn\" aria-label=\"linkedin\" target=\"_blank\" rel=\"noopener noreferrer\" href=\"https:\/\/www.linkedin.com\/in\/isabellariz\/\"><\/a><\/div><\/div><\/div><\/div><\/div><\/div><\/div><\/div><div class=\"fusion-layout-column fusion_builder_column fusion-builder-column-18 fusion_builder_column_1_4 1_4 fusion-flex-column\" style=\"--awb-padding-top:10px;--awb-padding-right:10px;--awb-padding-bottom:80px;--awb-padding-left:10px;--awb-overflow:hidden;--awb-bg-size:cover;--awb-box-shadow:2px 2px 40px 0px hsla(var(--awb-color8-h),var(--awb-color8-s),var(--awb-color8-l),calc(var(--awb-color8-a) - 90%));;--awb-border-radius:10px 10px 10px 10px;--awb-width-large:25%;--awb-margin-top-large:40px;--awb-spacing-right-large:10px;--awb-margin-bottom-large:0px;--awb-spacing-left-large:10px;--awb-width-medium:50%;--awb-order-medium:0;--awb-spacing-right-medium:10px;--awb-spacing-left-medium:10px;--awb-width-small:100%;--awb-order-small:0;--awb-spacing-right-small:1.92%;--awb-margin-bottom-small:60px;--awb-spacing-left-small:1.92%;\"><div class=\"fusion-column-wrapper fusion-column-has-shadow fusion-flex-justify-content-flex-start fusion-content-layout-column\"><div class=\"fusion-builder-row fusion-builder-row-inner fusion-row fusion-flex-align-items-stretch fusion-flex-justify-content-center fusion-flex-content-wrap\" style=\"width:104% !important;max-width:104% !important;margin-left: calc(-4% \/ 2 );margin-right: calc(-4% \/ 2 );\"><div class=\"fusion-layout-column fusion_builder_column_inner fusion-builder-nested-column-32 fusion_builder_column_inner_1_1 1_1 fusion-flex-column\" style=\"--awb-container-position:absolute;--awb-bg-size:cover;--awb-width-large:100%;--awb-margin-top-large:0px;--awb-spacing-right-large:1.92%;--awb-margin-bottom-large:0px;--awb-spacing-left-large:1.92%;--awb-width-medium:100%;--awb-order-medium:0;--awb-spacing-right-medium:1.92%;--awb-spacing-left-medium:1.92%;--awb-width-small:100%;--awb-order-small:0;--awb-spacing-right-small:1.92%;--awb-spacing-left-small:1.92%;\"><div class=\"fusion-column-wrapper fusion-column-has-shadow fusion-flex-justify-content-flex-start fusion-content-layout-column\"><div class=\"fusion-image-element \" style=\"--awb-aspect-ratio:1 \/ 1;--awb-object-position:55% 32%;--awb-caption-title-font-family:var(--h2_typography-font-family);--awb-caption-title-font-weight:var(--h2_typography-font-weight);--awb-caption-title-font-style:var(--h2_typography-font-style);--awb-caption-title-size:var(--h2_typography-font-size);--awb-caption-title-transform:var(--h2_typography-text-transform);--awb-caption-title-line-height:var(--h2_typography-line-height);--awb-caption-title-letter-spacing:var(--h2_typography-letter-spacing);\"><span class=\" fusion-imageframe imageframe-none imageframe-33 hover-type-zoomin has-aspect-ratio\" style=\"border-radius:8px;\"><img decoding=\"async\" width=\"1170\" height=\"1173\" title=\"Iv\u00e1n Hierro\" src=\"https:\/\/turismososteniblekongresua.eus\/wp-content\/uploads\/2025\/09\/Ivan-Hierro.jpeg\" data-orig-src=\"https:\/\/turismososteniblekongresua.eus\/wp-content\/uploads\/2025\/09\/Ivan-Hierro.jpeg\" class=\"lazyload img-responsive wp-image-4230 img-with-aspect-ratio\" data-parent-fit=\"cover\" data-parent-container=\".fusion-image-element\" alt srcset=\"data:image\/svg+xml,%3Csvg%20xmlns%3D%27http%3A%2F%2Fwww.w3.org%2F2000%2Fsvg%27%20width%3D%271170%27%20height%3D%271173%27%20viewBox%3D%270%200%201170%201173%27%3E%3Crect%20width%3D%271170%27%20height%3D%271173%27%20fill-opacity%3D%220%22%2F%3E%3C%2Fsvg%3E\" data-srcset=\"https:\/\/turismososteniblekongresua.eus\/wp-content\/uploads\/2025\/09\/Ivan-Hierro-200x201.jpeg 200w, https:\/\/turismososteniblekongresua.eus\/wp-content\/uploads\/2025\/09\/Ivan-Hierro-400x401.jpeg 400w, https:\/\/turismososteniblekongresua.eus\/wp-content\/uploads\/2025\/09\/Ivan-Hierro-600x602.jpeg 600w, https:\/\/turismososteniblekongresua.eus\/wp-content\/uploads\/2025\/09\/Ivan-Hierro-800x802.jpeg 800w, https:\/\/turismososteniblekongresua.eus\/wp-content\/uploads\/2025\/09\/Ivan-Hierro.jpeg 1170w\" data-sizes=\"auto\" data-orig-sizes=\"(max-width: 850px) 100vw, 1170px\" \/><\/span><\/div><div class=\"fusion-title title fusion-title-35 fusion-sep-none fusion-title-center fusion-title-text fusion-title-size-five\" style=\"--awb-margin-top:15px;--awb-margin-bottom:5px;\"><h5 class=\"fusion-title-heading title-heading-center fusion-responsive-typography-calculated\" style=\"margin:0;--fontSize:22;--minFontSize:22;line-height:1.3;\">Ivan Hierro<\/h5><\/div><div class=\"fusion-text fusion-text-18\" style=\"--awb-content-alignment:center;--awb-line-height:1.35em;--awb-text-color:var(--awb-color4);\"><p>Entrenatzaile pertsonala eta HAZI BILBAOren sortzailea<\/p>\n<\/div><div style=\"text-align:center;\"><a class=\"fusion-button button-flat fusion-button-default-size button-custom fusion-button-default button-17 fusion-button-default-span fusion-button-default-type\" style=\"--button_accent_color:var(--awb-color1);--button_accent_hover_color:var(--awb-color1);--button_border_hover_color:var(--awb-color1);--button_gradient_top_color:var(--awb-color5);--button_gradient_bottom_color:var(--awb-color5);--button_gradient_top_color_hover:hsla(var(--awb-color6-h),calc(var(--awb-color6-s) - 5%),calc(var(--awb-color6-l) - 10%),var(--awb-color6-a));--button_gradient_bottom_color_hover:hsla(var(--awb-color6-h),calc(var(--awb-color6-s) - 5%),calc(var(--awb-color6-l) - 10%),var(--awb-color6-a));--button_padding-top:10px;--button_padding-right:20px;--button_padding-bottom:10px;--button_padding-left:20px;--button_margin-top:20px;\" target=\"_self\" title=\"Ver CV\" aria-label=\"Ver CV\" href=\"#\" data-toggle=\"modal\" data-target=\".fusion-modal.cv-ivan-hierro\"><span class=\"fusion-button-text awb-button__text awb-button__text--default\">+ info<\/span><\/a><\/div><div class=\"fusion-modal modal fade modal-17 cv-ivan-hierro\" tabindex=\"-1\" role=\"dialog\" aria-labelledby=\"modal-heading-17\" aria-hidden=\"true\" style=\"--awb-border-color:var(--awb-color3);--awb-background:var(--awb-color1);\"><div class=\"modal-dialog modal-lg\" role=\"document\"><div class=\"modal-content fusion-modal-content\"><div class=\"modal-header\"><button class=\"close\" type=\"button\" data-dismiss=\"modal\" aria-hidden=\"true\" aria-label=\"Close\">&times;<\/button><h3 class=\"modal-title\" id=\"modal-heading-17\" data-dismiss=\"modal\" aria-hidden=\"true\">Ivan Hierro<\/h3><\/div><div class=\"modal-body fusion-clearfix\">\n<p>Jarduera Fisikoaren eta Kirolaren Zientzietan graduatua (aipamena Osasunean) Deustuko Unibertsitatean eta Gorputz Hezkuntzako irakasle izateko Unibertsitate Masterra.<\/p>\n<p>Bere ibilbidean zehar hainbat prestakuntza egin ditu, hala nola Kettlebell Performance, CFSC, FMS 1 eta 2, Barefoot Training Specialist (EBFAGLOBAL), INDARRAREN ENTRENAMENDUA, LANDMINE ETA PELBIS-ZORUA.<\/p>\n<p>HAZI sortu aurretik, entrenamendu pertsonalean eta lesioen berregokitzean espezializatuta zegoen kirol-osasuneko zentro bat koordinatu zuen. Horretaz gain, irakasle-lanetan ere aritu zen.<\/p>\n<p>Beti ari da ikasten eta gozatu egiten du bere lanarekin: pertsona bakoitzari bere prozesuan laguntzen dio arreta osoa emanez eta prestakuntza sendoa eskainiz.<\/p>\n<ul>\n<li>Osasunerako Ariketa Fisikoaren Diseinuari buruzko Ikastaroa (Ariketa Fisikoa Minbizia gainditu dutenentzat, Osteoporosia, Fibromialgia, Haurdunaldia, Esklerosi Anizkoitza, Diabetesa eta Arnasketa Muskuluak) UPV\/EHU.<\/li>\n<\/ul>\n<p>Hiit entrenamenduaren ondorioak.Exercise Physiology and Training.<\/p>\n<p>Indar-entrenamendua haur eta nerabeekin.<\/p>\n<p>Kalisteniari buruzko prestakuntza.<\/p>\n<p>Esekidurazko entrenamendua.(TRX)<\/p>\n<p>Jarduera fisikoa eta bizkarreko osasuna.Healthy Back Metod<\/p>\n<p>Esperientzia prestatzaile fisiko gisa futbol profesionalean.<\/p>\n<\/div><\/div><\/div><\/div><\/div><\/div><div class=\"fusion-layout-column fusion_builder_column_inner fusion-builder-nested-column-33 fusion_builder_column_inner_1_1 1_1 fusion-flex-column\" style=\"--awb-padding-bottom:20px;--awb-overflow:hidden;--awb-bg-color:var(--awb-color5);--awb-bg-color-hover:var(--awb-color5);--awb-bg-size:cover;--awb-border-radius:8px 8px 8px 8px;--awb-filter:opacity(0%);--awb-filter-transition:filter 0.3s ease;--awb-filter-hover:opacity(100%);--awb-filter-parent-hover:opacity(100%);--awb-width-large:100%;--awb-margin-top-large:0px;--awb-spacing-right-large:1.92%;--awb-margin-bottom-large:0px;--awb-spacing-left-large:1.92%;--awb-width-medium:100%;--awb-order-medium:0;--awb-spacing-right-medium:1.92%;--awb-spacing-left-medium:1.92%;--awb-width-small:100%;--awb-order-small:0;--awb-spacing-right-small:1.92%;--awb-spacing-left-small:1.92%;\"><div class=\"fusion-column-wrapper fusion-column-has-shadow fusion-flex-justify-content-flex-start fusion-content-layout-column\"><div class=\"fusion-image-element \" style=\"--awb-aspect-ratio:1 \/ 1;--awb-object-position:52% 33%;--awb-caption-title-font-family:var(--h2_typography-font-family);--awb-caption-title-font-weight:var(--h2_typography-font-weight);--awb-caption-title-font-style:var(--h2_typography-font-style);--awb-caption-title-size:var(--h2_typography-font-size);--awb-caption-title-transform:var(--h2_typography-text-transform);--awb-caption-title-line-height:var(--h2_typography-line-height);--awb-caption-title-letter-spacing:var(--h2_typography-letter-spacing);\"><span class=\" fusion-imageframe imageframe-none imageframe-34 hover-type-zoomin has-aspect-ratio\" style=\"border-radius:8px;\"><img decoding=\"async\" width=\"1170\" height=\"1173\" title=\"Iv\u00e1n Hierro\" src=\"https:\/\/turismososteniblekongresua.eus\/wp-content\/uploads\/2025\/09\/Ivan-Hierro.jpeg\" data-orig-src=\"https:\/\/turismososteniblekongresua.eus\/wp-content\/uploads\/2025\/09\/Ivan-Hierro.jpeg\" class=\"lazyload img-responsive wp-image-4230 img-with-aspect-ratio\" data-parent-fit=\"cover\" data-parent-container=\".fusion-image-element\" alt srcset=\"data:image\/svg+xml,%3Csvg%20xmlns%3D%27http%3A%2F%2Fwww.w3.org%2F2000%2Fsvg%27%20width%3D%271170%27%20height%3D%271173%27%20viewBox%3D%270%200%201170%201173%27%3E%3Crect%20width%3D%271170%27%20height%3D%271173%27%20fill-opacity%3D%220%22%2F%3E%3C%2Fsvg%3E\" data-srcset=\"https:\/\/turismososteniblekongresua.eus\/wp-content\/uploads\/2025\/09\/Ivan-Hierro-200x201.jpeg 200w, https:\/\/turismososteniblekongresua.eus\/wp-content\/uploads\/2025\/09\/Ivan-Hierro-400x401.jpeg 400w, https:\/\/turismososteniblekongresua.eus\/wp-content\/uploads\/2025\/09\/Ivan-Hierro-600x602.jpeg 600w, https:\/\/turismososteniblekongresua.eus\/wp-content\/uploads\/2025\/09\/Ivan-Hierro-800x802.jpeg 800w, https:\/\/turismososteniblekongresua.eus\/wp-content\/uploads\/2025\/09\/Ivan-Hierro.jpeg 1170w\" data-sizes=\"auto\" data-orig-sizes=\"(max-width: 850px) 100vw, 1170px\" \/><\/span><\/div><div class=\"fusion-title title fusion-title-36 fusion-sep-none fusion-title-center fusion-title-text fusion-title-size-five\" style=\"--awb-text-color:var(--awb-color1);--awb-margin-bottom:0px;--awb-margin-bottom-small:0px;\"><h5 class=\"fusion-title-heading title-heading-center fusion-responsive-typography-calculated\" style=\"margin:0;--fontSize:22;--minFontSize:22;line-height:1.3;\">Ivan Hierro<\/h5><\/div><div class=\"fusion-social-links fusion-social-links-16\" style=\"--awb-margin-top:5px;--awb-margin-right:0px;--awb-margin-bottom:10px;--awb-margin-left:0px;--awb-alignment:center;--awb-box-border-top:0px;--awb-box-border-right:0px;--awb-box-border-bottom:0px;--awb-box-border-left:0px;--awb-icon-colors-hover:var(--awb-color5);--awb-box-colors-hover:var(--awb-color1);--awb-box-border-color:var(--awb-color3);--awb-box-border-color-hover:var(--awb-color4);\"><div class=\"fusion-social-networks boxed-icons color-type-custom\"><div class=\"fusion-social-networks-wrapper\"><a class=\"fusion-social-network-icon fusion-tooltip fusion-instagram awb-icon-instagram\" style=\"color:var(--awb-color1);font-size:17px;width:17px;background-color:hsla(var(--awb-color5-h),var(--awb-color5-s),calc(var(--awb-color5-l) + 10%),var(--awb-color5-a));border-color:hsla(var(--awb-color5-h),var(--awb-color5-s),calc(var(--awb-color5-l) + 10%),var(--awb-color5-a));border-radius:4px;\" data-placement=\"top\" data-title=\"Instagram\" data-toggle=\"tooltip\" title=\"Instagram\" aria-label=\"instagram\" target=\"_blank\" rel=\"noopener noreferrer\" href=\"https:\/\/www.instagram.com\/hazi.bilbao\/\"><\/a><\/div><\/div><\/div><\/div><\/div><\/div><\/div><\/div><div class=\"fusion-layout-column fusion_builder_column fusion-builder-column-19 fusion_builder_column_1_4 1_4 fusion-flex-column\" style=\"--awb-padding-top:10px;--awb-padding-right:10px;--awb-padding-bottom:80px;--awb-padding-left:10px;--awb-overflow:hidden;--awb-bg-size:cover;--awb-box-shadow:2px 2px 40px 0px hsla(var(--awb-color8-h),var(--awb-color8-s),var(--awb-color8-l),calc(var(--awb-color8-a) - 90%));;--awb-border-radius:10px 10px 10px 10px;--awb-width-large:25%;--awb-margin-top-large:40px;--awb-spacing-right-large:10px;--awb-margin-bottom-large:0px;--awb-spacing-left-large:10px;--awb-width-medium:50%;--awb-order-medium:0;--awb-spacing-right-medium:10px;--awb-spacing-left-medium:10px;--awb-width-small:100%;--awb-order-small:0;--awb-spacing-right-small:1.92%;--awb-margin-bottom-small:60px;--awb-spacing-left-small:1.92%;\"><div class=\"fusion-column-wrapper fusion-column-has-shadow fusion-flex-justify-content-flex-start fusion-content-layout-column\"><div class=\"fusion-builder-row fusion-builder-row-inner fusion-row fusion-flex-align-items-stretch fusion-flex-justify-content-center fusion-flex-content-wrap\" style=\"width:104% !important;max-width:104% !important;margin-left: calc(-4% \/ 2 );margin-right: calc(-4% \/ 2 );\"><div class=\"fusion-layout-column fusion_builder_column_inner fusion-builder-nested-column-34 fusion_builder_column_inner_1_1 1_1 fusion-flex-column\" style=\"--awb-container-position:absolute;--awb-bg-size:cover;--awb-width-large:100%;--awb-margin-top-large:0px;--awb-spacing-right-large:1.92%;--awb-margin-bottom-large:0px;--awb-spacing-left-large:1.92%;--awb-width-medium:100%;--awb-order-medium:0;--awb-spacing-right-medium:1.92%;--awb-spacing-left-medium:1.92%;--awb-width-small:100%;--awb-order-small:0;--awb-spacing-right-small:1.92%;--awb-spacing-left-small:1.92%;\"><div class=\"fusion-column-wrapper fusion-column-has-shadow fusion-flex-justify-content-flex-start fusion-content-layout-column\"><div class=\"fusion-image-element \" style=\"--awb-aspect-ratio:1 \/ 1;--awb-object-position:48% 60%;--awb-caption-title-font-family:var(--h2_typography-font-family);--awb-caption-title-font-weight:var(--h2_typography-font-weight);--awb-caption-title-font-style:var(--h2_typography-font-style);--awb-caption-title-size:var(--h2_typography-font-size);--awb-caption-title-transform:var(--h2_typography-text-transform);--awb-caption-title-line-height:var(--h2_typography-line-height);--awb-caption-title-letter-spacing:var(--h2_typography-letter-spacing);\"><span class=\" fusion-imageframe imageframe-none imageframe-35 hover-type-zoomin has-aspect-ratio\" style=\"border-radius:8px;\"><img decoding=\"async\" width=\"1600\" height=\"757\" title=\"Javier Garc\u00eda\" src=\"https:\/\/turismososteniblekongresua.eus\/wp-content\/uploads\/2025\/09\/Javier-Garcia.jpeg\" data-orig-src=\"https:\/\/turismososteniblekongresua.eus\/wp-content\/uploads\/2025\/09\/Javier-Garcia.jpeg\" class=\"lazyload img-responsive wp-image-3884 img-with-aspect-ratio\" data-parent-fit=\"cover\" data-parent-container=\".fusion-image-element\" alt srcset=\"data:image\/svg+xml,%3Csvg%20xmlns%3D%27http%3A%2F%2Fwww.w3.org%2F2000%2Fsvg%27%20width%3D%271600%27%20height%3D%27757%27%20viewBox%3D%270%200%201600%20757%27%3E%3Crect%20width%3D%271600%27%20height%3D%27757%27%20fill-opacity%3D%220%22%2F%3E%3C%2Fsvg%3E\" data-srcset=\"https:\/\/turismososteniblekongresua.eus\/wp-content\/uploads\/2025\/09\/Javier-Garcia-200x95.jpeg 200w, https:\/\/turismososteniblekongresua.eus\/wp-content\/uploads\/2025\/09\/Javier-Garcia-400x189.jpeg 400w, https:\/\/turismososteniblekongresua.eus\/wp-content\/uploads\/2025\/09\/Javier-Garcia-600x284.jpeg 600w, https:\/\/turismososteniblekongresua.eus\/wp-content\/uploads\/2025\/09\/Javier-Garcia-800x379.jpeg 800w, https:\/\/turismososteniblekongresua.eus\/wp-content\/uploads\/2025\/09\/Javier-Garcia-1200x568.jpeg 1200w, https:\/\/turismososteniblekongresua.eus\/wp-content\/uploads\/2025\/09\/Javier-Garcia.jpeg 1600w\" data-sizes=\"auto\" data-orig-sizes=\"(max-width: 850px) 100vw, 1600px\" \/><\/span><\/div><div class=\"fusion-title title fusion-title-37 fusion-sep-none fusion-title-center fusion-title-text fusion-title-size-five\" style=\"--awb-margin-top:15px;--awb-margin-bottom:5px;\"><h5 class=\"fusion-title-heading title-heading-center fusion-responsive-typography-calculated\" style=\"margin:0;text-transform:none;--fontSize:22;--minFontSize:22;line-height:1.3;\">Javier Garcia<\/h5><\/div><div class=\"fusion-text fusion-text-19\" style=\"--awb-content-alignment:center;--awb-line-height:1.35em;--awb-text-color:var(--awb-color4);\"><p>Viajes Capit\u00e1n Grant enpresako Travel Consultant<\/p>\n<\/div><div style=\"text-align:center;\"><a class=\"fusion-button button-flat fusion-button-default-size button-custom fusion-button-default button-18 fusion-button-default-span fusion-button-default-type\" style=\"--button_accent_color:var(--awb-color1);--button_accent_hover_color:var(--awb-color1);--button_border_hover_color:var(--awb-color1);--button_gradient_top_color:var(--awb-color5);--button_gradient_bottom_color:var(--awb-color5);--button_gradient_top_color_hover:hsla(var(--awb-color6-h),calc(var(--awb-color6-s) - 5%),calc(var(--awb-color6-l) - 10%),var(--awb-color6-a));--button_gradient_bottom_color_hover:hsla(var(--awb-color6-h),calc(var(--awb-color6-s) - 5%),calc(var(--awb-color6-l) - 10%),var(--awb-color6-a));--button_padding-top:10px;--button_padding-right:20px;--button_padding-bottom:10px;--button_padding-left:20px;--button_margin-top:20px;\" target=\"_self\" title=\"Ver CV\" aria-label=\"Ver CV\" href=\"#\" data-toggle=\"modal\" data-target=\".fusion-modal.cv-javier-garcia\"><span class=\"fusion-button-text awb-button__text awb-button__text--default\">+ info<\/span><\/a><\/div><div class=\"fusion-modal modal fade modal-18 cv-javier-garcia\" tabindex=\"-1\" role=\"dialog\" aria-labelledby=\"modal-heading-18\" aria-hidden=\"true\" style=\"--awb-border-color:var(--awb-color3);--awb-background:var(--awb-color1);\"><div class=\"modal-dialog modal-lg\" role=\"document\"><div class=\"modal-content fusion-modal-content\"><div class=\"modal-header\"><button class=\"close\" type=\"button\" data-dismiss=\"modal\" aria-hidden=\"true\" aria-label=\"Close\">&times;<\/button><h3 class=\"modal-title\" id=\"modal-heading-18\" data-dismiss=\"modal\" aria-hidden=\"true\">Javier Garc\u00eda<\/h3><\/div><div class=\"modal-body fusion-clearfix\">\n<p>Gazte-gaztetatik, Javierrek bazekien berari bidaiak gustatzen zitzaizkiola. Lehendabizi, jakingura zuen bidaiari gisa, ibilbideak diseinatzen zituen beretzat, familiarentzat eta lagunentzat, eta, geroago, modu profesionalean. 27 urte besterik ez baditu ere, freskotasuna, pasioa eta turismoaren hainbat esparrutan duen esperientzia uztartzen dituen ibilbidea du. Juan Carlos Erregea Unibertsitatean Turismoan lizentziatu ondoren, bideak irekitzen hasi zen sektorean eta arlo hauetan espezializatu zen: zerbitzuak kudeatzea, hornitzaileekin negoziatzea eta bidaiarientzat esperientzia paregabeak egitea.<\/p>\n<p><span style=\"letter-spacing: -0.255px;\">Viajes El Corte Ingl\u00e9s-en enpresa-sailean lan egin zuen, eta sail horretan, ibilbideen kudeaketa integrala egiten zuen, hegaldi, hotel eta jardueren erreserbak koordinatzen zituen, bezeroei laguntza pertsonalizatua ematen zien eta bidaian zehar sortzen diren gorabeherak konpontzen zituen. Etapa horretan, antolatzeko eta xehetasunari arreta eskaintzeko zuen gaitasuna indartu zuen.<\/span><\/p>\n<p><span style=\"letter-spacing: -0.255px;\">Geroago, Ambarviajes-en, Product Managerra izan zen eta oso ibilbide desberdinak diseinatu zituen, hala nola Islandia, Estatu Batuak, Norvegia, Finlandia, Zeelanda Berria, Artikoa edo Antartika. Bere lana programak sortzeaz gain, kalitatea gainbegiratzea, merkatuaren joerak aztertzea, hornitzaileak koordinatzea eta bidaiariekin konektatuko zuten komunikazio-kanpainak sortzea ere bazen.<\/span><\/p>\n<p><span style=\"letter-spacing: -0.255px;\">Gaur egun, Viajes Capit\u00e1n Grant-en lan egiten du; bidaia-agentzia horretan, urrats pertsonalagoa egin du bere karreran: benetako esperientzia gogoangarriak bizi nahi dituzten familiekin eta bidaiariekin zuzenean lan egitea. Viajes Capit\u00e1n Grant-en neurrirako bidaiak antolatzen dira, baina horretaz gain, bidaia-agentzia hori erreferente bihurtu da era guztietako premietara egokitutako ibilbideak diseinatzeko, azken xehetasuna ere zainduz beti.<\/span><\/p>\n<p><span style=\"letter-spacing: -0.255px;\">Javierrek bere ibilbidean zehar erakutsi du pertsona aldakorra dela eta kudeaketa estrategikoaren eta arreta pertsonalizatuaren artean mugitzeko gai dela. Helmugei buruz duen ezagutza globalaren ondorioz, negoziaziorako dituen trebetasunen eta bidaiatzeko duen zaletasunaren ondorioz, hornitzaileen eta bidaiarien arteko eta ideiaren eta esperientziaren arteko zubi bihurtu da.<\/span><\/p>\n<\/div><\/div><\/div><\/div><\/div><\/div><div class=\"fusion-layout-column fusion_builder_column_inner fusion-builder-nested-column-35 fusion_builder_column_inner_1_1 1_1 fusion-flex-column\" style=\"--awb-padding-bottom:35px;--awb-overflow:hidden;--awb-bg-color:var(--awb-color5);--awb-bg-color-hover:var(--awb-color5);--awb-bg-size:cover;--awb-border-radius:8px 8px 8px 8px;--awb-filter:opacity(0%);--awb-filter-transition:filter 0.3s ease;--awb-filter-hover:opacity(100%);--awb-filter-parent-hover:opacity(100%);--awb-width-large:100%;--awb-margin-top-large:0px;--awb-spacing-right-large:1.92%;--awb-margin-bottom-large:0px;--awb-spacing-left-large:1.92%;--awb-width-medium:100%;--awb-order-medium:0;--awb-spacing-right-medium:1.92%;--awb-spacing-left-medium:1.92%;--awb-width-small:100%;--awb-order-small:0;--awb-spacing-right-small:1.92%;--awb-spacing-left-small:1.92%;\"><div class=\"fusion-column-wrapper fusion-column-has-shadow fusion-flex-justify-content-flex-start fusion-content-layout-column\"><div class=\"fusion-image-element \" style=\"--awb-aspect-ratio:1 \/ 1;--awb-object-position:48% 55%;--awb-caption-title-font-family:var(--h2_typography-font-family);--awb-caption-title-font-weight:var(--h2_typography-font-weight);--awb-caption-title-font-style:var(--h2_typography-font-style);--awb-caption-title-size:var(--h2_typography-font-size);--awb-caption-title-transform:var(--h2_typography-text-transform);--awb-caption-title-line-height:var(--h2_typography-line-height);--awb-caption-title-letter-spacing:var(--h2_typography-letter-spacing);\"><span class=\" fusion-imageframe imageframe-none imageframe-36 hover-type-zoomin has-aspect-ratio\" style=\"border-radius:8px;\"><img decoding=\"async\" width=\"1600\" height=\"757\" title=\"Javier Garc\u00eda\" src=\"https:\/\/turismososteniblekongresua.eus\/wp-content\/uploads\/2025\/09\/Javier-Garcia.jpeg\" data-orig-src=\"https:\/\/turismososteniblekongresua.eus\/wp-content\/uploads\/2025\/09\/Javier-Garcia.jpeg\" class=\"lazyload img-responsive wp-image-3884 img-with-aspect-ratio\" data-parent-fit=\"cover\" data-parent-container=\".fusion-image-element\" alt srcset=\"data:image\/svg+xml,%3Csvg%20xmlns%3D%27http%3A%2F%2Fwww.w3.org%2F2000%2Fsvg%27%20width%3D%271600%27%20height%3D%27757%27%20viewBox%3D%270%200%201600%20757%27%3E%3Crect%20width%3D%271600%27%20height%3D%27757%27%20fill-opacity%3D%220%22%2F%3E%3C%2Fsvg%3E\" data-srcset=\"https:\/\/turismososteniblekongresua.eus\/wp-content\/uploads\/2025\/09\/Javier-Garcia-200x95.jpeg 200w, https:\/\/turismososteniblekongresua.eus\/wp-content\/uploads\/2025\/09\/Javier-Garcia-400x189.jpeg 400w, https:\/\/turismososteniblekongresua.eus\/wp-content\/uploads\/2025\/09\/Javier-Garcia-600x284.jpeg 600w, https:\/\/turismososteniblekongresua.eus\/wp-content\/uploads\/2025\/09\/Javier-Garcia-800x379.jpeg 800w, https:\/\/turismososteniblekongresua.eus\/wp-content\/uploads\/2025\/09\/Javier-Garcia-1200x568.jpeg 1200w, https:\/\/turismososteniblekongresua.eus\/wp-content\/uploads\/2025\/09\/Javier-Garcia.jpeg 1600w\" data-sizes=\"auto\" data-orig-sizes=\"(max-width: 850px) 100vw, 1600px\" \/><\/span><\/div><div class=\"fusion-title title fusion-title-38 fusion-sep-none fusion-title-center fusion-title-text fusion-title-size-five\" style=\"--awb-text-color:var(--awb-color1);--awb-margin-bottom:0px;--awb-margin-bottom-small:0px;\"><h5 class=\"fusion-title-heading title-heading-center fusion-responsive-typography-calculated\" style=\"margin:0;--fontSize:22;--minFontSize:22;line-height:1.3;\">Javier Garcia<\/h5><\/div><div class=\"fusion-social-links fusion-social-links-17\" style=\"--awb-margin-top:5px;--awb-margin-right:0px;--awb-margin-bottom:10px;--awb-margin-left:0px;--awb-margin-bottom-small:0px;--awb-alignment:center;--awb-box-border-top:0px;--awb-box-border-right:0px;--awb-box-border-bottom:0px;--awb-box-border-left:0px;--awb-icon-colors-hover:var(--awb-color5);--awb-box-colors-hover:var(--awb-color1);--awb-box-border-color:var(--awb-color3);--awb-box-border-color-hover:var(--awb-color4);\"><div class=\"fusion-social-networks boxed-icons color-type-custom\"><div class=\"fusion-social-networks-wrapper\"><a class=\"fusion-social-network-icon fusion-tooltip fusion-instagram awb-icon-instagram\" style=\"color:var(--awb-color1);font-size:17px;width:17px;background-color:hsla(var(--awb-color5-h),var(--awb-color5-s),calc(var(--awb-color5-l) + 10%),var(--awb-color5-a));border-color:hsla(var(--awb-color5-h),var(--awb-color5-s),calc(var(--awb-color5-l) + 10%),var(--awb-color5-a));border-radius:4px;\" data-placement=\"top\" data-title=\"Instagram\" data-toggle=\"tooltip\" title=\"Instagram\" aria-label=\"instagram\" target=\"_blank\" rel=\"noopener noreferrer\" href=\"https:\/\/www.instagram.com\/javi05gg?igsh=a2toM2xrbXkwYzdi\"><\/a><a class=\"fusion-social-network-icon fusion-tooltip fusion-linkedin awb-icon-linkedin\" style=\"color:var(--awb-color1);font-size:17px;width:17px;background-color:hsla(var(--awb-color5-h),var(--awb-color5-s),calc(var(--awb-color5-l) + 10%),var(--awb-color5-a));border-color:hsla(var(--awb-color5-h),var(--awb-color5-s),calc(var(--awb-color5-l) + 10%),var(--awb-color5-a));border-radius:4px;\" data-placement=\"top\" data-title=\"LinkedIn\" data-toggle=\"tooltip\" title=\"LinkedIn\" aria-label=\"linkedin\" target=\"_blank\" rel=\"noopener noreferrer\" href=\" https:\/\/www.linkedin.com\/in\/javier-gargon\"><\/a><\/div><\/div><\/div><\/div><\/div><\/div><\/div><\/div><div class=\"fusion-layout-column fusion_builder_column fusion-builder-column-20 fusion_builder_column_1_4 1_4 fusion-flex-column\" style=\"--awb-padding-top:10px;--awb-padding-right:10px;--awb-padding-bottom:80px;--awb-padding-left:10px;--awb-overflow:hidden;--awb-bg-size:cover;--awb-box-shadow:2px 2px 40px 0px hsla(var(--awb-color8-h),var(--awb-color8-s),var(--awb-color8-l),calc(var(--awb-color8-a) - 90%));;--awb-border-radius:10px 10px 10px 10px;--awb-width-large:25%;--awb-margin-top-large:40px;--awb-spacing-right-large:10px;--awb-margin-bottom-large:0px;--awb-spacing-left-large:10px;--awb-width-medium:50%;--awb-order-medium:0;--awb-spacing-right-medium:10px;--awb-spacing-left-medium:10px;--awb-width-small:100%;--awb-order-small:0;--awb-spacing-right-small:1.92%;--awb-margin-bottom-small:60px;--awb-spacing-left-small:1.92%;\"><div class=\"fusion-column-wrapper fusion-column-has-shadow fusion-flex-justify-content-flex-start fusion-content-layout-column\"><div class=\"fusion-builder-row fusion-builder-row-inner fusion-row fusion-flex-align-items-stretch fusion-flex-justify-content-center fusion-flex-content-wrap\" style=\"width:104% !important;max-width:104% !important;margin-left: calc(-4% \/ 2 );margin-right: calc(-4% \/ 2 );\"><div class=\"fusion-layout-column fusion_builder_column_inner fusion-builder-nested-column-36 fusion_builder_column_inner_1_1 1_1 fusion-flex-column\" style=\"--awb-container-position:absolute;--awb-bg-size:cover;--awb-width-large:100%;--awb-margin-top-large:0px;--awb-spacing-right-large:1.92%;--awb-margin-bottom-large:0px;--awb-spacing-left-large:1.92%;--awb-width-medium:100%;--awb-order-medium:0;--awb-spacing-right-medium:1.92%;--awb-spacing-left-medium:1.92%;--awb-width-small:100%;--awb-order-small:0;--awb-spacing-right-small:1.92%;--awb-spacing-left-small:1.92%;\"><div class=\"fusion-column-wrapper fusion-column-has-shadow fusion-flex-justify-content-flex-start fusion-content-layout-column\"><div class=\"fusion-image-element \" style=\"--awb-aspect-ratio:1 \/ 1;--awb-object-position:48% 60%;--awb-caption-title-font-family:var(--h2_typography-font-family);--awb-caption-title-font-weight:var(--h2_typography-font-weight);--awb-caption-title-font-style:var(--h2_typography-font-style);--awb-caption-title-size:var(--h2_typography-font-size);--awb-caption-title-transform:var(--h2_typography-text-transform);--awb-caption-title-line-height:var(--h2_typography-line-height);--awb-caption-title-letter-spacing:var(--h2_typography-letter-spacing);\"><span class=\" fusion-imageframe imageframe-none imageframe-37 hover-type-zoomin has-aspect-ratio\" style=\"border-radius:8px;\"><img decoding=\"async\" width=\"839\" height=\"654\" title=\"Javier Veiga\" src=\"https:\/\/turismososteniblekongresua.eus\/wp-content\/uploads\/2025\/09\/Javier-Veiga.jpg\" data-orig-src=\"https:\/\/turismososteniblekongresua.eus\/wp-content\/uploads\/2025\/09\/Javier-Veiga.jpg\" class=\"lazyload img-responsive wp-image-4242 img-with-aspect-ratio\" data-parent-fit=\"cover\" data-parent-container=\".fusion-image-element\" alt srcset=\"data:image\/svg+xml,%3Csvg%20xmlns%3D%27http%3A%2F%2Fwww.w3.org%2F2000%2Fsvg%27%20width%3D%27839%27%20height%3D%27654%27%20viewBox%3D%270%200%20839%20654%27%3E%3Crect%20width%3D%27839%27%20height%3D%27654%27%20fill-opacity%3D%220%22%2F%3E%3C%2Fsvg%3E\" data-srcset=\"https:\/\/turismososteniblekongresua.eus\/wp-content\/uploads\/2025\/09\/Javier-Veiga-200x156.jpg 200w, https:\/\/turismososteniblekongresua.eus\/wp-content\/uploads\/2025\/09\/Javier-Veiga-400x312.jpg 400w, https:\/\/turismososteniblekongresua.eus\/wp-content\/uploads\/2025\/09\/Javier-Veiga-600x468.jpg 600w, https:\/\/turismososteniblekongresua.eus\/wp-content\/uploads\/2025\/09\/Javier-Veiga-800x624.jpg 800w, https:\/\/turismososteniblekongresua.eus\/wp-content\/uploads\/2025\/09\/Javier-Veiga.jpg 839w\" data-sizes=\"auto\" data-orig-sizes=\"(max-width: 850px) 100vw, 839px\" \/><\/span><\/div><div class=\"fusion-title title fusion-title-39 fusion-sep-none fusion-title-center fusion-title-text fusion-title-size-five\" style=\"--awb-margin-top:15px;--awb-margin-bottom:5px;\"><h5 class=\"fusion-title-heading title-heading-center fusion-responsive-typography-calculated\" style=\"margin:0;text-transform:none;--fontSize:22;--minFontSize:22;line-height:1.3;\">Javier Veiga<\/h5><\/div><div class=\"fusion-text fusion-text-20\" style=\"--awb-content-alignment:center;--awb-line-height:1.35em;--awb-text-color:var(--awb-color4);\"><p>Antzerkiko, zinemako eta telebistako egile, aktore eta zuzendaria<\/p>\n<\/div><div style=\"text-align:center;\"><a class=\"fusion-button button-flat fusion-button-default-size button-custom fusion-button-default button-19 fusion-button-default-span fusion-button-default-type\" style=\"--button_accent_color:var(--awb-color1);--button_accent_hover_color:var(--awb-color1);--button_border_hover_color:var(--awb-color1);--button_gradient_top_color:var(--awb-color5);--button_gradient_bottom_color:var(--awb-color5);--button_gradient_top_color_hover:hsla(var(--awb-color6-h),calc(var(--awb-color6-s) - 5%),calc(var(--awb-color6-l) - 10%),var(--awb-color6-a));--button_gradient_bottom_color_hover:hsla(var(--awb-color6-h),calc(var(--awb-color6-s) - 5%),calc(var(--awb-color6-l) - 10%),var(--awb-color6-a));--button_padding-top:10px;--button_padding-right:20px;--button_padding-bottom:10px;--button_padding-left:20px;--button_margin-top:20px;\" target=\"_self\" title=\"Ver CV\" aria-label=\"Ver CV\" href=\"#\" data-toggle=\"modal\" data-target=\".fusion-modal.cv-javier-veiga\"><span class=\"fusion-button-text awb-button__text awb-button__text--default\">+ info<\/span><\/a><\/div><div class=\"fusion-modal modal fade modal-19 cv-javier-veiga\" tabindex=\"-1\" role=\"dialog\" aria-labelledby=\"modal-heading-19\" aria-hidden=\"true\" style=\"--awb-border-color:var(--awb-color3);--awb-background:var(--awb-color1);\"><div class=\"modal-dialog modal-lg\" role=\"document\"><div class=\"modal-content fusion-modal-content\"><div class=\"modal-header\"><button class=\"close\" type=\"button\" data-dismiss=\"modal\" aria-hidden=\"true\" aria-label=\"Close\">&times;<\/button><h3 class=\"modal-title\" id=\"modal-heading-19\" data-dismiss=\"modal\" aria-hidden=\"true\">Javier Veiga<\/h3><\/div><div class=\"modal-body fusion-clearfix\">\n<p>Antzerkiko, zinemako eta telebistako egile, aktore eta zuzendaria, ibilbide profesional luzea duena.<\/p>\n<p>Madrilgo Arte Dramatikoko Goi Mailako Errege Eskolan ikasi zuen, taula gainean antzezten hasi zen eta bere konpainia ere sortu zuen: Teatro Impar.Aldi berean, ikus-entzunezkoen arloan ere jardun zuen aurkezle-lanetan eta umorista gisa, urte batzuetan &#8216;El club de la comedia&#8217; telebista-saioan aritu baitzen, adibidez. Saio hori zela-eta Ondas Saria jaso zuen 2001ean. Horretaz gain, hainbat telesailetan lan egin zuen, \u2018Farmacia de guardia\u2019 edo \u20187 vidas\u2019 telesailetan, esaterako, eta film labur batzuk ere zuzendu zituen, hala nola \u2018\u00bfDe qu\u00e9 se r\u00eden las hienas?\u2019eta \u2018\u00a1S\u00e1lvame!\u2019.Lan horiengatik guztiengatik sari asko jaso zituen estatuko eta nazioarteko jaialdietan.Azken urte hauetan proiektu batzuk idatzi eta zuzendu ditu, hala nola &#8216;Peque\u00f1as coincidencias&#8217;, Amazon Prime Videon estreinatu den jatorrizko lehenengo sail espainiarra,<\/p>\n<p>\u2018Amigos hasta la muerte\u2019, bere \u00f3pera prima, eta \u2018Playa de lobos\u2019, bere hurrengo film luzea, Guillermo Francella aktore argentinarra protagonista duena.<\/p>\n<\/div><\/div><\/div><\/div><\/div><\/div><div class=\"fusion-layout-column fusion_builder_column_inner fusion-builder-nested-column-37 fusion_builder_column_inner_1_1 1_1 fusion-flex-column\" style=\"--awb-padding-bottom:35px;--awb-overflow:hidden;--awb-bg-color:var(--awb-color5);--awb-bg-color-hover:var(--awb-color5);--awb-bg-size:cover;--awb-border-radius:8px 8px 8px 8px;--awb-filter:opacity(0%);--awb-filter-transition:filter 0.3s ease;--awb-filter-hover:opacity(100%);--awb-filter-parent-hover:opacity(100%);--awb-width-large:100%;--awb-margin-top-large:0px;--awb-spacing-right-large:1.92%;--awb-margin-bottom-large:0px;--awb-spacing-left-large:1.92%;--awb-width-medium:100%;--awb-order-medium:0;--awb-spacing-right-medium:1.92%;--awb-spacing-left-medium:1.92%;--awb-width-small:100%;--awb-order-small:0;--awb-spacing-right-small:1.92%;--awb-spacing-left-small:1.92%;\"><div class=\"fusion-column-wrapper fusion-column-has-shadow fusion-flex-justify-content-flex-start fusion-content-layout-column\"><div class=\"fusion-image-element \" style=\"--awb-aspect-ratio:1 \/ 1;--awb-object-position:48% 55%;--awb-caption-title-font-family:var(--h2_typography-font-family);--awb-caption-title-font-weight:var(--h2_typography-font-weight);--awb-caption-title-font-style:var(--h2_typography-font-style);--awb-caption-title-size:var(--h2_typography-font-size);--awb-caption-title-transform:var(--h2_typography-text-transform);--awb-caption-title-line-height:var(--h2_typography-line-height);--awb-caption-title-letter-spacing:var(--h2_typography-letter-spacing);\"><span class=\" fusion-imageframe imageframe-none imageframe-38 hover-type-zoomin has-aspect-ratio\" style=\"border-radius:8px;\"><img decoding=\"async\" width=\"839\" height=\"654\" title=\"Javier Veiga\" src=\"https:\/\/turismososteniblekongresua.eus\/wp-content\/uploads\/2025\/09\/Javier-Veiga.jpg\" data-orig-src=\"https:\/\/turismososteniblekongresua.eus\/wp-content\/uploads\/2025\/09\/Javier-Veiga.jpg\" class=\"lazyload img-responsive wp-image-4242 img-with-aspect-ratio\" data-parent-fit=\"cover\" data-parent-container=\".fusion-image-element\" alt srcset=\"data:image\/svg+xml,%3Csvg%20xmlns%3D%27http%3A%2F%2Fwww.w3.org%2F2000%2Fsvg%27%20width%3D%27839%27%20height%3D%27654%27%20viewBox%3D%270%200%20839%20654%27%3E%3Crect%20width%3D%27839%27%20height%3D%27654%27%20fill-opacity%3D%220%22%2F%3E%3C%2Fsvg%3E\" data-srcset=\"https:\/\/turismososteniblekongresua.eus\/wp-content\/uploads\/2025\/09\/Javier-Veiga-200x156.jpg 200w, https:\/\/turismososteniblekongresua.eus\/wp-content\/uploads\/2025\/09\/Javier-Veiga-400x312.jpg 400w, https:\/\/turismososteniblekongresua.eus\/wp-content\/uploads\/2025\/09\/Javier-Veiga-600x468.jpg 600w, https:\/\/turismososteniblekongresua.eus\/wp-content\/uploads\/2025\/09\/Javier-Veiga-800x624.jpg 800w, https:\/\/turismososteniblekongresua.eus\/wp-content\/uploads\/2025\/09\/Javier-Veiga.jpg 839w\" data-sizes=\"auto\" data-orig-sizes=\"(max-width: 850px) 100vw, 839px\" \/><\/span><\/div><div class=\"fusion-title title fusion-title-40 fusion-sep-none fusion-title-center fusion-title-text fusion-title-size-five\" style=\"--awb-text-color:var(--awb-color1);--awb-margin-bottom:0px;--awb-margin-bottom-small:0px;\"><h5 class=\"fusion-title-heading title-heading-center fusion-responsive-typography-calculated\" style=\"margin:0;--fontSize:22;--minFontSize:22;line-height:1.3;\">Javier Veiga<\/h5><\/div><div class=\"fusion-social-links fusion-social-links-18\" style=\"--awb-margin-top:5px;--awb-margin-right:0px;--awb-margin-bottom:10px;--awb-margin-left:0px;--awb-margin-bottom-small:0px;--awb-alignment:center;--awb-box-border-top:0px;--awb-box-border-right:0px;--awb-box-border-bottom:0px;--awb-box-border-left:0px;--awb-icon-colors-hover:var(--awb-color5);--awb-box-colors-hover:var(--awb-color1);--awb-box-border-color:var(--awb-color3);--awb-box-border-color-hover:var(--awb-color4);\"><div class=\"fusion-social-networks boxed-icons color-type-custom\"><div class=\"fusion-social-networks-wrapper\"><a class=\"fusion-social-network-icon fusion-tooltip fusion-instagram awb-icon-instagram\" style=\"color:var(--awb-color1);font-size:17px;width:17px;background-color:hsla(var(--awb-color5-h),var(--awb-color5-s),calc(var(--awb-color5-l) + 10%),var(--awb-color5-a));border-color:hsla(var(--awb-color5-h),var(--awb-color5-s),calc(var(--awb-color5-l) + 10%),var(--awb-color5-a));border-radius:4px;\" data-placement=\"top\" data-title=\"Instagram\" data-toggle=\"tooltip\" title=\"Instagram\" aria-label=\"instagram\" target=\"_blank\" rel=\"noopener noreferrer\" href=\"https:\/\/www.instagram.com\/veigajavier\/?hl=es\"><\/a><\/div><\/div><\/div><\/div><\/div><\/div><\/div><\/div><div class=\"fusion-layout-column fusion_builder_column fusion-builder-column-21 fusion_builder_column_1_4 1_4 fusion-flex-column\" style=\"--awb-padding-top:10px;--awb-padding-right:10px;--awb-padding-bottom:80px;--awb-padding-left:10px;--awb-overflow:hidden;--awb-bg-size:cover;--awb-box-shadow:2px 2px 40px 0px hsla(var(--awb-color8-h),var(--awb-color8-s),var(--awb-color8-l),calc(var(--awb-color8-a) - 90%));;--awb-border-radius:10px 10px 10px 10px;--awb-width-large:25%;--awb-margin-top-large:40px;--awb-spacing-right-large:10px;--awb-margin-bottom-large:0px;--awb-spacing-left-large:10px;--awb-width-medium:50%;--awb-order-medium:0;--awb-spacing-right-medium:10px;--awb-spacing-left-medium:10px;--awb-width-small:100%;--awb-order-small:0;--awb-spacing-right-small:1.92%;--awb-margin-bottom-small:60px;--awb-spacing-left-small:1.92%;\"><div class=\"fusion-column-wrapper fusion-column-has-shadow fusion-flex-justify-content-flex-start fusion-content-layout-column\"><div class=\"fusion-builder-row fusion-builder-row-inner fusion-row fusion-flex-align-items-stretch fusion-flex-justify-content-center fusion-flex-content-wrap\" style=\"width:104% !important;max-width:104% !important;margin-left: calc(-4% \/ 2 );margin-right: calc(-4% \/ 2 );\"><div class=\"fusion-layout-column fusion_builder_column_inner fusion-builder-nested-column-38 fusion_builder_column_inner_1_1 1_1 fusion-flex-column\" style=\"--awb-container-position:absolute;--awb-bg-size:cover;--awb-width-large:100%;--awb-margin-top-large:0px;--awb-spacing-right-large:1.92%;--awb-margin-bottom-large:0px;--awb-spacing-left-large:1.92%;--awb-width-medium:100%;--awb-order-medium:0;--awb-spacing-right-medium:1.92%;--awb-spacing-left-medium:1.92%;--awb-width-small:100%;--awb-order-small:0;--awb-spacing-right-small:1.92%;--awb-spacing-left-small:1.92%;\"><div class=\"fusion-column-wrapper fusion-column-has-shadow fusion-flex-justify-content-flex-start fusion-content-layout-column\"><div class=\"fusion-image-element \" style=\"--awb-aspect-ratio:1 \/ 1;--awb-object-position:68% 54%;--awb-caption-title-font-family:var(--h2_typography-font-family);--awb-caption-title-font-weight:var(--h2_typography-font-weight);--awb-caption-title-font-style:var(--h2_typography-font-style);--awb-caption-title-size:var(--h2_typography-font-size);--awb-caption-title-transform:var(--h2_typography-text-transform);--awb-caption-title-line-height:var(--h2_typography-line-height);--awb-caption-title-letter-spacing:var(--h2_typography-letter-spacing);\"><span class=\" fusion-imageframe imageframe-none imageframe-39 hover-type-zoomin has-aspect-ratio\" style=\"border-radius:8px;\"><img decoding=\"async\" width=\"800\" height=\"534\" title=\"Jose Angel Preciados\" src=\"https:\/\/turismososteniblekongresua.eus\/wp-content\/uploads\/2025\/09\/Jose-Angel-Preciados.jpg\" data-orig-src=\"https:\/\/turismososteniblekongresua.eus\/wp-content\/uploads\/2025\/09\/Jose-Angel-Preciados.jpg\" class=\"lazyload img-responsive wp-image-3866 img-with-aspect-ratio\" data-parent-fit=\"cover\" data-parent-container=\".fusion-image-element\" alt srcset=\"data:image\/svg+xml,%3Csvg%20xmlns%3D%27http%3A%2F%2Fwww.w3.org%2F2000%2Fsvg%27%20width%3D%27800%27%20height%3D%27534%27%20viewBox%3D%270%200%20800%20534%27%3E%3Crect%20width%3D%27800%27%20height%3D%27534%27%20fill-opacity%3D%220%22%2F%3E%3C%2Fsvg%3E\" data-srcset=\"https:\/\/turismososteniblekongresua.eus\/wp-content\/uploads\/2025\/09\/Jose-Angel-Preciados-200x134.jpg 200w, https:\/\/turismososteniblekongresua.eus\/wp-content\/uploads\/2025\/09\/Jose-Angel-Preciados-400x267.jpg 400w, https:\/\/turismososteniblekongresua.eus\/wp-content\/uploads\/2025\/09\/Jose-Angel-Preciados-600x401.jpg 600w, https:\/\/turismososteniblekongresua.eus\/wp-content\/uploads\/2025\/09\/Jose-Angel-Preciados.jpg 800w\" data-sizes=\"auto\" data-orig-sizes=\"(max-width: 850px) 100vw, 800px\" \/><\/span><\/div><div class=\"fusion-title title fusion-title-41 fusion-sep-none fusion-title-center fusion-title-text fusion-title-size-five\" style=\"--awb-margin-top:15px;--awb-margin-bottom:5px;\"><h5 class=\"fusion-title-heading title-heading-center fusion-responsive-typography-calculated\" style=\"margin:0;--fontSize:22;--minFontSize:22;line-height:1.3;\">Jose \u00c1ngel Preciados<\/h5><\/div><div class=\"fusion-text fusion-text-21\" style=\"--awb-content-alignment:center;--awb-line-height:1.35em;--awb-text-color:var(--awb-color4);\"><p>ILUNION Hotels konpainiaren CEOa<\/p>\n<\/div><div style=\"text-align:center;\"><a class=\"fusion-button button-flat fusion-button-default-size button-custom fusion-button-default button-20 fusion-button-default-span fusion-button-default-type\" style=\"--button_accent_color:var(--awb-color1);--button_accent_hover_color:var(--awb-color1);--button_border_hover_color:var(--awb-color1);--button_gradient_top_color:var(--awb-color5);--button_gradient_bottom_color:var(--awb-color5);--button_gradient_top_color_hover:hsla(var(--awb-color6-h),calc(var(--awb-color6-s) - 5%),calc(var(--awb-color6-l) - 10%),var(--awb-color6-a));--button_gradient_bottom_color_hover:hsla(var(--awb-color6-h),calc(var(--awb-color6-s) - 5%),calc(var(--awb-color6-l) - 10%),var(--awb-color6-a));--button_padding-top:10px;--button_padding-right:20px;--button_padding-bottom:10px;--button_padding-left:20px;--button_margin-top:20px;\" target=\"_self\" title=\"Ver CV\" aria-label=\"Ver CV\" href=\"#\" data-toggle=\"modal\" data-target=\".fusion-modal.cv-joseangel-preciados\"><span class=\"fusion-button-text awb-button__text awb-button__text--default\">+ info<\/span><\/a><\/div><div class=\"fusion-modal modal fade modal-20 cv-joseangel-preciados\" tabindex=\"-1\" role=\"dialog\" aria-labelledby=\"modal-heading-20\" aria-hidden=\"true\" style=\"--awb-border-color:var(--awb-color3);--awb-background:var(--awb-color1);\"><div class=\"modal-dialog modal-lg\" role=\"document\"><div class=\"modal-content fusion-modal-content\"><div class=\"modal-header\"><button class=\"close\" type=\"button\" data-dismiss=\"modal\" aria-hidden=\"true\" aria-label=\"Close\">&times;<\/button><h3 class=\"modal-title\" id=\"modal-heading-20\" data-dismiss=\"modal\" aria-hidden=\"true\">Jose \u00c1ngel Preciados<\/h3><\/div><div class=\"modal-body fusion-clearfix\">\n<p>ILUNION Hotels konpainiaren CEOa, GrupoSocial ONCEren hotelkatea. Inpaktu soziala eta errentagarritasuna uztartzen dituen eredu aitzindari batenbultzatzailea, irisgarritasuna eta aniztasunaardatz dituena. Bere gidaritzapean, konpainiak kudeatzen ditu32 hotel eta 1.900 pertsonak osatutako plantilla inklusiboa.<\/p>\n<p>N<span style=\"letter-spacing: -0.255px;\">H Hoteletan hasi zuen ibilbidea eta 18 urtez aritu zen goi zuzendaritzako postuetan. Iru\u00f1eko Ostalaritzako Goi Eskolan eta programa exekutiboetan trebatua, nabarmentzekoa da Preciadosen ikuspegi eraldatzailea. Hainbat sari jaso ditu, Espainian eta nazioartean,berrikuntzaren, bezero esperientziaren eta aniztasunaren alorretan.<\/span><\/p>\n<\/div><\/div><\/div><\/div><\/div><\/div><div class=\"fusion-layout-column fusion_builder_column_inner fusion-builder-nested-column-39 fusion_builder_column_inner_1_1 1_1 fusion-flex-column\" style=\"--awb-padding-bottom:55px;--awb-overflow:hidden;--awb-bg-color:var(--awb-color5);--awb-bg-color-hover:var(--awb-color5);--awb-bg-size:cover;--awb-border-radius:8px 8px 8px 8px;--awb-filter:opacity(0%);--awb-filter-transition:filter 0.3s ease;--awb-filter-hover:opacity(100%);--awb-filter-parent-hover:opacity(100%);--awb-width-large:100%;--awb-margin-top-large:0px;--awb-spacing-right-large:1.92%;--awb-margin-bottom-large:0px;--awb-spacing-left-large:1.92%;--awb-width-medium:100%;--awb-order-medium:0;--awb-spacing-right-medium:1.92%;--awb-spacing-left-medium:1.92%;--awb-width-small:100%;--awb-order-small:0;--awb-spacing-right-small:1.92%;--awb-spacing-left-small:1.92%;\"><div class=\"fusion-column-wrapper fusion-column-has-shadow fusion-flex-justify-content-flex-start fusion-content-layout-column\"><div class=\"fusion-image-element \" style=\"--awb-aspect-ratio:1 \/ 1;--awb-object-position:63% 51%;--awb-caption-title-font-family:var(--h2_typography-font-family);--awb-caption-title-font-weight:var(--h2_typography-font-weight);--awb-caption-title-font-style:var(--h2_typography-font-style);--awb-caption-title-size:var(--h2_typography-font-size);--awb-caption-title-transform:var(--h2_typography-text-transform);--awb-caption-title-line-height:var(--h2_typography-line-height);--awb-caption-title-letter-spacing:var(--h2_typography-letter-spacing);\"><span class=\" fusion-imageframe imageframe-none imageframe-40 hover-type-zoomin has-aspect-ratio\" style=\"border-radius:8px;\"><img decoding=\"async\" width=\"800\" height=\"534\" title=\"Jose Angel Preciados\" src=\"https:\/\/turismososteniblekongresua.eus\/wp-content\/uploads\/2025\/09\/Jose-Angel-Preciados.jpg\" data-orig-src=\"https:\/\/turismososteniblekongresua.eus\/wp-content\/uploads\/2025\/09\/Jose-Angel-Preciados.jpg\" class=\"lazyload img-responsive wp-image-3866 img-with-aspect-ratio\" data-parent-fit=\"cover\" data-parent-container=\".fusion-image-element\" alt srcset=\"data:image\/svg+xml,%3Csvg%20xmlns%3D%27http%3A%2F%2Fwww.w3.org%2F2000%2Fsvg%27%20width%3D%27800%27%20height%3D%27534%27%20viewBox%3D%270%200%20800%20534%27%3E%3Crect%20width%3D%27800%27%20height%3D%27534%27%20fill-opacity%3D%220%22%2F%3E%3C%2Fsvg%3E\" data-srcset=\"https:\/\/turismososteniblekongresua.eus\/wp-content\/uploads\/2025\/09\/Jose-Angel-Preciados-200x134.jpg 200w, https:\/\/turismososteniblekongresua.eus\/wp-content\/uploads\/2025\/09\/Jose-Angel-Preciados-400x267.jpg 400w, https:\/\/turismososteniblekongresua.eus\/wp-content\/uploads\/2025\/09\/Jose-Angel-Preciados-600x401.jpg 600w, https:\/\/turismososteniblekongresua.eus\/wp-content\/uploads\/2025\/09\/Jose-Angel-Preciados.jpg 800w\" data-sizes=\"auto\" data-orig-sizes=\"(max-width: 850px) 100vw, 800px\" \/><\/span><\/div><div class=\"fusion-title title fusion-title-42 fusion-sep-none fusion-title-center fusion-title-text fusion-title-size-five\" style=\"--awb-text-color:var(--awb-color1);--awb-margin-bottom:0px;--awb-margin-bottom-small:0px;\"><h5 class=\"fusion-title-heading title-heading-center fusion-responsive-typography-calculated\" style=\"margin:0;--fontSize:22;--minFontSize:22;line-height:1.3;\">Jose \u00c1ngel Preciados<\/h5><\/div><div class=\"fusion-social-links fusion-social-links-19\" style=\"--awb-margin-top:5px;--awb-margin-right:0px;--awb-margin-bottom:10px;--awb-margin-left:0px;--awb-alignment:center;--awb-box-border-top:0px;--awb-box-border-right:0px;--awb-box-border-bottom:0px;--awb-box-border-left:0px;--awb-icon-colors-hover:var(--awb-color5);--awb-box-colors-hover:var(--awb-color1);--awb-box-border-color:var(--awb-color3);--awb-box-border-color-hover:var(--awb-color4);\"><div class=\"fusion-social-networks boxed-icons color-type-custom\"><div class=\"fusion-social-networks-wrapper\"><\/div><\/div><\/div><\/div><\/div><\/div><\/div><\/div><div class=\"fusion-layout-column fusion_builder_column fusion-builder-column-22 fusion_builder_column_1_4 1_4 fusion-flex-column\" style=\"--awb-padding-top:10px;--awb-padding-right:10px;--awb-padding-bottom:80px;--awb-padding-left:10px;--awb-overflow:hidden;--awb-bg-size:cover;--awb-box-shadow:2px 2px 40px 0px hsla(var(--awb-color8-h),var(--awb-color8-s),var(--awb-color8-l),calc(var(--awb-color8-a) - 90%));;--awb-border-radius:10px 10px 10px 10px;--awb-width-large:25%;--awb-margin-top-large:40px;--awb-spacing-right-large:10px;--awb-margin-bottom-large:0px;--awb-spacing-left-large:10px;--awb-width-medium:50%;--awb-order-medium:0;--awb-spacing-right-medium:10px;--awb-spacing-left-medium:10px;--awb-width-small:100%;--awb-order-small:0;--awb-spacing-right-small:1.92%;--awb-margin-bottom-small:60px;--awb-spacing-left-small:1.92%;\"><div class=\"fusion-column-wrapper fusion-column-has-shadow fusion-flex-justify-content-flex-start fusion-content-layout-column\"><div class=\"fusion-builder-row fusion-builder-row-inner fusion-row fusion-flex-align-items-stretch fusion-flex-justify-content-center fusion-flex-content-wrap\" style=\"width:104% !important;max-width:104% !important;margin-left: calc(-4% \/ 2 );margin-right: calc(-4% \/ 2 );\"><div class=\"fusion-layout-column fusion_builder_column_inner fusion-builder-nested-column-40 fusion_builder_column_inner_1_1 1_1 fusion-flex-column\" style=\"--awb-container-position:absolute;--awb-bg-size:cover;--awb-width-large:100%;--awb-margin-top-large:0px;--awb-spacing-right-large:1.92%;--awb-margin-bottom-large:0px;--awb-spacing-left-large:1.92%;--awb-width-medium:100%;--awb-order-medium:0;--awb-spacing-right-medium:1.92%;--awb-spacing-left-medium:1.92%;--awb-width-small:100%;--awb-order-small:0;--awb-spacing-right-small:1.92%;--awb-spacing-left-small:1.92%;\"><div class=\"fusion-column-wrapper fusion-column-has-shadow fusion-flex-justify-content-flex-start fusion-content-layout-column\"><div class=\"fusion-image-element \" style=\"--awb-aspect-ratio:1 \/ 1;--awb-object-position:58% 10%;--awb-caption-title-font-family:var(--h2_typography-font-family);--awb-caption-title-font-weight:var(--h2_typography-font-weight);--awb-caption-title-font-style:var(--h2_typography-font-style);--awb-caption-title-size:var(--h2_typography-font-size);--awb-caption-title-transform:var(--h2_typography-text-transform);--awb-caption-title-line-height:var(--h2_typography-line-height);--awb-caption-title-letter-spacing:var(--h2_typography-letter-spacing);\"><span class=\" fusion-imageframe imageframe-none imageframe-41 hover-type-zoomin has-aspect-ratio\" style=\"border-radius:8px;\"><img decoding=\"async\" width=\"1920\" height=\"2560\" title=\"MILL\u00c1S\" src=\"https:\/\/turismososteniblekongresua.eus\/wp-content\/uploads\/2025\/09\/MILLAS-scaled.jpg\" data-orig-src=\"https:\/\/turismososteniblekongresua.eus\/wp-content\/uploads\/2025\/09\/MILLAS-scaled.jpg\" class=\"lazyload img-responsive wp-image-3882 img-with-aspect-ratio\" data-parent-fit=\"cover\" data-parent-container=\".fusion-image-element\" alt srcset=\"data:image\/svg+xml,%3Csvg%20xmlns%3D%27http%3A%2F%2Fwww.w3.org%2F2000%2Fsvg%27%20width%3D%271920%27%20height%3D%272560%27%20viewBox%3D%270%200%201920%202560%27%3E%3Crect%20width%3D%271920%27%20height%3D%272560%27%20fill-opacity%3D%220%22%2F%3E%3C%2Fsvg%3E\" data-srcset=\"https:\/\/turismososteniblekongresua.eus\/wp-content\/uploads\/2025\/09\/MILLAS-200x267.jpg 200w, https:\/\/turismososteniblekongresua.eus\/wp-content\/uploads\/2025\/09\/MILLAS-400x533.jpg 400w, https:\/\/turismososteniblekongresua.eus\/wp-content\/uploads\/2025\/09\/MILLAS-600x800.jpg 600w, https:\/\/turismososteniblekongresua.eus\/wp-content\/uploads\/2025\/09\/MILLAS-800x1067.jpg 800w, https:\/\/turismososteniblekongresua.eus\/wp-content\/uploads\/2025\/09\/MILLAS-1200x1600.jpg 1200w, https:\/\/turismososteniblekongresua.eus\/wp-content\/uploads\/2025\/09\/MILLAS-scaled.jpg 1920w\" data-sizes=\"auto\" data-orig-sizes=\"(max-width: 850px) 100vw, 1920px\" \/><\/span><\/div><div class=\"fusion-title title fusion-title-43 fusion-sep-none fusion-title-center fusion-title-text fusion-title-size-five\" style=\"--awb-margin-top:15px;--awb-margin-bottom:5px;\"><h5 class=\"fusion-title-heading title-heading-center fusion-responsive-typography-calculated\" style=\"margin:0;--fontSize:22;--minFontSize:22;line-height:1.3;\">Juan Jos\u00e9 Mill\u00e1s<\/h5><\/div><div class=\"fusion-text fusion-text-22\" style=\"--awb-content-alignment:center;--awb-line-height:1.35em;--awb-text-color:var(--awb-color4);\"><p>Idazle eta kazetaria<\/p>\n<\/div><div style=\"text-align:center;\"><a class=\"fusion-button button-flat fusion-button-default-size button-custom fusion-button-default button-21 fusion-button-default-span fusion-button-default-type\" style=\"--button_accent_color:var(--awb-color1);--button_accent_hover_color:var(--awb-color1);--button_border_hover_color:var(--awb-color1);--button_gradient_top_color:var(--awb-color5);--button_gradient_bottom_color:var(--awb-color5);--button_gradient_top_color_hover:hsla(var(--awb-color6-h),calc(var(--awb-color6-s) - 5%),calc(var(--awb-color6-l) - 10%),var(--awb-color6-a));--button_gradient_bottom_color_hover:hsla(var(--awb-color6-h),calc(var(--awb-color6-s) - 5%),calc(var(--awb-color6-l) - 10%),var(--awb-color6-a));--button_padding-top:10px;--button_padding-right:20px;--button_padding-bottom:10px;--button_padding-left:20px;--button_margin-top:20px;\" target=\"_self\" title=\"Ver CV\" aria-label=\"Ver CV\" href=\"#\" data-toggle=\"modal\" data-target=\".fusion-modal.cv-juanjose-millas\"><span class=\"fusion-button-text awb-button__text awb-button__text--default\">+ info<\/span><\/a><\/div><div class=\"fusion-modal modal fade modal-21 cv-juanjose-millas\" tabindex=\"-1\" role=\"dialog\" aria-labelledby=\"modal-heading-21\" aria-hidden=\"true\" style=\"--awb-border-color:var(--awb-color3);--awb-background:var(--awb-color1);\"><div class=\"modal-dialog modal-lg\" role=\"document\"><div class=\"modal-content fusion-modal-content\"><div class=\"modal-header\"><button class=\"close\" type=\"button\" data-dismiss=\"modal\" aria-hidden=\"true\" aria-label=\"Close\">&times;<\/button><h3 class=\"modal-title\" id=\"modal-heading-21\" data-dismiss=\"modal\" aria-hidden=\"true\">Juan Jos\u00e9 Mill\u00e1s<\/h3><\/div><div class=\"modal-body fusion-clearfix\">\n<p>Espainiar idazle eta kazetaria da (Valentzia, 1946). Idazle oparoa izaki, bere idazlanak hogei hizkuntzatara baino gehiagotara itzuli dira eta sari garrantzitsuak ere irabazi ditu; honako eleberri hauek idatzi ditu, besteak beste: Cerbero son las sombras (1975, S\u00e9samo saria), Visi\u00f3n del ahogado (1977), El jard\u00edn vac\u00edo (1981), Papel mojado (1983), Letra muerta (1984), El desorden de tu nombre (1987), La soledad era esto (1990, Nadal saria), Volver a casa (1990), Tonto, muerto, bastardo e invisible (1995), El orden alfab\u00e9tico (1998), No mires debajo de la cama (1999), Dos mujeres en Praga (2002, Primavera saria), La ciudad (2005), Laura y Julio (2006), El mundo (2007, Planeta saria eta Narratibako sari nazionala), Lo que s\u00e9 de los hombrecillos (2010), La mujer loca (2014), Desde la sombra (2016), Mi verdadera historia (2017), Que nadie duerma (2018), La vida a ratos (2019) eta Solo humo (2023), baita kontakizunen liburuak eta artikulu-bildumak ere. Era berean, Juan Luis Arsuagarekin batera beste hauek idatzi ditu: La vida contada por un sapiens a un neandertal (2020) eta La muerte contada por un sapiens a un neandertal (2022). El Pa\u00eds egunkarian ohiko kolaboratzailea da, eta sotiltasunez, ironiaz eta originaltasunez beteriko zutabe eta artikuluak idazten ditu unean uneko gaiei buruz, konpromiso sozial irmoa adierazita; bestalde, Cadena SER irratiko A vivir saioan ere aritzen da. Aipatutakoez gain, kazetaritzaren arloan egindako lanagatik Mariano de Cavia, Miguel Delibes, Francisco Cerecedo, V\u00e1zquez Montalb\u00e1n eta Don Quijote sariak jaso ditu, baita Valentziako Generalitateko Premi de les Lletres 2022 saria ere.<\/p>\n<\/div><\/div><\/div><\/div><\/div><\/div><div class=\"fusion-layout-column fusion_builder_column_inner fusion-builder-nested-column-41 fusion_builder_column_inner_1_1 1_1 fusion-flex-column\" style=\"--awb-padding-bottom:55px;--awb-overflow:hidden;--awb-bg-color:var(--awb-color5);--awb-bg-color-hover:var(--awb-color5);--awb-bg-size:cover;--awb-border-radius:8px 8px 8px 8px;--awb-filter:opacity(0%);--awb-filter-transition:filter 0.3s ease;--awb-filter-hover:opacity(100%);--awb-filter-parent-hover:opacity(100%);--awb-width-large:100%;--awb-margin-top-large:0px;--awb-spacing-right-large:1.92%;--awb-margin-bottom-large:0px;--awb-spacing-left-large:1.92%;--awb-width-medium:100%;--awb-order-medium:0;--awb-spacing-right-medium:1.92%;--awb-spacing-left-medium:1.92%;--awb-width-small:100%;--awb-order-small:0;--awb-spacing-right-small:1.92%;--awb-spacing-left-small:1.92%;\"><div class=\"fusion-column-wrapper fusion-column-has-shadow fusion-flex-justify-content-flex-start fusion-content-layout-column\"><div class=\"fusion-image-element \" style=\"--awb-aspect-ratio:1 \/ 1;--awb-object-position:40% 17%;--awb-caption-title-font-family:var(--h2_typography-font-family);--awb-caption-title-font-weight:var(--h2_typography-font-weight);--awb-caption-title-font-style:var(--h2_typography-font-style);--awb-caption-title-size:var(--h2_typography-font-size);--awb-caption-title-transform:var(--h2_typography-text-transform);--awb-caption-title-line-height:var(--h2_typography-line-height);--awb-caption-title-letter-spacing:var(--h2_typography-letter-spacing);\"><span class=\" fusion-imageframe imageframe-none imageframe-42 hover-type-zoomin has-aspect-ratio\" style=\"border-radius:8px;\"><img decoding=\"async\" width=\"1920\" height=\"2560\" title=\"MILL\u00c1S\" src=\"https:\/\/turismososteniblekongresua.eus\/wp-content\/uploads\/2025\/09\/MILLAS-scaled.jpg\" data-orig-src=\"https:\/\/turismososteniblekongresua.eus\/wp-content\/uploads\/2025\/09\/MILLAS-scaled.jpg\" class=\"lazyload img-responsive wp-image-3882 img-with-aspect-ratio\" data-parent-fit=\"cover\" data-parent-container=\".fusion-image-element\" alt srcset=\"data:image\/svg+xml,%3Csvg%20xmlns%3D%27http%3A%2F%2Fwww.w3.org%2F2000%2Fsvg%27%20width%3D%271920%27%20height%3D%272560%27%20viewBox%3D%270%200%201920%202560%27%3E%3Crect%20width%3D%271920%27%20height%3D%272560%27%20fill-opacity%3D%220%22%2F%3E%3C%2Fsvg%3E\" data-srcset=\"https:\/\/turismososteniblekongresua.eus\/wp-content\/uploads\/2025\/09\/MILLAS-200x267.jpg 200w, https:\/\/turismososteniblekongresua.eus\/wp-content\/uploads\/2025\/09\/MILLAS-400x533.jpg 400w, https:\/\/turismososteniblekongresua.eus\/wp-content\/uploads\/2025\/09\/MILLAS-600x800.jpg 600w, https:\/\/turismososteniblekongresua.eus\/wp-content\/uploads\/2025\/09\/MILLAS-800x1067.jpg 800w, https:\/\/turismososteniblekongresua.eus\/wp-content\/uploads\/2025\/09\/MILLAS-1200x1600.jpg 1200w, https:\/\/turismososteniblekongresua.eus\/wp-content\/uploads\/2025\/09\/MILLAS-scaled.jpg 1920w\" data-sizes=\"auto\" data-orig-sizes=\"(max-width: 850px) 100vw, 1920px\" \/><\/span><\/div><div class=\"fusion-title title fusion-title-44 fusion-sep-none fusion-title-center fusion-title-text fusion-title-size-five\" style=\"--awb-text-color:var(--awb-color1);--awb-margin-bottom:0px;--awb-margin-bottom-small:0px;\"><h5 class=\"fusion-title-heading title-heading-center fusion-responsive-typography-calculated\" style=\"margin:0;--fontSize:22;--minFontSize:22;line-height:1.3;\">Juan Jos\u00e9 Mill\u00e1s<\/h5><\/div><div class=\"fusion-social-links fusion-social-links-20\" style=\"--awb-margin-top:5px;--awb-margin-right:0px;--awb-margin-bottom:10px;--awb-margin-left:0px;--awb-alignment:center;--awb-box-border-top:0px;--awb-box-border-right:0px;--awb-box-border-bottom:0px;--awb-box-border-left:0px;--awb-icon-colors-hover:var(--awb-color5);--awb-box-colors-hover:var(--awb-color1);--awb-box-border-color:var(--awb-color3);--awb-box-border-color-hover:var(--awb-color4);\"><div class=\"fusion-social-networks boxed-icons color-type-custom\"><div class=\"fusion-social-networks-wrapper\"><\/div><\/div><\/div><\/div><\/div><\/div><\/div><\/div><div class=\"fusion-layout-column fusion_builder_column fusion-builder-column-23 fusion_builder_column_1_4 1_4 fusion-flex-column\" style=\"--awb-padding-top:10px;--awb-padding-right:10px;--awb-padding-bottom:80px;--awb-padding-left:10px;--awb-overflow:hidden;--awb-bg-size:cover;--awb-box-shadow:2px 2px 40px 0px hsla(var(--awb-color8-h),var(--awb-color8-s),var(--awb-color8-l),calc(var(--awb-color8-a) - 90%));;--awb-border-radius:10px 10px 10px 10px;--awb-width-large:25%;--awb-margin-top-large:40px;--awb-spacing-right-large:10px;--awb-margin-bottom-large:0px;--awb-spacing-left-large:10px;--awb-width-medium:50%;--awb-order-medium:0;--awb-spacing-right-medium:10px;--awb-spacing-left-medium:10px;--awb-width-small:100%;--awb-order-small:0;--awb-spacing-right-small:1.92%;--awb-margin-bottom-small:60px;--awb-spacing-left-small:1.92%;\"><div class=\"fusion-column-wrapper fusion-column-has-shadow fusion-flex-justify-content-flex-start fusion-content-layout-column\"><div class=\"fusion-builder-row fusion-builder-row-inner fusion-row fusion-flex-align-items-stretch fusion-flex-justify-content-center fusion-flex-content-wrap\" style=\"width:104% !important;max-width:104% !important;margin-left: calc(-4% \/ 2 );margin-right: calc(-4% \/ 2 );\"><div class=\"fusion-layout-column fusion_builder_column_inner fusion-builder-nested-column-42 fusion_builder_column_inner_1_1 1_1 fusion-flex-column\" style=\"--awb-container-position:absolute;--awb-bg-size:cover;--awb-width-large:100%;--awb-margin-top-large:0px;--awb-spacing-right-large:1.92%;--awb-margin-bottom-large:0px;--awb-spacing-left-large:1.92%;--awb-width-medium:100%;--awb-order-medium:0;--awb-spacing-right-medium:1.92%;--awb-spacing-left-medium:1.92%;--awb-width-small:100%;--awb-order-small:0;--awb-spacing-right-small:1.92%;--awb-spacing-left-small:1.92%;\"><div class=\"fusion-column-wrapper fusion-column-has-shadow fusion-flex-justify-content-flex-start fusion-content-layout-column\"><div class=\"fusion-image-element \" style=\"--awb-aspect-ratio:1 \/ 1;--awb-object-position:57% 31%;--awb-caption-title-font-family:var(--h2_typography-font-family);--awb-caption-title-font-weight:var(--h2_typography-font-weight);--awb-caption-title-font-style:var(--h2_typography-font-style);--awb-caption-title-size:var(--h2_typography-font-size);--awb-caption-title-transform:var(--h2_typography-text-transform);--awb-caption-title-line-height:var(--h2_typography-line-height);--awb-caption-title-letter-spacing:var(--h2_typography-letter-spacing);\"><span class=\" fusion-imageframe imageframe-none imageframe-43 hover-type-zoomin has-aspect-ratio\" style=\"border-radius:8px;\"><img decoding=\"async\" width=\"1920\" height=\"2560\" title=\"ARSUAGA \u00a9JEOSM (63)\" src=\"https:\/\/turismososteniblekongresua.eus\/wp-content\/uploads\/2025\/09\/ARSUAGA-\u00a9JEOSM-63-scaled.jpg\" data-orig-src=\"https:\/\/turismososteniblekongresua.eus\/wp-content\/uploads\/2025\/09\/ARSUAGA-\u00a9JEOSM-63-scaled.jpg\" class=\"lazyload img-responsive wp-image-3881 img-with-aspect-ratio\" data-parent-fit=\"cover\" data-parent-container=\".fusion-image-element\" alt srcset=\"data:image\/svg+xml,%3Csvg%20xmlns%3D%27http%3A%2F%2Fwww.w3.org%2F2000%2Fsvg%27%20width%3D%271920%27%20height%3D%272560%27%20viewBox%3D%270%200%201920%202560%27%3E%3Crect%20width%3D%271920%27%20height%3D%272560%27%20fill-opacity%3D%220%22%2F%3E%3C%2Fsvg%3E\" data-srcset=\"https:\/\/turismososteniblekongresua.eus\/wp-content\/uploads\/2025\/09\/ARSUAGA-\u00a9JEOSM-63-200x267.jpg 200w, https:\/\/turismososteniblekongresua.eus\/wp-content\/uploads\/2025\/09\/ARSUAGA-\u00a9JEOSM-63-400x533.jpg 400w, https:\/\/turismososteniblekongresua.eus\/wp-content\/uploads\/2025\/09\/ARSUAGA-\u00a9JEOSM-63-600x800.jpg 600w, https:\/\/turismososteniblekongresua.eus\/wp-content\/uploads\/2025\/09\/ARSUAGA-\u00a9JEOSM-63-800x1067.jpg 800w, https:\/\/turismososteniblekongresua.eus\/wp-content\/uploads\/2025\/09\/ARSUAGA-\u00a9JEOSM-63-1200x1600.jpg 1200w, https:\/\/turismososteniblekongresua.eus\/wp-content\/uploads\/2025\/09\/ARSUAGA-\u00a9JEOSM-63-scaled.jpg 1920w\" data-sizes=\"auto\" data-orig-sizes=\"(max-width: 850px) 100vw, 1920px\" \/><\/span><\/div><div class=\"fusion-title title fusion-title-45 fusion-sep-none fusion-title-center fusion-title-text fusion-title-size-five\" style=\"--awb-margin-top:15px;--awb-margin-bottom:5px;\"><h5 class=\"fusion-title-heading title-heading-center fusion-responsive-typography-calculated\" style=\"margin:0;--fontSize:22;--minFontSize:22;line-height:1.3;\">Juan Luis Arsuaga<\/h5><\/div><div class=\"fusion-text fusion-text-23\" style=\"--awb-content-alignment:center;--awb-line-height:1.3em;--awb-text-color:var(--awb-color4);\"><p>Idazlea eta Paleontologiako katedraduna<\/p>\n<\/div><div style=\"text-align:center;\"><a class=\"fusion-button button-flat fusion-button-default-size button-custom fusion-button-default button-22 fusion-button-default-span fusion-button-default-type\" style=\"--button_accent_color:var(--awb-color1);--button_accent_hover_color:var(--awb-color1);--button_border_hover_color:var(--awb-color1);--button_gradient_top_color:var(--awb-color5);--button_gradient_bottom_color:var(--awb-color5);--button_gradient_top_color_hover:hsla(var(--awb-color6-h),calc(var(--awb-color6-s) - 5%),calc(var(--awb-color6-l) - 10%),var(--awb-color6-a));--button_gradient_bottom_color_hover:hsla(var(--awb-color6-h),calc(var(--awb-color6-s) - 5%),calc(var(--awb-color6-l) - 10%),var(--awb-color6-a));--button_padding-top:10px;--button_padding-right:20px;--button_padding-bottom:10px;--button_padding-left:20px;--button_margin-top:20px;\" target=\"_self\" title=\"Ver CV\" aria-label=\"Ver CV\" href=\"#\" data-toggle=\"modal\" data-target=\".fusion-modal.cv-juanluis-arsuaga\"><span class=\"fusion-button-text awb-button__text awb-button__text--default\">+ info<\/span><\/a><\/div><div class=\"fusion-modal modal fade modal-22 cv-juanluis-arsuaga\" tabindex=\"-1\" role=\"dialog\" aria-labelledby=\"modal-heading-22\" aria-hidden=\"true\" style=\"--awb-border-color:var(--awb-color3);--awb-background:var(--awb-color1);\"><div class=\"modal-dialog modal-lg\" role=\"document\"><div class=\"modal-content fusion-modal-content\"><div class=\"modal-header\"><button class=\"close\" type=\"button\" data-dismiss=\"modal\" aria-hidden=\"true\" aria-label=\"Close\">&times;<\/button><h3 class=\"modal-title\" id=\"modal-heading-22\" data-dismiss=\"modal\" aria-hidden=\"true\">Juan Luis Arsuaga<\/h3><\/div><div class=\"modal-body fusion-clearfix\">\n<p>Idazlea eta Paleontologiako katedraduna da (Madril, 1954). Atapuercako aztarnategietako ikerketa-taldeko kidea da 1982tik, eta 1991. urteaz geroztik, 1997an Ikerketa Zientifiko eta Teknikoko Asturiasko Printzea saria eta Gizarte Zientzien eta Giza Zientzien Gaztela eta Leon saria jaso zituen lantaldearen zuzendarikidea da. Obra hauek idatzi ditu, besteak beste: El collar del neandertal, La especie elegida, El mundo de Atapuerca, El reloj de Mr. Darwin, Breve historia de la Tierra (con nosotros dentro), El primer viaje de nuestra vida, Vida, la gran historia eta La vida contada por un sapiens a un neandertal (Juan Jos\u00e9 Mill\u00e1sekin batera).<\/p>\n<\/div><\/div><\/div><\/div><\/div><\/div><div class=\"fusion-layout-column fusion_builder_column_inner fusion-builder-nested-column-43 fusion_builder_column_inner_1_1 1_1 fusion-flex-column\" style=\"--awb-padding-bottom:55px;--awb-overflow:hidden;--awb-bg-color:var(--awb-color5);--awb-bg-color-hover:var(--awb-color5);--awb-bg-size:cover;--awb-border-radius:8px 8px 8px 8px;--awb-filter:opacity(0%);--awb-filter-transition:filter 0.3s ease;--awb-filter-hover:opacity(100%);--awb-filter-parent-hover:opacity(100%);--awb-width-large:100%;--awb-margin-top-large:0px;--awb-spacing-right-large:1.92%;--awb-margin-bottom-large:0px;--awb-spacing-left-large:1.92%;--awb-width-medium:100%;--awb-order-medium:0;--awb-spacing-right-medium:1.92%;--awb-spacing-left-medium:1.92%;--awb-width-small:100%;--awb-order-small:0;--awb-spacing-right-small:1.92%;--awb-spacing-left-small:1.92%;\"><div class=\"fusion-column-wrapper fusion-column-has-shadow fusion-flex-justify-content-flex-start fusion-content-layout-column\"><div class=\"fusion-image-element \" style=\"--awb-aspect-ratio:1 \/ 1;--awb-object-position:49% 33%;--awb-caption-title-font-family:var(--h2_typography-font-family);--awb-caption-title-font-weight:var(--h2_typography-font-weight);--awb-caption-title-font-style:var(--h2_typography-font-style);--awb-caption-title-size:var(--h2_typography-font-size);--awb-caption-title-transform:var(--h2_typography-text-transform);--awb-caption-title-line-height:var(--h2_typography-line-height);--awb-caption-title-letter-spacing:var(--h2_typography-letter-spacing);\"><span class=\" fusion-imageframe imageframe-none imageframe-44 hover-type-zoomin has-aspect-ratio\" style=\"border-radius:8px;\"><img decoding=\"async\" width=\"1920\" height=\"2560\" title=\"ARSUAGA \u00a9JEOSM (63)\" src=\"https:\/\/turismososteniblekongresua.eus\/wp-content\/uploads\/2025\/09\/ARSUAGA-\u00a9JEOSM-63-scaled.jpg\" data-orig-src=\"https:\/\/turismososteniblekongresua.eus\/wp-content\/uploads\/2025\/09\/ARSUAGA-\u00a9JEOSM-63-scaled.jpg\" class=\"lazyload img-responsive wp-image-3881 img-with-aspect-ratio\" data-parent-fit=\"cover\" data-parent-container=\".fusion-image-element\" alt srcset=\"data:image\/svg+xml,%3Csvg%20xmlns%3D%27http%3A%2F%2Fwww.w3.org%2F2000%2Fsvg%27%20width%3D%271920%27%20height%3D%272560%27%20viewBox%3D%270%200%201920%202560%27%3E%3Crect%20width%3D%271920%27%20height%3D%272560%27%20fill-opacity%3D%220%22%2F%3E%3C%2Fsvg%3E\" data-srcset=\"https:\/\/turismososteniblekongresua.eus\/wp-content\/uploads\/2025\/09\/ARSUAGA-\u00a9JEOSM-63-200x267.jpg 200w, https:\/\/turismososteniblekongresua.eus\/wp-content\/uploads\/2025\/09\/ARSUAGA-\u00a9JEOSM-63-400x533.jpg 400w, https:\/\/turismososteniblekongresua.eus\/wp-content\/uploads\/2025\/09\/ARSUAGA-\u00a9JEOSM-63-600x800.jpg 600w, https:\/\/turismososteniblekongresua.eus\/wp-content\/uploads\/2025\/09\/ARSUAGA-\u00a9JEOSM-63-800x1067.jpg 800w, https:\/\/turismososteniblekongresua.eus\/wp-content\/uploads\/2025\/09\/ARSUAGA-\u00a9JEOSM-63-1200x1600.jpg 1200w, https:\/\/turismososteniblekongresua.eus\/wp-content\/uploads\/2025\/09\/ARSUAGA-\u00a9JEOSM-63-scaled.jpg 1920w\" data-sizes=\"auto\" data-orig-sizes=\"(max-width: 850px) 100vw, 1920px\" \/><\/span><\/div><div class=\"fusion-title title fusion-title-46 fusion-sep-none fusion-title-center fusion-title-text fusion-title-size-five\" style=\"--awb-text-color:var(--awb-color1);--awb-margin-bottom:0px;--awb-margin-bottom-small:0px;\"><h5 class=\"fusion-title-heading title-heading-center fusion-responsive-typography-calculated\" style=\"margin:0;--fontSize:22;--minFontSize:22;line-height:1.3;\">Juan Luis Arsuaga<\/h5><\/div><div class=\"fusion-social-links fusion-social-links-21\" style=\"--awb-margin-top:5px;--awb-margin-right:0px;--awb-margin-bottom:10px;--awb-margin-left:0px;--awb-alignment:center;--awb-box-border-top:0px;--awb-box-border-right:0px;--awb-box-border-bottom:0px;--awb-box-border-left:0px;--awb-icon-colors-hover:var(--awb-color5);--awb-box-colors-hover:var(--awb-color1);--awb-box-border-color:var(--awb-color3);--awb-box-border-color-hover:var(--awb-color4);\"><div class=\"fusion-social-networks boxed-icons color-type-custom\"><div class=\"fusion-social-networks-wrapper\"><\/div><\/div><\/div><\/div><\/div><\/div><\/div><\/div><div class=\"fusion-layout-column fusion_builder_column fusion-builder-column-24 fusion_builder_column_1_4 1_4 fusion-flex-column\" style=\"--awb-padding-top:10px;--awb-padding-right:10px;--awb-padding-bottom:80px;--awb-padding-left:10px;--awb-overflow:hidden;--awb-bg-size:cover;--awb-box-shadow:2px 2px 40px 0px hsla(var(--awb-color8-h),var(--awb-color8-s),var(--awb-color8-l),calc(var(--awb-color8-a) - 90%));;--awb-border-radius:10px 10px 10px 10px;--awb-width-large:25%;--awb-margin-top-large:40px;--awb-spacing-right-large:10px;--awb-margin-bottom-large:0px;--awb-spacing-left-large:10px;--awb-width-medium:50%;--awb-order-medium:0;--awb-spacing-right-medium:10px;--awb-spacing-left-medium:10px;--awb-width-small:100%;--awb-order-small:0;--awb-spacing-right-small:1.92%;--awb-margin-bottom-small:60px;--awb-spacing-left-small:1.92%;\"><div class=\"fusion-column-wrapper fusion-column-has-shadow fusion-flex-justify-content-flex-start fusion-content-layout-column\"><div class=\"fusion-builder-row fusion-builder-row-inner fusion-row fusion-flex-align-items-stretch fusion-flex-justify-content-center fusion-flex-content-wrap\" style=\"width:104% !important;max-width:104% !important;margin-left: calc(-4% \/ 2 );margin-right: calc(-4% \/ 2 );\"><div class=\"fusion-layout-column fusion_builder_column_inner fusion-builder-nested-column-44 fusion_builder_column_inner_1_1 1_1 fusion-flex-column\" style=\"--awb-container-position:absolute;--awb-bg-size:cover;--awb-width-large:100%;--awb-margin-top-large:0px;--awb-spacing-right-large:1.92%;--awb-margin-bottom-large:0px;--awb-spacing-left-large:1.92%;--awb-width-medium:100%;--awb-order-medium:0;--awb-spacing-right-medium:1.92%;--awb-spacing-left-medium:1.92%;--awb-width-small:100%;--awb-order-small:0;--awb-spacing-right-small:1.92%;--awb-spacing-left-small:1.92%;\"><div class=\"fusion-column-wrapper fusion-column-has-shadow fusion-flex-justify-content-flex-start fusion-content-layout-column\"><div class=\"fusion-image-element \" style=\"--awb-aspect-ratio:1 \/ 1;--awb-object-position:48% 60%;--awb-caption-title-font-family:var(--h2_typography-font-family);--awb-caption-title-font-weight:var(--h2_typography-font-weight);--awb-caption-title-font-style:var(--h2_typography-font-style);--awb-caption-title-size:var(--h2_typography-font-size);--awb-caption-title-transform:var(--h2_typography-text-transform);--awb-caption-title-line-height:var(--h2_typography-line-height);--awb-caption-title-letter-spacing:var(--h2_typography-letter-spacing);\"><span class=\" fusion-imageframe imageframe-none imageframe-45 hover-type-zoomin has-aspect-ratio\" style=\"border-radius:8px;\"><img decoding=\"async\" width=\"1200\" height=\"1600\" title=\"Lara Ibiricu\" src=\"https:\/\/turismososteniblekongresua.eus\/wp-content\/uploads\/2025\/09\/Lara-Ibiricu.jpg\" data-orig-src=\"https:\/\/turismososteniblekongresua.eus\/wp-content\/uploads\/2025\/09\/Lara-Ibiricu.jpg\" class=\"lazyload img-responsive wp-image-4228 img-with-aspect-ratio\" data-parent-fit=\"cover\" data-parent-container=\".fusion-image-element\" alt srcset=\"data:image\/svg+xml,%3Csvg%20xmlns%3D%27http%3A%2F%2Fwww.w3.org%2F2000%2Fsvg%27%20width%3D%271200%27%20height%3D%271600%27%20viewBox%3D%270%200%201200%201600%27%3E%3Crect%20width%3D%271200%27%20height%3D%271600%27%20fill-opacity%3D%220%22%2F%3E%3C%2Fsvg%3E\" data-srcset=\"https:\/\/turismososteniblekongresua.eus\/wp-content\/uploads\/2025\/09\/Lara-Ibiricu-200x267.jpg 200w, https:\/\/turismososteniblekongresua.eus\/wp-content\/uploads\/2025\/09\/Lara-Ibiricu-400x533.jpg 400w, https:\/\/turismososteniblekongresua.eus\/wp-content\/uploads\/2025\/09\/Lara-Ibiricu-600x800.jpg 600w, https:\/\/turismososteniblekongresua.eus\/wp-content\/uploads\/2025\/09\/Lara-Ibiricu-800x1067.jpg 800w, https:\/\/turismososteniblekongresua.eus\/wp-content\/uploads\/2025\/09\/Lara-Ibiricu.jpg 1200w\" data-sizes=\"auto\" data-orig-sizes=\"(max-width: 850px) 100vw, 1200px\" \/><\/span><\/div><div class=\"fusion-title title fusion-title-47 fusion-sep-none fusion-title-center fusion-title-text fusion-title-size-five\" style=\"--awb-margin-top:15px;--awb-margin-bottom:5px;\"><h5 class=\"fusion-title-heading title-heading-center fusion-responsive-typography-calculated\" style=\"margin:0;text-transform:none;--fontSize:22;--minFontSize:22;line-height:1.3;\">Lara Ibiricu<\/h5><\/div><div class=\"fusion-text fusion-text-24\" style=\"--awb-content-alignment:center;--awb-line-height:1.35em;--awb-text-color:var(--awb-color4);\"><p>Salmenten eta ekitaldien arduraduna Mimo Bite the Experiencen<\/p>\n<\/div><div style=\"text-align:center;\"><a class=\"fusion-button button-flat fusion-button-default-size button-custom fusion-button-default button-23 fusion-button-default-span fusion-button-default-type\" style=\"--button_accent_color:var(--awb-color1);--button_accent_hover_color:var(--awb-color1);--button_border_hover_color:var(--awb-color1);--button_gradient_top_color:var(--awb-color5);--button_gradient_bottom_color:var(--awb-color5);--button_gradient_top_color_hover:hsla(var(--awb-color6-h),calc(var(--awb-color6-s) - 5%),calc(var(--awb-color6-l) - 10%),var(--awb-color6-a));--button_gradient_bottom_color_hover:hsla(var(--awb-color6-h),calc(var(--awb-color6-s) - 5%),calc(var(--awb-color6-l) - 10%),var(--awb-color6-a));--button_padding-top:10px;--button_padding-right:20px;--button_padding-bottom:10px;--button_padding-left:20px;--button_margin-top:20px;\" target=\"_self\" title=\"Ver CV\" aria-label=\"Ver CV\" href=\"#\" data-toggle=\"modal\" data-target=\".fusion-modal.cv-lara-ibiricu\"><span class=\"fusion-button-text awb-button__text awb-button__text--default\">+ info<\/span><\/a><\/div><div class=\"fusion-modal modal fade modal-23 cv-lara-ibiricu\" tabindex=\"-1\" role=\"dialog\" aria-labelledby=\"modal-heading-23\" aria-hidden=\"true\" style=\"--awb-border-color:var(--awb-color3);--awb-background:var(--awb-color1);\"><div class=\"modal-dialog modal-lg\" role=\"document\"><div class=\"modal-content fusion-modal-content\"><div class=\"modal-header\"><button class=\"close\" type=\"button\" data-dismiss=\"modal\" aria-hidden=\"true\" aria-label=\"Close\">&times;<\/button><h3 class=\"modal-title\" id=\"modal-heading-23\" data-dismiss=\"modal\" aria-hidden=\"true\">Lara Ibiricu<\/h3><\/div><div class=\"modal-body fusion-clearfix\">\n<p>10 urtetik gorako esperientzia dut ekitaldien kudeaketan, turismoan eta salmentetan. Gaur egun, salmenten arduraduna naiz Mimo Bite the Experiencen eta enpresaren kudeaketa komertziala gidatzeaz gain, agendak antolatzen ditut, fakturazioa eta kobrantzak egiten ditut eta bezeroekin harremanetan nago.<\/p>\n<p>Lan komertzialak prozesu digitalen optimizazioarekin uztartzen ditut, automatizazioak eta adimen artifiziala inplementatuz, efizientzia hobetzeko, akatsak murrizteko eta datuak estrategikoki aprobetxatzeko.2021. urteaz geroztik, aktiboki parte hartu nuen marka berria sortzen eta Mimo Bite the Experience merkaturatzen; funtsezkoa izan naiz proiektua sendotzeko.<\/p>\n<p>Prestakuntza hau dut: Itzulpengintza eta Interpretazioa (UPV\/EHU), Harreman Publikoetako eta Ekitaldien Antolaketako Masterra (BU) eta Unibertsitateko Aditua Erakunde Harremanetan eta Protokoloan (UNED).<\/p>\n<\/div><\/div><\/div><\/div><\/div><\/div><div class=\"fusion-layout-column fusion_builder_column_inner fusion-builder-nested-column-45 fusion_builder_column_inner_1_1 1_1 fusion-flex-column\" style=\"--awb-padding-bottom:35px;--awb-overflow:hidden;--awb-bg-color:var(--awb-color5);--awb-bg-color-hover:var(--awb-color5);--awb-bg-size:cover;--awb-border-radius:8px 8px 8px 8px;--awb-filter:opacity(0%);--awb-filter-transition:filter 0.3s ease;--awb-filter-hover:opacity(100%);--awb-filter-parent-hover:opacity(100%);--awb-width-large:100%;--awb-margin-top-large:0px;--awb-spacing-right-large:1.92%;--awb-margin-bottom-large:0px;--awb-spacing-left-large:1.92%;--awb-width-medium:100%;--awb-order-medium:0;--awb-spacing-right-medium:1.92%;--awb-spacing-left-medium:1.92%;--awb-width-small:100%;--awb-order-small:0;--awb-spacing-right-small:1.92%;--awb-spacing-left-small:1.92%;\" data-scroll-devices=\"small-visibility,medium-visibility,large-visibility\"><div class=\"fusion-column-wrapper fusion-column-has-shadow fusion-flex-justify-content-flex-start fusion-content-layout-column\"><div class=\"fusion-image-element \" style=\"--awb-aspect-ratio:1 \/ 1;--awb-object-position:48% 55%;--awb-caption-title-font-family:var(--h2_typography-font-family);--awb-caption-title-font-weight:var(--h2_typography-font-weight);--awb-caption-title-font-style:var(--h2_typography-font-style);--awb-caption-title-size:var(--h2_typography-font-size);--awb-caption-title-transform:var(--h2_typography-text-transform);--awb-caption-title-line-height:var(--h2_typography-line-height);--awb-caption-title-letter-spacing:var(--h2_typography-letter-spacing);\"><span class=\" fusion-imageframe imageframe-none imageframe-46 hover-type-zoomin has-aspect-ratio\" style=\"border-radius:8px;\"><img decoding=\"async\" width=\"1200\" height=\"1600\" title=\"Lara Ibiricu\" src=\"https:\/\/turismososteniblekongresua.eus\/wp-content\/uploads\/2025\/09\/Lara-Ibiricu.jpg\" data-orig-src=\"https:\/\/turismososteniblekongresua.eus\/wp-content\/uploads\/2025\/09\/Lara-Ibiricu.jpg\" class=\"lazyload img-responsive wp-image-4228 img-with-aspect-ratio\" data-parent-fit=\"cover\" data-parent-container=\".fusion-image-element\" alt srcset=\"data:image\/svg+xml,%3Csvg%20xmlns%3D%27http%3A%2F%2Fwww.w3.org%2F2000%2Fsvg%27%20width%3D%271200%27%20height%3D%271600%27%20viewBox%3D%270%200%201200%201600%27%3E%3Crect%20width%3D%271200%27%20height%3D%271600%27%20fill-opacity%3D%220%22%2F%3E%3C%2Fsvg%3E\" data-srcset=\"https:\/\/turismososteniblekongresua.eus\/wp-content\/uploads\/2025\/09\/Lara-Ibiricu-200x267.jpg 200w, https:\/\/turismososteniblekongresua.eus\/wp-content\/uploads\/2025\/09\/Lara-Ibiricu-400x533.jpg 400w, https:\/\/turismososteniblekongresua.eus\/wp-content\/uploads\/2025\/09\/Lara-Ibiricu-600x800.jpg 600w, https:\/\/turismososteniblekongresua.eus\/wp-content\/uploads\/2025\/09\/Lara-Ibiricu-800x1067.jpg 800w, https:\/\/turismososteniblekongresua.eus\/wp-content\/uploads\/2025\/09\/Lara-Ibiricu.jpg 1200w\" data-sizes=\"auto\" data-orig-sizes=\"(max-width: 850px) 100vw, 1200px\" \/><\/span><\/div><div class=\"fusion-title title fusion-title-48 fusion-sep-none fusion-title-center fusion-title-text fusion-title-size-five\" style=\"--awb-text-color:var(--awb-color1);--awb-margin-bottom:0px;--awb-margin-bottom-small:0px;\"><h5 class=\"fusion-title-heading title-heading-center fusion-responsive-typography-calculated\" style=\"margin:0;--fontSize:22;--minFontSize:22;line-height:1.3;\">Lara Ibiricu<\/h5><\/div><div class=\"fusion-social-links fusion-social-links-22\" style=\"--awb-margin-top:5px;--awb-margin-right:0px;--awb-margin-bottom:10px;--awb-margin-left:0px;--awb-alignment:center;--awb-box-border-top:0px;--awb-box-border-right:0px;--awb-box-border-bottom:0px;--awb-box-border-left:0px;--awb-icon-colors-hover:var(--awb-color5);--awb-box-colors-hover:var(--awb-color1);--awb-box-border-color:var(--awb-color3);--awb-box-border-color-hover:var(--awb-color4);\"><div class=\"fusion-social-networks boxed-icons color-type-custom\"><div class=\"fusion-social-networks-wrapper\"><a class=\"fusion-social-network-icon fusion-tooltip fusion-linkedin awb-icon-linkedin\" style=\"color:var(--awb-color1);font-size:17px;width:17px;background-color:hsla(var(--awb-color5-h),var(--awb-color5-s),calc(var(--awb-color5-l) + 10%),var(--awb-color5-a));border-color:hsla(var(--awb-color5-h),var(--awb-color5-s),calc(var(--awb-color5-l) + 10%),var(--awb-color5-a));border-radius:4px;\" data-placement=\"top\" data-title=\"LinkedIn\" data-toggle=\"tooltip\" title=\"LinkedIn\" aria-label=\"linkedin\" target=\"_blank\" rel=\"noopener noreferrer\" href=\"https:\/\/www.linkedin.com\/in\/lara-ibiricu-2092222a\"><\/a><\/div><\/div><\/div><\/div><\/div><\/div><\/div><\/div><div class=\"fusion-layout-column fusion_builder_column fusion-builder-column-25 fusion_builder_column_1_4 1_4 fusion-flex-column\" style=\"--awb-padding-top:10px;--awb-padding-right:10px;--awb-padding-bottom:80px;--awb-padding-left:10px;--awb-overflow:hidden;--awb-bg-size:cover;--awb-box-shadow:2px 2px 40px 0px hsla(var(--awb-color8-h),var(--awb-color8-s),var(--awb-color8-l),calc(var(--awb-color8-a) - 90%));;--awb-border-radius:10px 10px 10px 10px;--awb-width-large:25%;--awb-margin-top-large:40px;--awb-spacing-right-large:10px;--awb-margin-bottom-large:0px;--awb-spacing-left-large:10px;--awb-width-medium:50%;--awb-order-medium:0;--awb-spacing-right-medium:10px;--awb-spacing-left-medium:10px;--awb-width-small:100%;--awb-order-small:0;--awb-spacing-right-small:1.92%;--awb-margin-bottom-small:60px;--awb-spacing-left-small:1.92%;\"><div class=\"fusion-column-wrapper fusion-column-has-shadow fusion-flex-justify-content-flex-start fusion-content-layout-column\"><div class=\"fusion-builder-row fusion-builder-row-inner fusion-row fusion-flex-align-items-stretch fusion-flex-justify-content-center fusion-flex-content-wrap\" style=\"width:104% !important;max-width:104% !important;margin-left: calc(-4% \/ 2 );margin-right: calc(-4% \/ 2 );\"><div class=\"fusion-layout-column fusion_builder_column_inner fusion-builder-nested-column-46 fusion_builder_column_inner_1_1 1_1 fusion-flex-column\" style=\"--awb-container-position:absolute;--awb-bg-size:cover;--awb-width-large:100%;--awb-margin-top-large:0px;--awb-spacing-right-large:1.92%;--awb-margin-bottom-large:0px;--awb-spacing-left-large:1.92%;--awb-width-medium:100%;--awb-order-medium:0;--awb-spacing-right-medium:1.92%;--awb-spacing-left-medium:1.92%;--awb-width-small:100%;--awb-order-small:0;--awb-spacing-right-small:1.92%;--awb-spacing-left-small:1.92%;\"><div class=\"fusion-column-wrapper fusion-column-has-shadow fusion-flex-justify-content-flex-start fusion-content-layout-column\"><div class=\"fusion-image-element \" style=\"--awb-aspect-ratio:1 \/ 1;--awb-object-position:48% 60%;--awb-caption-title-font-family:var(--h2_typography-font-family);--awb-caption-title-font-weight:var(--h2_typography-font-weight);--awb-caption-title-font-style:var(--h2_typography-font-style);--awb-caption-title-size:var(--h2_typography-font-size);--awb-caption-title-transform:var(--h2_typography-text-transform);--awb-caption-title-line-height:var(--h2_typography-line-height);--awb-caption-title-letter-spacing:var(--h2_typography-letter-spacing);\"><span class=\" fusion-imageframe imageframe-none imageframe-47 hover-type-zoomin has-aspect-ratio\" style=\"border-radius:8px;\"><img decoding=\"async\" width=\"2181\" height=\"2560\" title=\"Lluis Serra SantPol\" src=\"https:\/\/turismososteniblekongresua.eus\/wp-content\/uploads\/2025\/09\/Lluis-Serra-SantPol-scaled.jpg\" data-orig-src=\"https:\/\/turismososteniblekongresua.eus\/wp-content\/uploads\/2025\/09\/Lluis-Serra-SantPol-scaled.jpg\" class=\"lazyload img-responsive wp-image-3885 img-with-aspect-ratio\" data-parent-fit=\"cover\" data-parent-container=\".fusion-image-element\" alt srcset=\"data:image\/svg+xml,%3Csvg%20xmlns%3D%27http%3A%2F%2Fwww.w3.org%2F2000%2Fsvg%27%20width%3D%272181%27%20height%3D%272560%27%20viewBox%3D%270%200%202181%202560%27%3E%3Crect%20width%3D%272181%27%20height%3D%272560%27%20fill-opacity%3D%220%22%2F%3E%3C%2Fsvg%3E\" data-srcset=\"https:\/\/turismososteniblekongresua.eus\/wp-content\/uploads\/2025\/09\/Lluis-Serra-SantPol-200x235.jpg 200w, https:\/\/turismososteniblekongresua.eus\/wp-content\/uploads\/2025\/09\/Lluis-Serra-SantPol-400x469.jpg 400w, https:\/\/turismososteniblekongresua.eus\/wp-content\/uploads\/2025\/09\/Lluis-Serra-SantPol-600x704.jpg 600w, https:\/\/turismososteniblekongresua.eus\/wp-content\/uploads\/2025\/09\/Lluis-Serra-SantPol-800x939.jpg 800w, https:\/\/turismososteniblekongresua.eus\/wp-content\/uploads\/2025\/09\/Lluis-Serra-SantPol-1200x1408.jpg 1200w, https:\/\/turismososteniblekongresua.eus\/wp-content\/uploads\/2025\/09\/Lluis-Serra-SantPol-scaled.jpg 2181w\" data-sizes=\"auto\" data-orig-sizes=\"(max-width: 850px) 100vw, 2181px\" \/><\/span><\/div><div class=\"fusion-title title fusion-title-49 fusion-sep-none fusion-title-center fusion-title-text fusion-title-size-five\" style=\"--awb-margin-top:15px;--awb-margin-bottom:5px;\"><h5 class=\"fusion-title-heading title-heading-center fusion-responsive-typography-calculated\" style=\"margin:0;text-transform:none;--fontSize:22;--minFontSize:22;line-height:1.3;\">Lluis Serra<\/h5><\/div><div class=\"fusion-text fusion-text-25\" style=\"--awb-content-alignment:center;--awb-line-height:1.35em;--awb-text-color:var(--awb-color4);\"><p>EUHOFA International erakundearen Europa hegoaldeko presidentea<\/p>\n<\/div><div style=\"text-align:center;\"><a class=\"fusion-button button-flat fusion-button-default-size button-custom fusion-button-default button-24 fusion-button-default-span fusion-button-default-type\" style=\"--button_accent_color:var(--awb-color1);--button_accent_hover_color:var(--awb-color1);--button_border_hover_color:var(--awb-color1);--button_gradient_top_color:var(--awb-color5);--button_gradient_bottom_color:var(--awb-color5);--button_gradient_top_color_hover:hsla(var(--awb-color6-h),calc(var(--awb-color6-s) - 5%),calc(var(--awb-color6-l) - 10%),var(--awb-color6-a));--button_gradient_bottom_color_hover:hsla(var(--awb-color6-h),calc(var(--awb-color6-s) - 5%),calc(var(--awb-color6-l) - 10%),var(--awb-color6-a));--button_padding-top:10px;--button_padding-right:20px;--button_padding-bottom:10px;--button_padding-left:20px;--button_margin-top:20px;\" target=\"_self\" title=\"Ver CV\" aria-label=\"Ver CV\" href=\"#\" data-toggle=\"modal\" data-target=\".fusion-modal.cv-lluis-serra\"><span class=\"fusion-button-text awb-button__text awb-button__text--default\">+ info<\/span><\/a><\/div><div class=\"fusion-modal modal fade modal-24 cv-lluis-serra\" tabindex=\"-1\" role=\"dialog\" aria-labelledby=\"modal-heading-24\" aria-hidden=\"true\" style=\"--awb-border-color:var(--awb-color3);--awb-background:var(--awb-color1);\"><div class=\"modal-dialog modal-lg\" role=\"document\"><div class=\"modal-content fusion-modal-content\"><div class=\"modal-header\"><button class=\"close\" type=\"button\" data-dismiss=\"modal\" aria-hidden=\"true\" aria-label=\"Close\">&times;<\/button><h3 class=\"modal-title\" id=\"modal-heading-24\" data-dismiss=\"modal\" aria-hidden=\"true\">Lluis Serra<\/h3><\/div><div class=\"modal-body fusion-clearfix\">\n<p>Hotel Administrazioan lizentziaduna New Yorkeko Cornell Unibertsitatean, San Francisco, Miami eta Bartzelonako hoteletan lan egin du. Hotelen sektorean duen esperientziak eragina izan du hotelen eta jatetxeen zuzendaritza formakuntzari buruzko bere ikuspegian. SantPol de Mar-eko Hotel eta Turismoko Unibertsitate Eskolako zuzendari nagusia eta kontseilari delegatua da. 1966an sortua eta gaur egun Gironako Unibertsitateari atxikia, eskola aitzindaria da Europan. Bertan, bat egiten dute lanbidearen eta akademiaren munduek, eta etorkizuneko profesionalen formakuntza egokiena ahalbidetzen du horrek. QS WorldUniversity Rankingaren arabera, Espainiako hotel eta turismo unibertsitaterik onena da, eta munduko 14garrena. Formakuntza teknikoa eta unibertsitate arlokoa eskaintzen ditu, eta masterrak, hotel eta jatetxe zuzendaritzan eta sukaldaritzaalorrean.<\/p>\n<p>EUHOFA International erakundearen Europa hegoaldeko lehen presidentea da, hotel, turismo eta gastronomia eskolen nazioarteko elkarte garrantzitsuena 1955. urteaz geroztik, 5 kontinenteetako 150 eskola onenak biltzen dituena.<\/p>\n<p>Gainera, sektoreko enpresen aholkularia eta kontseilaria izan da edo da, bai eta administrazio edo gobernu batzuena ere; hala nola Bartzelonako Diputazioa, Kataluniako Generalitatea edo Saudi Arabiako Turismo Ministerioa.<\/p>\n<\/div><\/div><\/div><\/div><\/div><\/div><div class=\"fusion-layout-column fusion_builder_column_inner fusion-builder-nested-column-47 fusion_builder_column_inner_1_1 1_1 fusion-flex-column\" style=\"--awb-padding-bottom:35px;--awb-overflow:hidden;--awb-bg-color:var(--awb-color5);--awb-bg-color-hover:var(--awb-color5);--awb-bg-size:cover;--awb-border-radius:8px 8px 8px 8px;--awb-filter:opacity(0%);--awb-filter-transition:filter 0.3s ease;--awb-filter-hover:opacity(100%);--awb-filter-parent-hover:opacity(100%);--awb-width-large:100%;--awb-margin-top-large:0px;--awb-spacing-right-large:1.92%;--awb-margin-bottom-large:0px;--awb-spacing-left-large:1.92%;--awb-width-medium:100%;--awb-order-medium:0;--awb-spacing-right-medium:1.92%;--awb-spacing-left-medium:1.92%;--awb-width-small:100%;--awb-order-small:0;--awb-spacing-right-small:1.92%;--awb-spacing-left-small:1.92%;\" data-scroll-devices=\"small-visibility,medium-visibility,large-visibility\"><div class=\"fusion-column-wrapper fusion-column-has-shadow fusion-flex-justify-content-flex-start fusion-content-layout-column\"><div class=\"fusion-image-element \" style=\"--awb-aspect-ratio:1 \/ 1;--awb-object-position:48% 55%;--awb-caption-title-font-family:var(--h2_typography-font-family);--awb-caption-title-font-weight:var(--h2_typography-font-weight);--awb-caption-title-font-style:var(--h2_typography-font-style);--awb-caption-title-size:var(--h2_typography-font-size);--awb-caption-title-transform:var(--h2_typography-text-transform);--awb-caption-title-line-height:var(--h2_typography-line-height);--awb-caption-title-letter-spacing:var(--h2_typography-letter-spacing);\"><span class=\" fusion-imageframe imageframe-none imageframe-48 hover-type-zoomin has-aspect-ratio\" style=\"border-radius:8px;\"><img decoding=\"async\" width=\"2181\" height=\"2560\" title=\"Lluis Serra SantPol\" src=\"https:\/\/turismososteniblekongresua.eus\/wp-content\/uploads\/2025\/09\/Lluis-Serra-SantPol-scaled.jpg\" data-orig-src=\"https:\/\/turismososteniblekongresua.eus\/wp-content\/uploads\/2025\/09\/Lluis-Serra-SantPol-scaled.jpg\" class=\"lazyload img-responsive wp-image-3885 img-with-aspect-ratio\" data-parent-fit=\"cover\" data-parent-container=\".fusion-image-element\" alt srcset=\"data:image\/svg+xml,%3Csvg%20xmlns%3D%27http%3A%2F%2Fwww.w3.org%2F2000%2Fsvg%27%20width%3D%272181%27%20height%3D%272560%27%20viewBox%3D%270%200%202181%202560%27%3E%3Crect%20width%3D%272181%27%20height%3D%272560%27%20fill-opacity%3D%220%22%2F%3E%3C%2Fsvg%3E\" data-srcset=\"https:\/\/turismososteniblekongresua.eus\/wp-content\/uploads\/2025\/09\/Lluis-Serra-SantPol-200x235.jpg 200w, https:\/\/turismososteniblekongresua.eus\/wp-content\/uploads\/2025\/09\/Lluis-Serra-SantPol-400x469.jpg 400w, https:\/\/turismososteniblekongresua.eus\/wp-content\/uploads\/2025\/09\/Lluis-Serra-SantPol-600x704.jpg 600w, https:\/\/turismososteniblekongresua.eus\/wp-content\/uploads\/2025\/09\/Lluis-Serra-SantPol-800x939.jpg 800w, https:\/\/turismososteniblekongresua.eus\/wp-content\/uploads\/2025\/09\/Lluis-Serra-SantPol-1200x1408.jpg 1200w, https:\/\/turismososteniblekongresua.eus\/wp-content\/uploads\/2025\/09\/Lluis-Serra-SantPol-scaled.jpg 2181w\" data-sizes=\"auto\" data-orig-sizes=\"(max-width: 850px) 100vw, 2181px\" \/><\/span><\/div><div class=\"fusion-title title fusion-title-50 fusion-sep-none fusion-title-center fusion-title-text fusion-title-size-five\" style=\"--awb-text-color:var(--awb-color1);--awb-margin-bottom:0px;--awb-margin-bottom-small:0px;\"><h5 class=\"fusion-title-heading title-heading-center fusion-responsive-typography-calculated\" style=\"margin:0;--fontSize:22;--minFontSize:22;line-height:1.3;\">Lluis Serra<\/h5><\/div><div class=\"fusion-social-links fusion-social-links-23\" style=\"--awb-margin-top:5px;--awb-margin-right:0px;--awb-margin-bottom:10px;--awb-margin-left:0px;--awb-alignment:center;--awb-box-border-top:0px;--awb-box-border-right:0px;--awb-box-border-bottom:0px;--awb-box-border-left:0px;--awb-icon-colors-hover:var(--awb-color5);--awb-box-colors-hover:var(--awb-color1);--awb-box-border-color:var(--awb-color3);--awb-box-border-color-hover:var(--awb-color4);\"><div class=\"fusion-social-networks boxed-icons color-type-custom\"><div class=\"fusion-social-networks-wrapper\"><a class=\"fusion-social-network-icon fusion-tooltip fusion-linkedin awb-icon-linkedin\" style=\"color:var(--awb-color1);font-size:17px;width:17px;background-color:hsla(var(--awb-color5-h),var(--awb-color5-s),calc(var(--awb-color5-l) + 10%),var(--awb-color5-a));border-color:hsla(var(--awb-color5-h),var(--awb-color5-s),calc(var(--awb-color5-l) + 10%),var(--awb-color5-a));border-radius:4px;\" data-placement=\"top\" data-title=\"LinkedIn\" data-toggle=\"tooltip\" title=\"LinkedIn\" aria-label=\"linkedin\" target=\"_blank\" rel=\"noopener noreferrer\" href=\"https:\/\/www.linkedin.com\/in\/lluisserragras\/\"><\/a><\/div><\/div><\/div><\/div><\/div><\/div><\/div><\/div><div class=\"fusion-layout-column fusion_builder_column fusion-builder-column-26 fusion_builder_column_1_4 1_4 fusion-flex-column\" style=\"--awb-padding-top:10px;--awb-padding-right:10px;--awb-padding-bottom:80px;--awb-padding-left:10px;--awb-overflow:hidden;--awb-bg-size:cover;--awb-box-shadow:2px 2px 40px 0px hsla(var(--awb-color8-h),var(--awb-color8-s),var(--awb-color8-l),calc(var(--awb-color8-a) - 90%));;--awb-border-radius:10px 10px 10px 10px;--awb-width-large:25%;--awb-margin-top-large:40px;--awb-spacing-right-large:10px;--awb-margin-bottom-large:0px;--awb-spacing-left-large:10px;--awb-width-medium:50%;--awb-order-medium:0;--awb-spacing-right-medium:10px;--awb-spacing-left-medium:10px;--awb-width-small:100%;--awb-order-small:0;--awb-spacing-right-small:1.92%;--awb-margin-bottom-small:60px;--awb-spacing-left-small:1.92%;\"><div class=\"fusion-column-wrapper fusion-column-has-shadow fusion-flex-justify-content-flex-start fusion-content-layout-column\"><div class=\"fusion-builder-row fusion-builder-row-inner fusion-row fusion-flex-align-items-stretch fusion-flex-justify-content-center fusion-flex-content-wrap\" style=\"width:104% !important;max-width:104% !important;margin-left: calc(-4% \/ 2 );margin-right: calc(-4% \/ 2 );\"><div class=\"fusion-layout-column fusion_builder_column_inner fusion-builder-nested-column-48 fusion_builder_column_inner_1_1 1_1 fusion-flex-column\" style=\"--awb-container-position:absolute;--awb-bg-size:cover;--awb-width-large:100%;--awb-margin-top-large:0px;--awb-spacing-right-large:1.92%;--awb-margin-bottom-large:0px;--awb-spacing-left-large:1.92%;--awb-width-medium:100%;--awb-order-medium:0;--awb-spacing-right-medium:1.92%;--awb-spacing-left-medium:1.92%;--awb-width-small:100%;--awb-order-small:0;--awb-spacing-right-small:1.92%;--awb-spacing-left-small:1.92%;\"><div class=\"fusion-column-wrapper fusion-column-has-shadow fusion-flex-justify-content-flex-start fusion-content-layout-column\"><div class=\"fusion-image-element \" style=\"--awb-aspect-ratio:1 \/ 1;--awb-object-position:45% 65%;--awb-caption-title-font-family:var(--h2_typography-font-family);--awb-caption-title-font-weight:var(--h2_typography-font-weight);--awb-caption-title-font-style:var(--h2_typography-font-style);--awb-caption-title-size:var(--h2_typography-font-size);--awb-caption-title-transform:var(--h2_typography-text-transform);--awb-caption-title-line-height:var(--h2_typography-line-height);--awb-caption-title-letter-spacing:var(--h2_typography-letter-spacing);\"><span class=\" fusion-imageframe imageframe-none imageframe-49 hover-type-zoomin has-aspect-ratio\" style=\"border-radius:8px;\"><img decoding=\"async\" width=\"800\" height=\"1000\" title=\"luz-marina\" src=\"https:\/\/turismososteniblekongresua.eus\/wp-content\/uploads\/2025\/10\/luz-marina.jpg\" data-orig-src=\"https:\/\/turismososteniblekongresua.eus\/wp-content\/uploads\/2025\/10\/luz-marina.jpg\" class=\"lazyload img-responsive wp-image-4319 img-with-aspect-ratio\" data-parent-fit=\"cover\" data-parent-container=\".fusion-image-element\" alt srcset=\"data:image\/svg+xml,%3Csvg%20xmlns%3D%27http%3A%2F%2Fwww.w3.org%2F2000%2Fsvg%27%20width%3D%27800%27%20height%3D%271000%27%20viewBox%3D%270%200%20800%201000%27%3E%3Crect%20width%3D%27800%27%20height%3D%271000%27%20fill-opacity%3D%220%22%2F%3E%3C%2Fsvg%3E\" data-srcset=\"https:\/\/turismososteniblekongresua.eus\/wp-content\/uploads\/2025\/10\/luz-marina-200x250.jpg 200w, https:\/\/turismososteniblekongresua.eus\/wp-content\/uploads\/2025\/10\/luz-marina-400x500.jpg 400w, https:\/\/turismososteniblekongresua.eus\/wp-content\/uploads\/2025\/10\/luz-marina-600x750.jpg 600w, https:\/\/turismososteniblekongresua.eus\/wp-content\/uploads\/2025\/10\/luz-marina.jpg 800w\" data-sizes=\"auto\" data-orig-sizes=\"(max-width: 850px) 100vw, 800px\" \/><\/span><\/div><div class=\"fusion-title title fusion-title-51 fusion-sep-none fusion-title-center fusion-title-text fusion-title-size-five\" style=\"--awb-margin-top:15px;--awb-margin-bottom:5px;\"><h5 class=\"fusion-title-heading title-heading-center fusion-responsive-typography-calculated\" style=\"margin:0;text-transform:none;--fontSize:22;--minFontSize:22;line-height:1.3;\">Luz Marina Gil L\u00f3pez de Pablo<\/h5><\/div><div class=\"fusion-text fusion-text-26\" style=\"--awb-content-alignment:center;--awb-line-height:1.35em;--awb-text-color:var(--awb-color4);\"><p>Teknikaria turismo irisgarrian, TUR4all arloa &#8211; Impulsa Igualdad<\/p>\n<\/div><div style=\"text-align:center;\"><a class=\"fusion-button button-flat fusion-button-default-size button-custom fusion-button-default button-25 fusion-button-default-span fusion-button-default-type\" style=\"--button_accent_color:var(--awb-color1);--button_accent_hover_color:var(--awb-color1);--button_border_hover_color:var(--awb-color1);--button_gradient_top_color:var(--awb-color5);--button_gradient_bottom_color:var(--awb-color5);--button_gradient_top_color_hover:hsla(var(--awb-color6-h),calc(var(--awb-color6-s) - 5%),calc(var(--awb-color6-l) - 10%),var(--awb-color6-a));--button_gradient_bottom_color_hover:hsla(var(--awb-color6-h),calc(var(--awb-color6-s) - 5%),calc(var(--awb-color6-l) - 10%),var(--awb-color6-a));--button_padding-top:10px;--button_padding-right:20px;--button_padding-bottom:10px;--button_padding-left:20px;--button_margin-top:20px;\" target=\"_self\" title=\"Ver CV\" aria-label=\"Ver CV\" href=\"#\" data-toggle=\"modal\" data-target=\".fusion-modal.cv-luz-marina\"><span class=\"fusion-button-text awb-button__text awb-button__text--default\">+ info<\/span><\/a><\/div><div class=\"fusion-modal modal fade modal-25 cv-luz-marina\" tabindex=\"-1\" role=\"dialog\" aria-labelledby=\"modal-heading-25\" aria-hidden=\"true\" style=\"--awb-border-color:var(--awb-color3);--awb-background:var(--awb-color1);\"><div class=\"modal-dialog modal-lg\" role=\"document\"><div class=\"modal-content fusion-modal-content\"><div class=\"modal-header\"><button class=\"close\" type=\"button\" data-dismiss=\"modal\" aria-hidden=\"true\" aria-label=\"Close\">&times;<\/button><h3 class=\"modal-title\" id=\"modal-heading-25\" data-dismiss=\"modal\" aria-hidden=\"true\">Luz Marina Gil L\u00f3pez de Pablo <\/h3><\/div><div class=\"modal-body fusion-clearfix\">\n<p>Rey Juan Carlos Unibertsitatean (Fuenlabrada) graduatu zen Turismoan.<\/p>\n<p>Taldeko kide da eta turismo irisgarriko teknikari-lanetan aritzen da, turismo irisgarritasunaren arloko sentsibilizazioak eta prestakuntzak prestatzen eta ematen esku hartzen du, baita helmuga turistikoetarako sustapen-ekitaldiak antolatzen ere. Horrez gain, IMPULSA IGUALDAD ordezkatzen du jardunaldi, azoka edo kongresu turistikoetan. Arlo honetako turismo irisgarriko proiektuak koordinatzen eta egiten parte hartzen du: gidak, eskuliburuak, bisitak eta establezimenduetarako irisgarritasunari buruzko auditoriak eta interesgunea.<\/p>\n<p>TUR4all plataforman eta enpresaren ekintza komertzial turistikoetan laguntzen du, eta, gainera, turismo irisgarriko proposamen teknikoak egiten parte hartzen du.<\/p>\n<p>Azkenik, turismo-irisgarritasunaren arloko beste proiektu batzuetan parte hartzen du, baita turismo irisgarriko plan estrategikoak eta Irisgarritasunari eta Turismo Irisgarriari buruzko aholkularitza-planak egiten ere, bereziki <em>Helmuga Turistiko Adimendunak<\/em> proiektuan parte hartu du.<\/p>\n<\/div><\/div><\/div><\/div><\/div><\/div><div class=\"fusion-layout-column fusion_builder_column_inner fusion-builder-nested-column-49 fusion_builder_column_inner_1_1 1_1 fusion-flex-column\" style=\"--awb-padding-bottom:65px;--awb-padding-bottom-small:45px;--awb-overflow:hidden;--awb-bg-color:var(--awb-color5);--awb-bg-color-hover:var(--awb-color5);--awb-bg-size:cover;--awb-border-radius:8px 8px 8px 8px;--awb-filter:opacity(0%);--awb-filter-transition:filter 0.3s ease;--awb-filter-hover:opacity(100%);--awb-filter-parent-hover:opacity(100%);--awb-width-large:100%;--awb-margin-top-large:0px;--awb-spacing-right-large:1.92%;--awb-margin-bottom-large:0px;--awb-spacing-left-large:1.92%;--awb-width-medium:100%;--awb-order-medium:0;--awb-spacing-right-medium:1.92%;--awb-spacing-left-medium:1.92%;--awb-width-small:100%;--awb-order-small:0;--awb-spacing-right-small:1.92%;--awb-spacing-left-small:1.92%;\" data-scroll-devices=\"small-visibility,medium-visibility,large-visibility\"><div class=\"fusion-column-wrapper fusion-column-has-shadow fusion-flex-justify-content-flex-start fusion-content-layout-column\"><div class=\"fusion-image-element \" style=\"--awb-aspect-ratio:1 \/ 1;--awb-object-position:42% 65%;--awb-caption-title-font-family:var(--h2_typography-font-family);--awb-caption-title-font-weight:var(--h2_typography-font-weight);--awb-caption-title-font-style:var(--h2_typography-font-style);--awb-caption-title-size:var(--h2_typography-font-size);--awb-caption-title-transform:var(--h2_typography-text-transform);--awb-caption-title-line-height:var(--h2_typography-line-height);--awb-caption-title-letter-spacing:var(--h2_typography-letter-spacing);\"><span class=\" fusion-imageframe imageframe-none imageframe-50 hover-type-zoomin has-aspect-ratio\" style=\"border-radius:8px;\"><img decoding=\"async\" width=\"800\" height=\"1000\" title=\"luz-marina\" src=\"https:\/\/turismososteniblekongresua.eus\/wp-content\/uploads\/2025\/10\/luz-marina.jpg\" data-orig-src=\"https:\/\/turismososteniblekongresua.eus\/wp-content\/uploads\/2025\/10\/luz-marina.jpg\" class=\"lazyload img-responsive wp-image-4319 img-with-aspect-ratio\" data-parent-fit=\"cover\" data-parent-container=\".fusion-image-element\" alt srcset=\"data:image\/svg+xml,%3Csvg%20xmlns%3D%27http%3A%2F%2Fwww.w3.org%2F2000%2Fsvg%27%20width%3D%27800%27%20height%3D%271000%27%20viewBox%3D%270%200%20800%201000%27%3E%3Crect%20width%3D%27800%27%20height%3D%271000%27%20fill-opacity%3D%220%22%2F%3E%3C%2Fsvg%3E\" data-srcset=\"https:\/\/turismososteniblekongresua.eus\/wp-content\/uploads\/2025\/10\/luz-marina-200x250.jpg 200w, https:\/\/turismososteniblekongresua.eus\/wp-content\/uploads\/2025\/10\/luz-marina-400x500.jpg 400w, https:\/\/turismososteniblekongresua.eus\/wp-content\/uploads\/2025\/10\/luz-marina-600x750.jpg 600w, https:\/\/turismososteniblekongresua.eus\/wp-content\/uploads\/2025\/10\/luz-marina.jpg 800w\" data-sizes=\"auto\" data-orig-sizes=\"(max-width: 850px) 100vw, 800px\" \/><\/span><\/div><div class=\"fusion-title title fusion-title-52 fusion-sep-none fusion-title-center fusion-title-text fusion-title-size-five\" style=\"--awb-text-color:var(--awb-color1);--awb-margin-bottom:0px;--awb-margin-bottom-small:0px;\"><h5 class=\"fusion-title-heading title-heading-center fusion-responsive-typography-calculated\" style=\"margin:0;--fontSize:22;--minFontSize:22;line-height:1.3;\">Luz Marina Gil L\u00f3pez de Pablo<\/h5><\/div><\/div><\/div><\/div><\/div><\/div><div class=\"fusion-layout-column fusion_builder_column fusion-builder-column-27 fusion_builder_column_1_4 1_4 fusion-flex-column\" style=\"--awb-padding-top:10px;--awb-padding-right:10px;--awb-padding-bottom:80px;--awb-padding-left:10px;--awb-overflow:hidden;--awb-bg-size:cover;--awb-box-shadow:2px 2px 40px 0px hsla(var(--awb-color8-h),var(--awb-color8-s),var(--awb-color8-l),calc(var(--awb-color8-a) - 90%));;--awb-border-radius:10px 10px 10px 10px;--awb-width-large:25%;--awb-margin-top-large:40px;--awb-spacing-right-large:10px;--awb-margin-bottom-large:0px;--awb-spacing-left-large:10px;--awb-width-medium:50%;--awb-order-medium:0;--awb-spacing-right-medium:10px;--awb-spacing-left-medium:10px;--awb-width-small:100%;--awb-order-small:0;--awb-spacing-right-small:1.92%;--awb-margin-bottom-small:60px;--awb-spacing-left-small:1.92%;\"><div class=\"fusion-column-wrapper fusion-column-has-shadow fusion-flex-justify-content-flex-start fusion-content-layout-column\"><div class=\"fusion-builder-row fusion-builder-row-inner fusion-row fusion-flex-align-items-stretch fusion-flex-justify-content-center fusion-flex-content-wrap\" style=\"width:104% !important;max-width:104% !important;margin-left: calc(-4% \/ 2 );margin-right: calc(-4% \/ 2 );\"><div class=\"fusion-layout-column fusion_builder_column_inner fusion-builder-nested-column-50 fusion_builder_column_inner_1_1 1_1 fusion-flex-column\" style=\"--awb-container-position:absolute;--awb-bg-size:cover;--awb-width-large:100%;--awb-margin-top-large:0px;--awb-spacing-right-large:1.92%;--awb-margin-bottom-large:0px;--awb-spacing-left-large:1.92%;--awb-width-medium:100%;--awb-order-medium:0;--awb-spacing-right-medium:1.92%;--awb-spacing-left-medium:1.92%;--awb-width-small:100%;--awb-order-small:0;--awb-spacing-right-small:1.92%;--awb-spacing-left-small:1.92%;\"><div class=\"fusion-column-wrapper fusion-column-has-shadow fusion-flex-justify-content-flex-start fusion-content-layout-column\"><div class=\"fusion-image-element \" style=\"--awb-aspect-ratio:1 \/ 1;--awb-object-position:73% 63%;--awb-caption-title-font-family:var(--h2_typography-font-family);--awb-caption-title-font-weight:var(--h2_typography-font-weight);--awb-caption-title-font-style:var(--h2_typography-font-style);--awb-caption-title-size:var(--h2_typography-font-size);--awb-caption-title-transform:var(--h2_typography-text-transform);--awb-caption-title-line-height:var(--h2_typography-line-height);--awb-caption-title-letter-spacing:var(--h2_typography-letter-spacing);\"><span class=\" fusion-imageframe imageframe-none imageframe-51 hover-type-zoomin has-aspect-ratio\" style=\"border-radius:8px;\"><img decoding=\"async\" width=\"2560\" height=\"1709\" title=\"Maite Mateo\" src=\"https:\/\/turismososteniblekongresua.eus\/wp-content\/uploads\/2025\/09\/Maite-Mateo-scaled.jpg\" data-orig-src=\"https:\/\/turismososteniblekongresua.eus\/wp-content\/uploads\/2025\/09\/Maite-Mateo-scaled.jpg\" class=\"lazyload img-responsive wp-image-3886 img-with-aspect-ratio\" data-parent-fit=\"cover\" data-parent-container=\".fusion-image-element\" alt srcset=\"data:image\/svg+xml,%3Csvg%20xmlns%3D%27http%3A%2F%2Fwww.w3.org%2F2000%2Fsvg%27%20width%3D%272560%27%20height%3D%271709%27%20viewBox%3D%270%200%202560%201709%27%3E%3Crect%20width%3D%272560%27%20height%3D%271709%27%20fill-opacity%3D%220%22%2F%3E%3C%2Fsvg%3E\" data-srcset=\"https:\/\/turismososteniblekongresua.eus\/wp-content\/uploads\/2025\/09\/Maite-Mateo-200x134.jpg 200w, https:\/\/turismososteniblekongresua.eus\/wp-content\/uploads\/2025\/09\/Maite-Mateo-400x267.jpg 400w, https:\/\/turismososteniblekongresua.eus\/wp-content\/uploads\/2025\/09\/Maite-Mateo-600x401.jpg 600w, https:\/\/turismososteniblekongresua.eus\/wp-content\/uploads\/2025\/09\/Maite-Mateo-800x534.jpg 800w, https:\/\/turismososteniblekongresua.eus\/wp-content\/uploads\/2025\/09\/Maite-Mateo-1200x801.jpg 1200w, https:\/\/turismososteniblekongresua.eus\/wp-content\/uploads\/2025\/09\/Maite-Mateo-scaled.jpg 2560w\" data-sizes=\"auto\" data-orig-sizes=\"(max-width: 850px) 100vw, 2560px\" \/><\/span><\/div><div class=\"fusion-title title fusion-title-53 fusion-sep-none fusion-title-center fusion-title-text fusion-title-size-five\" style=\"--awb-margin-top:15px;--awb-margin-bottom:5px;\"><h5 class=\"fusion-title-heading title-heading-center fusion-responsive-typography-calculated\" style=\"margin:0;text-transform:none;--fontSize:22;--minFontSize:22;line-height:1.3;\">Maite Mateo<\/h5><\/div><div class=\"fusion-text fusion-text-27\" style=\"--awb-content-alignment:center;--awb-line-height:1.35em;--awb-text-color:var(--awb-color4);\"><p>Turismo enpresetan espezializatutako aholkulari komertziala<\/p>\n<\/div><div style=\"text-align:center;\"><a class=\"fusion-button button-flat fusion-button-default-size button-custom fusion-button-default button-26 fusion-button-default-span fusion-button-default-type\" style=\"--button_accent_color:var(--awb-color1);--button_accent_hover_color:var(--awb-color1);--button_border_hover_color:var(--awb-color1);--button_gradient_top_color:var(--awb-color5);--button_gradient_bottom_color:var(--awb-color5);--button_gradient_top_color_hover:hsla(var(--awb-color6-h),calc(var(--awb-color6-s) - 5%),calc(var(--awb-color6-l) - 10%),var(--awb-color6-a));--button_gradient_bottom_color_hover:hsla(var(--awb-color6-h),calc(var(--awb-color6-s) - 5%),calc(var(--awb-color6-l) - 10%),var(--awb-color6-a));--button_padding-top:10px;--button_padding-right:20px;--button_padding-bottom:10px;--button_padding-left:20px;--button_margin-top:20px;\" target=\"_self\" title=\"Ver CV\" aria-label=\"Ver CV\" href=\"#\" data-toggle=\"modal\" data-target=\".fusion-modal.cv-maite-mateo\"><span class=\"fusion-button-text awb-button__text awb-button__text--default\">+ info<\/span><\/a><\/div><div class=\"fusion-modal modal fade modal-26 cv-maite-mateo\" tabindex=\"-1\" role=\"dialog\" aria-labelledby=\"modal-heading-26\" aria-hidden=\"true\" style=\"--awb-border-color:var(--awb-color3);--awb-background:var(--awb-color1);\"><div class=\"modal-dialog modal-lg\" role=\"document\"><div class=\"modal-content fusion-modal-content\"><div class=\"modal-header\"><button class=\"close\" type=\"button\" data-dismiss=\"modal\" aria-hidden=\"true\" aria-label=\"Close\">&times;<\/button><h3 class=\"modal-title\" id=\"modal-heading-26\" data-dismiss=\"modal\" aria-hidden=\"true\">Maite Mateo<\/h3><\/div><div class=\"modal-body fusion-clearfix\">\n<p>Turismo enpresetan espezializatutako aholkulari komertziala, 27 urteko esperientziarekin hotel sektorean. Ekonomia eta Enpresa Zientzietan lizentziaduna EHUn, formakuntza du Hotel Gerentzian (UPM), Hotel Zuzendaritza eta F&amp;Bn (Ostelea) eta Adimen Emozionalean (UNIR), eta ziurtagiria Euskadiko Turismoaren Kode Etikoan. Hotel enblematikoen irekierak gidatu ditu, Marugal kudeatzailearekin,bai eta bere kontura ere (hala nola Arima Hotela, ArrizulCongress edo Sukha), eta marka berritzaileak garatu eta aholkatu ditu (IrrisarriBusinessLand eta In JarsConcept). Mateoren ikuspegiak uztartzen ditu estrategia komertziala, adimen emozionalari lotutako salmenten formakuntza eta jasangarritasunarekiko konpromisoa. Gipuzkoako Turismo Hub-arekin kolaboratzen du eta lantaldeak trebatu ditu Mir\u00f3, Sagarlore eta Zerupe bezalako hoteletan.<\/p>\n<p>Bere proiektu batzuek berrikuntza eta jasangarritasun sariak jaso dituzte, Eusko Jaurlaritzaren, Nafarroako Gobernuaren eta Gipuzkoako Foru Aldundiaren eskutik. Mateok ikuspegi integral, etiko eta eraldatzaile batetik egiten du lan.<\/p>\n<\/div><\/div><\/div><\/div><\/div><\/div><div class=\"fusion-layout-column fusion_builder_column_inner fusion-builder-nested-column-51 fusion_builder_column_inner_1_1 1_1 fusion-flex-column\" style=\"--awb-padding-bottom:35px;--awb-overflow:hidden;--awb-bg-color:var(--awb-color5);--awb-bg-color-hover:var(--awb-color5);--awb-bg-size:cover;--awb-border-radius:8px 8px 8px 8px;--awb-filter:opacity(0%);--awb-filter-transition:filter 0.3s ease;--awb-filter-hover:opacity(100%);--awb-filter-parent-hover:opacity(100%);--awb-width-large:100%;--awb-margin-top-large:0px;--awb-spacing-right-large:1.92%;--awb-margin-bottom-large:0px;--awb-spacing-left-large:1.92%;--awb-width-medium:100%;--awb-order-medium:0;--awb-spacing-right-medium:1.92%;--awb-spacing-left-medium:1.92%;--awb-width-small:100%;--awb-order-small:0;--awb-spacing-right-small:1.92%;--awb-spacing-left-small:1.92%;\" data-scroll-devices=\"small-visibility,medium-visibility,large-visibility\"><div class=\"fusion-column-wrapper fusion-column-has-shadow fusion-flex-justify-content-flex-start fusion-content-layout-column\"><div class=\"fusion-image-element \" style=\"--awb-aspect-ratio:1 \/ 1;--awb-object-position:73% 60%;--awb-caption-title-font-family:var(--h2_typography-font-family);--awb-caption-title-font-weight:var(--h2_typography-font-weight);--awb-caption-title-font-style:var(--h2_typography-font-style);--awb-caption-title-size:var(--h2_typography-font-size);--awb-caption-title-transform:var(--h2_typography-text-transform);--awb-caption-title-line-height:var(--h2_typography-line-height);--awb-caption-title-letter-spacing:var(--h2_typography-letter-spacing);\"><span class=\" fusion-imageframe imageframe-none imageframe-52 hover-type-zoomin has-aspect-ratio\" style=\"border-radius:8px;\"><img decoding=\"async\" width=\"2560\" height=\"1709\" title=\"Maite Mateo\" src=\"https:\/\/turismososteniblekongresua.eus\/wp-content\/uploads\/2025\/09\/Maite-Mateo-scaled.jpg\" data-orig-src=\"https:\/\/turismososteniblekongresua.eus\/wp-content\/uploads\/2025\/09\/Maite-Mateo-scaled.jpg\" class=\"lazyload img-responsive wp-image-3886 img-with-aspect-ratio\" data-parent-fit=\"cover\" data-parent-container=\".fusion-image-element\" alt srcset=\"data:image\/svg+xml,%3Csvg%20xmlns%3D%27http%3A%2F%2Fwww.w3.org%2F2000%2Fsvg%27%20width%3D%272560%27%20height%3D%271709%27%20viewBox%3D%270%200%202560%201709%27%3E%3Crect%20width%3D%272560%27%20height%3D%271709%27%20fill-opacity%3D%220%22%2F%3E%3C%2Fsvg%3E\" data-srcset=\"https:\/\/turismososteniblekongresua.eus\/wp-content\/uploads\/2025\/09\/Maite-Mateo-200x134.jpg 200w, https:\/\/turismososteniblekongresua.eus\/wp-content\/uploads\/2025\/09\/Maite-Mateo-400x267.jpg 400w, https:\/\/turismososteniblekongresua.eus\/wp-content\/uploads\/2025\/09\/Maite-Mateo-600x401.jpg 600w, https:\/\/turismososteniblekongresua.eus\/wp-content\/uploads\/2025\/09\/Maite-Mateo-800x534.jpg 800w, https:\/\/turismososteniblekongresua.eus\/wp-content\/uploads\/2025\/09\/Maite-Mateo-1200x801.jpg 1200w, https:\/\/turismososteniblekongresua.eus\/wp-content\/uploads\/2025\/09\/Maite-Mateo-scaled.jpg 2560w\" data-sizes=\"auto\" data-orig-sizes=\"(max-width: 850px) 100vw, 2560px\" \/><\/span><\/div><div class=\"fusion-title title fusion-title-54 fusion-sep-none fusion-title-center fusion-title-text fusion-title-size-five\" style=\"--awb-text-color:var(--awb-color1);--awb-margin-bottom:0px;--awb-margin-bottom-small:0px;\"><h5 class=\"fusion-title-heading title-heading-center fusion-responsive-typography-calculated\" style=\"margin:0;--fontSize:22;--minFontSize:22;line-height:1.3;\">Maite Mateo<\/h5><\/div><div class=\"fusion-social-links fusion-social-links-24\" style=\"--awb-margin-top:5px;--awb-margin-right:0px;--awb-margin-bottom:10px;--awb-margin-left:0px;--awb-alignment:center;--awb-box-border-top:0px;--awb-box-border-right:0px;--awb-box-border-bottom:0px;--awb-box-border-left:0px;--awb-icon-colors-hover:var(--awb-color5);--awb-box-colors-hover:var(--awb-color1);--awb-box-border-color:var(--awb-color3);--awb-box-border-color-hover:var(--awb-color4);\"><div class=\"fusion-social-networks boxed-icons color-type-custom\"><div class=\"fusion-social-networks-wrapper\"><a class=\"fusion-social-network-icon fusion-tooltip fusion-linkedin awb-icon-linkedin\" style=\"color:var(--awb-color1);font-size:17px;width:17px;background-color:hsla(var(--awb-color5-h),var(--awb-color5-s),calc(var(--awb-color5-l) + 10%),var(--awb-color5-a));border-color:hsla(var(--awb-color5-h),var(--awb-color5-s),calc(var(--awb-color5-l) + 10%),var(--awb-color5-a));border-radius:4px;\" data-placement=\"top\" data-title=\"LinkedIn\" data-toggle=\"tooltip\" title=\"LinkedIn\" aria-label=\"linkedin\" target=\"_blank\" rel=\"noopener noreferrer\" href=\"https:\/\/www.linkedin.com\/in\/maitemateo\/\"><\/a><a class=\"fusion-social-network-icon fusion-tooltip fusion-blogger awb-icon-blogger\" style=\"color:var(--awb-color1);font-size:17px;width:17px;background-color:hsla(var(--awb-color5-h),var(--awb-color5-s),calc(var(--awb-color5-l) + 10%),var(--awb-color5-a));border-color:hsla(var(--awb-color5-h),var(--awb-color5-s),calc(var(--awb-color5-l) + 10%),var(--awb-color5-a));border-radius:4px;\" data-placement=\"top\" data-title=\"Blogger\" data-toggle=\"tooltip\" title=\"Blogger\" aria-label=\"blogger\" target=\"_blank\" rel=\"noopener noreferrer\" href=\"https:\/\/www.maitemateo.com\"><\/a><\/div><\/div><\/div><\/div><\/div><\/div><\/div><\/div><div class=\"fusion-layout-column fusion_builder_column fusion-builder-column-28 fusion_builder_column_1_4 1_4 fusion-flex-column\" style=\"--awb-padding-top:10px;--awb-padding-right:10px;--awb-padding-bottom:80px;--awb-padding-left:10px;--awb-overflow:hidden;--awb-bg-size:cover;--awb-box-shadow:2px 2px 40px 0px hsla(var(--awb-color8-h),var(--awb-color8-s),var(--awb-color8-l),calc(var(--awb-color8-a) - 90%));;--awb-border-radius:10px 10px 10px 10px;--awb-width-large:25%;--awb-margin-top-large:40px;--awb-spacing-right-large:10px;--awb-margin-bottom-large:0px;--awb-spacing-left-large:10px;--awb-width-medium:50%;--awb-order-medium:0;--awb-spacing-right-medium:10px;--awb-spacing-left-medium:10px;--awb-width-small:100%;--awb-order-small:0;--awb-spacing-right-small:1.92%;--awb-margin-bottom-small:60px;--awb-spacing-left-small:1.92%;\"><div class=\"fusion-column-wrapper fusion-column-has-shadow fusion-flex-justify-content-flex-start fusion-content-layout-column\"><div class=\"fusion-builder-row fusion-builder-row-inner fusion-row fusion-flex-align-items-stretch fusion-flex-justify-content-center fusion-flex-content-wrap\" style=\"width:104% !important;max-width:104% !important;margin-left: calc(-4% \/ 2 );margin-right: calc(-4% \/ 2 );\"><div class=\"fusion-layout-column fusion_builder_column_inner fusion-builder-nested-column-52 fusion_builder_column_inner_1_1 1_1 fusion-flex-column\" style=\"--awb-container-position:absolute;--awb-bg-size:cover;--awb-width-large:100%;--awb-margin-top-large:0px;--awb-spacing-right-large:1.92%;--awb-margin-bottom-large:0px;--awb-spacing-left-large:1.92%;--awb-width-medium:100%;--awb-order-medium:0;--awb-spacing-right-medium:1.92%;--awb-spacing-left-medium:1.92%;--awb-width-small:100%;--awb-order-small:0;--awb-spacing-right-small:1.92%;--awb-spacing-left-small:1.92%;\"><div class=\"fusion-column-wrapper fusion-column-has-shadow fusion-flex-justify-content-flex-start fusion-content-layout-column\"><div class=\"fusion-image-element \" style=\"--awb-aspect-ratio:1 \/ 1;--awb-object-position:64% 34%;--awb-caption-title-font-family:var(--h2_typography-font-family);--awb-caption-title-font-weight:var(--h2_typography-font-weight);--awb-caption-title-font-style:var(--h2_typography-font-style);--awb-caption-title-size:var(--h2_typography-font-size);--awb-caption-title-transform:var(--h2_typography-text-transform);--awb-caption-title-line-height:var(--h2_typography-line-height);--awb-caption-title-letter-spacing:var(--h2_typography-letter-spacing);\"><span class=\" fusion-imageframe imageframe-none imageframe-53 hover-type-zoomin has-aspect-ratio\" style=\"border-radius:8px;\"><img decoding=\"async\" width=\"1214\" height=\"2048\" title=\"Maribel Rguez\" src=\"https:\/\/turismososteniblekongresua.eus\/wp-content\/uploads\/2025\/09\/Maribel-Rguez.jpg\" data-orig-src=\"https:\/\/turismososteniblekongresua.eus\/wp-content\/uploads\/2025\/09\/Maribel-Rguez.jpg\" class=\"lazyload img-responsive wp-image-4248 img-with-aspect-ratio\" data-parent-fit=\"cover\" data-parent-container=\".fusion-image-element\" alt srcset=\"data:image\/svg+xml,%3Csvg%20xmlns%3D%27http%3A%2F%2Fwww.w3.org%2F2000%2Fsvg%27%20width%3D%271214%27%20height%3D%272048%27%20viewBox%3D%270%200%201214%202048%27%3E%3Crect%20width%3D%271214%27%20height%3D%272048%27%20fill-opacity%3D%220%22%2F%3E%3C%2Fsvg%3E\" data-srcset=\"https:\/\/turismososteniblekongresua.eus\/wp-content\/uploads\/2025\/09\/Maribel-Rguez-200x337.jpg 200w, https:\/\/turismososteniblekongresua.eus\/wp-content\/uploads\/2025\/09\/Maribel-Rguez-400x675.jpg 400w, https:\/\/turismososteniblekongresua.eus\/wp-content\/uploads\/2025\/09\/Maribel-Rguez-600x1012.jpg 600w, https:\/\/turismososteniblekongresua.eus\/wp-content\/uploads\/2025\/09\/Maribel-Rguez-800x1350.jpg 800w, https:\/\/turismososteniblekongresua.eus\/wp-content\/uploads\/2025\/09\/Maribel-Rguez-1200x2024.jpg 1200w, https:\/\/turismososteniblekongresua.eus\/wp-content\/uploads\/2025\/09\/Maribel-Rguez.jpg 1214w\" data-sizes=\"auto\" data-orig-sizes=\"(max-width: 850px) 100vw, 1214px\" \/><\/span><\/div><div class=\"fusion-title title fusion-title-55 fusion-sep-none fusion-title-center fusion-title-text fusion-title-size-five\" style=\"--awb-margin-top:15px;--awb-margin-bottom:5px;\"><h5 class=\"fusion-title-heading title-heading-center fusion-responsive-typography-calculated\" style=\"margin:0;text-transform:none;--fontSize:22;--minFontSize:22;line-height:1.3;\">Maribel Rodr\u00edguez<\/h5><\/div><div class=\"fusion-text fusion-text-28\" style=\"--awb-content-alignment:center;--awb-line-height:1.35em;--awb-text-color:var(--awb-color4);\"><p>Women Leading Tourism elkarteko lehendakaria<\/p>\n<\/div><div style=\"text-align:center;\"><a class=\"fusion-button button-flat fusion-button-default-size button-custom fusion-button-default button-27 fusion-button-default-span fusion-button-default-type\" style=\"--button_accent_color:var(--awb-color1);--button_accent_hover_color:var(--awb-color1);--button_border_hover_color:var(--awb-color1);--button_gradient_top_color:var(--awb-color5);--button_gradient_bottom_color:var(--awb-color5);--button_gradient_top_color_hover:hsla(var(--awb-color6-h),calc(var(--awb-color6-s) - 5%),calc(var(--awb-color6-l) - 10%),var(--awb-color6-a));--button_gradient_bottom_color_hover:hsla(var(--awb-color6-h),calc(var(--awb-color6-s) - 5%),calc(var(--awb-color6-l) - 10%),var(--awb-color6-a));--button_padding-top:10px;--button_padding-right:20px;--button_padding-bottom:10px;--button_padding-left:20px;--button_margin-top:20px;\" target=\"_self\" title=\"Ver CV\" aria-label=\"Ver CV\" href=\"#\" data-toggle=\"modal\" data-target=\".fusion-modal.cv-maribel-rodriguez\"><span class=\"fusion-button-text awb-button__text awb-button__text--default\">+ info<\/span><\/a><\/div><div class=\"fusion-modal modal fade modal-27 cv-maribel-rodriguez\" tabindex=\"-1\" role=\"dialog\" aria-labelledby=\"modal-heading-27\" aria-hidden=\"true\" style=\"--awb-border-color:var(--awb-color3);--awb-background:var(--awb-color1);\"><div class=\"modal-dialog modal-lg\" role=\"document\"><div class=\"modal-content fusion-modal-content\"><div class=\"modal-header\"><button class=\"close\" type=\"button\" data-dismiss=\"modal\" aria-hidden=\"true\" aria-label=\"Close\">&times;<\/button><h3 class=\"modal-title\" id=\"modal-heading-27\" data-dismiss=\"modal\" aria-hidden=\"true\">Maribel Rodr\u00edguez<\/h3><\/div><div class=\"modal-body fusion-clearfix\"><\/div><\/div><\/div><\/div><\/div><\/div><div class=\"fusion-layout-column fusion_builder_column_inner fusion-builder-nested-column-53 fusion_builder_column_inner_1_1 1_1 fusion-flex-column\" style=\"--awb-padding-bottom:45px;--awb-overflow:hidden;--awb-bg-color:var(--awb-color5);--awb-bg-color-hover:var(--awb-color5);--awb-bg-size:cover;--awb-border-radius:8px 8px 8px 8px;--awb-filter:opacity(0%);--awb-filter-transition:filter 0.3s ease;--awb-filter-hover:opacity(100%);--awb-filter-parent-hover:opacity(100%);--awb-width-large:100%;--awb-margin-top-large:0px;--awb-spacing-right-large:1.92%;--awb-margin-bottom-large:0px;--awb-spacing-left-large:1.92%;--awb-width-medium:100%;--awb-order-medium:0;--awb-spacing-right-medium:1.92%;--awb-spacing-left-medium:1.92%;--awb-width-small:100%;--awb-order-small:0;--awb-spacing-right-small:1.92%;--awb-spacing-left-small:1.92%;\" data-scroll-devices=\"small-visibility,medium-visibility,large-visibility\"><div class=\"fusion-column-wrapper fusion-column-has-shadow fusion-flex-justify-content-flex-start fusion-content-layout-column\"><div class=\"fusion-image-element \" style=\"--awb-aspect-ratio:1 \/ 1;--awb-object-position:53% 29%;--awb-caption-title-font-family:var(--h2_typography-font-family);--awb-caption-title-font-weight:var(--h2_typography-font-weight);--awb-caption-title-font-style:var(--h2_typography-font-style);--awb-caption-title-size:var(--h2_typography-font-size);--awb-caption-title-transform:var(--h2_typography-text-transform);--awb-caption-title-line-height:var(--h2_typography-line-height);--awb-caption-title-letter-spacing:var(--h2_typography-letter-spacing);\"><span class=\" fusion-imageframe imageframe-none imageframe-54 hover-type-zoomin has-aspect-ratio\" style=\"border-radius:8px;\"><img decoding=\"async\" width=\"1214\" height=\"2048\" title=\"Maribel Rguez\" src=\"https:\/\/turismososteniblekongresua.eus\/wp-content\/uploads\/2025\/09\/Maribel-Rguez.jpg\" data-orig-src=\"https:\/\/turismososteniblekongresua.eus\/wp-content\/uploads\/2025\/09\/Maribel-Rguez.jpg\" class=\"lazyload img-responsive wp-image-4248 img-with-aspect-ratio\" data-parent-fit=\"cover\" data-parent-container=\".fusion-image-element\" alt srcset=\"data:image\/svg+xml,%3Csvg%20xmlns%3D%27http%3A%2F%2Fwww.w3.org%2F2000%2Fsvg%27%20width%3D%271214%27%20height%3D%272048%27%20viewBox%3D%270%200%201214%202048%27%3E%3Crect%20width%3D%271214%27%20height%3D%272048%27%20fill-opacity%3D%220%22%2F%3E%3C%2Fsvg%3E\" data-srcset=\"https:\/\/turismososteniblekongresua.eus\/wp-content\/uploads\/2025\/09\/Maribel-Rguez-200x337.jpg 200w, https:\/\/turismososteniblekongresua.eus\/wp-content\/uploads\/2025\/09\/Maribel-Rguez-400x675.jpg 400w, https:\/\/turismososteniblekongresua.eus\/wp-content\/uploads\/2025\/09\/Maribel-Rguez-600x1012.jpg 600w, https:\/\/turismososteniblekongresua.eus\/wp-content\/uploads\/2025\/09\/Maribel-Rguez-800x1350.jpg 800w, https:\/\/turismososteniblekongresua.eus\/wp-content\/uploads\/2025\/09\/Maribel-Rguez-1200x2024.jpg 1200w, https:\/\/turismososteniblekongresua.eus\/wp-content\/uploads\/2025\/09\/Maribel-Rguez.jpg 1214w\" data-sizes=\"auto\" data-orig-sizes=\"(max-width: 850px) 100vw, 1214px\" \/><\/span><\/div><div class=\"fusion-title title fusion-title-56 fusion-sep-none fusion-title-center fusion-title-text fusion-title-size-five\" style=\"--awb-text-color:var(--awb-color1);--awb-margin-bottom:0px;--awb-margin-bottom-small:0px;\"><h5 class=\"fusion-title-heading title-heading-center fusion-responsive-typography-calculated\" style=\"margin:0;--fontSize:22;--minFontSize:22;line-height:1.3;\">Maribel Rodr\u00edguez<\/h5><\/div><div class=\"fusion-social-links fusion-social-links-25\" style=\"--awb-margin-top:5px;--awb-margin-right:0px;--awb-margin-bottom:10px;--awb-margin-left:0px;--awb-alignment:center;--awb-box-border-top:0px;--awb-box-border-right:0px;--awb-box-border-bottom:0px;--awb-box-border-left:0px;--awb-icon-colors-hover:var(--awb-color5);--awb-box-colors-hover:var(--awb-color1);--awb-box-border-color:var(--awb-color3);--awb-box-border-color-hover:var(--awb-color4);\"><div class=\"fusion-social-networks boxed-icons color-type-custom\"><div class=\"fusion-social-networks-wrapper\"><\/div><\/div><\/div><\/div><\/div><\/div><\/div><\/div><div class=\"fusion-layout-column fusion_builder_column fusion-builder-column-29 fusion_builder_column_1_4 1_4 fusion-flex-column\" style=\"--awb-padding-top:10px;--awb-padding-right:10px;--awb-padding-bottom:80px;--awb-padding-left:10px;--awb-overflow:hidden;--awb-bg-size:cover;--awb-box-shadow:2px 2px 40px 0px hsla(var(--awb-color8-h),var(--awb-color8-s),var(--awb-color8-l),calc(var(--awb-color8-a) - 90%));;--awb-border-radius:10px 10px 10px 10px;--awb-width-large:25%;--awb-margin-top-large:40px;--awb-spacing-right-large:10px;--awb-margin-bottom-large:0px;--awb-spacing-left-large:10px;--awb-width-medium:50%;--awb-order-medium:0;--awb-spacing-right-medium:10px;--awb-spacing-left-medium:10px;--awb-width-small:100%;--awb-order-small:0;--awb-spacing-right-small:1.92%;--awb-margin-bottom-small:60px;--awb-spacing-left-small:1.92%;\"><div class=\"fusion-column-wrapper fusion-column-has-shadow fusion-flex-justify-content-flex-start fusion-content-layout-column\"><div class=\"fusion-builder-row fusion-builder-row-inner fusion-row fusion-flex-align-items-stretch fusion-flex-justify-content-center fusion-flex-content-wrap\" style=\"width:104% !important;max-width:104% !important;margin-left: calc(-4% \/ 2 );margin-right: calc(-4% \/ 2 );\"><div class=\"fusion-layout-column fusion_builder_column_inner fusion-builder-nested-column-54 fusion_builder_column_inner_1_1 1_1 fusion-flex-column\" style=\"--awb-container-position:absolute;--awb-bg-size:cover;--awb-width-large:100%;--awb-margin-top-large:0px;--awb-spacing-right-large:1.92%;--awb-margin-bottom-large:0px;--awb-spacing-left-large:1.92%;--awb-width-medium:100%;--awb-order-medium:0;--awb-spacing-right-medium:1.92%;--awb-spacing-left-medium:1.92%;--awb-width-small:100%;--awb-order-small:0;--awb-spacing-right-small:1.92%;--awb-spacing-left-small:1.92%;\"><div class=\"fusion-column-wrapper fusion-column-has-shadow fusion-flex-justify-content-flex-start fusion-content-layout-column\"><div class=\"fusion-image-element \" style=\"--awb-aspect-ratio:1 \/ 1;--awb-object-position:45% 65%;--awb-caption-title-font-family:var(--h2_typography-font-family);--awb-caption-title-font-weight:var(--h2_typography-font-weight);--awb-caption-title-font-style:var(--h2_typography-font-style);--awb-caption-title-size:var(--h2_typography-font-size);--awb-caption-title-transform:var(--h2_typography-text-transform);--awb-caption-title-line-height:var(--h2_typography-line-height);--awb-caption-title-letter-spacing:var(--h2_typography-letter-spacing);\"><span class=\" fusion-imageframe imageframe-none imageframe-55 hover-type-zoomin has-aspect-ratio\" style=\"border-radius:8px;\"><img decoding=\"async\" width=\"2560\" height=\"2560\" title=\"Rafa Maga\u00f1a 9040 (3)\" src=\"https:\/\/turismososteniblekongresua.eus\/wp-content\/uploads\/2025\/09\/Rafa-Magana-9040-3-scaled.jpg\" data-orig-src=\"https:\/\/turismososteniblekongresua.eus\/wp-content\/uploads\/2025\/09\/Rafa-Magana-9040-3-scaled.jpg\" class=\"lazyload img-responsive wp-image-3888 img-with-aspect-ratio\" data-parent-fit=\"cover\" data-parent-container=\".fusion-image-element\" alt srcset=\"data:image\/svg+xml,%3Csvg%20xmlns%3D%27http%3A%2F%2Fwww.w3.org%2F2000%2Fsvg%27%20width%3D%272560%27%20height%3D%272560%27%20viewBox%3D%270%200%202560%202560%27%3E%3Crect%20width%3D%272560%27%20height%3D%272560%27%20fill-opacity%3D%220%22%2F%3E%3C%2Fsvg%3E\" data-srcset=\"https:\/\/turismososteniblekongresua.eus\/wp-content\/uploads\/2025\/09\/Rafa-Magana-9040-3-200x200.jpg 200w, https:\/\/turismososteniblekongresua.eus\/wp-content\/uploads\/2025\/09\/Rafa-Magana-9040-3-400x400.jpg 400w, https:\/\/turismososteniblekongresua.eus\/wp-content\/uploads\/2025\/09\/Rafa-Magana-9040-3-600x600.jpg 600w, https:\/\/turismososteniblekongresua.eus\/wp-content\/uploads\/2025\/09\/Rafa-Magana-9040-3-800x800.jpg 800w, https:\/\/turismososteniblekongresua.eus\/wp-content\/uploads\/2025\/09\/Rafa-Magana-9040-3-1200x1200.jpg 1200w, https:\/\/turismososteniblekongresua.eus\/wp-content\/uploads\/2025\/09\/Rafa-Magana-9040-3-scaled.jpg 2560w\" data-sizes=\"auto\" data-orig-sizes=\"(max-width: 850px) 100vw, 2560px\" \/><\/span><\/div><div class=\"fusion-title title fusion-title-57 fusion-sep-none fusion-title-center fusion-title-text fusion-title-size-five\" style=\"--awb-margin-top:15px;--awb-margin-bottom:5px;\"><h5 class=\"fusion-title-heading title-heading-center fusion-responsive-typography-calculated\" style=\"margin:0;text-transform:none;--fontSize:22;--minFontSize:22;line-height:1.3;\">Rafael Maga\u00f1a<\/h5><\/div><div class=\"fusion-text fusion-text-29\" style=\"--awb-content-alignment:center;--awb-line-height:1.35em;--awb-text-color:var(--awb-color4);\"><p>Mazinn-en sortzailea eta Culture &amp; Operations ekimenaren buru<\/p>\n<\/div><div style=\"text-align:center;\"><a class=\"fusion-button button-flat fusion-button-default-size button-custom fusion-button-default button-28 fusion-button-default-span fusion-button-default-type\" style=\"--button_accent_color:var(--awb-color1);--button_accent_hover_color:var(--awb-color1);--button_border_hover_color:var(--awb-color1);--button_gradient_top_color:var(--awb-color5);--button_gradient_bottom_color:var(--awb-color5);--button_gradient_top_color_hover:hsla(var(--awb-color6-h),calc(var(--awb-color6-s) - 5%),calc(var(--awb-color6-l) - 10%),var(--awb-color6-a));--button_gradient_bottom_color_hover:hsla(var(--awb-color6-h),calc(var(--awb-color6-s) - 5%),calc(var(--awb-color6-l) - 10%),var(--awb-color6-a));--button_padding-top:10px;--button_padding-right:20px;--button_padding-bottom:10px;--button_padding-left:20px;--button_margin-top:20px;\" target=\"_self\" title=\"Ver CV\" aria-label=\"Ver CV\" href=\"#\" data-toggle=\"modal\" data-target=\".fusion-modal.cv-rafael-magana\"><span class=\"fusion-button-text awb-button__text awb-button__text--default\">+ info<\/span><\/a><\/div><div class=\"fusion-modal modal fade modal-28 cv-rafael-magana\" tabindex=\"-1\" role=\"dialog\" aria-labelledby=\"modal-heading-28\" aria-hidden=\"true\" style=\"--awb-border-color:var(--awb-color3);--awb-background:var(--awb-color1);\"><div class=\"modal-dialog modal-lg\" role=\"document\"><div class=\"modal-content fusion-modal-content\"><div class=\"modal-header\"><button class=\"close\" type=\"button\" data-dismiss=\"modal\" aria-hidden=\"true\" aria-label=\"Close\">&times;<\/button><h3 class=\"modal-title\" id=\"modal-heading-28\" data-dismiss=\"modal\" aria-hidden=\"true\">Rafael Maga\u00f1a <\/h3><\/div><div class=\"modal-body fusion-clearfix\">\n<p>Marka-aholkularia, enpresen eraldaketan espezializatuta dagoena, belaunaldi berrien joera eta portaerak aintzat hartuta.Mazinn-en sortzailea eta Culture &amp; Operations ekimenaren buru da, baita berrikuntza-proiektuena eta bezeroekiko proiektuena ere. Marka askorentzako proiektuak egin ditu; esate baterako, hauentzat: McDonalds, MAPFRE, Mahou, Asturiasko Caja Rural eta San Miguel.<\/p>\n<p>Belaunaldi berriek dituzten portaera berriek sortzen dioten jakin-minak bultzatuta, podcastetan edo ponentzietan parte hartu du Reason Whyrekin eta CEU, UJI, UPSA unibertsitateekin eta abarrekin. Horretaz gain, ikastaroak eman ditu IABn edo Merkataritza Ganberan<\/p>\n<\/div><\/div><\/div><\/div><\/div><\/div><div class=\"fusion-layout-column fusion_builder_column_inner fusion-builder-nested-column-55 fusion_builder_column_inner_1_1 1_1 fusion-flex-column\" style=\"--awb-padding-bottom:45px;--awb-padding-bottom-small:20px;--awb-overflow:hidden;--awb-bg-color:var(--awb-color5);--awb-bg-color-hover:var(--awb-color5);--awb-bg-size:cover;--awb-border-radius:8px 8px 8px 8px;--awb-filter:opacity(0%);--awb-filter-transition:filter 0.3s ease;--awb-filter-hover:opacity(100%);--awb-filter-parent-hover:opacity(100%);--awb-width-large:100%;--awb-margin-top-large:0px;--awb-spacing-right-large:1.92%;--awb-margin-bottom-large:0px;--awb-spacing-left-large:1.92%;--awb-width-medium:100%;--awb-order-medium:0;--awb-spacing-right-medium:1.92%;--awb-spacing-left-medium:1.92%;--awb-width-small:100%;--awb-order-small:0;--awb-spacing-right-small:1.92%;--awb-spacing-left-small:1.92%;\" data-scroll-devices=\"small-visibility,medium-visibility,large-visibility\"><div class=\"fusion-column-wrapper fusion-column-has-shadow fusion-flex-justify-content-flex-start fusion-content-layout-column\"><div class=\"fusion-image-element \" style=\"--awb-aspect-ratio:1 \/ 1;--awb-object-position:42% 65%;--awb-caption-title-font-family:var(--h2_typography-font-family);--awb-caption-title-font-weight:var(--h2_typography-font-weight);--awb-caption-title-font-style:var(--h2_typography-font-style);--awb-caption-title-size:var(--h2_typography-font-size);--awb-caption-title-transform:var(--h2_typography-text-transform);--awb-caption-title-line-height:var(--h2_typography-line-height);--awb-caption-title-letter-spacing:var(--h2_typography-letter-spacing);\"><span class=\" fusion-imageframe imageframe-none imageframe-56 hover-type-zoomin has-aspect-ratio\" style=\"border-radius:8px;\"><img decoding=\"async\" width=\"2560\" height=\"2560\" title=\"Rafa Maga\u00f1a 9040 (3)\" src=\"https:\/\/turismososteniblekongresua.eus\/wp-content\/uploads\/2025\/09\/Rafa-Magana-9040-3-scaled.jpg\" data-orig-src=\"https:\/\/turismososteniblekongresua.eus\/wp-content\/uploads\/2025\/09\/Rafa-Magana-9040-3-scaled.jpg\" class=\"lazyload img-responsive wp-image-3888 img-with-aspect-ratio\" data-parent-fit=\"cover\" data-parent-container=\".fusion-image-element\" alt srcset=\"data:image\/svg+xml,%3Csvg%20xmlns%3D%27http%3A%2F%2Fwww.w3.org%2F2000%2Fsvg%27%20width%3D%272560%27%20height%3D%272560%27%20viewBox%3D%270%200%202560%202560%27%3E%3Crect%20width%3D%272560%27%20height%3D%272560%27%20fill-opacity%3D%220%22%2F%3E%3C%2Fsvg%3E\" data-srcset=\"https:\/\/turismososteniblekongresua.eus\/wp-content\/uploads\/2025\/09\/Rafa-Magana-9040-3-200x200.jpg 200w, https:\/\/turismososteniblekongresua.eus\/wp-content\/uploads\/2025\/09\/Rafa-Magana-9040-3-400x400.jpg 400w, https:\/\/turismososteniblekongresua.eus\/wp-content\/uploads\/2025\/09\/Rafa-Magana-9040-3-600x600.jpg 600w, https:\/\/turismososteniblekongresua.eus\/wp-content\/uploads\/2025\/09\/Rafa-Magana-9040-3-800x800.jpg 800w, https:\/\/turismososteniblekongresua.eus\/wp-content\/uploads\/2025\/09\/Rafa-Magana-9040-3-1200x1200.jpg 1200w, https:\/\/turismososteniblekongresua.eus\/wp-content\/uploads\/2025\/09\/Rafa-Magana-9040-3-scaled.jpg 2560w\" data-sizes=\"auto\" data-orig-sizes=\"(max-width: 850px) 100vw, 2560px\" \/><\/span><\/div><div class=\"fusion-title title fusion-title-58 fusion-sep-none fusion-title-center fusion-title-text fusion-title-size-five\" style=\"--awb-text-color:var(--awb-color1);--awb-margin-bottom:0px;--awb-margin-bottom-small:0px;\"><h5 class=\"fusion-title-heading title-heading-center fusion-responsive-typography-calculated\" style=\"margin:0;--fontSize:22;--minFontSize:22;line-height:1.3;\">Rafael Maga\u00f1a<\/h5><\/div><div class=\"fusion-social-links fusion-social-links-26\" style=\"--awb-margin-top:5px;--awb-margin-right:0px;--awb-margin-bottom:10px;--awb-margin-left:0px;--awb-margin-bottom-small:0px;--awb-alignment:center;--awb-box-border-top:0px;--awb-box-border-right:0px;--awb-box-border-bottom:0px;--awb-box-border-left:0px;--awb-icon-colors-hover:var(--awb-color5);--awb-box-colors-hover:var(--awb-color1);--awb-box-border-color:var(--awb-color3);--awb-box-border-color-hover:var(--awb-color4);\"><div class=\"fusion-social-networks boxed-icons color-type-custom\"><div class=\"fusion-social-networks-wrapper\"><a class=\"fusion-social-network-icon fusion-tooltip fusion-linkedin awb-icon-linkedin\" style=\"color:var(--awb-color1);font-size:17px;width:17px;background-color:hsla(var(--awb-color5-h),var(--awb-color5-s),calc(var(--awb-color5-l) + 10%),var(--awb-color5-a));border-color:hsla(var(--awb-color5-h),var(--awb-color5-s),calc(var(--awb-color5-l) + 10%),var(--awb-color5-a));border-radius:4px;\" data-placement=\"top\" data-title=\"LinkedIn\" data-toggle=\"tooltip\" title=\"LinkedIn\" aria-label=\"linkedin\" target=\"_blank\" rel=\"noopener noreferrer\" href=\"https:\/\/www.linkedin.com\/in\/rafa-maga\"><\/a><\/div><\/div><\/div><\/div><\/div><\/div><\/div><\/div><div class=\"fusion-layout-column fusion_builder_column fusion-builder-column-30 fusion_builder_column_1_4 1_4 fusion-flex-column\" style=\"--awb-padding-top:10px;--awb-padding-right:10px;--awb-padding-bottom:80px;--awb-padding-left:10px;--awb-overflow:hidden;--awb-bg-size:cover;--awb-box-shadow:2px 2px 40px 0px hsla(var(--awb-color8-h),var(--awb-color8-s),var(--awb-color8-l),calc(var(--awb-color8-a) - 90%));;--awb-border-radius:10px 10px 10px 10px;--awb-width-large:25%;--awb-margin-top-large:40px;--awb-spacing-right-large:10px;--awb-margin-bottom-large:0px;--awb-spacing-left-large:10px;--awb-width-medium:50%;--awb-order-medium:0;--awb-spacing-right-medium:10px;--awb-spacing-left-medium:10px;--awb-width-small:100%;--awb-order-small:0;--awb-spacing-right-small:1.92%;--awb-margin-bottom-small:60px;--awb-spacing-left-small:1.92%;\"><div class=\"fusion-column-wrapper fusion-column-has-shadow fusion-flex-justify-content-flex-start fusion-content-layout-column\"><div class=\"fusion-builder-row fusion-builder-row-inner fusion-row fusion-flex-align-items-stretch fusion-flex-justify-content-center fusion-flex-content-wrap\" style=\"width:104% !important;max-width:104% !important;margin-left: calc(-4% \/ 2 );margin-right: calc(-4% \/ 2 );\"><div class=\"fusion-layout-column fusion_builder_column_inner fusion-builder-nested-column-56 fusion_builder_column_inner_1_1 1_1 fusion-flex-column\" style=\"--awb-container-position:absolute;--awb-bg-size:cover;--awb-width-large:100%;--awb-margin-top-large:0px;--awb-spacing-right-large:1.92%;--awb-margin-bottom-large:0px;--awb-spacing-left-large:1.92%;--awb-width-medium:100%;--awb-order-medium:0;--awb-spacing-right-medium:1.92%;--awb-spacing-left-medium:1.92%;--awb-width-small:100%;--awb-order-small:0;--awb-spacing-right-small:1.92%;--awb-spacing-left-small:1.92%;\"><div class=\"fusion-column-wrapper fusion-column-has-shadow fusion-flex-justify-content-flex-start fusion-content-layout-column\"><div class=\"fusion-image-element \" style=\"--awb-aspect-ratio:1 \/ 1;--awb-object-position:50% 18%;--awb-caption-title-font-family:var(--h2_typography-font-family);--awb-caption-title-font-weight:var(--h2_typography-font-weight);--awb-caption-title-font-style:var(--h2_typography-font-style);--awb-caption-title-size:var(--h2_typography-font-size);--awb-caption-title-transform:var(--h2_typography-text-transform);--awb-caption-title-line-height:var(--h2_typography-line-height);--awb-caption-title-letter-spacing:var(--h2_typography-letter-spacing);\"><span class=\" fusion-imageframe imageframe-none imageframe-57 hover-type-zoomin has-aspect-ratio\" style=\"border-radius:8px;\"><img decoding=\"async\" width=\"600\" height=\"800\" title=\"Raul-fdez-Acha-1\" src=\"https:\/\/turismososteniblekongresua.eus\/wp-content\/uploads\/2025\/10\/Raul-fdez-Acha-1.jpg\" data-orig-src=\"https:\/\/turismososteniblekongresua.eus\/wp-content\/uploads\/2025\/10\/Raul-fdez-Acha-1.jpg\" class=\"lazyload img-responsive wp-image-4465 img-with-aspect-ratio\" data-parent-fit=\"cover\" data-parent-container=\".fusion-image-element\" alt srcset=\"data:image\/svg+xml,%3Csvg%20xmlns%3D%27http%3A%2F%2Fwww.w3.org%2F2000%2Fsvg%27%20width%3D%27600%27%20height%3D%27800%27%20viewBox%3D%270%200%20600%20800%27%3E%3Crect%20width%3D%27600%27%20height%3D%27800%27%20fill-opacity%3D%220%22%2F%3E%3C%2Fsvg%3E\" data-srcset=\"https:\/\/turismososteniblekongresua.eus\/wp-content\/uploads\/2025\/10\/Raul-fdez-Acha-1-200x267.jpg 200w, https:\/\/turismososteniblekongresua.eus\/wp-content\/uploads\/2025\/10\/Raul-fdez-Acha-1-400x533.jpg 400w, https:\/\/turismososteniblekongresua.eus\/wp-content\/uploads\/2025\/10\/Raul-fdez-Acha-1.jpg 600w\" data-sizes=\"auto\" data-orig-sizes=\"(max-width: 850px) 100vw, 600px\" \/><\/span><\/div><div class=\"fusion-title title fusion-title-59 fusion-sep-none fusion-title-center fusion-title-text fusion-title-size-five\" style=\"--awb-margin-top:15px;--awb-margin-bottom:5px;--awb-margin-top-small:15px;\"><h5 class=\"fusion-title-heading title-heading-center fusion-responsive-typography-calculated\" style=\"margin:0;text-transform:none;--fontSize:22;--minFontSize:22;line-height:1.3;\">Ra\u00fal Fern\u00e1ndez Acha<\/h5><\/div><div class=\"fusion-text fusion-text-30\" style=\"--awb-content-alignment:center;--awb-line-height:1.35em;--awb-text-color:var(--awb-color4);\"><p>Arbaso Hoteleko zuzendaria eta Gipuzkoako Hoteletako presidentea<\/p>\n<\/div><div style=\"text-align:center;\"><a class=\"fusion-button button-flat fusion-button-default-size button-custom fusion-button-default button-29 fusion-button-default-span fusion-button-default-type\" style=\"--button_accent_color:var(--awb-color1);--button_accent_hover_color:var(--awb-color1);--button_border_hover_color:var(--awb-color1);--button_gradient_top_color:var(--awb-color5);--button_gradient_bottom_color:var(--awb-color5);--button_gradient_top_color_hover:hsla(var(--awb-color6-h),calc(var(--awb-color6-s) - 5%),calc(var(--awb-color6-l) - 10%),var(--awb-color6-a));--button_gradient_bottom_color_hover:hsla(var(--awb-color6-h),calc(var(--awb-color6-s) - 5%),calc(var(--awb-color6-l) - 10%),var(--awb-color6-a));--button_padding-top:10px;--button_padding-right:20px;--button_padding-bottom:10px;--button_padding-left:20px;--button_margin-top:20px;\" target=\"_self\" title=\"Ver CV\" aria-label=\"Ver CV\" href=\"#\" data-toggle=\"modal\" data-target=\".fusion-modal.cv-raul-fernandez\"><span class=\"fusion-button-text awb-button__text awb-button__text--default\">+ info<\/span><\/a><\/div><div class=\"fusion-modal modal fade modal-29 cv-raul-fernandez\" tabindex=\"-1\" role=\"dialog\" aria-labelledby=\"modal-heading-29\" aria-hidden=\"true\" style=\"--awb-border-color:var(--awb-color3);--awb-background:var(--awb-color1);\"><div class=\"modal-dialog modal-lg\" role=\"document\"><div class=\"modal-content fusion-modal-content\"><div class=\"modal-header\"><button class=\"close\" type=\"button\" data-dismiss=\"modal\" aria-hidden=\"true\" aria-label=\"Close\">&times;<\/button><h3 class=\"modal-title\" id=\"modal-heading-29\" data-dismiss=\"modal\" aria-hidden=\"true\">Ra\u00fal Fern\u00e1ndez Acha<\/h3><\/div><div class=\"modal-body fusion-clearfix\"><\/div><\/div><\/div><\/div><\/div><\/div><div class=\"fusion-layout-column fusion_builder_column_inner fusion-builder-nested-column-57 fusion_builder_column_inner_1_1 1_1 fusion-flex-column\" style=\"--awb-padding-bottom:40px;--awb-padding-bottom-small:20px;--awb-overflow:hidden;--awb-bg-color:var(--awb-color5);--awb-bg-color-hover:var(--awb-color5);--awb-bg-size:cover;--awb-border-radius:8px 8px 8px 8px;--awb-filter:opacity(0%);--awb-filter-transition:filter 0.3s ease;--awb-filter-hover:opacity(100%);--awb-filter-parent-hover:opacity(100%);--awb-width-large:100%;--awb-margin-top-large:0px;--awb-spacing-right-large:1.92%;--awb-margin-bottom-large:0px;--awb-spacing-left-large:1.92%;--awb-width-medium:100%;--awb-order-medium:0;--awb-spacing-right-medium:1.92%;--awb-spacing-left-medium:1.92%;--awb-width-small:100%;--awb-order-small:0;--awb-spacing-right-small:1.92%;--awb-spacing-left-small:1.92%;\"><div class=\"fusion-column-wrapper fusion-column-has-shadow fusion-flex-justify-content-flex-start fusion-content-layout-column\"><div class=\"fusion-image-element \" style=\"--awb-aspect-ratio:1 \/ 1;--awb-object-position:42% 65%;--awb-caption-title-font-family:var(--h2_typography-font-family);--awb-caption-title-font-weight:var(--h2_typography-font-weight);--awb-caption-title-font-style:var(--h2_typography-font-style);--awb-caption-title-size:var(--h2_typography-font-size);--awb-caption-title-transform:var(--h2_typography-text-transform);--awb-caption-title-line-height:var(--h2_typography-line-height);--awb-caption-title-letter-spacing:var(--h2_typography-letter-spacing);\"><span class=\" fusion-imageframe imageframe-none imageframe-58 hover-type-zoomin has-aspect-ratio\" style=\"border-radius:8px;\"><img decoding=\"async\" width=\"600\" height=\"800\" title=\"Raul-fdez-Acha-1\" src=\"https:\/\/turismososteniblekongresua.eus\/wp-content\/uploads\/2025\/10\/Raul-fdez-Acha-1.jpg\" data-orig-src=\"https:\/\/turismososteniblekongresua.eus\/wp-content\/uploads\/2025\/10\/Raul-fdez-Acha-1.jpg\" class=\"lazyload img-responsive wp-image-4465 img-with-aspect-ratio\" data-parent-fit=\"cover\" data-parent-container=\".fusion-image-element\" alt srcset=\"data:image\/svg+xml,%3Csvg%20xmlns%3D%27http%3A%2F%2Fwww.w3.org%2F2000%2Fsvg%27%20width%3D%27600%27%20height%3D%27800%27%20viewBox%3D%270%200%20600%20800%27%3E%3Crect%20width%3D%27600%27%20height%3D%27800%27%20fill-opacity%3D%220%22%2F%3E%3C%2Fsvg%3E\" data-srcset=\"https:\/\/turismososteniblekongresua.eus\/wp-content\/uploads\/2025\/10\/Raul-fdez-Acha-1-200x267.jpg 200w, https:\/\/turismososteniblekongresua.eus\/wp-content\/uploads\/2025\/10\/Raul-fdez-Acha-1-400x533.jpg 400w, https:\/\/turismososteniblekongresua.eus\/wp-content\/uploads\/2025\/10\/Raul-fdez-Acha-1.jpg 600w\" data-sizes=\"auto\" data-orig-sizes=\"(max-width: 850px) 100vw, 600px\" \/><\/span><\/div><div class=\"fusion-title title fusion-title-60 fusion-sep-none fusion-title-center fusion-title-text fusion-title-size-five\" style=\"--awb-text-color:var(--awb-color1);--awb-margin-bottom:0px;--awb-margin-bottom-small:0px;\"><h5 class=\"fusion-title-heading title-heading-center fusion-responsive-typography-calculated\" style=\"margin:0;--fontSize:22;--minFontSize:22;line-height:1.3;\">Ra\u00fal Fern\u00e1ndez Acha<\/h5><\/div><div class=\"fusion-social-links fusion-social-links-27\" style=\"--awb-margin-top:5px;--awb-margin-right:0px;--awb-margin-bottom:10px;--awb-margin-left:0px;--awb-margin-bottom-small:0px;--awb-alignment:center;--awb-box-border-top:0px;--awb-box-border-right:0px;--awb-box-border-bottom:0px;--awb-box-border-left:0px;--awb-icon-colors-hover:var(--awb-color5);--awb-box-colors-hover:var(--awb-color1);--awb-box-border-color:var(--awb-color3);--awb-box-border-color-hover:var(--awb-color4);\"><div class=\"fusion-social-networks boxed-icons color-type-custom\"><div class=\"fusion-social-networks-wrapper\"><a class=\"fusion-social-network-icon fusion-tooltip fusion-linkedin awb-icon-linkedin\" style=\"color:var(--awb-color1);font-size:17px;width:17px;background-color:hsla(var(--awb-color5-h),var(--awb-color5-s),calc(var(--awb-color5-l) + 10%),var(--awb-color5-a));border-color:hsla(var(--awb-color5-h),var(--awb-color5-s),calc(var(--awb-color5-l) + 10%),var(--awb-color5-a));border-radius:4px;\" data-placement=\"top\" data-title=\"LinkedIn\" data-toggle=\"tooltip\" title=\"LinkedIn\" aria-label=\"linkedin\" target=\"_blank\" rel=\"noopener noreferrer\" href=\"https:\/\/es.linkedin.com\/in\/ra%C3%BAl-fern%C3%A1ndez-acha-2b5495194\"><\/a><\/div><\/div><\/div><\/div><\/div><\/div><\/div><\/div><div class=\"fusion-layout-column fusion_builder_column fusion-builder-column-31 fusion_builder_column_1_4 1_4 fusion-flex-column\" style=\"--awb-padding-top:10px;--awb-padding-right:10px;--awb-padding-bottom:80px;--awb-padding-left:10px;--awb-overflow:hidden;--awb-bg-size:cover;--awb-box-shadow:2px 2px 40px 0px hsla(var(--awb-color8-h),var(--awb-color8-s),var(--awb-color8-l),calc(var(--awb-color8-a) - 90%));;--awb-border-radius:10px 10px 10px 10px;--awb-width-large:25%;--awb-margin-top-large:40px;--awb-spacing-right-large:10px;--awb-margin-bottom-large:0px;--awb-spacing-left-large:10px;--awb-width-medium:50%;--awb-order-medium:0;--awb-spacing-right-medium:10px;--awb-spacing-left-medium:10px;--awb-width-small:100%;--awb-order-small:0;--awb-spacing-right-small:1.92%;--awb-margin-bottom-small:60px;--awb-spacing-left-small:1.92%;\"><div class=\"fusion-column-wrapper fusion-column-has-shadow fusion-flex-justify-content-flex-start fusion-content-layout-column\"><div class=\"fusion-builder-row fusion-builder-row-inner fusion-row fusion-flex-align-items-stretch fusion-flex-justify-content-center fusion-flex-content-wrap\" style=\"width:104% !important;max-width:104% !important;margin-left: calc(-4% \/ 2 );margin-right: calc(-4% \/ 2 );\"><div class=\"fusion-layout-column fusion_builder_column_inner fusion-builder-nested-column-58 fusion_builder_column_inner_1_1 1_1 fusion-flex-column\" style=\"--awb-container-position:absolute;--awb-bg-size:cover;--awb-width-large:100%;--awb-margin-top-large:0px;--awb-spacing-right-large:1.92%;--awb-margin-bottom-large:0px;--awb-spacing-left-large:1.92%;--awb-width-medium:100%;--awb-order-medium:0;--awb-spacing-right-medium:1.92%;--awb-spacing-left-medium:1.92%;--awb-width-small:100%;--awb-order-small:0;--awb-spacing-right-small:1.92%;--awb-spacing-left-small:1.92%;\"><div class=\"fusion-column-wrapper fusion-column-has-shadow fusion-flex-justify-content-flex-start fusion-content-layout-column\"><div class=\"fusion-image-element \" style=\"text-align:center;--awb-aspect-ratio:1 \/ 1;--awb-object-position:45% 65%;--awb-caption-title-font-family:var(--h2_typography-font-family);--awb-caption-title-font-weight:var(--h2_typography-font-weight);--awb-caption-title-font-style:var(--h2_typography-font-style);--awb-caption-title-size:var(--h2_typography-font-size);--awb-caption-title-transform:var(--h2_typography-text-transform);--awb-caption-title-line-height:var(--h2_typography-line-height);--awb-caption-title-letter-spacing:var(--h2_typography-letter-spacing);\"><span class=\" fusion-imageframe imageframe-none imageframe-59 hover-type-zoomin has-aspect-ratio\" style=\"border-radius:8px;\"><img decoding=\"async\" width=\"200\" height=\"200\" title=\"Virginia Elvira\" src=\"data:image\/svg+xml,%3Csvg%20xmlns%3D%27http%3A%2F%2Fwww.w3.org%2F2000%2Fsvg%27%20width%3D%27200%27%20height%3D%27200%27%20viewBox%3D%270%200%20200%20200%27%3E%3Crect%20width%3D%27200%27%20height%3D%27200%27%20fill-opacity%3D%220%22%2F%3E%3C%2Fsvg%3E\" data-orig-src=\"https:\/\/turismososteniblekongresua.eus\/wp-content\/uploads\/2025\/10\/Virginia-Elvira.jpg\" class=\"lazyload img-responsive wp-image-4460 img-with-aspect-ratio\" data-parent-fit=\"cover\" data-parent-container=\".fusion-image-element\" alt \/><\/span><\/div><div class=\"fusion-title title fusion-title-61 fusion-sep-none fusion-title-center fusion-title-text fusion-title-size-five\" style=\"--awb-margin-top:15px;--awb-margin-bottom:5px;--awb-margin-top-small:15px;\"><h5 class=\"fusion-title-heading title-heading-center fusion-responsive-typography-calculated\" style=\"margin:0;text-transform:none;--fontSize:22;--minFontSize:22;line-height:1.3;\">Virginia Elvira<\/h5><\/div><div class=\"fusion-text fusion-text-31\" style=\"--awb-content-alignment:center;--awb-line-height:1.35em;--awb-text-color:var(--awb-color4);\"><p>Adegiren koordinazio sektoriala<\/p>\n<\/div><div style=\"text-align:center;\"><a class=\"fusion-button button-flat fusion-button-default-size button-custom fusion-button-default button-30 fusion-button-default-span fusion-button-default-type\" style=\"--button_accent_color:var(--awb-color1);--button_accent_hover_color:var(--awb-color1);--button_border_hover_color:var(--awb-color1);--button_gradient_top_color:var(--awb-color5);--button_gradient_bottom_color:var(--awb-color5);--button_gradient_top_color_hover:hsla(var(--awb-color6-h),calc(var(--awb-color6-s) - 5%),calc(var(--awb-color6-l) - 10%),var(--awb-color6-a));--button_gradient_bottom_color_hover:hsla(var(--awb-color6-h),calc(var(--awb-color6-s) - 5%),calc(var(--awb-color6-l) - 10%),var(--awb-color6-a));--button_padding-top:10px;--button_padding-right:20px;--button_padding-bottom:10px;--button_padding-left:20px;--button_margin-top:20px;\" target=\"_self\" title=\"Ver CV\" aria-label=\"Ver CV\" href=\"#\" data-toggle=\"modal\" data-target=\".fusion-modal.cv-virginia-elvira\"><span class=\"fusion-button-text awb-button__text awb-button__text--default\">+ info<\/span><\/a><\/div><div class=\"fusion-modal modal fade modal-30 cv-virginia-elvira\" tabindex=\"-1\" role=\"dialog\" aria-labelledby=\"modal-heading-30\" aria-hidden=\"true\" style=\"--awb-border-color:var(--awb-color3);--awb-background:var(--awb-color1);\"><div class=\"modal-dialog modal-lg\" role=\"document\"><div class=\"modal-content fusion-modal-content\"><div class=\"modal-header\"><button class=\"close\" type=\"button\" data-dismiss=\"modal\" aria-hidden=\"true\" aria-label=\"Close\">&times;<\/button><h3 class=\"modal-title\" id=\"modal-heading-30\" data-dismiss=\"modal\" aria-hidden=\"true\">Virginia Elvira<\/h3><\/div><div class=\"modal-body fusion-clearfix\"><\/div><\/div><\/div><\/div><\/div><\/div><div class=\"fusion-layout-column fusion_builder_column_inner fusion-builder-nested-column-59 fusion_builder_column_inner_1_1 1_1 fusion-flex-column\" style=\"--awb-padding-bottom:40px;--awb-padding-bottom-small:20px;--awb-overflow:hidden;--awb-bg-color:var(--awb-color5);--awb-bg-color-hover:var(--awb-color5);--awb-bg-size:cover;--awb-border-radius:8px 8px 8px 8px;--awb-filter:opacity(0%);--awb-filter-transition:filter 0.3s ease;--awb-filter-hover:opacity(100%);--awb-filter-parent-hover:opacity(100%);--awb-width-large:100%;--awb-margin-top-large:0px;--awb-spacing-right-large:1.92%;--awb-margin-bottom-large:0px;--awb-spacing-left-large:1.92%;--awb-width-medium:100%;--awb-order-medium:0;--awb-spacing-right-medium:1.92%;--awb-spacing-left-medium:1.92%;--awb-width-small:100%;--awb-order-small:0;--awb-spacing-right-small:1.92%;--awb-spacing-left-small:1.92%;\"><div class=\"fusion-column-wrapper fusion-column-has-shadow fusion-flex-justify-content-flex-start fusion-content-layout-column\"><div class=\"fusion-image-element \" style=\"text-align:center;--awb-aspect-ratio:1 \/ 1;--awb-object-position:42% 65%;--awb-caption-title-font-family:var(--h2_typography-font-family);--awb-caption-title-font-weight:var(--h2_typography-font-weight);--awb-caption-title-font-style:var(--h2_typography-font-style);--awb-caption-title-size:var(--h2_typography-font-size);--awb-caption-title-transform:var(--h2_typography-text-transform);--awb-caption-title-line-height:var(--h2_typography-line-height);--awb-caption-title-letter-spacing:var(--h2_typography-letter-spacing);\"><span class=\" fusion-imageframe imageframe-none imageframe-60 hover-type-zoomin has-aspect-ratio\" style=\"border-radius:8px;\"><img decoding=\"async\" width=\"200\" height=\"200\" title=\"Virginia Elvira\" src=\"data:image\/svg+xml,%3Csvg%20xmlns%3D%27http%3A%2F%2Fwww.w3.org%2F2000%2Fsvg%27%20width%3D%27200%27%20height%3D%27200%27%20viewBox%3D%270%200%20200%20200%27%3E%3Crect%20width%3D%27200%27%20height%3D%27200%27%20fill-opacity%3D%220%22%2F%3E%3C%2Fsvg%3E\" data-orig-src=\"https:\/\/turismososteniblekongresua.eus\/wp-content\/uploads\/2025\/10\/Virginia-Elvira.jpg\" class=\"lazyload img-responsive wp-image-4460 img-with-aspect-ratio\" data-parent-fit=\"cover\" data-parent-container=\".fusion-image-element\" alt \/><\/span><\/div><div class=\"fusion-title title fusion-title-62 fusion-sep-none fusion-title-center fusion-title-text fusion-title-size-five\" style=\"--awb-text-color:var(--awb-color1);--awb-margin-bottom:0px;--awb-margin-bottom-small:0px;\"><h5 class=\"fusion-title-heading title-heading-center fusion-responsive-typography-calculated\" style=\"margin:0;--fontSize:22;--minFontSize:22;line-height:1.3;\">Virginia Elvira<\/h5><\/div><div class=\"fusion-social-links fusion-social-links-28\" style=\"--awb-margin-top:5px;--awb-margin-right:0px;--awb-margin-bottom:10px;--awb-margin-left:0px;--awb-margin-bottom-small:0px;--awb-alignment:center;--awb-box-border-top:0px;--awb-box-border-right:0px;--awb-box-border-bottom:0px;--awb-box-border-left:0px;--awb-icon-colors-hover:var(--awb-color5);--awb-box-colors-hover:var(--awb-color1);--awb-box-border-color:var(--awb-color3);--awb-box-border-color-hover:var(--awb-color4);\"><div class=\"fusion-social-networks boxed-icons color-type-custom\"><div class=\"fusion-social-networks-wrapper\"><a class=\"fusion-social-network-icon fusion-tooltip fusion-linkedin awb-icon-linkedin\" style=\"color:var(--awb-color1);font-size:17px;width:17px;background-color:hsla(var(--awb-color5-h),var(--awb-color5-s),calc(var(--awb-color5-l) + 10%),var(--awb-color5-a));border-color:hsla(var(--awb-color5-h),var(--awb-color5-s),calc(var(--awb-color5-l) + 10%),var(--awb-color5-a));border-radius:4px;\" data-placement=\"top\" data-title=\"LinkedIn\" data-toggle=\"tooltip\" title=\"LinkedIn\" aria-label=\"linkedin\" target=\"_blank\" rel=\"noopener noreferrer\" href=\"https:\/\/es.linkedin.com\/in\/virginia-elvira\"><\/a><\/div><\/div><\/div><\/div><\/div><\/div><\/div><\/div><\/div><\/div><div class=\"fusion-fullwidth fullwidth-box fusion-builder-row-3 fusion-flex-container has-pattern-background has-mask-background nonhundred-percent-fullwidth non-hundred-percent-height-scrolling\" style=\"--awb-border-radius-top-left:0px;--awb-border-radius-top-right:0px;--awb-border-radius-bottom-right:0px;--awb-border-radius-bottom-left:0px;--awb-margin-top:120px;--awb-margin-top-small:20px;--awb-flex-wrap:wrap;\" ><div class=\"fusion-builder-row fusion-row fusion-flex-align-items-stretch fusion-flex-justify-content-center fusion-flex-content-wrap\" style=\"max-width:1372.8px;margin-left: calc(-4% \/ 2 );margin-right: calc(-4% \/ 2 );\"><div class=\"fusion-layout-column fusion_builder_column fusion-builder-column-32 fusion_builder_column_1_1 1_1 fusion-flex-column\" style=\"--awb-bg-size:cover;--awb-width-large:100%;--awb-margin-top-large:0px;--awb-spacing-right-large:9.6%;--awb-margin-bottom-large:0px;--awb-spacing-left-large:9.6%;--awb-width-medium:83.333333333333%;--awb-order-medium:0;--awb-spacing-right-medium:4.608%;--awb-spacing-left-medium:4.608%;--awb-width-small:100%;--awb-order-small:0;--awb-spacing-right-small:1.92%;--awb-spacing-left-small:1.92%;\"><div class=\"fusion-column-wrapper fusion-column-has-shadow fusion-flex-justify-content-flex-start fusion-content-layout-column\"><div class=\"fusion-title title fusion-title-63 fusion-sep-none fusion-title-center fusion-title-text fusion-title-size-two\" style=\"--awb-margin-top:20px;\"><h2 class=\"fusion-title-heading title-heading-center fusion-responsive-typography-calculated\" style=\"margin:0;text-transform:none;--fontSize:44;line-height:1.4;\">Eskerrak ematen dizkiegu laguntzeagatik:<\/h2><\/div><\/div><\/div><div class=\"fusion-layout-column fusion_builder_column fusion-builder-column-33 fusion_builder_column_1_4 1_4 fusion-flex-column\" style=\"--awb-padding-top:10px;--awb-padding-right:10px;--awb-padding-bottom:80px;--awb-padding-left:10px;--awb-overflow:hidden;--awb-bg-size:cover;--awb-box-shadow:2px 2px 40px 0px hsla(var(--awb-color8-h),var(--awb-color8-s),var(--awb-color8-l),calc(var(--awb-color8-a) - 90%));;--awb-border-radius:10px 10px 10px 10px;--awb-width-large:25%;--awb-margin-top-large:0px;--awb-spacing-right-large:10px;--awb-margin-bottom-large:0px;--awb-spacing-left-large:10px;--awb-width-medium:50%;--awb-order-medium:0;--awb-spacing-right-medium:10px;--awb-margin-bottom-medium:60px;--awb-spacing-left-medium:10px;--awb-width-small:100%;--awb-order-small:0;--awb-spacing-right-small:1.92%;--awb-spacing-left-small:1.92%;\"><div class=\"fusion-column-wrapper fusion-column-has-shadow fusion-flex-justify-content-flex-start fusion-content-layout-column\"><div class=\"fusion-builder-row fusion-builder-row-inner fusion-row fusion-flex-align-items-stretch fusion-flex-justify-content-center fusion-flex-content-wrap\" style=\"width:104% !important;max-width:104% !important;margin-left: calc(-4% \/ 2 );margin-right: calc(-4% \/ 2 );\"><div class=\"fusion-layout-column fusion_builder_column_inner fusion-builder-nested-column-60 fusion_builder_column_inner_1_1 1_1 fusion-flex-column\" style=\"--awb-container-position:absolute;--awb-bg-size:cover;--awb-width-large:100%;--awb-margin-top-large:0px;--awb-spacing-right-large:1.92%;--awb-margin-bottom-large:0px;--awb-spacing-left-large:1.92%;--awb-width-medium:100%;--awb-order-medium:0;--awb-spacing-right-medium:1.92%;--awb-spacing-left-medium:1.92%;--awb-width-small:100%;--awb-order-small:0;--awb-spacing-right-small:1.92%;--awb-spacing-left-small:1.92%;\"><div class=\"fusion-column-wrapper fusion-column-has-shadow fusion-flex-justify-content-flex-start fusion-content-layout-column\"><div class=\"fusion-image-element \" style=\"--awb-aspect-ratio:1 \/ 1;--awb-object-position:58% 23%;--awb-caption-title-font-family:var(--h2_typography-font-family);--awb-caption-title-font-weight:var(--h2_typography-font-weight);--awb-caption-title-font-style:var(--h2_typography-font-style);--awb-caption-title-size:var(--h2_typography-font-size);--awb-caption-title-transform:var(--h2_typography-text-transform);--awb-caption-title-line-height:var(--h2_typography-line-height);--awb-caption-title-letter-spacing:var(--h2_typography-letter-spacing);\"><span class=\" fusion-imageframe imageframe-none imageframe-61 hover-type-zoomin has-aspect-ratio\" style=\"border-radius:8px;\"><img decoding=\"async\" width=\"556\" height=\"779\" title=\"ponente-Begona-Crespo\" src=\"https:\/\/turismososteniblekongresua.eus\/wp-content\/uploads\/2025\/08\/ponente-Begona-Crespo.png\" data-orig-src=\"https:\/\/turismososteniblekongresua.eus\/wp-content\/uploads\/2025\/08\/ponente-Begona-Crespo.png\" class=\"lazyload img-responsive wp-image-3847 img-with-aspect-ratio\" data-parent-fit=\"cover\" data-parent-container=\".fusion-image-element\" alt srcset=\"data:image\/svg+xml,%3Csvg%20xmlns%3D%27http%3A%2F%2Fwww.w3.org%2F2000%2Fsvg%27%20width%3D%27556%27%20height%3D%27779%27%20viewBox%3D%270%200%20556%20779%27%3E%3Crect%20width%3D%27556%27%20height%3D%27779%27%20fill-opacity%3D%220%22%2F%3E%3C%2Fsvg%3E\" data-srcset=\"https:\/\/turismososteniblekongresua.eus\/wp-content\/uploads\/2025\/08\/ponente-Begona-Crespo-200x280.png 200w, https:\/\/turismososteniblekongresua.eus\/wp-content\/uploads\/2025\/08\/ponente-Begona-Crespo-400x560.png 400w, https:\/\/turismososteniblekongresua.eus\/wp-content\/uploads\/2025\/08\/ponente-Begona-Crespo.png 556w\" data-sizes=\"auto\" data-orig-sizes=\"(max-width: 850px) 100vw, 556px\" \/><\/span><\/div><div class=\"fusion-title title fusion-title-64 fusion-sep-none fusion-title-center fusion-title-text fusion-title-size-five\" style=\"--awb-margin-top:15px;--awb-margin-bottom:5px;\"><h5 class=\"fusion-title-heading title-heading-center fusion-responsive-typography-calculated\" style=\"margin:0;--fontSize:22;--minFontSize:22;line-height:1.3;\">Bego\u00f1a Crespo<\/h5><\/div><div class=\"fusion-text fusion-text-32\" style=\"--awb-content-alignment:center;--awb-line-height:1.35em;--awb-text-color:var(--awb-color4);\"><p><span lang=\"ES-TRAD\">Euskadiko Etika Klusterra Fundazioaren Patronatuko kidea<\/span><\/p>\n<\/div><div style=\"text-align:center;\"><a class=\"fusion-button button-flat fusion-button-default-size button-custom fusion-button-default button-31 fusion-button-default-span fusion-button-default-type\" style=\"--button_accent_color:var(--awb-color1);--button_accent_hover_color:var(--awb-color1);--button_border_hover_color:var(--awb-color1);--button_gradient_top_color:var(--awb-color5);--button_gradient_bottom_color:var(--awb-color5);--button_gradient_top_color_hover:hsla(var(--awb-color6-h),calc(var(--awb-color6-s) - 5%),calc(var(--awb-color6-l) - 10%),var(--awb-color6-a));--button_gradient_bottom_color_hover:hsla(var(--awb-color6-h),calc(var(--awb-color6-s) - 5%),calc(var(--awb-color6-l) - 10%),var(--awb-color6-a));--button_padding-top:10px;--button_padding-right:20px;--button_padding-bottom:10px;--button_padding-left:20px;--button_margin-top:20px;\" target=\"_self\" title=\"Ver CV\" aria-label=\"Ver CV\" href=\"#\" data-toggle=\"modal\" data-target=\".fusion-modal.cv-begona-crespo\"><span class=\"fusion-button-text awb-button__text awb-button__text--default\">+ info<\/span><\/a><\/div><div class=\"fusion-modal modal fade modal-31 cv-begona-crespo\" tabindex=\"-1\" role=\"dialog\" aria-labelledby=\"modal-heading-31\" aria-hidden=\"true\" style=\"--awb-border-color:var(--awb-color3);--awb-background:var(--awb-color1);\"><div class=\"modal-dialog modal-lg\" role=\"document\"><div class=\"modal-content fusion-modal-content\"><div class=\"modal-header\"><button class=\"close\" type=\"button\" data-dismiss=\"modal\" aria-hidden=\"true\" aria-label=\"Close\">&times;<\/button><h3 class=\"modal-title\" id=\"modal-heading-31\" data-dismiss=\"modal\" aria-hidden=\"true\">Mar\u00eda Bego\u00f1a Crespo Hidalgo <\/h3><\/div><div class=\"modal-body fusion-clearfix\">\n<p>Zuzenbidean lizentziaduna da Deustuko Unibertsitatean eta Oinarrizko Eskubideen masterra egina du EHUn. Administrazio Zuzenbideko irakasle laguntzaile izan da, baita aholkulari juridiko ere Bilboko Hirigintza Antolamenduko Plan Orokorra egitean.<\/p>\n<p>Ia 20 urtez, BILBAO RIA 2000 sozietatearen arlo juridikoa zuzendu zuen. Lizentziei, etxebizitzari, leheneratzeari, ingurumenari eta oinarrizko eskubideei buruzko lanak argitaratu ditu.<\/p>\n<p>Azpimarratzekoa da etxebizitzarako eskubideari dagokion konfiantza legitimoaren printzipioari buruz egin duen azterketa. Gaur egun, Euskadiko Etika Klusterra Fundazioaren Patronatuko kide da. Euskadiko Turismoaren Etika Batzordeko kide ere bada.<\/p>\n<\/div><\/div><\/div><\/div><\/div><\/div><div class=\"fusion-layout-column fusion_builder_column_inner fusion-builder-nested-column-61 fusion_builder_column_inner_1_1 1_1 fusion-flex-column\" style=\"--awb-padding-bottom:30px;--awb-padding-bottom-small:75px;--awb-overflow:hidden;--awb-bg-color:var(--awb-color5);--awb-bg-color-hover:var(--awb-color5);--awb-bg-size:cover;--awb-border-radius:8px 8px 8px 8px;--awb-filter:opacity(0%);--awb-filter-transition:filter 0.3s ease;--awb-filter-hover:opacity(100%);--awb-filter-parent-hover:opacity(100%);--awb-width-large:100%;--awb-margin-top-large:0px;--awb-spacing-right-large:1.92%;--awb-margin-bottom-large:0px;--awb-spacing-left-large:1.92%;--awb-width-medium:100%;--awb-order-medium:0;--awb-spacing-right-medium:1.92%;--awb-spacing-left-medium:1.92%;--awb-width-small:100%;--awb-order-small:0;--awb-spacing-right-small:1.92%;--awb-spacing-left-small:1.92%;\"><div class=\"fusion-column-wrapper fusion-column-has-shadow fusion-flex-justify-content-flex-start fusion-content-layout-column\"><div class=\"fusion-image-element \" style=\"--awb-aspect-ratio:1 \/ 1;--awb-object-position:54% 53%;--awb-caption-title-font-family:var(--h2_typography-font-family);--awb-caption-title-font-weight:var(--h2_typography-font-weight);--awb-caption-title-font-style:var(--h2_typography-font-style);--awb-caption-title-size:var(--h2_typography-font-size);--awb-caption-title-transform:var(--h2_typography-text-transform);--awb-caption-title-line-height:var(--h2_typography-line-height);--awb-caption-title-letter-spacing:var(--h2_typography-letter-spacing);\"><span class=\" fusion-imageframe imageframe-none imageframe-62 hover-type-zoomin has-aspect-ratio\" style=\"border-radius:8px;\"><img decoding=\"async\" width=\"556\" height=\"779\" title=\"ponente-Begona-Crespo\" src=\"https:\/\/turismososteniblekongresua.eus\/wp-content\/uploads\/2025\/08\/ponente-Begona-Crespo.png\" data-orig-src=\"https:\/\/turismososteniblekongresua.eus\/wp-content\/uploads\/2025\/08\/ponente-Begona-Crespo.png\" class=\"lazyload img-responsive wp-image-3847 img-with-aspect-ratio\" data-parent-fit=\"cover\" data-parent-container=\".fusion-image-element\" alt srcset=\"data:image\/svg+xml,%3Csvg%20xmlns%3D%27http%3A%2F%2Fwww.w3.org%2F2000%2Fsvg%27%20width%3D%27556%27%20height%3D%27779%27%20viewBox%3D%270%200%20556%20779%27%3E%3Crect%20width%3D%27556%27%20height%3D%27779%27%20fill-opacity%3D%220%22%2F%3E%3C%2Fsvg%3E\" data-srcset=\"https:\/\/turismososteniblekongresua.eus\/wp-content\/uploads\/2025\/08\/ponente-Begona-Crespo-200x280.png 200w, https:\/\/turismososteniblekongresua.eus\/wp-content\/uploads\/2025\/08\/ponente-Begona-Crespo-400x560.png 400w, https:\/\/turismososteniblekongresua.eus\/wp-content\/uploads\/2025\/08\/ponente-Begona-Crespo.png 556w\" data-sizes=\"auto\" data-orig-sizes=\"(max-width: 850px) 100vw, 556px\" \/><\/span><\/div><div class=\"fusion-title title fusion-title-65 fusion-sep-none fusion-title-center fusion-title-text fusion-title-size-five\" style=\"--awb-text-color:var(--awb-color1);--awb-margin-bottom:0px;--awb-margin-bottom-small:0px;\"><h5 class=\"fusion-title-heading title-heading-center fusion-responsive-typography-calculated\" style=\"margin:0;--fontSize:22;--minFontSize:22;line-height:1.3;\">Bego\u00f1a Crespo<\/h5><\/div><div class=\"fusion-social-links fusion-social-links-29\" style=\"--awb-margin-top:5px;--awb-margin-right:0px;--awb-margin-bottom:10px;--awb-margin-left:0px;--awb-alignment:center;--awb-box-border-top:0px;--awb-box-border-right:0px;--awb-box-border-bottom:0px;--awb-box-border-left:0px;--awb-icon-colors-hover:var(--awb-color5);--awb-box-colors-hover:var(--awb-color1);--awb-box-border-color:var(--awb-color3);--awb-box-border-color-hover:var(--awb-color4);\"><div class=\"fusion-social-networks boxed-icons color-type-custom\"><div class=\"fusion-social-networks-wrapper\"><\/div><\/div><\/div><\/div><\/div><\/div><\/div><\/div><div class=\"fusion-layout-column fusion_builder_column fusion-builder-column-34 fusion_builder_column_1_4 1_4 fusion-flex-column\" style=\"--awb-padding-top:10px;--awb-padding-right:10px;--awb-padding-bottom:80px;--awb-padding-left:10px;--awb-overflow:hidden;--awb-bg-size:cover;--awb-box-shadow:2px 2px 40px 0px hsla(var(--awb-color8-h),var(--awb-color8-s),var(--awb-color8-l),calc(var(--awb-color8-a) - 90%));;--awb-border-radius:10px 10px 10px 10px;--awb-width-large:25%;--awb-margin-top-large:0px;--awb-spacing-right-large:10px;--awb-margin-bottom-large:0px;--awb-spacing-left-large:10px;--awb-width-medium:50%;--awb-order-medium:0;--awb-spacing-right-medium:10px;--awb-margin-bottom-medium:60px;--awb-spacing-left-medium:10px;--awb-width-small:100%;--awb-order-small:0;--awb-spacing-right-small:1.92%;--awb-spacing-left-small:1.92%;\"><div class=\"fusion-column-wrapper fusion-column-has-shadow fusion-flex-justify-content-flex-start fusion-content-layout-column\"><div class=\"fusion-builder-row fusion-builder-row-inner fusion-row fusion-flex-align-items-stretch fusion-flex-justify-content-center fusion-flex-content-wrap\" style=\"width:104% !important;max-width:104% !important;margin-left: calc(-4% \/ 2 );margin-right: calc(-4% \/ 2 );\"><div class=\"fusion-layout-column fusion_builder_column_inner fusion-builder-nested-column-62 fusion_builder_column_inner_1_1 1_1 fusion-flex-column\" style=\"--awb-padding-bottom-small:20px;--awb-container-position:absolute;--awb-bg-size:cover;--awb-width-large:100%;--awb-margin-top-large:0px;--awb-spacing-right-large:1.92%;--awb-margin-bottom-large:0px;--awb-spacing-left-large:1.92%;--awb-width-medium:100%;--awb-order-medium:0;--awb-spacing-right-medium:1.92%;--awb-spacing-left-medium:1.92%;--awb-width-small:100%;--awb-order-small:0;--awb-spacing-right-small:1.92%;--awb-spacing-left-small:1.92%;\" data-scroll-devices=\"small-visibility,medium-visibility,large-visibility\"><div class=\"fusion-column-wrapper fusion-column-has-shadow fusion-flex-justify-content-flex-start fusion-content-layout-column\"><div class=\"fusion-image-element \" style=\"--awb-aspect-ratio:1 \/ 1;--awb-caption-title-font-family:var(--h2_typography-font-family);--awb-caption-title-font-weight:var(--h2_typography-font-weight);--awb-caption-title-font-style:var(--h2_typography-font-style);--awb-caption-title-size:var(--h2_typography-font-size);--awb-caption-title-transform:var(--h2_typography-text-transform);--awb-caption-title-line-height:var(--h2_typography-line-height);--awb-caption-title-letter-spacing:var(--h2_typography-letter-spacing);\"><span class=\" fusion-imageframe imageframe-none imageframe-63 hover-type-zoomin has-aspect-ratio\" style=\"border-radius:8px;\"><img decoding=\"async\" width=\"2063\" height=\"2560\" title=\"ponente-Daniela-otero\" src=\"https:\/\/turismososteniblekongresua.eus\/wp-content\/uploads\/2025\/08\/ponente-Daniela-otero-scaled.jpg\" data-orig-src=\"https:\/\/turismososteniblekongresua.eus\/wp-content\/uploads\/2025\/08\/ponente-Daniela-otero-scaled.jpg\" class=\"lazyload img-responsive wp-image-3848 img-with-aspect-ratio\" data-parent-fit=\"cover\" data-parent-container=\".fusion-image-element\" alt srcset=\"data:image\/svg+xml,%3Csvg%20xmlns%3D%27http%3A%2F%2Fwww.w3.org%2F2000%2Fsvg%27%20width%3D%272063%27%20height%3D%272560%27%20viewBox%3D%270%200%202063%202560%27%3E%3Crect%20width%3D%272063%27%20height%3D%272560%27%20fill-opacity%3D%220%22%2F%3E%3C%2Fsvg%3E\" data-srcset=\"https:\/\/turismososteniblekongresua.eus\/wp-content\/uploads\/2025\/08\/ponente-Daniela-otero-200x248.jpg 200w, https:\/\/turismososteniblekongresua.eus\/wp-content\/uploads\/2025\/08\/ponente-Daniela-otero-400x496.jpg 400w, https:\/\/turismososteniblekongresua.eus\/wp-content\/uploads\/2025\/08\/ponente-Daniela-otero-600x745.jpg 600w, https:\/\/turismososteniblekongresua.eus\/wp-content\/uploads\/2025\/08\/ponente-Daniela-otero-800x993.jpg 800w, https:\/\/turismososteniblekongresua.eus\/wp-content\/uploads\/2025\/08\/ponente-Daniela-otero-1200x1489.jpg 1200w, https:\/\/turismososteniblekongresua.eus\/wp-content\/uploads\/2025\/08\/ponente-Daniela-otero-scaled.jpg 2063w\" data-sizes=\"auto\" data-orig-sizes=\"(max-width: 850px) 100vw, 2063px\" \/><\/span><\/div><div class=\"fusion-title title fusion-title-66 fusion-sep-none fusion-title-center fusion-title-text fusion-title-size-five\" style=\"--awb-margin-top:15px;--awb-margin-bottom:5px;\"><h5 class=\"fusion-title-heading title-heading-center fusion-responsive-typography-calculated\" style=\"margin:0;--fontSize:22;--minFontSize:22;line-height:1.3;\">Daniela Otero<\/h5><\/div><div class=\"fusion-text fusion-text-33\" style=\"--awb-content-alignment:center;--awb-line-height:1.35em;--awb-text-color:var(--awb-color4);\"><p>Nazio Batuen Turismoaren Mundu Erakundearen Turismoaren Etikako Mundu Batzordeko bitarteko presidentea<\/p>\n<\/div><div style=\"text-align:center;\"><a class=\"fusion-button button-flat fusion-button-default-size button-custom fusion-button-default button-32 fusion-button-default-span fusion-button-default-type\" style=\"--button_accent_color:var(--awb-color1);--button_accent_hover_color:var(--awb-color1);--button_border_hover_color:var(--awb-color1);--button_gradient_top_color:var(--awb-color5);--button_gradient_bottom_color:var(--awb-color5);--button_gradient_top_color_hover:hsla(var(--awb-color6-h),calc(var(--awb-color6-s) - 5%),calc(var(--awb-color6-l) - 10%),var(--awb-color6-a));--button_gradient_bottom_color_hover:hsla(var(--awb-color6-h),calc(var(--awb-color6-s) - 5%),calc(var(--awb-color6-l) - 10%),var(--awb-color6-a));--button_padding-top:10px;--button_padding-right:20px;--button_padding-bottom:10px;--button_padding-left:20px;--button_margin-top:20px;\" target=\"_self\" title=\"Ver CV\" aria-label=\"Ver CV\" href=\"#\" data-toggle=\"modal\" data-target=\".fusion-modal.cv-daniela-otero\"><span class=\"fusion-button-text awb-button__text awb-button__text--default\">+ info<\/span><\/a><\/div><div class=\"fusion-modal modal fade modal-32 cv-daniela-otero\" tabindex=\"-1\" role=\"dialog\" aria-labelledby=\"modal-heading-32\" aria-hidden=\"true\" style=\"--awb-border-color:var(--awb-color3);--awb-background:var(--awb-color1);\"><div class=\"modal-dialog modal-lg\" role=\"document\"><div class=\"modal-content fusion-modal-content\"><div class=\"modal-header\"><button class=\"close\" type=\"button\" data-dismiss=\"modal\" aria-hidden=\"true\" aria-label=\"Close\">&times;<\/button><h3 class=\"modal-title\" id=\"modal-heading-32\" data-dismiss=\"modal\" aria-hidden=\"true\">Daniela Otero<\/h3><\/div><div class=\"modal-body fusion-clearfix\">\n<p>Enpresak eta erakundeak emaitzen eraldaketan eta hobekuntzan gidatzeko estrategia berritzaileak diseinatzen aditua da.<\/p>\n<p>20 urte daramatza enpresak eta erakundeak gidatzen estrategia berriak diseinatzeko lanetan, printzipio etikoak eta jasangarritasunekoak txertatzen ditu, eta frogatu du ingurumen-, gizarte- eta gobernantza-faktoreak hobetzeko inbertitzen bada, enpresa eta erakunde sendoagoak, indar handiagoa dutenak, sortzeaz gain, emaitza ekonomikoak hobetu egiten direla.<\/p>\n<p>2016tik 2022ra bitarte, Sk\u00e5l Internacional enpresaren CEOa izan zen. Enpresa hori turismoaren arloko profesionalen munduko sare handiena da eta 100 herrialdetan du presentzia.<\/p>\n<p>Turismoaren Mundu Erakundeko (TME) Kide Afiliatuen batzordekide izan da 2019tik 2021era bitarte.<\/p>\n<p>Biosferako Helmuga Jasangarrien Sare Iberoamerikarraren Batzorde Teknikoko kide aktiboa da eta Turismo Arduratsuaren Institutuko Zuzendaritza Batzordeko kide ere bai.<\/p>\n<p>Eta, gaur egun, Nazio Batuen Turismoaren Mundu Erakundearen Turismoaren Etikako Mundu Batzordeko bitarteko presidentea da.<\/p>\n<\/div><\/div><\/div><\/div><\/div><\/div><div class=\"fusion-layout-column fusion_builder_column_inner fusion-builder-nested-column-63 fusion_builder_column_inner_1_1 1_1 fusion-flex-column\" style=\"--awb-padding-bottom:40px;--awb-padding-bottom-small:55px;--awb-overflow:hidden;--awb-bg-color:var(--awb-color5);--awb-bg-color-hover:var(--awb-color5);--awb-bg-size:cover;--awb-border-radius:8px 8px 8px 8px;--awb-filter:opacity(0%);--awb-filter-transition:filter 0.3s ease;--awb-filter-hover:opacity(100%);--awb-filter-parent-hover:opacity(100%);--awb-width-large:100%;--awb-margin-top-large:0px;--awb-spacing-right-large:1.92%;--awb-margin-bottom-large:0px;--awb-spacing-left-large:1.92%;--awb-width-medium:100%;--awb-order-medium:0;--awb-spacing-right-medium:1.92%;--awb-spacing-left-medium:1.92%;--awb-width-small:100%;--awb-order-small:0;--awb-spacing-right-small:1.92%;--awb-spacing-left-small:1.92%;\" data-scroll-devices=\"small-visibility,medium-visibility,large-visibility\"><div class=\"fusion-column-wrapper fusion-column-has-shadow fusion-flex-justify-content-flex-start fusion-content-layout-column\"><div class=\"fusion-image-element \" style=\"--awb-aspect-ratio:1 \/ 1;--awb-caption-title-font-family:var(--h2_typography-font-family);--awb-caption-title-font-weight:var(--h2_typography-font-weight);--awb-caption-title-font-style:var(--h2_typography-font-style);--awb-caption-title-size:var(--h2_typography-font-size);--awb-caption-title-transform:var(--h2_typography-text-transform);--awb-caption-title-line-height:var(--h2_typography-line-height);--awb-caption-title-letter-spacing:var(--h2_typography-letter-spacing);\"><span class=\" fusion-imageframe imageframe-none imageframe-64 hover-type-zoomin has-aspect-ratio\" style=\"border-radius:8px;\"><img decoding=\"async\" width=\"2063\" height=\"2560\" title=\"ponente-Daniela-otero\" src=\"https:\/\/turismososteniblekongresua.eus\/wp-content\/uploads\/2025\/08\/ponente-Daniela-otero-scaled.jpg\" data-orig-src=\"https:\/\/turismososteniblekongresua.eus\/wp-content\/uploads\/2025\/08\/ponente-Daniela-otero-scaled.jpg\" class=\"lazyload img-responsive wp-image-3848 img-with-aspect-ratio\" data-parent-fit=\"cover\" data-parent-container=\".fusion-image-element\" alt srcset=\"data:image\/svg+xml,%3Csvg%20xmlns%3D%27http%3A%2F%2Fwww.w3.org%2F2000%2Fsvg%27%20width%3D%272063%27%20height%3D%272560%27%20viewBox%3D%270%200%202063%202560%27%3E%3Crect%20width%3D%272063%27%20height%3D%272560%27%20fill-opacity%3D%220%22%2F%3E%3C%2Fsvg%3E\" data-srcset=\"https:\/\/turismososteniblekongresua.eus\/wp-content\/uploads\/2025\/08\/ponente-Daniela-otero-200x248.jpg 200w, https:\/\/turismososteniblekongresua.eus\/wp-content\/uploads\/2025\/08\/ponente-Daniela-otero-400x496.jpg 400w, https:\/\/turismososteniblekongresua.eus\/wp-content\/uploads\/2025\/08\/ponente-Daniela-otero-600x745.jpg 600w, https:\/\/turismososteniblekongresua.eus\/wp-content\/uploads\/2025\/08\/ponente-Daniela-otero-800x993.jpg 800w, https:\/\/turismososteniblekongresua.eus\/wp-content\/uploads\/2025\/08\/ponente-Daniela-otero-1200x1489.jpg 1200w, https:\/\/turismososteniblekongresua.eus\/wp-content\/uploads\/2025\/08\/ponente-Daniela-otero-scaled.jpg 2063w\" data-sizes=\"auto\" data-orig-sizes=\"(max-width: 850px) 100vw, 2063px\" \/><\/span><\/div><div class=\"fusion-title title fusion-title-67 fusion-sep-none fusion-title-center fusion-title-text fusion-title-size-five\" style=\"--awb-text-color:var(--awb-color1);--awb-margin-bottom:0px;--awb-margin-bottom-small:0px;\"><h5 class=\"fusion-title-heading title-heading-center fusion-responsive-typography-calculated\" style=\"margin:0;--fontSize:22;--minFontSize:22;line-height:1.3;\">Daniela Otero<\/h5><\/div><div class=\"fusion-social-links fusion-social-links-30\" style=\"--awb-margin-top:5px;--awb-margin-right:0px;--awb-margin-bottom:10px;--awb-margin-left:0px;--awb-margin-bottom-small:0px;--awb-alignment:center;--awb-box-border-top:0px;--awb-box-border-right:0px;--awb-box-border-bottom:0px;--awb-box-border-left:0px;--awb-icon-colors-hover:var(--awb-color5);--awb-box-colors-hover:var(--awb-color1);--awb-box-border-color:var(--awb-color3);--awb-box-border-color-hover:var(--awb-color4);\"><div class=\"fusion-social-networks boxed-icons color-type-custom\"><div class=\"fusion-social-networks-wrapper\"><a class=\"fusion-social-network-icon fusion-tooltip fusion-linkedin awb-icon-linkedin\" style=\"color:var(--awb-color1);font-size:17px;width:17px;background-color:hsla(var(--awb-color5-h),var(--awb-color5-s),calc(var(--awb-color5-l) + 10%),var(--awb-color5-a));border-color:hsla(var(--awb-color5-h),var(--awb-color5-s),calc(var(--awb-color5-l) + 10%),var(--awb-color5-a));border-radius:4px;\" data-placement=\"top\" data-title=\"LinkedIn\" data-toggle=\"tooltip\" title=\"LinkedIn\" aria-label=\"linkedin\" target=\"_blank\" rel=\"noopener noreferrer\" href=\"https:\/\/www.linkedin.com\/in\/daniela-otero\/\"><\/a><\/div><\/div><\/div><\/div><\/div><\/div><\/div><\/div><div class=\"fusion-layout-column fusion_builder_column fusion-builder-column-35 fusion_builder_column_1_4 1_4 fusion-flex-column\" style=\"--awb-padding-top:10px;--awb-padding-right:10px;--awb-padding-bottom:80px;--awb-padding-left:10px;--awb-overflow:hidden;--awb-bg-size:cover;--awb-box-shadow:2px 2px 40px 0px hsla(var(--awb-color8-h),var(--awb-color8-s),var(--awb-color8-l),calc(var(--awb-color8-a) - 90%));;--awb-border-radius:10px 10px 10px 10px;--awb-width-large:25%;--awb-margin-top-large:0px;--awb-spacing-right-large:10px;--awb-margin-bottom-large:0px;--awb-spacing-left-large:10px;--awb-width-medium:50%;--awb-order-medium:0;--awb-spacing-right-medium:10px;--awb-spacing-left-medium:10px;--awb-width-small:100%;--awb-order-small:0;--awb-spacing-right-small:1.92%;--awb-spacing-left-small:1.92%;\"><div class=\"fusion-column-wrapper fusion-column-has-shadow fusion-flex-justify-content-flex-start fusion-content-layout-column\"><div class=\"fusion-builder-row fusion-builder-row-inner fusion-row fusion-flex-align-items-stretch fusion-flex-justify-content-center fusion-flex-content-wrap\" style=\"width:104% !important;max-width:104% !important;margin-left: calc(-4% \/ 2 );margin-right: calc(-4% \/ 2 );\"><div class=\"fusion-layout-column fusion_builder_column_inner fusion-builder-nested-column-64 fusion_builder_column_inner_1_1 1_1 fusion-flex-column\" style=\"--awb-container-position:absolute;--awb-bg-size:cover;--awb-width-large:100%;--awb-margin-top-large:0px;--awb-spacing-right-large:1.92%;--awb-margin-bottom-large:0px;--awb-spacing-left-large:1.92%;--awb-width-medium:100%;--awb-order-medium:0;--awb-spacing-right-medium:1.92%;--awb-spacing-left-medium:1.92%;--awb-width-small:100%;--awb-order-small:0;--awb-spacing-right-small:1.92%;--awb-spacing-left-small:1.92%;\"><div class=\"fusion-column-wrapper fusion-column-has-shadow fusion-flex-justify-content-flex-start fusion-content-layout-column\"><div class=\"fusion-image-element \" style=\"--awb-aspect-ratio:1 \/ 1;--awb-object-position:40% 59%;--awb-caption-title-font-family:var(--h2_typography-font-family);--awb-caption-title-font-weight:var(--h2_typography-font-weight);--awb-caption-title-font-style:var(--h2_typography-font-style);--awb-caption-title-size:var(--h2_typography-font-size);--awb-caption-title-transform:var(--h2_typography-text-transform);--awb-caption-title-line-height:var(--h2_typography-line-height);--awb-caption-title-letter-spacing:var(--h2_typography-letter-spacing);\"><span class=\" fusion-imageframe imageframe-none imageframe-65 hover-type-zoomin has-aspect-ratio\" style=\"border-radius:8px;\"><img decoding=\"async\" width=\"640\" height=\"480\" title=\"ponente-Jose-Ignacio-Besga\" src=\"https:\/\/turismososteniblekongresua.eus\/wp-content\/uploads\/2025\/08\/ponente-Jose-Ignacio-Besga.jpeg\" data-orig-src=\"https:\/\/turismososteniblekongresua.eus\/wp-content\/uploads\/2025\/08\/ponente-Jose-Ignacio-Besga.jpeg\" class=\"lazyload img-responsive wp-image-3849 img-with-aspect-ratio\" data-parent-fit=\"cover\" data-parent-container=\".fusion-image-element\" alt srcset=\"data:image\/svg+xml,%3Csvg%20xmlns%3D%27http%3A%2F%2Fwww.w3.org%2F2000%2Fsvg%27%20width%3D%27640%27%20height%3D%27480%27%20viewBox%3D%270%200%20640%20480%27%3E%3Crect%20width%3D%27640%27%20height%3D%27480%27%20fill-opacity%3D%220%22%2F%3E%3C%2Fsvg%3E\" data-srcset=\"https:\/\/turismososteniblekongresua.eus\/wp-content\/uploads\/2025\/08\/ponente-Jose-Ignacio-Besga-200x150.jpeg 200w, https:\/\/turismososteniblekongresua.eus\/wp-content\/uploads\/2025\/08\/ponente-Jose-Ignacio-Besga-400x300.jpeg 400w, https:\/\/turismososteniblekongresua.eus\/wp-content\/uploads\/2025\/08\/ponente-Jose-Ignacio-Besga-600x450.jpeg 600w, https:\/\/turismososteniblekongresua.eus\/wp-content\/uploads\/2025\/08\/ponente-Jose-Ignacio-Besga.jpeg 640w\" data-sizes=\"auto\" data-orig-sizes=\"(max-width: 850px) 100vw, 640px\" \/><\/span><\/div><div class=\"fusion-title title fusion-title-68 fusion-sep-none fusion-title-center fusion-title-text fusion-title-size-five\" style=\"--awb-margin-top:15px;--awb-margin-bottom:5px;\"><h5 class=\"fusion-title-heading title-heading-center fusion-responsive-typography-calculated\" style=\"margin:0;--fontSize:22;--minFontSize:22;line-height:1.3;\">Jos\u00e9 Ignacio Besga-Zuazola<\/h5><\/div><div class=\"fusion-text fusion-text-34\" style=\"--awb-content-alignment:center;--awb-line-height:1.35em;--awb-text-color:var(--awb-color4);\"><p>Euskadiko Etika Klusterra Fundazioaren eta Lidergo Etikoaren Euskal Institutuaren presidentea<\/p>\n<\/div><div style=\"text-align:center;\"><a class=\"fusion-button button-flat fusion-button-default-size button-custom fusion-button-default button-33 fusion-button-default-span fusion-button-default-type\" style=\"--button_accent_color:var(--awb-color1);--button_accent_hover_color:var(--awb-color1);--button_border_hover_color:var(--awb-color1);--button_gradient_top_color:var(--awb-color5);--button_gradient_bottom_color:var(--awb-color5);--button_gradient_top_color_hover:hsla(var(--awb-color6-h),calc(var(--awb-color6-s) - 5%),calc(var(--awb-color6-l) - 10%),var(--awb-color6-a));--button_gradient_bottom_color_hover:hsla(var(--awb-color6-h),calc(var(--awb-color6-s) - 5%),calc(var(--awb-color6-l) - 10%),var(--awb-color6-a));--button_padding-top:10px;--button_padding-right:20px;--button_padding-bottom:10px;--button_padding-left:20px;--button_margin-top:20px;\" target=\"_self\" title=\"Ver CV\" aria-label=\"Ver CV\" href=\"#\" data-toggle=\"modal\" data-target=\".fusion-modal.cv-joseignacio-vesga\"><span class=\"fusion-button-text awb-button__text awb-button__text--default\">+ info<\/span><\/a><\/div><div class=\"fusion-modal modal fade modal-33 cv-joseignacio-vesga\" tabindex=\"-1\" role=\"dialog\" aria-labelledby=\"modal-heading-33\" aria-hidden=\"true\" style=\"--awb-border-color:var(--awb-color3);--awb-background:var(--awb-color1);\"><div class=\"modal-dialog modal-lg\" role=\"document\"><div class=\"modal-content fusion-modal-content\"><div class=\"modal-header\"><button class=\"close\" type=\"button\" data-dismiss=\"modal\" aria-hidden=\"true\" aria-label=\"Close\">&times;<\/button><h3 class=\"modal-title\" id=\"modal-heading-33\" data-dismiss=\"modal\" aria-hidden=\"true\">Jos\u00e9 Ignacio Besga-Zuazola<\/h3><\/div><div class=\"modal-body fusion-clearfix\">\n<p>Jos\u00e9 Ignacio Besga-Zuazola gasteiztarra abokatua eta ekonomialaria da Deustuko Unibertsitatean ikasi ostean, eta ibilbide luzea du lidergo etikoan, kudeaketa instituzionalean eta irakaskuntzan. Gaur egun, Euskadiko Etika Klusterra Fundazioaren eta Lidergo Etikoaren Euskal Institutuaren presidentea da eta, gainera, Turismoaren Munduko Etika Batzordeko (UNWTO) eta Euskadiko Turismoaren Etika Batzordeko kide ere bada.<\/p>\n<p>Kargu garrantzitsuak izan ditu: Caja Vital Kutxako zuzendariorde nagusia eta idazkari nagusia, Gasteizko Gizarte Kontseiluko presidentea, UNICEF Arabako presidentea eta Euskadiko Idazleen Elkarteko presidentea.<\/p>\n<p>Unibertsitateko irakasle izan da Deustun eta UNEDen, eta arbitro- eta bitartekari-lanak egin ditu Euskal Autonomia Erkidegoko Lan Harremanen Kontseiluan.<\/p>\n<p>Idazle oparoa da, eta etikari, turismoari eta merkataritza-zuzenbideari buruzko saiakerak ez ezik, eleberria eta poesia ere argitaratu ditu, konpromiso soziala, kultura eta etika publikoa izanik bere ibilbidearen bereizgarri.<\/p>\n<\/div><\/div><\/div><\/div><\/div><\/div><div class=\"fusion-layout-column fusion_builder_column_inner fusion-builder-nested-column-65 fusion_builder_column_inner_1_1 1_1 fusion-flex-column\" style=\"--awb-padding-bottom:30px;--awb-padding-bottom-small:75px;--awb-overflow:hidden;--awb-bg-color:var(--awb-color5);--awb-bg-color-hover:var(--awb-color5);--awb-bg-size:cover;--awb-border-radius:8px 8px 8px 8px;--awb-filter:opacity(0%);--awb-filter-transition:filter 0.3s ease;--awb-filter-hover:opacity(100%);--awb-filter-parent-hover:opacity(100%);--awb-width-large:100%;--awb-margin-top-large:0px;--awb-spacing-right-large:1.92%;--awb-margin-bottom-large:0px;--awb-spacing-left-large:1.92%;--awb-width-medium:100%;--awb-order-medium:0;--awb-spacing-right-medium:1.92%;--awb-spacing-left-medium:1.92%;--awb-width-small:100%;--awb-order-small:0;--awb-spacing-right-small:1.92%;--awb-spacing-left-small:1.92%;\"><div class=\"fusion-column-wrapper fusion-column-has-shadow fusion-flex-justify-content-flex-start fusion-content-layout-column\"><div class=\"fusion-image-element \" style=\"--awb-aspect-ratio:1 \/ 1;--awb-caption-title-font-family:var(--h2_typography-font-family);--awb-caption-title-font-weight:var(--h2_typography-font-weight);--awb-caption-title-font-style:var(--h2_typography-font-style);--awb-caption-title-size:var(--h2_typography-font-size);--awb-caption-title-transform:var(--h2_typography-text-transform);--awb-caption-title-line-height:var(--h2_typography-line-height);--awb-caption-title-letter-spacing:var(--h2_typography-letter-spacing);\"><span class=\" fusion-imageframe imageframe-none imageframe-66 hover-type-zoomin has-aspect-ratio\" style=\"border-radius:8px;\"><img decoding=\"async\" width=\"640\" height=\"480\" title=\"ponente-Jose-Ignacio-Besga\" src=\"https:\/\/turismososteniblekongresua.eus\/wp-content\/uploads\/2025\/08\/ponente-Jose-Ignacio-Besga.jpeg\" data-orig-src=\"https:\/\/turismososteniblekongresua.eus\/wp-content\/uploads\/2025\/08\/ponente-Jose-Ignacio-Besga.jpeg\" class=\"lazyload img-responsive wp-image-3849 img-with-aspect-ratio\" data-parent-fit=\"cover\" data-parent-container=\".fusion-image-element\" alt srcset=\"data:image\/svg+xml,%3Csvg%20xmlns%3D%27http%3A%2F%2Fwww.w3.org%2F2000%2Fsvg%27%20width%3D%27640%27%20height%3D%27480%27%20viewBox%3D%270%200%20640%20480%27%3E%3Crect%20width%3D%27640%27%20height%3D%27480%27%20fill-opacity%3D%220%22%2F%3E%3C%2Fsvg%3E\" data-srcset=\"https:\/\/turismososteniblekongresua.eus\/wp-content\/uploads\/2025\/08\/ponente-Jose-Ignacio-Besga-200x150.jpeg 200w, https:\/\/turismososteniblekongresua.eus\/wp-content\/uploads\/2025\/08\/ponente-Jose-Ignacio-Besga-400x300.jpeg 400w, https:\/\/turismososteniblekongresua.eus\/wp-content\/uploads\/2025\/08\/ponente-Jose-Ignacio-Besga-600x450.jpeg 600w, https:\/\/turismososteniblekongresua.eus\/wp-content\/uploads\/2025\/08\/ponente-Jose-Ignacio-Besga.jpeg 640w\" data-sizes=\"auto\" data-orig-sizes=\"(max-width: 850px) 100vw, 640px\" \/><\/span><\/div><div class=\"fusion-title title fusion-title-69 fusion-sep-none fusion-title-center fusion-title-text fusion-title-size-five\" style=\"--awb-text-color:var(--awb-color1);--awb-margin-bottom:0px;--awb-margin-bottom-small:0px;\"><h5 class=\"fusion-title-heading title-heading-center fusion-responsive-typography-calculated\" style=\"margin:0;--fontSize:22;--minFontSize:22;line-height:1.3;\">Jos\u00e9 Ignacio Besga-Zuazola<\/h5><\/div><div class=\"fusion-social-links fusion-social-links-31\" style=\"--awb-margin-top:5px;--awb-margin-right:0px;--awb-margin-bottom:10px;--awb-margin-left:0px;--awb-alignment:center;--awb-box-border-top:0px;--awb-box-border-right:0px;--awb-box-border-bottom:0px;--awb-box-border-left:0px;--awb-icon-colors-hover:var(--awb-color5);--awb-box-colors-hover:var(--awb-color1);--awb-box-border-color:var(--awb-color3);--awb-box-border-color-hover:var(--awb-color4);\"><div class=\"fusion-social-networks boxed-icons color-type-custom\"><div class=\"fusion-social-networks-wrapper\"><\/div><\/div><\/div><\/div><\/div><\/div><\/div><\/div><div class=\"fusion-layout-column fusion_builder_column fusion-builder-column-36 fusion_builder_column_1_4 1_4 fusion-flex-column\" style=\"--awb-padding-top:10px;--awb-padding-right:10px;--awb-padding-bottom:80px;--awb-padding-left:10px;--awb-overflow:hidden;--awb-bg-size:cover;--awb-box-shadow:2px 2px 40px 0px hsla(var(--awb-color8-h),var(--awb-color8-s),var(--awb-color8-l),calc(var(--awb-color8-a) - 90%));;--awb-border-radius:10px 10px 10px 10px;--awb-width-large:25%;--awb-margin-top-large:0px;--awb-spacing-right-large:10px;--awb-margin-bottom-large:20px;--awb-spacing-left-large:10px;--awb-width-medium:50%;--awb-order-medium:0;--awb-spacing-right-medium:10px;--awb-spacing-left-medium:10px;--awb-width-small:100%;--awb-order-small:0;--awb-spacing-right-small:1.92%;--awb-margin-bottom-small:60px;--awb-spacing-left-small:1.92%;\"><div class=\"fusion-column-wrapper fusion-column-has-shadow fusion-flex-justify-content-flex-start fusion-content-layout-column\"><div class=\"fusion-builder-row fusion-builder-row-inner fusion-row fusion-flex-align-items-stretch fusion-flex-justify-content-center fusion-flex-content-wrap\" style=\"width:104% !important;max-width:104% !important;margin-left: calc(-4% \/ 2 );margin-right: calc(-4% \/ 2 );\"><div class=\"fusion-layout-column fusion_builder_column_inner fusion-builder-nested-column-66 fusion_builder_column_inner_1_1 1_1 fusion-flex-column\" style=\"--awb-container-position:absolute;--awb-bg-size:cover;--awb-width-large:100%;--awb-margin-top-large:0px;--awb-spacing-right-large:1.92%;--awb-margin-bottom-large:0px;--awb-spacing-left-large:1.92%;--awb-width-medium:100%;--awb-order-medium:0;--awb-spacing-right-medium:1.92%;--awb-spacing-left-medium:1.92%;--awb-width-small:100%;--awb-order-small:0;--awb-spacing-right-small:1.92%;--awb-spacing-left-small:1.92%;\"><div class=\"fusion-column-wrapper fusion-column-has-shadow fusion-flex-justify-content-flex-start fusion-content-layout-column\"><div class=\"fusion-image-element \" style=\"--awb-aspect-ratio:1 \/ 1;--awb-object-position:53% 98%;--awb-caption-title-font-family:var(--h2_typography-font-family);--awb-caption-title-font-weight:var(--h2_typography-font-weight);--awb-caption-title-font-style:var(--h2_typography-font-style);--awb-caption-title-size:var(--h2_typography-font-size);--awb-caption-title-transform:var(--h2_typography-text-transform);--awb-caption-title-line-height:var(--h2_typography-line-height);--awb-caption-title-letter-spacing:var(--h2_typography-letter-spacing);\"><span class=\" fusion-imageframe imageframe-none imageframe-67 hover-type-zoomin has-aspect-ratio\" style=\"border-radius:8px;\"><img decoding=\"async\" width=\"1870\" height=\"2560\" title=\"ponente-Cristina-de-la-Cruz\" src=\"https:\/\/turismososteniblekongresua.eus\/wp-content\/uploads\/2025\/08\/ponente-Cristina-de-la-Cruz-scaled.jpg\" data-orig-src=\"https:\/\/turismososteniblekongresua.eus\/wp-content\/uploads\/2025\/08\/ponente-Cristina-de-la-Cruz-scaled.jpg\" class=\"lazyload img-responsive wp-image-3850 img-with-aspect-ratio\" data-parent-fit=\"cover\" data-parent-container=\".fusion-image-element\" alt srcset=\"data:image\/svg+xml,%3Csvg%20xmlns%3D%27http%3A%2F%2Fwww.w3.org%2F2000%2Fsvg%27%20width%3D%271870%27%20height%3D%272560%27%20viewBox%3D%270%200%201870%202560%27%3E%3Crect%20width%3D%271870%27%20height%3D%272560%27%20fill-opacity%3D%220%22%2F%3E%3C%2Fsvg%3E\" data-srcset=\"https:\/\/turismososteniblekongresua.eus\/wp-content\/uploads\/2025\/08\/ponente-Cristina-de-la-Cruz-200x274.jpg 200w, https:\/\/turismososteniblekongresua.eus\/wp-content\/uploads\/2025\/08\/ponente-Cristina-de-la-Cruz-400x548.jpg 400w, https:\/\/turismososteniblekongresua.eus\/wp-content\/uploads\/2025\/08\/ponente-Cristina-de-la-Cruz-600x821.jpg 600w, https:\/\/turismososteniblekongresua.eus\/wp-content\/uploads\/2025\/08\/ponente-Cristina-de-la-Cruz-800x1095.jpg 800w, https:\/\/turismososteniblekongresua.eus\/wp-content\/uploads\/2025\/08\/ponente-Cristina-de-la-Cruz-1200x1643.jpg 1200w, https:\/\/turismososteniblekongresua.eus\/wp-content\/uploads\/2025\/08\/ponente-Cristina-de-la-Cruz-scaled.jpg 1870w\" data-sizes=\"auto\" data-orig-sizes=\"(max-width: 850px) 100vw, 1870px\" \/><\/span><\/div><div class=\"fusion-title title fusion-title-70 fusion-sep-none fusion-title-center fusion-title-text fusion-title-size-five\" style=\"--awb-margin-top:15px;--awb-margin-bottom:5px;\"><h5 class=\"fusion-title-heading title-heading-center fusion-responsive-typography-calculated\" style=\"margin:0;--fontSize:22;--minFontSize:22;line-height:1.3;\">Mar\u00eda Cristina de la Cruz Ayuso<\/h5><\/div><div class=\"fusion-text fusion-text-35\" style=\"--awb-content-alignment:center;--awb-line-height:1.35em;--awb-text-color:var(--awb-color4);\"><p>Deustuko Unibertsitateko Deusto International Research School-en zuzendaria<\/p>\n<\/div><div style=\"text-align:center;\"><a class=\"fusion-button button-flat fusion-button-default-size button-custom fusion-button-default button-34 fusion-button-default-span fusion-button-default-type\" style=\"--button_accent_color:var(--awb-color1);--button_accent_hover_color:var(--awb-color1);--button_border_hover_color:var(--awb-color1);--button_gradient_top_color:var(--awb-color5);--button_gradient_bottom_color:var(--awb-color5);--button_gradient_top_color_hover:hsla(var(--awb-color6-h),calc(var(--awb-color6-s) - 5%),calc(var(--awb-color6-l) - 10%),var(--awb-color6-a));--button_gradient_bottom_color_hover:hsla(var(--awb-color6-h),calc(var(--awb-color6-s) - 5%),calc(var(--awb-color6-l) - 10%),var(--awb-color6-a));--button_padding-top:10px;--button_padding-right:20px;--button_padding-bottom:10px;--button_padding-left:20px;--button_margin-top:20px;\" target=\"_self\" title=\"Ver CV\" aria-label=\"Ver CV\" href=\"#\" data-toggle=\"modal\" data-target=\".fusion-modal.cv-cristina-cruz\"><span class=\"fusion-button-text awb-button__text awb-button__text--default\">+ info<\/span><\/a><\/div><div class=\"fusion-modal modal fade modal-34 cv-cristina-cruz\" tabindex=\"-1\" role=\"dialog\" aria-labelledby=\"modal-heading-34\" aria-hidden=\"true\" style=\"--awb-border-color:var(--awb-color3);--awb-background:var(--awb-color1);\"><div class=\"modal-dialog modal-lg\" role=\"document\"><div class=\"modal-content fusion-modal-content\"><div class=\"modal-header\"><button class=\"close\" type=\"button\" data-dismiss=\"modal\" aria-hidden=\"true\" aria-label=\"Close\">&times;<\/button><h3 class=\"modal-title\" id=\"modal-heading-34\" data-dismiss=\"modal\" aria-hidden=\"true\">M\u00aa Cristina de la Cruz Ayuso<\/h3><\/div><div class=\"modal-body fusion-clearfix\">\n<p>Deustuko Unibertsitateko Pedro Arrupe Giza Eskubideen Institutuko Filosofiako irakasle titularra eta ikertzaile seniorra. Hamar urtez Etika zibiko eta profesionalaren irakasle izan zen Deustuko Unibertsitateko Turismo Eskolan.<\/p>\n<p>Gaur egun, Antzinako Filosofia, Filosofia Morala eta Ikerketaren Etika irakasten ditu. Deusto International Research Schoolaren zuzendaria da Deustuko Unibertsitatean eta unibertsitate horretako Etika Batzordeko kide ere bada. 22 liburu eta artikulu eta liburuen kapitulu asko, ehundik gora, idatzi eta argitaratu ditu. Horietan guztietan nabarmentzen da kontzeptu batzuen konplexutasuna ikertu nahi duela. Kontzeptu horiek erantzukizuna, deliberazioa, errukia edo desberdintasuna dira, besteak beste.<\/p>\n<\/div><\/div><\/div><\/div><\/div><\/div><div class=\"fusion-layout-column fusion_builder_column_inner fusion-builder-nested-column-67 fusion_builder_column_inner_1_1 1_1 fusion-flex-column\" style=\"--awb-padding-bottom:30px;--awb-padding-bottom-small:55px;--awb-overflow:hidden;--awb-bg-color:var(--awb-color5);--awb-bg-color-hover:var(--awb-color5);--awb-bg-size:cover;--awb-border-radius:8px 8px 8px 8px;--awb-filter:opacity(0%);--awb-filter-transition:filter 0.3s ease;--awb-filter-hover:opacity(100%);--awb-filter-parent-hover:opacity(100%);--awb-width-large:100%;--awb-margin-top-large:0px;--awb-spacing-right-large:1.92%;--awb-margin-bottom-large:0px;--awb-spacing-left-large:1.92%;--awb-width-medium:100%;--awb-order-medium:0;--awb-spacing-right-medium:1.92%;--awb-spacing-left-medium:1.92%;--awb-width-small:100%;--awb-order-small:0;--awb-spacing-right-small:1.92%;--awb-spacing-left-small:1.92%;\"><div class=\"fusion-column-wrapper fusion-column-has-shadow fusion-flex-justify-content-flex-start fusion-content-layout-column\"><div class=\"fusion-image-element \" style=\"--awb-aspect-ratio:1 \/ 1;--awb-object-position:49% 84%;--awb-caption-title-font-family:var(--h2_typography-font-family);--awb-caption-title-font-weight:var(--h2_typography-font-weight);--awb-caption-title-font-style:var(--h2_typography-font-style);--awb-caption-title-size:var(--h2_typography-font-size);--awb-caption-title-transform:var(--h2_typography-text-transform);--awb-caption-title-line-height:var(--h2_typography-line-height);--awb-caption-title-letter-spacing:var(--h2_typography-letter-spacing);\"><span class=\" fusion-imageframe imageframe-none imageframe-68 hover-type-zoomin has-aspect-ratio\" style=\"border-radius:8px;\"><img decoding=\"async\" width=\"1870\" height=\"2560\" title=\"ponente-Cristina-de-la-Cruz\" src=\"https:\/\/turismososteniblekongresua.eus\/wp-content\/uploads\/2025\/08\/ponente-Cristina-de-la-Cruz-scaled.jpg\" data-orig-src=\"https:\/\/turismososteniblekongresua.eus\/wp-content\/uploads\/2025\/08\/ponente-Cristina-de-la-Cruz-scaled.jpg\" class=\"lazyload img-responsive wp-image-3850 img-with-aspect-ratio\" data-parent-fit=\"cover\" data-parent-container=\".fusion-image-element\" alt srcset=\"data:image\/svg+xml,%3Csvg%20xmlns%3D%27http%3A%2F%2Fwww.w3.org%2F2000%2Fsvg%27%20width%3D%271870%27%20height%3D%272560%27%20viewBox%3D%270%200%201870%202560%27%3E%3Crect%20width%3D%271870%27%20height%3D%272560%27%20fill-opacity%3D%220%22%2F%3E%3C%2Fsvg%3E\" data-srcset=\"https:\/\/turismososteniblekongresua.eus\/wp-content\/uploads\/2025\/08\/ponente-Cristina-de-la-Cruz-200x274.jpg 200w, https:\/\/turismososteniblekongresua.eus\/wp-content\/uploads\/2025\/08\/ponente-Cristina-de-la-Cruz-400x548.jpg 400w, https:\/\/turismososteniblekongresua.eus\/wp-content\/uploads\/2025\/08\/ponente-Cristina-de-la-Cruz-600x821.jpg 600w, https:\/\/turismososteniblekongresua.eus\/wp-content\/uploads\/2025\/08\/ponente-Cristina-de-la-Cruz-800x1095.jpg 800w, https:\/\/turismososteniblekongresua.eus\/wp-content\/uploads\/2025\/08\/ponente-Cristina-de-la-Cruz-1200x1643.jpg 1200w, https:\/\/turismososteniblekongresua.eus\/wp-content\/uploads\/2025\/08\/ponente-Cristina-de-la-Cruz-scaled.jpg 1870w\" data-sizes=\"auto\" data-orig-sizes=\"(max-width: 850px) 100vw, 1870px\" \/><\/span><\/div><div class=\"fusion-title title fusion-title-71 fusion-sep-none fusion-title-center fusion-title-text fusion-title-size-five\" style=\"--awb-text-color:var(--awb-color1);--awb-margin-bottom:0px;--awb-margin-bottom-small:0px;\"><h5 class=\"fusion-title-heading title-heading-center fusion-responsive-typography-calculated\" style=\"margin:0;--fontSize:22;--minFontSize:22;line-height:1.3;\">Mar\u00eda Cristina de la Cruz Ayuso<\/h5><\/div><div class=\"fusion-social-links fusion-social-links-32\" style=\"--awb-margin-top:5px;--awb-margin-right:0px;--awb-margin-bottom:10px;--awb-margin-left:0px;--awb-margin-bottom-small:0px;--awb-alignment:center;--awb-box-border-top:0px;--awb-box-border-right:0px;--awb-box-border-bottom:0px;--awb-box-border-left:0px;--awb-icon-colors-hover:var(--awb-color5);--awb-box-colors-hover:var(--awb-color1);--awb-box-border-color:var(--awb-color3);--awb-box-border-color-hover:var(--awb-color4);\"><div class=\"fusion-social-networks boxed-icons color-type-custom\"><div class=\"fusion-social-networks-wrapper\"><a class=\"fusion-social-network-icon fusion-tooltip fusion-linkedin awb-icon-linkedin\" style=\"color:var(--awb-color1);font-size:17px;width:17px;background-color:hsla(var(--awb-color5-h),var(--awb-color5-s),calc(var(--awb-color5-l) + 10%),var(--awb-color5-a));border-color:hsla(var(--awb-color5-h),var(--awb-color5-s),calc(var(--awb-color5-l) + 10%),var(--awb-color5-a));border-radius:4px;\" data-placement=\"top\" data-title=\"LinkedIn\" data-toggle=\"tooltip\" title=\"LinkedIn\" aria-label=\"linkedin\" target=\"_blank\" rel=\"noopener noreferrer\" href=\"https:\/\/www.linkedin.com\/in\/cristina-de-la-cruz-ayuso-404102160\/ \"><\/a><\/div><\/div><\/div><\/div><\/div><\/div><\/div><\/div><\/div><\/div><\/p>\n","protected":false},"excerpt":{"rendered":"","protected":false},"author":2,"featured_media":0,"parent":0,"menu_order":0,"comment_status":"closed","ping_status":"closed","template":"100-width.php","meta":{"footnotes":""},"class_list":["post-4088","page","type-page","status-publish","hentry"],"_links":{"self":[{"href":"https:\/\/turismososteniblekongresua.eus\/eu\/wp-json\/wp\/v2\/pages\/4088","targetHints":{"allow":["GET"]}}],"collection":[{"href":"https:\/\/turismososteniblekongresua.eus\/eu\/wp-json\/wp\/v2\/pages"}],"about":[{"href":"https:\/\/turismososteniblekongresua.eus\/eu\/wp-json\/wp\/v2\/types\/page"}],"author":[{"embeddable":true,"href":"https:\/\/turismososteniblekongresua.eus\/eu\/wp-json\/wp\/v2\/users\/2"}],"replies":[{"embeddable":true,"href":"https:\/\/turismososteniblekongresua.eus\/eu\/wp-json\/wp\/v2\/comments?post=4088"}],"version-history":[{"count":70,"href":"https:\/\/turismososteniblekongresua.eus\/eu\/wp-json\/wp\/v2\/pages\/4088\/revisions"}],"predecessor-version":[{"id":4492,"href":"https:\/\/turismososteniblekongresua.eus\/eu\/wp-json\/wp\/v2\/pages\/4088\/revisions\/4492"}],"wp:attachment":[{"href":"https:\/\/turismososteniblekongresua.eus\/eu\/wp-json\/wp\/v2\/media?parent=4088"}],"curies":[{"name":"wp","href":"https:\/\/api.w.org\/{rel}","templated":true}]}}